{"id":10,"date":"2022-02-24T15:43:49","date_gmt":"2022-02-24T14:43:49","guid":{"rendered":"http:\/\/relaunch2022.schwieger-architekten.de\/?page_id=10"},"modified":"2023-05-24T17:45:24","modified_gmt":"2023-05-24T15:45:24","slug":"philosophie","status":"publish","type":"page","link":"https:\/\/www.schwieger-architekten.de\/de\/","title":{"rendered":"Philosophie"},"content":{"rendered":"<div id='av-layout-grid-1'  class='av-layout-grid-container av-27olq-04edb090769d36bdc8b0d3f6ebabdc08 entry-content-wrapper main_color av-flex-cells  avia-builder-el-0  el_before_av_masonry_gallery  avia-builder-el-first   container_wrap fullsize'  >\n\n<style type=\"text\/css\" data-created_by=\"avia_inline_auto\" id=\"style-css-av-4ld2-d03bd23454ae535e22691bb78c6eae2c\">\n.flex_cell.av-4ld2-d03bd23454ae535e22691bb78c6eae2c{\nvertical-align:top;\n}\n.responsive #top #wrap_all .flex_cell.av-4ld2-d03bd23454ae535e22691bb78c6eae2c{\npadding:0px 0px 0px 0px !important;\n}\n<\/style>\n<div class='flex_cell av-4ld2-d03bd23454ae535e22691bb78c6eae2c av-gridrow-cell av_two_fifth no_margin  avia-builder-el-1  el_before_av_cell_three_fifth  avia-builder-el-first  content-align-top av-zero-padding'  ><div class='flex_cell_inner'><div id='av-masonry-1' class='av-masonry av-l3ljyrz0-33d46365b85cc7b151c8942d0ddbdec2 noHover av-fixed-size av-no-gap av-hover-overlay- av-masonry-animation- av-masonry-col-3 av-caption-always av-caption-style- av-masonry-gallery av-small-hide av-mini-hide av-orientation-square ' data-post_id=\"10\"><div class=\"av-masonry-container isotope av-js-disabled\"><div class='av-masonry-entry isotope-item av-masonry-item-no-image '><\/div><a href=\"https:\/\/www.schwieger-architekten.de\/de\/projekt\/christuskirche-omsk\/\"  aria-label=\"Bild Kirchen- und Kulturzentrum \u201eChristuskirche\u201c, Omsk\"  id='av-masonry-1-item-3013' data-av-masonry-item='3013' class='av-masonry-entry isotope-item post-3013 attachment type-attachment status-inherit hentry  av-masonry-item-with-image' title=\"Kirchen- und Kulturzentrum \u201eChristuskirche\u201c, Omsk\" alt=\"Kirchen- und Kulturzentrum \u201eChristuskirche\u201c, Omsk\"  data-av-masonry-custom-link=\"https:\/\/www.schwieger-architekten.de\/de\/projekt\/christuskirche-omsk\/\"  itemprop=\"thumbnailUrl\" ><div class='av-inner-masonry-sizer'><\/div><figure class='av-inner-masonry main_color'><div class=\"av-masonry-outerimage-container\"><div class='av-masonry-image-container' style=\"background-image: url(https:\/\/www.schwieger-architekten.de\/wp-content\/uploads\/2022\/06\/christuskirche-omsk-705x705.jpg);\"  title=\"Kirchen- und Kulturzentrum \u201eChristuskirche\u201c, Omsk\" ><\/div><\/div><\/figure><\/a><!--end av-masonry entry--><a href=\"https:\/\/www.schwieger-architekten.de\/de\/projekt\/science-park-goettingen-gebaeude-iv\/\"  aria-label=\"Bild Science Park G\u00f6ttingen, Geb\u00e4ude IV\"  id='av-masonry-1-item-3027' data-av-masonry-item='3027' class='av-masonry-entry isotope-item post-3027 attachment type-attachment status-inherit hentry  av-masonry-item-with-image' title=\"Science Park G\u00f6ttingen, Geb\u00e4ude IV\" alt=\"Science Park G\u00f6ttingen, Geb\u00e4ude IV\"  data-av-masonry-custom-link=\"https:\/\/www.schwieger-architekten.de\/de\/projekt\/science-park-goettingen-gebaeude-iv\/\"  itemprop=\"thumbnailUrl\" ><div class='av-inner-masonry-sizer'><\/div><figure class='av-inner-masonry main_color'><div class=\"av-masonry-outerimage-container\"><div class='av-masonry-image-container' style=\"background-image: url(https:\/\/www.schwieger-architekten.de\/wp-content\/uploads\/2022\/06\/science-park-gebaeude-iv.jpg);\"  title=\"Science Park G\u00f6ttingen, Geb\u00e4ude IV\" ><\/div><\/div><\/figure><\/a><!--end av-masonry entry--><a href=\"https:\/\/www.schwieger-architekten.de\/de\/projekt\/massregelvollzug-goettingen\/\"  aria-label=\"Bild Ma\u00dfregelvollzug G\u00f6ttingen Neubau eines Hochsicherheitsbereichs f\u00fcr den Ma\u00dfregelvollzug G\u00f6ttingen und W\u00e4rmeversorgung f\u00fcr die JA Leineberg\"  id='av-masonry-1-item-3017' data-av-masonry-item='3017' class='av-masonry-entry isotope-item post-3017 attachment type-attachment status-inherit hentry  av-masonry-item-with-image' title=\"Ma\u00dfregelvollzug G\u00f6ttingen Neubau eines Hochsicherheitsbereichs f\u00fcr den Ma\u00dfregelvollzug G\u00f6ttingen und W\u00e4rmeversorgung f\u00fcr die JA Leineberg\" alt=\"Ma\u00dfregelvollzug G\u00f6ttingen Neubau eines Hochsicherheitsbereichs f\u00fcr den Ma\u00dfregelvollzug G\u00f6ttingen und W\u00e4rmeversorgung f\u00fcr die JA Leineberg\"  data-av-masonry-custom-link=\"https:\/\/www.schwieger-architekten.de\/de\/projekt\/massregelvollzug-goettingen\/\"  itemprop=\"thumbnailUrl\" ><div class='av-inner-masonry-sizer'><\/div><figure class='av-inner-masonry main_color'><div class=\"av-masonry-outerimage-container\"><div class='av-masonry-image-container' style=\"background-image: url(https:\/\/www.schwieger-architekten.de\/wp-content\/uploads\/2022\/06\/massregelvollzug-jva-goettingen.jpg);\"  title=\"Ma\u00dfregelvollzug G\u00f6ttingen Neubau eines Hochsicherheitsbereichs f\u00fcr den Ma\u00dfregelvollzug G\u00f6ttingen und W\u00e4rmeversorgung f\u00fcr die JA Leineberg\" ><\/div><\/div><\/figure><\/a><!--end av-masonry entry--><a href=\"https:\/\/www.schwieger-architekten.de\/de\/projekt\/paul-gerhardt-schule-dassel\/\"  aria-label=\"Bild Neubau eines Geb\u00e4udes f\u00fcr die Paul-Gerhardt-Schule in Dassel\"  id='av-masonry-1-item-3023' data-av-masonry-item='3023' class='av-masonry-entry isotope-item post-3023 attachment type-attachment status-inherit hentry  av-masonry-item-with-image' title=\"Neubau eines Geb\u00e4udes f\u00fcr die Paul-Gerhardt-Schule in Dassel\" alt=\"Neubau eines Geb\u00e4udes f\u00fcr die Paul-Gerhardt-Schule in Dassel\"  data-av-masonry-custom-link=\"https:\/\/www.schwieger-architekten.de\/de\/projekt\/paul-gerhardt-schule-dassel\/\"  itemprop=\"thumbnailUrl\" ><div class='av-inner-masonry-sizer'><\/div><figure class='av-inner-masonry main_color'><div class=\"av-masonry-outerimage-container\"><div class='av-masonry-image-container' style=\"background-image: url(https:\/\/www.schwieger-architekten.de\/wp-content\/uploads\/2022\/06\/paul-gerhard-schule-dassel.jpg);\"  title=\"Neubau eines Geb\u00e4udes f\u00fcr die Paul-Gerhardt-Schule in Dassel\" ><\/div><\/div><\/figure><\/a><!--end av-masonry entry--><a href=\"https:\/\/www.schwieger-architekten.de\/de\/projekt\/max-planck-institut-fuer-dynamik-und-selbstorganisation\/\"  aria-label=\"Bild Max-Planck-Institut f\u00fcr Dynamik und Selbstorganisation\"  id='av-masonry-1-item-3021' data-av-masonry-item='3021' class='av-masonry-entry isotope-item post-3021 attachment type-attachment status-inherit hentry  av-masonry-item-with-image' title=\"Max-Planck-Institut f\u00fcr Dynamik und Selbstorganisation\" alt=\"Max-Planck-Institut f\u00fcr Dynamik und Selbstorganisation\"  data-av-masonry-custom-link=\"https:\/\/www.schwieger-architekten.de\/de\/projekt\/max-planck-institut-fuer-dynamik-und-selbstorganisation\/\"  itemprop=\"thumbnailUrl\" ><div class='av-inner-masonry-sizer'><\/div><figure class='av-inner-masonry main_color'><div class=\"av-masonry-outerimage-container\"><div class='av-masonry-image-container' style=\"background-image: url(https:\/\/www.schwieger-architekten.de\/wp-content\/uploads\/2022\/06\/max-planck-institut-fuer-dynamik-und-selbstorganisation-705x705.jpg);\"  title=\"Max-Planck-Institut f\u00fcr Dynamik und Selbstorganisation\" ><\/div><\/div><\/figure><\/a><!--end av-masonry entry--><a href=\"https:\/\/www.schwieger-architekten.de\/de\/projekt\/freigeist-ps-speicher-hotel-einbeck\/\"  aria-label=\"Bild FREIgeist PS.SPEICHER Hotel Einbeck\"  id='av-masonry-1-item-3015' data-av-masonry-item='3015' class='av-masonry-entry isotope-item post-3015 attachment type-attachment status-inherit hentry  av-masonry-item-with-image' title=\"FREIgeist PS.SPEICHER Hotel Einbeck\" alt=\"FREIgeist PS.SPEICHER Hotel Einbeck\"  data-av-masonry-custom-link=\"https:\/\/www.schwieger-architekten.de\/de\/projekt\/freigeist-ps-speicher-hotel-einbeck\/\"  itemprop=\"thumbnailUrl\" ><div class='av-inner-masonry-sizer'><\/div><figure class='av-inner-masonry main_color'><div class=\"av-masonry-outerimage-container\"><div class='av-masonry-image-container' style=\"background-image: url(https:\/\/www.schwieger-architekten.de\/wp-content\/uploads\/2022\/06\/hotel-freigeist-einbeck.jpg);\"  title=\"FREIgeist PS.SPEICHER Hotel Einbeck\" ><\/div><\/div><\/figure><\/a><!--end av-masonry entry--><a href=\"https:\/\/www.schwieger-architekten.de\/de\/projekt\/alte-muehle-harste\/\"  aria-label=\"Bild Umbau und Sanierung Alte M\u00fchle Harste\"  id='av-masonry-1-item-3005' data-av-masonry-item='3005' class='av-masonry-entry isotope-item post-3005 attachment type-attachment status-inherit hentry  av-masonry-item-with-image' title=\"Umbau und Sanierung Alte M\u00fchle Harste\" alt=\"Umbau und Sanierung Alte M\u00fchle Harste\"  data-av-masonry-custom-link=\"https:\/\/www.schwieger-architekten.de\/de\/projekt\/alte-muehle-harste\/\"  itemprop=\"thumbnailUrl\" ><div class='av-inner-masonry-sizer'><\/div><figure class='av-inner-masonry main_color'><div class=\"av-masonry-outerimage-container\"><div class='av-masonry-image-container' style=\"background-image: url(https:\/\/www.schwieger-architekten.de\/wp-content\/uploads\/2022\/06\/alte-muehle-harste.jpg);\"  title=\"Umbau und Sanierung Alte M\u00fchle Harste\" ><\/div><\/div><\/figure><\/a><!--end av-masonry entry--><a href=\"https:\/\/www.schwieger-architekten.de\/de\/projekt\/massregelvollzug-muehlhausen\/\"  aria-label=\"Bild Ma\u00dfregelvollzug M\u00fchlhausen\"  id='av-masonry-1-item-3019' data-av-masonry-item='3019' class='av-masonry-entry isotope-item post-3019 attachment type-attachment status-inherit hentry  av-masonry-item-with-image' title=\"Ma\u00dfregelvollzug M\u00fchlhausen\" alt=\"Ma\u00dfregelvollzug M\u00fchlhausen\"  data-av-masonry-custom-link=\"https:\/\/www.schwieger-architekten.de\/de\/projekt\/massregelvollzug-muehlhausen\/\"  itemprop=\"thumbnailUrl\" ><div class='av-inner-masonry-sizer'><\/div><figure class='av-inner-masonry main_color'><div class=\"av-masonry-outerimage-container\"><div class='av-masonry-image-container' style=\"background-image: url(https:\/\/www.schwieger-architekten.de\/wp-content\/uploads\/2022\/06\/massregelvollzug-muehlhausen-705x705.jpg);\"  title=\"Ma\u00dfregelvollzug M\u00fchlhausen\" ><\/div><\/div><\/figure><\/a><!--end av-masonry entry--><a href=\"https:\/\/www.schwieger-architekten.de\/de\/projekt\/ps-halle-einbeck\/\"  aria-label=\"Bild PS.Halle Multifunktionshalle\"  id='av-masonry-1-item-3025' data-av-masonry-item='3025' class='av-masonry-entry isotope-item post-3025 attachment type-attachment status-inherit hentry  av-masonry-item-with-image' title=\"PS.Halle Multifunktionshalle\" alt=\"PS.Halle Multifunktionshalle\"  data-av-masonry-custom-link=\"https:\/\/www.schwieger-architekten.de\/de\/projekt\/ps-halle-einbeck\/\"  itemprop=\"thumbnailUrl\" ><div class='av-inner-masonry-sizer'><\/div><figure class='av-inner-masonry main_color'><div class=\"av-masonry-outerimage-container\"><div class='av-masonry-image-container' style=\"background-image: url(https:\/\/www.schwieger-architekten.de\/wp-content\/uploads\/2022\/06\/ps-halle-einbeck-705x705.jpg);\"  title=\"PS.Halle Multifunktionshalle\" ><\/div><\/div><\/figure><\/a><!--end av-masonry entry--><a href=\"https:\/\/www.schwieger-architekten.de\/de\/projekt\/wettbewerb-christophorushaus-goettingen\/\"  aria-label=\"Bild Neubau Diakonie Christophorushaus G\u00f6ttingen\"  id='av-masonry-1-item-3011' data-av-masonry-item='3011' class='av-masonry-entry isotope-item post-3011 attachment type-attachment status-inherit hentry  av-masonry-item-with-image' title=\"Neubau Diakonie Christophorushaus G\u00f6ttingen\" alt=\"Neubau Diakonie Christophorushaus G\u00f6ttingen\"  data-av-masonry-custom-link=\"https:\/\/www.schwieger-architekten.de\/de\/projekt\/wettbewerb-christophorushaus-goettingen\/\"  itemprop=\"thumbnailUrl\" ><div class='av-inner-masonry-sizer'><\/div><figure class='av-inner-masonry main_color'><div class=\"av-masonry-outerimage-container\"><div class='av-masonry-image-container' style=\"background-image: url(https:\/\/www.schwieger-architekten.de\/wp-content\/uploads\/2022\/06\/christopherushaus-goettingen-705x705.jpg);\"  title=\"Neubau Diakonie Christophorushaus G\u00f6ttingen\" ><\/div><\/div><\/figure><\/a><!--end av-masonry entry--><a href=\"https:\/\/www.schwieger-architekten.de\/de\/projekt\/verwaltungsgebaeude-landkreis-goettingen\/\"  aria-label=\"Bild Verwaltungsgeb\u00e4ude Landkreis G\u00f6ttingen\"  id='av-masonry-1-item-3029' data-av-masonry-item='3029' class='av-masonry-entry isotope-item post-3029 attachment type-attachment status-inherit hentry  av-masonry-item-with-image' title=\"Verwaltungsgeb\u00e4ude Landkreis G\u00f6ttingen\" alt=\"Verwaltungsgeb\u00e4ude Landkreis G\u00f6ttingen\"  data-av-masonry-custom-link=\"https:\/\/www.schwieger-architekten.de\/de\/projekt\/verwaltungsgebaeude-landkreis-goettingen\/\"  itemprop=\"thumbnailUrl\" ><div class='av-inner-masonry-sizer'><\/div><figure class='av-inner-masonry main_color'><div class=\"av-masonry-outerimage-container\"><div class='av-masonry-image-container' style=\"background-image: url(https:\/\/www.schwieger-architekten.de\/wp-content\/uploads\/2022\/06\/verwaltung-landkreis-goettingen-705x705.jpg);\"  title=\"Verwaltungsgeb\u00e4ude Landkreis G\u00f6ttingen\" ><\/div><\/div><\/figure><\/a><!--end av-masonry entry--><a href=\"https:\/\/www.schwieger-architekten.de\/de\/projekt\/erweiterung-brauerei-duderstadt\/\"  aria-label=\"Bild Erweiterung Brauerei Duderstadt\"  id='av-masonry-1-item-3009' data-av-masonry-item='3009' class='av-masonry-entry isotope-item post-3009 attachment type-attachment status-inherit hentry  av-masonry-item-with-image' title=\"Erweiterung Brauerei Duderstadt\" alt=\"Erweiterung Brauerei Duderstadt\"  data-av-masonry-custom-link=\"https:\/\/www.schwieger-architekten.de\/de\/projekt\/erweiterung-brauerei-duderstadt\/\"  itemprop=\"thumbnailUrl\" ><div class='av-inner-masonry-sizer'><\/div><figure class='av-inner-masonry main_color'><div class=\"av-masonry-outerimage-container\"><div class='av-masonry-image-container' style=\"background-image: url(https:\/\/www.schwieger-architekten.de\/wp-content\/uploads\/2022\/06\/brauerei-duderstadt-705x705.jpg);\"  title=\"Erweiterung Brauerei Duderstadt\" ><\/div><\/div><\/figure><\/a><!--end av-masonry entry--><a href=\"https:\/\/www.schwieger-architekten.de\/de\/projekt\/barfuesserstrasse-11-goettingen\/\"  aria-label=\"Bild Renovierung Wohn- und Gesch\u00e4ftshaus\"  id='av-masonry-1-item-3007' data-av-masonry-item='3007' class='av-masonry-entry isotope-item post-3007 attachment type-attachment status-inherit hentry  av-masonry-item-with-image' title=\"Renovierung Wohn- und Gesch\u00e4ftshaus\" alt=\"Renovierung Wohn- und Gesch\u00e4ftshaus\"  data-av-masonry-custom-link=\"https:\/\/www.schwieger-architekten.de\/de\/projekt\/barfuesserstrasse-11-goettingen\/\"  itemprop=\"thumbnailUrl\" ><div class='av-inner-masonry-sizer'><\/div><figure class='av-inner-masonry main_color'><div class=\"av-masonry-outerimage-container\"><div class='av-masonry-image-container' style=\"background-image: url(https:\/\/www.schwieger-architekten.de\/wp-content\/uploads\/2022\/06\/barfuesserstrasse-11-goettingen-705x705.jpg);\"  title=\"Renovierung Wohn- und Gesch\u00e4ftshaus\" ><\/div><\/div><\/figure><\/a><!--end av-masonry entry--><a href=\"https:\/\/www.schwieger-architekten.de\/de\/projekt\/weender-strasse-36-goettingen\/\"  aria-label=\"Bild Umbau\/ Sanierung Wohn- und Gesch\u00e4ftshaus\"  id='av-masonry-1-item-3033' data-av-masonry-item='3033' class='av-masonry-entry isotope-item post-3033 attachment type-attachment status-inherit hentry  av-masonry-item-with-image' title=\"Umbau\/ Sanierung Wohn- und Gesch\u00e4ftshaus\" alt=\"Umbau\/ Sanierung Wohn- und Gesch\u00e4ftshaus\"  data-av-masonry-custom-link=\"https:\/\/www.schwieger-architekten.de\/de\/projekt\/weender-strasse-36-goettingen\/\"  itemprop=\"thumbnailUrl\" ><div class='av-inner-masonry-sizer'><\/div><figure class='av-inner-masonry main_color'><div class=\"av-masonry-outerimage-container\"><div class='av-masonry-image-container' style=\"background-image: url(https:\/\/www.schwieger-architekten.de\/wp-content\/uploads\/2022\/06\/weender-strasse-36-goettingen-705x705.jpg);\"  title=\"Umbau\/ Sanierung Wohn- und Gesch\u00e4ftshaus\" ><\/div><\/div><\/figure><\/a><!--end av-masonry entry--><a href=\"https:\/\/www.schwieger-architekten.de\/de\/projekt\/umbau-sanierung-wohn-und-geschaeftshaeuser\/\"  aria-label=\"Bild Umbau\/Sanierung Wohn- und Gesch\u00e4ftsh\u00e4user\"  id='av-masonry-1-item-3031' data-av-masonry-item='3031' class='av-masonry-entry isotope-item post-3031 attachment type-attachment status-inherit hentry  av-masonry-item-with-image' title=\"Umbau\/Sanierung Wohn- und Gesch\u00e4ftsh\u00e4user\" alt=\"Umbau\/Sanierung Wohn- und Gesch\u00e4ftsh\u00e4user\"  data-av-masonry-custom-link=\"https:\/\/www.schwieger-architekten.de\/de\/projekt\/umbau-sanierung-wohn-und-geschaeftshaeuser\/\"  itemprop=\"thumbnailUrl\" ><div class='av-inner-masonry-sizer'><\/div><figure class='av-inner-masonry main_color'><div class=\"av-masonry-outerimage-container\"><div class='av-masonry-image-container' style=\"background-image: url(https:\/\/www.schwieger-architekten.de\/wp-content\/uploads\/2022\/06\/weender-strasse-22-goettingen-705x705.jpg);\"  title=\"Umbau\/Sanierung Wohn- und Gesch\u00e4ftsh\u00e4user\" ><\/div><\/div><\/figure><\/a><!--end av-masonry entry--><\/div><\/div>\n<\/div><\/div>\n<style type=\"text\/css\" data-created_by=\"avia_inline_auto\" id=\"style-css-av-wy1i-1465f48afe066ddbd158b95f68a02416\">\n.flex_cell.av-wy1i-1465f48afe066ddbd158b95f68a02416{\nvertical-align:top;\n}\n.responsive #top #wrap_all .flex_cell.av-wy1i-1465f48afe066ddbd158b95f68a02416{\npadding:50px 70px 0px 50px !important;\n}\n<\/style>\n<div class='flex_cell av-wy1i-1465f48afe066ddbd158b95f68a02416 av-gridrow-cell av_three_fifth no_margin  avia-builder-el-3  el_after_av_cell_two_fifth  avia-builder-el-last  content-align-top'  ><div class='flex_cell_inner'><p><section  class='av_textblock_section av-o4wu-559c798b55d6fa6f4c3ca7c3472b1168 '   itemscope=\"itemscope\" itemtype=\"https:\/\/schema.org\/CreativeWork\" ><div class='avia_textblock'  itemprop=\"text\" ><p>Seit 2016 kooperieren das B\u00fcro onp planungs + projekt gmbh und das B\u00fcro Schwieger Architekten und ber. Ingenieur PartmbB eng miteinander. Im Laufe dieser Zusammenarbeit hat sich immer mehr gezeigt, dass sich hier zwei Partner auf Augenh\u00f6he getroffen haben und eine partnerschaftliche Zusammenarbeit mehr als gegeben ist.<\/p>\n<p>Seit dem 22.Mai 2022 sind beide B\u00fcros an dem gemeinsamen Standort Weender Landstra\u00dfe 78 in 37075 G\u00f6ttingen vereint und unsere Zusammenf\u00fchrung abgeschlossen.<\/p>\n<\/div><\/section><br \/>\n\n<style type=\"text\/css\" data-created_by=\"avia_inline_auto\" id=\"style-css-av-l1lyfqk7-71ce550cba5d98b7c32a564431a95db7\">\n#top .hr.av-l1lyfqk7-71ce550cba5d98b7c32a564431a95db7{\nmargin-top:30px;\nmargin-bottom:30px;\n}\n.hr.av-l1lyfqk7-71ce550cba5d98b7c32a564431a95db7 .hr-inner{\nwidth:100%;\nborder-color:#ffffff;\n}\n<\/style>\n<div  class='hr av-l1lyfqk7-71ce550cba5d98b7c32a564431a95db7 hr-custom  avia-builder-el-5  el_after_av_textblock  el_before_av_textblock  hr-center hr-icon-no'><span class='hr-inner inner-border-av-border-thin'><span class=\"hr-inner-style\"><\/span><\/span><\/div><br \/>\n<section  class='av_textblock_section av-l12li8wt-d78f1a4f79c962186e4eea471d2266b9 '   itemscope=\"itemscope\" itemtype=\"https:\/\/schema.org\/CreativeWork\" ><div class='avia_textblock'  itemprop=\"text\" ><p>&#8222;Der G\u00f6ttinger Architekt Hansjochen Schwieger setzt bewusst auf &#8222;Normalit\u00e4t&#8220;.Mit technisch wie formal hochwertigen Bauten grenzt er sich von einer spektakul\u00e4ren und h\u00e4ufig aufgeregten &#8222;Eventarchitektur&#8220; ab. Konservativ im besten Sinne- nach diesem Grundsatz arbeiten Schwieger Architekten seit vielen Jahren erfolgreich in einem breiten Spektrum, von Wohn- und B\u00fcrobauten bis zum St\u00e4dtebau.<br \/>\nArchitektur, die h\u00f6chsten formalen Anspr\u00fcchen gen\u00fcgt, dabei aber nie ihre Aufgabe aus den Augen verliert&#8220;<br \/>\n<em>Prof. Gert K\u00e4hler, Hamburg<\/em><\/p>\n<\/div><\/section><br \/>\n<section  class='av_textblock_section av-l12lj5je-48cb1b0decc60961d02f9a87d3448225 '   itemscope=\"itemscope\" itemtype=\"https:\/\/schema.org\/CreativeWork\" ><div class='avia_textblock'  itemprop=\"text\" ><p class=\"contentWhite\">Unser Ziel ist eine gute Alltagsarchitektur, gebrauchsf\u00e4hig, dauerhaft, wirtschaftlich.<\/p>\n<p class=\"contentWhite\">Was uns wichtig ist:<\/p>\n<p class=\"contentWhite\">Der Bauherr<\/p>\n<p>&#8211; mit seinen Bed\u00fcrfnissen und W\u00fcnschen<\/p>\n<p class=\"contentWhite\">Die \u00d6konomie<\/p>\n<p>&#8211; Nutzungsflexibilit\u00e4t<br \/>\n&#8211; Rohbau gleich Ausbau<br \/>\n&#8211; Strapazierf\u00e4higkeit im Unterhalt<\/p>\n<p class=\"contentWhite\">Die \u00d6kologie*<\/p>\n<p>&#8211; Nat\u00fcrlichkeit, Wiederverwendbarkeit<br \/>\n&#8211; Alterungsf\u00e4higkeit der Materialien<br \/>\n&#8211; sinnvoller Einsatz von Geb\u00e4udetechnik<\/p>\n<p class=\"contentWhite\">Der Ort<\/p>\n<p>&#8211; gestalterische Reduktion auf das Wesentliche<br \/>\n&#8211; Innovation in der Architektur<\/p>\n<p class=\"contentWhite\">Geb\u00e4ude zu bauen, die in W\u00fcrde und Sch\u00f6nheit altern.<\/p>\n<p>*Heute ist Nachhaltiges Bauen in aller Munde.<br \/>\nWir arbeiten schon seit 1981 in diesem Sinne!<\/p>\n<p>Mitglied im Bund Deutscher Architekten BDA<br \/>\nMitglied im Deutschen Werkbund DWB<\/p>\n<\/div><\/section><\/p>\n<\/div><\/div><\/div><div id='av-masonry-2' class='av-masonry av-l45jxdbf-69ded8a79bc58ff0aaf8ee70c75f942b noHover av-fixed-size av-no-gap av-hover-overlay-fade_out av-masonry-animation- av-masonry-col-3 av-caption-on-hover av-caption-style-overlay av-masonry-gallery av-desktop-hide av-medium-hide av-orientation-square ' data-post_id=\"10\"><div class=\"av-masonry-container isotope av-js-disabled\"><div class='av-masonry-entry isotope-item av-masonry-item-no-image '><\/div><a href=\"https:\/\/www.schwieger-architekten.de\/de\/projekt\/christuskirche-omsk\/\"  aria-label=\"Bild Kirchen- und Kulturzentrum \u201eChristuskirche\u201c, Omsk\"  id='av-masonry-2-item-3013' data-av-masonry-item='3013' class='av-masonry-entry isotope-item post-3013 attachment type-attachment status-inherit hentry  av-masonry-item-with-image' title=\"Kirchen- und Kulturzentrum \u201eChristuskirche\u201c, Omsk\" alt=\"Kirchen- und Kulturzentrum \u201eChristuskirche\u201c, Omsk\"  data-av-masonry-custom-link=\"https:\/\/www.schwieger-architekten.de\/de\/projekt\/christuskirche-omsk\/\"  itemprop=\"thumbnailUrl\" ><div class='av-inner-masonry-sizer'><\/div><figure class='av-inner-masonry main_color'><div class=\"av-masonry-outerimage-container\"><div class='av-masonry-image-container' style=\"background-image: url(https:\/\/www.schwieger-architekten.de\/wp-content\/uploads\/2022\/06\/christuskirche-omsk-705x705.jpg);\"  title=\"Kirchen- und Kulturzentrum \u201eChristuskirche\u201c, Omsk\" ><\/div><\/div><figcaption class='av-inner-masonry-content site-background'><div class='av-inner-masonry-content-pos'><div class='av-inner-masonry-content-pos-content'><div class='avia-arrow'><\/div><h3 class='av-masonry-entry-title entry-title '  itemprop=\"headline\" >Kirchen- und Kulturzentrum \u201eChristuskirche\u201c, Omsk<\/h3><\/div><\/div><\/figcaption><\/figure><\/a><!--end av-masonry entry--><a href=\"https:\/\/www.schwieger-architekten.de\/de\/projekt\/science-park-goettingen-gebaeude-iv\/\"  aria-label=\"Bild Science Park G\u00f6ttingen, Geb\u00e4ude IV\"  id='av-masonry-2-item-3027' data-av-masonry-item='3027' class='av-masonry-entry isotope-item post-3027 attachment type-attachment status-inherit hentry  av-masonry-item-with-image' title=\"Science Park G\u00f6ttingen, Geb\u00e4ude IV\" alt=\"Science Park G\u00f6ttingen, Geb\u00e4ude IV\"  data-av-masonry-custom-link=\"https:\/\/www.schwieger-architekten.de\/de\/projekt\/science-park-goettingen-gebaeude-iv\/\"  itemprop=\"thumbnailUrl\" ><div class='av-inner-masonry-sizer'><\/div><figure class='av-inner-masonry main_color'><div class=\"av-masonry-outerimage-container\"><div class='av-masonry-image-container' style=\"background-image: url(https:\/\/www.schwieger-architekten.de\/wp-content\/uploads\/2022\/06\/science-park-gebaeude-iv.jpg);\"  title=\"Science Park G\u00f6ttingen, Geb\u00e4ude IV\" ><\/div><\/div><figcaption class='av-inner-masonry-content site-background'><div class='av-inner-masonry-content-pos'><div class='av-inner-masonry-content-pos-content'><div class='avia-arrow'><\/div><h3 class='av-masonry-entry-title entry-title '  itemprop=\"headline\" >Science Park G\u00f6ttingen, Geb\u00e4ude IV<\/h3><\/div><\/div><\/figcaption><\/figure><\/a><!--end av-masonry entry--><a href=\"https:\/\/www.schwieger-architekten.de\/de\/projekt\/massregelvollzug-goettingen\/\"  aria-label=\"Bild Ma\u00dfregelvollzug G\u00f6ttingen Neubau eines Hochsicherheitsbereichs f\u00fcr den Ma\u00dfregelvollzug G\u00f6ttingen und W\u00e4rmeversorgung f\u00fcr die JA Leineberg\"  id='av-masonry-2-item-3017' data-av-masonry-item='3017' class='av-masonry-entry isotope-item post-3017 attachment type-attachment status-inherit hentry  av-masonry-item-with-image' title=\"Ma\u00dfregelvollzug G\u00f6ttingen Neubau eines Hochsicherheitsbereichs f\u00fcr den Ma\u00dfregelvollzug G\u00f6ttingen und W\u00e4rmeversorgung f\u00fcr die JA Leineberg\" alt=\"Ma\u00dfregelvollzug G\u00f6ttingen Neubau eines Hochsicherheitsbereichs f\u00fcr den Ma\u00dfregelvollzug G\u00f6ttingen und W\u00e4rmeversorgung f\u00fcr die JA Leineberg\"  data-av-masonry-custom-link=\"https:\/\/www.schwieger-architekten.de\/de\/projekt\/massregelvollzug-goettingen\/\"  itemprop=\"thumbnailUrl\" ><div class='av-inner-masonry-sizer'><\/div><figure class='av-inner-masonry main_color'><div class=\"av-masonry-outerimage-container\"><div class='av-masonry-image-container' style=\"background-image: url(https:\/\/www.schwieger-architekten.de\/wp-content\/uploads\/2022\/06\/massregelvollzug-jva-goettingen.jpg);\"  title=\"Ma\u00dfregelvollzug G\u00f6ttingen Neubau eines Hochsicherheitsbereichs f\u00fcr den Ma\u00dfregelvollzug G\u00f6ttingen und W\u00e4rmeversorgung f\u00fcr die JA Leineberg\" ><\/div><\/div><figcaption class='av-inner-masonry-content site-background'><div class='av-inner-masonry-content-pos'><div class='av-inner-masonry-content-pos-content'><div class='avia-arrow'><\/div><h3 class='av-masonry-entry-title entry-title '  itemprop=\"headline\" >Ma\u00dfregelvollzug G\u00f6ttingen Neubau eines Hochsicherheitsbereichs f\u00fcr den Ma\u00dfregelvollzug G\u00f6ttingen und W\u00e4rmeversorgung f\u00fcr die JA Leineberg<\/h3><\/div><\/div><\/figcaption><\/figure><\/a><!--end av-masonry entry--><a href=\"https:\/\/www.schwieger-architekten.de\/de\/projekt\/paul-gerhardt-schule-dassel\/\"  aria-label=\"Bild Neubau eines Geb\u00e4udes f\u00fcr die Paul-Gerhardt-Schule in Dassel\"  id='av-masonry-2-item-3023' data-av-masonry-item='3023' class='av-masonry-entry isotope-item post-3023 attachment type-attachment status-inherit hentry  av-masonry-item-with-image' title=\"Neubau eines Geb\u00e4udes f\u00fcr die Paul-Gerhardt-Schule in Dassel\" alt=\"Neubau eines Geb\u00e4udes f\u00fcr die Paul-Gerhardt-Schule in Dassel\"  data-av-masonry-custom-link=\"https:\/\/www.schwieger-architekten.de\/de\/projekt\/paul-gerhardt-schule-dassel\/\"  itemprop=\"thumbnailUrl\" ><div class='av-inner-masonry-sizer'><\/div><figure class='av-inner-masonry main_color'><div class=\"av-masonry-outerimage-container\"><div class='av-masonry-image-container' style=\"background-image: url(https:\/\/www.schwieger-architekten.de\/wp-content\/uploads\/2022\/06\/paul-gerhard-schule-dassel.jpg);\"  title=\"Neubau eines Geb\u00e4udes f\u00fcr die Paul-Gerhardt-Schule in Dassel\" ><\/div><\/div><figcaption class='av-inner-masonry-content site-background'><div class='av-inner-masonry-content-pos'><div class='av-inner-masonry-content-pos-content'><div class='avia-arrow'><\/div><h3 class='av-masonry-entry-title entry-title '  itemprop=\"headline\" >Neubau eines Geb\u00e4udes f\u00fcr die Paul-Gerhardt-Schule in Dassel<\/h3><\/div><\/div><\/figcaption><\/figure><\/a><!--end av-masonry entry--><a href=\"https:\/\/www.schwieger-architekten.de\/de\/projekt\/max-planck-institut-fuer-dynamik-und-selbstorganisation\/\"  aria-label=\"Bild Max-Planck-Institut f\u00fcr Dynamik und Selbstorganisation\"  id='av-masonry-2-item-3021' data-av-masonry-item='3021' class='av-masonry-entry isotope-item post-3021 attachment type-attachment status-inherit hentry  av-masonry-item-with-image' title=\"Max-Planck-Institut f\u00fcr Dynamik und Selbstorganisation\" alt=\"Max-Planck-Institut f\u00fcr Dynamik und Selbstorganisation\"  data-av-masonry-custom-link=\"https:\/\/www.schwieger-architekten.de\/de\/projekt\/max-planck-institut-fuer-dynamik-und-selbstorganisation\/\"  itemprop=\"thumbnailUrl\" ><div class='av-inner-masonry-sizer'><\/div><figure class='av-inner-masonry main_color'><div class=\"av-masonry-outerimage-container\"><div class='av-masonry-image-container' style=\"background-image: url(https:\/\/www.schwieger-architekten.de\/wp-content\/uploads\/2022\/06\/max-planck-institut-fuer-dynamik-und-selbstorganisation-705x705.jpg);\"  title=\"Max-Planck-Institut f\u00fcr Dynamik und Selbstorganisation\" ><\/div><\/div><figcaption class='av-inner-masonry-content site-background'><div class='av-inner-masonry-content-pos'><div class='av-inner-masonry-content-pos-content'><div class='avia-arrow'><\/div><h3 class='av-masonry-entry-title entry-title '  itemprop=\"headline\" >Max-Planck-Institut f\u00fcr Dynamik und Selbstorganisation<\/h3><\/div><\/div><\/figcaption><\/figure><\/a><!--end av-masonry entry--><a href=\"https:\/\/www.schwieger-architekten.de\/de\/projekt\/freigeist-ps-speicher-hotel-einbeck\/\"  aria-label=\"Bild FREIgeist PS.SPEICHER Hotel Einbeck\"  id='av-masonry-2-item-3015' data-av-masonry-item='3015' class='av-masonry-entry isotope-item post-3015 attachment type-attachment status-inherit hentry  av-masonry-item-with-image' title=\"FREIgeist PS.SPEICHER Hotel Einbeck\" alt=\"FREIgeist PS.SPEICHER Hotel Einbeck\"  data-av-masonry-custom-link=\"https:\/\/www.schwieger-architekten.de\/de\/projekt\/freigeist-ps-speicher-hotel-einbeck\/\"  itemprop=\"thumbnailUrl\" ><div class='av-inner-masonry-sizer'><\/div><figure class='av-inner-masonry main_color'><div class=\"av-masonry-outerimage-container\"><div class='av-masonry-image-container' style=\"background-image: url(https:\/\/www.schwieger-architekten.de\/wp-content\/uploads\/2022\/06\/hotel-freigeist-einbeck.jpg);\"  title=\"FREIgeist PS.SPEICHER Hotel Einbeck\" ><\/div><\/div><figcaption class='av-inner-masonry-content site-background'><div class='av-inner-masonry-content-pos'><div class='av-inner-masonry-content-pos-content'><div class='avia-arrow'><\/div><h3 class='av-masonry-entry-title entry-title '  itemprop=\"headline\" >FREIgeist PS.SPEICHER Hotel Einbeck<\/h3><\/div><\/div><\/figcaption><\/figure><\/a><!--end av-masonry entry--><a href=\"https:\/\/www.schwieger-architekten.de\/de\/projekt\/alte-muehle-harste\/\"  aria-label=\"Bild Umbau und Sanierung Alte M\u00fchle Harste\"  id='av-masonry-2-item-3005' data-av-masonry-item='3005' class='av-masonry-entry isotope-item post-3005 attachment type-attachment status-inherit hentry  av-masonry-item-with-image' title=\"Umbau und Sanierung Alte M\u00fchle Harste\" alt=\"Umbau und Sanierung Alte M\u00fchle Harste\"  data-av-masonry-custom-link=\"https:\/\/www.schwieger-architekten.de\/de\/projekt\/alte-muehle-harste\/\"  itemprop=\"thumbnailUrl\" ><div class='av-inner-masonry-sizer'><\/div><figure class='av-inner-masonry main_color'><div class=\"av-masonry-outerimage-container\"><div class='av-masonry-image-container' style=\"background-image: url(https:\/\/www.schwieger-architekten.de\/wp-content\/uploads\/2022\/06\/alte-muehle-harste.jpg);\"  title=\"Umbau und Sanierung Alte M\u00fchle Harste\" ><\/div><\/div><figcaption class='av-inner-masonry-content site-background'><div class='av-inner-masonry-content-pos'><div class='av-inner-masonry-content-pos-content'><div class='avia-arrow'><\/div><h3 class='av-masonry-entry-title entry-title '  itemprop=\"headline\" >Umbau und Sanierung Alte M\u00fchle Harste<\/h3><\/div><\/div><\/figcaption><\/figure><\/a><!--end av-masonry entry--><a href=\"https:\/\/www.schwieger-architekten.de\/de\/projekt\/massregelvollzug-muehlhausen\/\"  aria-label=\"Bild Ma\u00dfregelvollzug M\u00fchlhausen\"  id='av-masonry-2-item-3019' data-av-masonry-item='3019' class='av-masonry-entry isotope-item post-3019 attachment type-attachment status-inherit hentry  av-masonry-item-with-image' title=\"Ma\u00dfregelvollzug M\u00fchlhausen\" alt=\"Ma\u00dfregelvollzug M\u00fchlhausen\"  data-av-masonry-custom-link=\"https:\/\/www.schwieger-architekten.de\/de\/projekt\/massregelvollzug-muehlhausen\/\"  itemprop=\"thumbnailUrl\" ><div class='av-inner-masonry-sizer'><\/div><figure class='av-inner-masonry main_color'><div class=\"av-masonry-outerimage-container\"><div class='av-masonry-image-container' style=\"background-image: url(https:\/\/www.schwieger-architekten.de\/wp-content\/uploads\/2022\/06\/massregelvollzug-muehlhausen-705x705.jpg);\"  title=\"Ma\u00dfregelvollzug M\u00fchlhausen\" ><\/div><\/div><figcaption class='av-inner-masonry-content site-background'><div class='av-inner-masonry-content-pos'><div class='av-inner-masonry-content-pos-content'><div class='avia-arrow'><\/div><h3 class='av-masonry-entry-title entry-title '  itemprop=\"headline\" >Ma\u00dfregelvollzug M\u00fchlhausen<\/h3><\/div><\/div><\/figcaption><\/figure><\/a><!--end av-masonry entry--><a href=\"https:\/\/www.schwieger-architekten.de\/de\/projekt\/ps-halle-einbeck\/\"  aria-label=\"Bild PS.Halle Multifunktionshalle\"  id='av-masonry-2-item-3025' data-av-masonry-item='3025' class='av-masonry-entry isotope-item post-3025 attachment type-attachment status-inherit hentry  av-masonry-item-with-image' title=\"PS.Halle Multifunktionshalle\" alt=\"PS.Halle Multifunktionshalle\"  data-av-masonry-custom-link=\"https:\/\/www.schwieger-architekten.de\/de\/projekt\/ps-halle-einbeck\/\"  itemprop=\"thumbnailUrl\" ><div class='av-inner-masonry-sizer'><\/div><figure class='av-inner-masonry main_color'><div class=\"av-masonry-outerimage-container\"><div class='av-masonry-image-container' style=\"background-image: url(https:\/\/www.schwieger-architekten.de\/wp-content\/uploads\/2022\/06\/ps-halle-einbeck-705x705.jpg);\"  title=\"PS.Halle Multifunktionshalle\" ><\/div><\/div><figcaption class='av-inner-masonry-content site-background'><div class='av-inner-masonry-content-pos'><div class='av-inner-masonry-content-pos-content'><div class='avia-arrow'><\/div><h3 class='av-masonry-entry-title entry-title '  itemprop=\"headline\" >PS.Halle Multifunktionshalle<\/h3><\/div><\/div><\/figcaption><\/figure><\/a><!--end av-masonry entry--><a href=\"https:\/\/www.schwieger-architekten.de\/de\/projekt\/wettbewerb-christophorushaus-goettingen\/\"  aria-label=\"Bild Neubau Diakonie Christophorushaus G\u00f6ttingen\"  id='av-masonry-2-item-3011' data-av-masonry-item='3011' class='av-masonry-entry isotope-item post-3011 attachment type-attachment status-inherit hentry  av-masonry-item-with-image' title=\"Neubau Diakonie Christophorushaus G\u00f6ttingen\" alt=\"Neubau Diakonie Christophorushaus G\u00f6ttingen\"  data-av-masonry-custom-link=\"https:\/\/www.schwieger-architekten.de\/de\/projekt\/wettbewerb-christophorushaus-goettingen\/\"  itemprop=\"thumbnailUrl\" ><div class='av-inner-masonry-sizer'><\/div><figure class='av-inner-masonry main_color'><div class=\"av-masonry-outerimage-container\"><div class='av-masonry-image-container' style=\"background-image: url(https:\/\/www.schwieger-architekten.de\/wp-content\/uploads\/2022\/06\/christopherushaus-goettingen-705x705.jpg);\"  title=\"Neubau Diakonie Christophorushaus G\u00f6ttingen\" ><\/div><\/div><figcaption class='av-inner-masonry-content site-background'><div class='av-inner-masonry-content-pos'><div class='av-inner-masonry-content-pos-content'><div class='avia-arrow'><\/div><h3 class='av-masonry-entry-title entry-title '  itemprop=\"headline\" >Neubau Diakonie Christophorushaus G\u00f6ttingen<\/h3><\/div><\/div><\/figcaption><\/figure><\/a><!--end av-masonry entry--><a href=\"https:\/\/www.schwieger-architekten.de\/de\/projekt\/verwaltungsgebaeude-landkreis-goettingen\/\"  aria-label=\"Bild Verwaltungsgeb\u00e4ude Landkreis G\u00f6ttingen\"  id='av-masonry-2-item-3029' data-av-masonry-item='3029' class='av-masonry-entry isotope-item post-3029 attachment type-attachment status-inherit hentry  av-masonry-item-with-image' title=\"Verwaltungsgeb\u00e4ude Landkreis G\u00f6ttingen\" alt=\"Verwaltungsgeb\u00e4ude Landkreis G\u00f6ttingen\"  data-av-masonry-custom-link=\"https:\/\/www.schwieger-architekten.de\/de\/projekt\/verwaltungsgebaeude-landkreis-goettingen\/\"  itemprop=\"thumbnailUrl\" ><div class='av-inner-masonry-sizer'><\/div><figure class='av-inner-masonry main_color'><div class=\"av-masonry-outerimage-container\"><div class='av-masonry-image-container' style=\"background-image: url(https:\/\/www.schwieger-architekten.de\/wp-content\/uploads\/2022\/06\/verwaltung-landkreis-goettingen-705x705.jpg);\"  title=\"Verwaltungsgeb\u00e4ude Landkreis G\u00f6ttingen\" ><\/div><\/div><figcaption class='av-inner-masonry-content site-background'><div class='av-inner-masonry-content-pos'><div class='av-inner-masonry-content-pos-content'><div class='avia-arrow'><\/div><h3 class='av-masonry-entry-title entry-title '  itemprop=\"headline\" >Verwaltungsgeb\u00e4ude Landkreis G\u00f6ttingen<\/h3><\/div><\/div><\/figcaption><\/figure><\/a><!--end av-masonry entry--><a href=\"https:\/\/www.schwieger-architekten.de\/de\/projekt\/erweiterung-brauerei-duderstadt\/\"  aria-label=\"Bild Erweiterung Brauerei Duderstadt\"  id='av-masonry-2-item-3009' data-av-masonry-item='3009' class='av-masonry-entry isotope-item post-3009 attachment type-attachment status-inherit hentry  av-masonry-item-with-image' title=\"Erweiterung Brauerei Duderstadt\" alt=\"Erweiterung Brauerei Duderstadt\"  data-av-masonry-custom-link=\"https:\/\/www.schwieger-architekten.de\/de\/projekt\/erweiterung-brauerei-duderstadt\/\"  itemprop=\"thumbnailUrl\" ><div class='av-inner-masonry-sizer'><\/div><figure class='av-inner-masonry main_color'><div class=\"av-masonry-outerimage-container\"><div class='av-masonry-image-container' style=\"background-image: url(https:\/\/www.schwieger-architekten.de\/wp-content\/uploads\/2022\/06\/brauerei-duderstadt-705x705.jpg);\"  title=\"Erweiterung Brauerei Duderstadt\" ><\/div><\/div><figcaption class='av-inner-masonry-content site-background'><div class='av-inner-masonry-content-pos'><div class='av-inner-masonry-content-pos-content'><div class='avia-arrow'><\/div><h3 class='av-masonry-entry-title entry-title '  itemprop=\"headline\" >Erweiterung Brauerei Duderstadt<\/h3><\/div><\/div><\/figcaption><\/figure><\/a><!--end av-masonry entry--><a href=\"https:\/\/www.schwieger-architekten.de\/de\/projekt\/barfuesserstrasse-11-goettingen\/\"  aria-label=\"Bild Renovierung Wohn- und Gesch\u00e4ftshaus\"  id='av-masonry-2-item-3007' data-av-masonry-item='3007' class='av-masonry-entry isotope-item post-3007 attachment type-attachment status-inherit hentry  av-masonry-item-with-image' title=\"Renovierung Wohn- und Gesch\u00e4ftshaus\" alt=\"Renovierung Wohn- und Gesch\u00e4ftshaus\"  data-av-masonry-custom-link=\"https:\/\/www.schwieger-architekten.de\/de\/projekt\/barfuesserstrasse-11-goettingen\/\"  itemprop=\"thumbnailUrl\" ><div class='av-inner-masonry-sizer'><\/div><figure class='av-inner-masonry main_color'><div class=\"av-masonry-outerimage-container\"><div class='av-masonry-image-container' style=\"background-image: url(https:\/\/www.schwieger-architekten.de\/wp-content\/uploads\/2022\/06\/barfuesserstrasse-11-goettingen-705x705.jpg);\"  title=\"Renovierung Wohn- und Gesch\u00e4ftshaus\" ><\/div><\/div><figcaption class='av-inner-masonry-content site-background'><div class='av-inner-masonry-content-pos'><div class='av-inner-masonry-content-pos-content'><div class='avia-arrow'><\/div><h3 class='av-masonry-entry-title entry-title '  itemprop=\"headline\" >Renovierung Wohn- und Gesch\u00e4ftshaus<\/h3><\/div><\/div><\/figcaption><\/figure><\/a><!--end av-masonry entry--><a href=\"https:\/\/www.schwieger-architekten.de\/de\/projekt\/weender-strasse-36-goettingen\/\"  aria-label=\"Bild Umbau\/ Sanierung Wohn- und Gesch\u00e4ftshaus\"  id='av-masonry-2-item-3033' data-av-masonry-item='3033' class='av-masonry-entry isotope-item post-3033 attachment type-attachment status-inherit hentry  av-masonry-item-with-image' title=\"Umbau\/ Sanierung Wohn- und Gesch\u00e4ftshaus\" alt=\"Umbau\/ Sanierung Wohn- und Gesch\u00e4ftshaus\"  data-av-masonry-custom-link=\"https:\/\/www.schwieger-architekten.de\/de\/projekt\/weender-strasse-36-goettingen\/\"  itemprop=\"thumbnailUrl\" ><div class='av-inner-masonry-sizer'><\/div><figure class='av-inner-masonry main_color'><div class=\"av-masonry-outerimage-container\"><div class='av-masonry-image-container' style=\"background-image: url(https:\/\/www.schwieger-architekten.de\/wp-content\/uploads\/2022\/06\/weender-strasse-36-goettingen-705x705.jpg);\"  title=\"Umbau\/ Sanierung Wohn- und Gesch\u00e4ftshaus\" ><\/div><\/div><figcaption class='av-inner-masonry-content site-background'><div class='av-inner-masonry-content-pos'><div class='av-inner-masonry-content-pos-content'><div class='avia-arrow'><\/div><h3 class='av-masonry-entry-title entry-title '  itemprop=\"headline\" >Umbau\/ Sanierung Wohn- und Gesch\u00e4ftshaus<\/h3><\/div><\/div><\/figcaption><\/figure><\/a><!--end av-masonry entry--><a href=\"https:\/\/www.schwieger-architekten.de\/de\/projekt\/umbau-sanierung-wohn-und-geschaeftshaeuser\/\"  aria-label=\"Bild Umbau\/Sanierung Wohn- und Gesch\u00e4ftsh\u00e4user\"  id='av-masonry-2-item-3031' data-av-masonry-item='3031' class='av-masonry-entry isotope-item post-3031 attachment type-attachment status-inherit hentry  av-masonry-item-with-image' title=\"Umbau\/Sanierung Wohn- und Gesch\u00e4ftsh\u00e4user\" alt=\"Umbau\/Sanierung Wohn- und Gesch\u00e4ftsh\u00e4user\"  data-av-masonry-custom-link=\"https:\/\/www.schwieger-architekten.de\/de\/projekt\/umbau-sanierung-wohn-und-geschaeftshaeuser\/\"  itemprop=\"thumbnailUrl\" ><div class='av-inner-masonry-sizer'><\/div><figure class='av-inner-masonry main_color'><div class=\"av-masonry-outerimage-container\"><div class='av-masonry-image-container' style=\"background-image: url(https:\/\/www.schwieger-architekten.de\/wp-content\/uploads\/2022\/06\/weender-strasse-22-goettingen-705x705.jpg);\"  title=\"Umbau\/Sanierung Wohn- und Gesch\u00e4ftsh\u00e4user\" ><\/div><\/div><figcaption class='av-inner-masonry-content site-background'><div class='av-inner-masonry-content-pos'><div class='av-inner-masonry-content-pos-content'><div class='avia-arrow'><\/div><h3 class='av-masonry-entry-title entry-title '  itemprop=\"headline\" >Umbau\/Sanierung Wohn- und Gesch\u00e4ftsh\u00e4user<\/h3><\/div><\/div><\/figcaption><\/figure><\/a><!--end av-masonry entry--><\/div><\/div><\/p>\n","protected":false},"excerpt":{"rendered":"<p>Philosophie von Schwieger Architekten in G\u00f6ttingen mit Projekten zu Wohnungsbau, Industriebau, Wissenschaftsbauten und Forschungsbauten.<\/p>\n","protected":false},"author":1,"featured_media":0,"parent":0,"menu_order":0,"comment_status":"closed","ping_status":"closed","template":"","meta":{"footnotes":""},"class_list":["post-10","page","type-page","status-publish","hentry"],"yoast_head":"<!-- This site is optimized with the Yoast SEO plugin v27.0 - https:\/\/yoast.com\/product\/yoast-seo-wordpress\/ -->\n<title>Philosophie | Schwieger Architekten G\u00f6ttingen<\/title>\n<meta name=\"description\" content=\"Philosophie von Schwieger Architekten in G\u00f6ttingen mit Projekten zu Wohnungsbau, Industriebau, Wissenschaftsbauten und Forschungsbauten.\" \/>\n<meta name=\"robots\" content=\"index, follow, max-snippet:-1, max-image-preview:large, max-video-preview:-1\" \/>\n<link rel=\"canonical\" href=\"https:\/\/www.schwieger-architekten.de\/de\/\" \/>\n<meta property=\"og:locale\" content=\"de_DE\" \/>\n<meta property=\"og:type\" content=\"article\" \/>\n<meta property=\"og:title\" content=\"Philosophie | Schwieger Architekten G\u00f6ttingen\" \/>\n<meta property=\"og:description\" content=\"Philosophie von Schwieger Architekten in G\u00f6ttingen mit Projekten zu Wohnungsbau, Industriebau, Wissenschaftsbauten und Forschungsbauten.\" \/>\n<meta property=\"og:url\" content=\"https:\/\/www.schwieger-architekten.de\/de\/\" \/>\n<meta property=\"og:site_name\" content=\"Schwieger Architekten\" \/>\n<meta property=\"article:modified_time\" content=\"2023-05-24T15:45:24+00:00\" \/>\n<meta name=\"twitter:card\" content=\"summary_large_image\" \/>\n<meta name=\"twitter:label1\" content=\"Gesch\u00e4tzte Lesezeit\" \/>\n\t<meta name=\"twitter:data1\" content=\"3\u00a0Minuten\" \/>\n<script type=\"application\/ld+json\" class=\"yoast-schema-graph\">{\"@context\":\"https:\/\/schema.org\",\"@graph\":[{\"@type\":\"WebPage\",\"@id\":\"https:\/\/www.schwieger-architekten.de\/de\/\",\"url\":\"https:\/\/www.schwieger-architekten.de\/de\/\",\"name\":\"Philosophie | Schwieger Architekten G\u00f6ttingen\",\"isPartOf\":{\"@id\":\"https:\/\/www.schwieger-architekten.de\/de\/#website\"},\"datePublished\":\"2022-02-24T14:43:49+00:00\",\"dateModified\":\"2023-05-24T15:45:24+00:00\",\"description\":\"Philosophie von Schwieger Architekten in G\u00f6ttingen mit Projekten zu Wohnungsbau, Industriebau, Wissenschaftsbauten und Forschungsbauten.\",\"breadcrumb\":{\"@id\":\"https:\/\/www.schwieger-architekten.de\/de\/#breadcrumb\"},\"inLanguage\":\"de\",\"potentialAction\":[{\"@type\":\"ReadAction\",\"target\":[\"https:\/\/www.schwieger-architekten.de\/de\/\"]}]},{\"@type\":\"BreadcrumbList\",\"@id\":\"https:\/\/www.schwieger-architekten.de\/de\/#breadcrumb\",\"itemListElement\":[{\"@type\":\"ListItem\",\"position\":1,\"name\":\"Startseite\",\"item\":\"https:\/\/www.schwieger-architekten.de\/de\/\"},{\"@type\":\"ListItem\",\"position\":2,\"name\":\"Philosophie\"}]},{\"@type\":\"WebSite\",\"@id\":\"https:\/\/www.schwieger-architekten.de\/de\/#website\",\"url\":\"https:\/\/www.schwieger-architekten.de\/de\/\",\"name\":\"Schwieger Architekten\",\"description\":\"Schwieger Architekten G\u00f6ttingen\",\"potentialAction\":[{\"@type\":\"SearchAction\",\"target\":{\"@type\":\"EntryPoint\",\"urlTemplate\":\"https:\/\/www.schwieger-architekten.de\/de\/?s={search_term_string}\"},\"query-input\":{\"@type\":\"PropertyValueSpecification\",\"valueRequired\":true,\"valueName\":\"search_term_string\"}}],\"inLanguage\":\"de\"}]}<\/script>\n<!-- \/ Yoast SEO plugin. -->","yoast_head_json":{"title":"Philosophie | Schwieger Architekten G\u00f6ttingen","description":"Philosophie von Schwieger Architekten in G\u00f6ttingen mit Projekten zu Wohnungsbau, Industriebau, Wissenschaftsbauten und Forschungsbauten.","robots":{"index":"index","follow":"follow","max-snippet":"max-snippet:-1","max-image-preview":"max-image-preview:large","max-video-preview":"max-video-preview:-1"},"canonical":"https:\/\/www.schwieger-architekten.de\/de\/","og_locale":"de_DE","og_type":"article","og_title":"Philosophie | Schwieger Architekten G\u00f6ttingen","og_description":"Philosophie von Schwieger Architekten in G\u00f6ttingen mit Projekten zu Wohnungsbau, Industriebau, Wissenschaftsbauten und Forschungsbauten.","og_url":"https:\/\/www.schwieger-architekten.de\/de\/","og_site_name":"Schwieger Architekten","article_modified_time":"2023-05-24T15:45:24+00:00","twitter_card":"summary_large_image","twitter_misc":{"Gesch\u00e4tzte Lesezeit":"3\u00a0Minuten"},"schema":{"@context":"https:\/\/schema.org","@graph":[{"@type":"WebPage","@id":"https:\/\/www.schwieger-architekten.de\/de\/","url":"https:\/\/www.schwieger-architekten.de\/de\/","name":"Philosophie | Schwieger Architekten G\u00f6ttingen","isPartOf":{"@id":"https:\/\/www.schwieger-architekten.de\/de\/#website"},"datePublished":"2022-02-24T14:43:49+00:00","dateModified":"2023-05-24T15:45:24+00:00","description":"Philosophie von Schwieger Architekten in G\u00f6ttingen mit Projekten zu Wohnungsbau, Industriebau, Wissenschaftsbauten und Forschungsbauten.","breadcrumb":{"@id":"https:\/\/www.schwieger-architekten.de\/de\/#breadcrumb"},"inLanguage":"de","potentialAction":[{"@type":"ReadAction","target":["https:\/\/www.schwieger-architekten.de\/de\/"]}]},{"@type":"BreadcrumbList","@id":"https:\/\/www.schwieger-architekten.de\/de\/#breadcrumb","itemListElement":[{"@type":"ListItem","position":1,"name":"Startseite","item":"https:\/\/www.schwieger-architekten.de\/de\/"},{"@type":"ListItem","position":2,"name":"Philosophie"}]},{"@type":"WebSite","@id":"https:\/\/www.schwieger-architekten.de\/de\/#website","url":"https:\/\/www.schwieger-architekten.de\/de\/","name":"Schwieger Architekten","description":"Schwieger Architekten G\u00f6ttingen","potentialAction":[{"@type":"SearchAction","target":{"@type":"EntryPoint","urlTemplate":"https:\/\/www.schwieger-architekten.de\/de\/?s={search_term_string}"},"query-input":{"@type":"PropertyValueSpecification","valueRequired":true,"valueName":"search_term_string"}}],"inLanguage":"de"}]}},"_links":{"self":[{"href":"https:\/\/www.schwieger-architekten.de\/de\/wp-json\/wp\/v2\/pages\/10","targetHints":{"allow":["GET"]}}],"collection":[{"href":"https:\/\/www.schwieger-architekten.de\/de\/wp-json\/wp\/v2\/pages"}],"about":[{"href":"https:\/\/www.schwieger-architekten.de\/de\/wp-json\/wp\/v2\/types\/page"}],"author":[{"embeddable":true,"href":"https:\/\/www.schwieger-architekten.de\/de\/wp-json\/wp\/v2\/users\/1"}],"replies":[{"embeddable":true,"href":"https:\/\/www.schwieger-architekten.de\/de\/wp-json\/wp\/v2\/comments?post=10"}],"version-history":[{"count":49,"href":"https:\/\/www.schwieger-architekten.de\/de\/wp-json\/wp\/v2\/pages\/10\/revisions"}],"predecessor-version":[{"id":3503,"href":"https:\/\/www.schwieger-architekten.de\/de\/wp-json\/wp\/v2\/pages\/10\/revisions\/3503"}],"wp:attachment":[{"href":"https:\/\/www.schwieger-architekten.de\/de\/wp-json\/wp\/v2\/media?parent=10"}],"curies":[{"name":"wp","href":"https:\/\/api.w.org\/{rel}","templated":true}]}}