{"id":507,"date":"2022-03-25T20:36:30","date_gmt":"2022-03-25T19:36:30","guid":{"rendered":"http:\/\/relaunch2022.schwieger-architekten.de\/?page_id=507"},"modified":"2023-05-24T18:06:12","modified_gmt":"2023-05-24T16:06:12","slug":"gewerbe-und-industrie","status":"publish","type":"page","link":"https:\/\/www.schwieger-architekten.de\/de\/projekte\/gewerbe-und-industrie\/","title":{"rendered":"Gewerbe und Industrie"},"content":{"rendered":"<div  id=\"ProjectHeaderContainer\"  class='flex_column av-7uiwz-0a25a93d53ed1258df2df64cf3f11d09 av_one_full  avia-builder-el-0  el_before_av_one_full  avia-builder-el-first  first flex_column_div  '     ><style type=\"text\/css\" data-created_by=\"avia_inline_auto\" id=\"style-css-av-l3sn51l8-0ea26c5e0c5828dcad3b7d80565408a8\">\n#top .av-special-heading.av-l3sn51l8-0ea26c5e0c5828dcad3b7d80565408a8{\npadding-bottom:10px;\n}\nbody .av-special-heading.av-l3sn51l8-0ea26c5e0c5828dcad3b7d80565408a8 .av-special-heading-tag .heading-char{\nfont-size:25px;\n}\n.av-special-heading.av-l3sn51l8-0ea26c5e0c5828dcad3b7d80565408a8 .av-subheading{\nfont-size:15px;\n}\n<\/style>\n<div  id=\"ProjectHeader\"  class='av-special-heading av-l3sn51l8-0ea26c5e0c5828dcad3b7d80565408a8 av-special-heading-h1 blockquote modern-quote  avia-builder-el-1  avia-builder-el-no-sibling '><h1 class='av-special-heading-tag '  itemprop=\"headline\"  >Gewerbe und Industrie<\/h1><div class=\"special-heading-border\"><div class=\"special-heading-inner-border\"><\/div><\/div><\/div><\/div>\n\n<style type=\"text\/css\" data-created_by=\"avia_inline_auto\" id=\"style-css-av-b9far-a062a5ba40146d51614e884d01d9aeb8\">\n#top .flex_column.av-b9far-a062a5ba40146d51614e884d01d9aeb8{\nmargin-top:0px;\nmargin-bottom:0px;\n}\n.responsive #top #wrap_all .flex_column.av-b9far-a062a5ba40146d51614e884d01d9aeb8{\nmargin-top:0px;\nmargin-bottom:0px;\n}\n<\/style>\n<div  class='flex_column av-b9far-a062a5ba40146d51614e884d01d9aeb8 av_one_full  avia-builder-el-2  el_after_av_one_full  avia-builder-el-last  first flex_column_div  column-top-margin'     ><div  id=\"av-sc-portfolio-1\"  class=\"av-portfolio-grid-sorting-container\"><div class='sort_width_container  av-sort-yes' data-portfolio-id='1' ><div id='js_sort_items' ><div class='sort_by_cat hidden'><a href=\"#\" data-filter=\"all_sort\" class=\"all_sort_button active_sort\"><span class=\"inner_sort_button\"><span>Alle<\/span><small class=\"av-cat-count\"> 9 <\/small><\/span><\/a><span class=\"text-sep gewerbe-und-industrie_sort_sep\">\/<\/span><a href=\"#\" data-filter=\"gewerbe-und-industrie_sort\" class=\"gewerbe-und-industrie_sort_button\" ><span class=\"inner_sort_button\"><span>Gewerbe und Industrie<\/span><small class=\"av-cat-count\"> 9 <\/small><\/span><\/a><\/div><\/div><\/div><div  class=' grid-sort-container isotope   no_margin-container with-excerpt-container grid-total-odd grid-col-3 grid-links-' data-portfolio-id='1'><div data-ajax-id='94' class=' grid-entry flex_column isotope-item all_sort no_margin post-entry post-entry-94 grid-entry-overview grid-loop-1 grid-parity-odd  gewerbe-und-industrie_sort  av_one_third first default_av_fullwidth '><article class='main_color inner-entry'  itemscope=\"itemscope\" itemtype=\"https:\/\/schema.org\/CreativeWork\" ><a href=\"https:\/\/www.schwieger-architekten.de\/de\/projekt\/alte-muehle-harste\/\" title='Umbau und Sanierung Alte M\u00fchle Harste'  data-rel='grid-1' class='grid-image avia-hover-fx'> <img decoding=\"async\" fetchpriority=\"high\" width=\"400\" height=\"267\" src=\"https:\/\/www.schwieger-architekten.de\/wp-content\/uploads\/2022\/02\/alte-muehle-harste-1-400x267.jpg\" class=\"wp-image-619 avia-img-lazy-loading-not-619 attachment-medium size-medium wp-post-image\" alt=\"Alte M\u00fchle Harste | Schwieger Architekten G\u00f6ttingen\" srcset=\"https:\/\/www.schwieger-architekten.de\/wp-content\/uploads\/2022\/02\/alte-muehle-harste-1-400x267.jpg 400w, https:\/\/www.schwieger-architekten.de\/wp-content\/uploads\/2022\/02\/alte-muehle-harste-1-768x512.jpg 768w, https:\/\/www.schwieger-architekten.de\/wp-content\/uploads\/2022\/02\/alte-muehle-harste-1-120x80.jpg 120w, https:\/\/www.schwieger-architekten.de\/wp-content\/uploads\/2022\/02\/alte-muehle-harste-1-705x470.jpg 705w, https:\/\/www.schwieger-architekten.de\/wp-content\/uploads\/2022\/02\/alte-muehle-harste-1-225x150.jpg 225w, https:\/\/www.schwieger-architekten.de\/wp-content\/uploads\/2022\/02\/alte-muehle-harste-1-180x120.jpg 180w, https:\/\/www.schwieger-architekten.de\/wp-content\/uploads\/2022\/02\/alte-muehle-harste-1.jpg 900w\" sizes=\"(max-width: 400px) 100vw, 400px\" \/><\/a><div class='grid-content'><div class='avia-arrow'><\/div><header class=\"entry-content-header\" aria-label=\"Portfolio: Umbau und Sanierung Alte M\u00fchle Harste\"><h3 class='grid-entry-title entry-title '  itemprop=\"headline\" ><a href='https:\/\/www.schwieger-architekten.de\/de\/projekt\/alte-muehle-harste\/' title='Umbau und Sanierung Alte M\u00fchle Harste'>Umbau und Sanierung Alte M\u00fchle Harste<\/a><\/h3><\/header><div class='grid-entry-excerpt entry-content'  itemprop=\"text\" >Tedox KG<\/div><\/div><footer class=\"entry-footer\"><\/footer><\/article><\/div><div data-ajax-id='102' class=' grid-entry flex_column isotope-item all_sort no_margin post-entry post-entry-102 grid-entry-overview grid-loop-2 grid-parity-even  gewerbe-und-industrie_sort  av_one_third  default_av_fullwidth '><article class='main_color inner-entry'  itemscope=\"itemscope\" itemtype=\"https:\/\/schema.org\/CreativeWork\" ><a href=\"https:\/\/www.schwieger-architekten.de\/de\/projekt\/industriehalle-noerten-hardenberg\/\" title='Umbau Industriehalle in Verwaltung, N\u00f6rten-Hardenberg'  data-rel='grid-1' class='grid-image avia-hover-fx'> <img decoding=\"async\" fetchpriority=\"high\" width=\"400\" height=\"267\" src=\"https:\/\/www.schwieger-architekten.de\/wp-content\/uploads\/0553\/02\/industriehalle-noerten-hardenberg-400x267.jpg\" class=\"wp-image-916 avia-img-lazy-loading-not-916 attachment-medium size-medium wp-post-image\" alt=\"Industriehalle N\u00f6rten-Hardenberg, Schwieger Architekten G\u00f6ttingen\" srcset=\"https:\/\/www.schwieger-architekten.de\/wp-content\/uploads\/0553\/02\/industriehalle-noerten-hardenberg-400x267.jpg 400w, https:\/\/www.schwieger-architekten.de\/wp-content\/uploads\/0553\/02\/industriehalle-noerten-hardenberg-768x512.jpg 768w, https:\/\/www.schwieger-architekten.de\/wp-content\/uploads\/0553\/02\/industriehalle-noerten-hardenberg-120x80.jpg 120w, https:\/\/www.schwieger-architekten.de\/wp-content\/uploads\/0553\/02\/industriehalle-noerten-hardenberg-705x470.jpg 705w, https:\/\/www.schwieger-architekten.de\/wp-content\/uploads\/0553\/02\/industriehalle-noerten-hardenberg-225x150.jpg 225w, https:\/\/www.schwieger-architekten.de\/wp-content\/uploads\/0553\/02\/industriehalle-noerten-hardenberg-180x120.jpg 180w, https:\/\/www.schwieger-architekten.de\/wp-content\/uploads\/0553\/02\/industriehalle-noerten-hardenberg.jpg 900w\" sizes=\"(max-width: 400px) 100vw, 400px\" \/><\/a><div class='grid-content'><div class='avia-arrow'><\/div><header class=\"entry-content-header\" aria-label=\"Portfolio: Umbau Industriehalle in Verwaltung, N\u00f6rten-Hardenberg\"><h3 class='grid-entry-title entry-title '  itemprop=\"headline\" ><a href='https:\/\/www.schwieger-architekten.de\/de\/projekt\/industriehalle-noerten-hardenberg\/' title='Umbau Industriehalle in Verwaltung, N\u00f6rten-Hardenberg'>Umbau Industriehalle in Verwaltung, N\u00f6rten-Hardenberg<\/a><\/h3><\/header><div class='grid-entry-excerpt entry-content'  itemprop=\"text\" >Tedox KG<\/div><\/div><footer class=\"entry-footer\"><\/footer><\/article><\/div><div data-ajax-id='100' class=' grid-entry flex_column isotope-item all_sort no_margin post-entry post-entry-100 grid-entry-overview grid-loop-3 grid-parity-odd  gewerbe-und-industrie_sort  av_one_third  default_av_fullwidth '><article class='main_color inner-entry'  itemscope=\"itemscope\" itemtype=\"https:\/\/schema.org\/CreativeWork\" ><a href=\"https:\/\/www.schwieger-architekten.de\/de\/projekt\/neubau-logistikgebaeude-mit-apotheke-muehlhausen\/\" title='Neubau Logistikgeb\u00e4ude mit Apotheke, M\u00fchlhausen'  data-rel='grid-1' class='grid-image avia-hover-fx'> <img decoding=\"async\" fetchpriority=\"high\" width=\"400\" height=\"267\" src=\"https:\/\/www.schwieger-architekten.de\/wp-content\/uploads\/2022\/02\/Logistikgebaude-400x267.jpg\" class=\"wp-image-352 avia-img-lazy-loading-not-352 attachment-medium size-medium wp-post-image\" alt=\"Logistikgeb\u00e4ude M\u00fchlhausen | Schwieger Architekten G\u00f6ttingen\" srcset=\"https:\/\/www.schwieger-architekten.de\/wp-content\/uploads\/2022\/02\/Logistikgebaude-400x267.jpg 400w, https:\/\/www.schwieger-architekten.de\/wp-content\/uploads\/2022\/02\/Logistikgebaude-768x512.jpg 768w, https:\/\/www.schwieger-architekten.de\/wp-content\/uploads\/2022\/02\/Logistikgebaude-705x470.jpg 705w, https:\/\/www.schwieger-architekten.de\/wp-content\/uploads\/2022\/02\/Logistikgebaude.jpg 900w\" sizes=\"(max-width: 400px) 100vw, 400px\" \/><\/a><div class='grid-content'><div class='avia-arrow'><\/div><header class=\"entry-content-header\" aria-label=\"Portfolio: Neubau Logistikgeb\u00e4ude mit Apotheke, M\u00fchlhausen\"><h3 class='grid-entry-title entry-title '  itemprop=\"headline\" ><a href='https:\/\/www.schwieger-architekten.de\/de\/projekt\/neubau-logistikgebaeude-mit-apotheke-muehlhausen\/' title='Neubau Logistikgeb\u00e4ude mit Apotheke, M\u00fchlhausen'>Neubau Logistikgeb\u00e4ude mit Apotheke, M\u00fchlhausen<\/a><\/h3><\/header><div class='grid-entry-excerpt entry-content'  itemprop=\"text\" >Arge Schwieger & Ortmann\r\n\u00d6kumenisches Hainich-Klinikum gGmbH<\/div><\/div><footer class=\"entry-footer\"><\/footer><\/article><\/div><div data-ajax-id='98' class=' grid-entry flex_column isotope-item all_sort no_margin post-entry post-entry-98 grid-entry-overview grid-loop-4 grid-parity-even  gewerbe-und-industrie_sort  av_one_third first default_av_fullwidth '><article class='main_color inner-entry'  itemscope=\"itemscope\" itemtype=\"https:\/\/schema.org\/CreativeWork\" ><a href=\"https:\/\/www.schwieger-architekten.de\/de\/projekt\/neubau-technische-kueche-mit-restaurant-muehlhausen\/\" title='Neubau Technische K\u00fcche mit Restaurant, M\u00fchlhausen'  data-rel='grid-1' class='grid-image avia-hover-fx'> <img decoding=\"async\" fetchpriority=\"high\" width=\"400\" height=\"267\" src=\"https:\/\/www.schwieger-architekten.de\/wp-content\/uploads\/0556\/02\/technische-kueche-muehlhausen-400x267.jpg\" class=\"wp-image-918 avia-img-lazy-loading-not-918 attachment-medium size-medium wp-post-image\" alt=\"Neubau Technische K\u00fcche mit Restaurant in M\u00fchlhausen f\u00fcr die \u00d6kumenisches Hainich Klinikum gGmbH durch Schwieger Architekten G\u00f6ttingen.\" srcset=\"https:\/\/www.schwieger-architekten.de\/wp-content\/uploads\/0556\/02\/technische-kueche-muehlhausen-400x267.jpg 400w, https:\/\/www.schwieger-architekten.de\/wp-content\/uploads\/0556\/02\/technische-kueche-muehlhausen-768x512.jpg 768w, https:\/\/www.schwieger-architekten.de\/wp-content\/uploads\/0556\/02\/technische-kueche-muehlhausen-120x80.jpg 120w, https:\/\/www.schwieger-architekten.de\/wp-content\/uploads\/0556\/02\/technische-kueche-muehlhausen-705x470.jpg 705w, https:\/\/www.schwieger-architekten.de\/wp-content\/uploads\/0556\/02\/technische-kueche-muehlhausen-225x150.jpg 225w, https:\/\/www.schwieger-architekten.de\/wp-content\/uploads\/0556\/02\/technische-kueche-muehlhausen-180x120.jpg 180w, https:\/\/www.schwieger-architekten.de\/wp-content\/uploads\/0556\/02\/technische-kueche-muehlhausen.jpg 900w\" sizes=\"(max-width: 400px) 100vw, 400px\" \/><\/a><div class='grid-content'><div class='avia-arrow'><\/div><header class=\"entry-content-header\" aria-label=\"Portfolio: Neubau Technische K\u00fcche mit Restaurant, M\u00fchlhausen\"><h3 class='grid-entry-title entry-title '  itemprop=\"headline\" ><a href='https:\/\/www.schwieger-architekten.de\/de\/projekt\/neubau-technische-kueche-mit-restaurant-muehlhausen\/' title='Neubau Technische K\u00fcche mit Restaurant, M\u00fchlhausen'>Neubau Technische K\u00fcche mit Restaurant, M\u00fchlhausen<\/a><\/h3><\/header><div class='grid-entry-excerpt entry-content'  itemprop=\"text\" >ARGE Schwieger & Ortmann\r\n\u00d6kumenisches Hainich Klinikum gGmbH<\/div><\/div><footer class=\"entry-footer\"><\/footer><\/article><\/div><div data-ajax-id='96' class=' grid-entry flex_column isotope-item all_sort no_margin post-entry post-entry-96 grid-entry-overview grid-loop-5 grid-parity-odd  gewerbe-und-industrie_sort bauen-im-bestand-sanierung-denkmalpflege_sort  av_one_third  default_av_fullwidth '><article class='main_color inner-entry'  itemscope=\"itemscope\" itemtype=\"https:\/\/schema.org\/CreativeWork\" ><a href=\"https:\/\/www.schwieger-architekten.de\/de\/projekt\/kesselhaus-muehlhausen\/\" title='Neubau Kesselhaus, M\u00fchlhausen'  data-rel='grid-1' class='grid-image avia-hover-fx'> <img decoding=\"async\" fetchpriority=\"high\" width=\"400\" height=\"267\" src=\"https:\/\/www.schwieger-architekten.de\/wp-content\/uploads\/2022\/03\/kesselhaus-muehlhausen-modell-1-400x267.jpg\" class=\"wp-image-633 avia-img-lazy-loading-not-633 attachment-medium size-medium wp-post-image\" alt=\"Neubau Kesselhaus M\u00fchlhausen | Schwieger Architekten G\u00f6ttingen\" srcset=\"https:\/\/www.schwieger-architekten.de\/wp-content\/uploads\/2022\/03\/kesselhaus-muehlhausen-modell-1-400x267.jpg 400w, https:\/\/www.schwieger-architekten.de\/wp-content\/uploads\/2022\/03\/kesselhaus-muehlhausen-modell-1-768x512.jpg 768w, https:\/\/www.schwieger-architekten.de\/wp-content\/uploads\/2022\/03\/kesselhaus-muehlhausen-modell-1-120x80.jpg 120w, https:\/\/www.schwieger-architekten.de\/wp-content\/uploads\/2022\/03\/kesselhaus-muehlhausen-modell-1-705x470.jpg 705w, https:\/\/www.schwieger-architekten.de\/wp-content\/uploads\/2022\/03\/kesselhaus-muehlhausen-modell-1-225x150.jpg 225w, https:\/\/www.schwieger-architekten.de\/wp-content\/uploads\/2022\/03\/kesselhaus-muehlhausen-modell-1-180x120.jpg 180w, https:\/\/www.schwieger-architekten.de\/wp-content\/uploads\/2022\/03\/kesselhaus-muehlhausen-modell-1.jpg 900w\" sizes=\"(max-width: 400px) 100vw, 400px\" \/><\/a><div class='grid-content'><div class='avia-arrow'><\/div><header class=\"entry-content-header\" aria-label=\"Portfolio: Neubau Kesselhaus, M\u00fchlhausen\"><h3 class='grid-entry-title entry-title '  itemprop=\"headline\" ><a href='https:\/\/www.schwieger-architekten.de\/de\/projekt\/kesselhaus-muehlhausen\/' title='Neubau Kesselhaus, M\u00fchlhausen'>Neubau Kesselhaus, M\u00fchlhausen<\/a><\/h3><\/header><div class='grid-entry-excerpt entry-content'  itemprop=\"text\" >ARGE Schwieger & Ortmann\r\n\u00d6kumenisches Hainich Klinikum gGmbH<\/div><\/div><footer class=\"entry-footer\"><\/footer><\/article><\/div><div data-ajax-id='106' class=' grid-entry flex_column isotope-item all_sort no_margin post-entry post-entry-106 grid-entry-overview grid-loop-6 grid-parity-even  gewerbe-und-industrie_sort  av_one_third  default_av_fullwidth '><article class='main_color inner-entry'  itemscope=\"itemscope\" itemtype=\"https:\/\/schema.org\/CreativeWork\" ><a href=\"https:\/\/www.schwieger-architekten.de\/de\/projekt\/neubau-einer-fabrikanlage-fuer-optische-geraete-mit-verwaltung-und-sozialraeumen\/\" title='Neubau einer Fabrikanlage f\u00fcr optische Ger\u00e4te mit Verwaltung und Sozialr\u00e4umen'  data-rel='grid-1' class='grid-image avia-hover-fx'> <img decoding=\"async\" fetchpriority=\"high\" width=\"400\" height=\"267\" src=\"https:\/\/www.schwieger-architekten.de\/wp-content\/uploads\/2000\/02\/linos-photonics-visualisierung-400x267.jpg\" class=\"wp-image-2776 avia-img-lazy-loading-not-2776 attachment-medium size-medium wp-post-image\" alt=\"Planung 1. Bauabschnitt des Neubau einer Fabrikanlage f\u00fcr optische Ger\u00e4te mit Verwaltung und Sozialr\u00e4umen durch Schwieger Architekten.\" srcset=\"https:\/\/www.schwieger-architekten.de\/wp-content\/uploads\/2000\/02\/linos-photonics-visualisierung-400x267.jpg 400w, https:\/\/www.schwieger-architekten.de\/wp-content\/uploads\/2000\/02\/linos-photonics-visualisierung-768x512.jpg 768w, https:\/\/www.schwieger-architekten.de\/wp-content\/uploads\/2000\/02\/linos-photonics-visualisierung-120x80.jpg 120w, https:\/\/www.schwieger-architekten.de\/wp-content\/uploads\/2000\/02\/linos-photonics-visualisierung-705x470.jpg 705w, https:\/\/www.schwieger-architekten.de\/wp-content\/uploads\/2000\/02\/linos-photonics-visualisierung-225x150.jpg 225w, https:\/\/www.schwieger-architekten.de\/wp-content\/uploads\/2000\/02\/linos-photonics-visualisierung-180x120.jpg 180w, https:\/\/www.schwieger-architekten.de\/wp-content\/uploads\/2000\/02\/linos-photonics-visualisierung.jpg 900w\" sizes=\"(max-width: 400px) 100vw, 400px\" \/><\/a><div class='grid-content'><div class='avia-arrow'><\/div><header class=\"entry-content-header\" aria-label=\"Portfolio: Neubau einer Fabrikanlage f\u00fcr optische Ger\u00e4te mit Verwaltung und Sozialr\u00e4umen\"><h3 class='grid-entry-title entry-title '  itemprop=\"headline\" ><a href='https:\/\/www.schwieger-architekten.de\/de\/projekt\/neubau-einer-fabrikanlage-fuer-optische-geraete-mit-verwaltung-und-sozialraeumen\/' title='Neubau einer Fabrikanlage f\u00fcr optische Ger\u00e4te mit Verwaltung und Sozialr\u00e4umen'>Neubau einer Fabrikanlage f\u00fcr optische Ger\u00e4te mit Verwaltung und Sozialr\u00e4umen<\/a><\/h3><\/header><div class='grid-entry-excerpt entry-content'  itemprop=\"text\" >Linos Photonics GmbH+Co.KG\r\n1. BA Regen (Planung)<\/div><\/div><footer class=\"entry-footer\"><\/footer><\/article><\/div><div data-ajax-id='110' class=' grid-entry flex_column isotope-item all_sort no_margin post-entry post-entry-110 grid-entry-overview grid-loop-7 grid-parity-odd  gewerbe-und-industrie_sort  av_one_third first default_av_fullwidth '><article class='main_color inner-entry'  itemscope=\"itemscope\" itemtype=\"https:\/\/schema.org\/CreativeWork\" ><a href=\"https:\/\/www.schwieger-architekten.de\/de\/projekt\/betriebsgebaeude-stadtentwaesserung-hann-muenden-stadt-hann-muenden\/\" title='Betriebsgeb\u00e4ude Stadtentw\u00e4sserung Hann.-M\u00fcnden'  data-rel='grid-1' class='grid-image avia-hover-fx'> <img decoding=\"async\" fetchpriority=\"high\" width=\"400\" height=\"267\" src=\"https:\/\/www.schwieger-architekten.de\/wp-content\/uploads\/1996\/02\/stadtentwaesserung-hann-muenden-400x267.jpg\" class=\"wp-image-956 avia-img-lazy-loading-not-956 attachment-medium size-medium wp-post-image\" alt=\"Neubau eines Betriebsgeb\u00e4ude f\u00fcr die Stadtentw\u00e4sserung in Hann.-M\u00fcnden durch Schwieger Architekten aus G\u00f6ttingen.\" srcset=\"https:\/\/www.schwieger-architekten.de\/wp-content\/uploads\/1996\/02\/stadtentwaesserung-hann-muenden-400x267.jpg 400w, https:\/\/www.schwieger-architekten.de\/wp-content\/uploads\/1996\/02\/stadtentwaesserung-hann-muenden-768x512.jpg 768w, https:\/\/www.schwieger-architekten.de\/wp-content\/uploads\/1996\/02\/stadtentwaesserung-hann-muenden-120x80.jpg 120w, https:\/\/www.schwieger-architekten.de\/wp-content\/uploads\/1996\/02\/stadtentwaesserung-hann-muenden-705x470.jpg 705w, https:\/\/www.schwieger-architekten.de\/wp-content\/uploads\/1996\/02\/stadtentwaesserung-hann-muenden-225x150.jpg 225w, https:\/\/www.schwieger-architekten.de\/wp-content\/uploads\/1996\/02\/stadtentwaesserung-hann-muenden-180x120.jpg 180w, https:\/\/www.schwieger-architekten.de\/wp-content\/uploads\/1996\/02\/stadtentwaesserung-hann-muenden.jpg 900w\" sizes=\"(max-width: 400px) 100vw, 400px\" \/><\/a><div class='grid-content'><div class='avia-arrow'><\/div><header class=\"entry-content-header\" aria-label=\"Portfolio: Betriebsgeb\u00e4ude Stadtentw\u00e4sserung Hann.-M\u00fcnden\"><h3 class='grid-entry-title entry-title '  itemprop=\"headline\" ><a href='https:\/\/www.schwieger-architekten.de\/de\/projekt\/betriebsgebaeude-stadtentwaesserung-hann-muenden-stadt-hann-muenden\/' title='Betriebsgeb\u00e4ude Stadtentw\u00e4sserung Hann.-M\u00fcnden'>Betriebsgeb\u00e4ude Stadtentw\u00e4sserung Hann.-M\u00fcnden<\/a><\/h3><\/header><div class='grid-entry-excerpt entry-content'  itemprop=\"text\" >Stadt Hann.- M\u00fcnden<\/div><\/div><footer class=\"entry-footer\"><\/footer><\/article><\/div><div data-ajax-id='104' class=' grid-entry flex_column isotope-item all_sort no_margin post-entry post-entry-104 grid-entry-overview grid-loop-8 grid-parity-even  gewerbe-und-industrie_sort  av_one_third  default_av_fullwidth '><article class='main_color inner-entry'  itemscope=\"itemscope\" itemtype=\"https:\/\/schema.org\/CreativeWork\" ><a href=\"https:\/\/www.schwieger-architekten.de\/de\/projekt\/verwaltungsgebaeude-kirchgandern\/\" title='Produktions-, Lager- und Verwaltungsgeb\u00e4ude, Kirchgandern'  data-rel='grid-1' class='grid-image avia-hover-fx'> <img decoding=\"async\" fetchpriority=\"high\" width=\"400\" height=\"267\" src=\"https:\/\/www.schwieger-architekten.de\/wp-content\/uploads\/1992\/02\/miritz-citrus-kirchgandern-400x267.jpg\" class=\"wp-image-960 avia-img-lazy-loading-not-960 attachment-medium size-medium wp-post-image\" alt=\"Neubau eines Produktions-, Lager- und Verwaltungsgeb\u00e4ude in Kirchgandern f\u00fcr die Miritz Citrus Ingredients GmbH von Schwieger Architekten.\" srcset=\"https:\/\/www.schwieger-architekten.de\/wp-content\/uploads\/1992\/02\/miritz-citrus-kirchgandern-400x267.jpg 400w, https:\/\/www.schwieger-architekten.de\/wp-content\/uploads\/1992\/02\/miritz-citrus-kirchgandern-768x512.jpg 768w, https:\/\/www.schwieger-architekten.de\/wp-content\/uploads\/1992\/02\/miritz-citrus-kirchgandern-120x80.jpg 120w, https:\/\/www.schwieger-architekten.de\/wp-content\/uploads\/1992\/02\/miritz-citrus-kirchgandern-705x470.jpg 705w, https:\/\/www.schwieger-architekten.de\/wp-content\/uploads\/1992\/02\/miritz-citrus-kirchgandern-225x150.jpg 225w, https:\/\/www.schwieger-architekten.de\/wp-content\/uploads\/1992\/02\/miritz-citrus-kirchgandern-180x120.jpg 180w, https:\/\/www.schwieger-architekten.de\/wp-content\/uploads\/1992\/02\/miritz-citrus-kirchgandern.jpg 900w\" sizes=\"(max-width: 400px) 100vw, 400px\" \/><\/a><div class='grid-content'><div class='avia-arrow'><\/div><header class=\"entry-content-header\" aria-label=\"Portfolio: Produktions-, Lager- und Verwaltungsgeb\u00e4ude, Kirchgandern\"><h3 class='grid-entry-title entry-title '  itemprop=\"headline\" ><a href='https:\/\/www.schwieger-architekten.de\/de\/projekt\/verwaltungsgebaeude-kirchgandern\/' title='Produktions-, Lager- und Verwaltungsgeb\u00e4ude, Kirchgandern'>Produktions-, Lager- und Verwaltungsgeb\u00e4ude, Kirchgandern<\/a><\/h3><\/header><div class='grid-entry-excerpt entry-content'  itemprop=\"text\" >Miritz Citrus Ingredients GmbH\r\n<\/div><\/div><footer class=\"entry-footer\"><\/footer><\/article><\/div><div data-ajax-id='108' class=' grid-entry flex_column isotope-item all_sort no_margin post-entry post-entry-108 grid-entry-overview grid-loop-9 grid-parity-odd  post-entry-last  gewerbe-und-industrie_sort  av_one_third  default_av_fullwidth '><article class='main_color inner-entry'  itemscope=\"itemscope\" itemtype=\"https:\/\/schema.org\/CreativeWork\" ><a href=\"https:\/\/www.schwieger-architekten.de\/de\/projekt\/dilinski-objekteinrichtungen-bad-lauterberg\/\" title='Neubau Fabrikation und Verwaltung Dilinski Objekteinrichtungen GmbH'  data-rel='grid-1' class='grid-image avia-hover-fx'> <img decoding=\"async\" fetchpriority=\"high\" width=\"400\" height=\"267\" src=\"https:\/\/www.schwieger-architekten.de\/wp-content\/uploads\/1986\/02\/dilinski-objekteinrichtungen-400x267.jpg\" class=\"wp-image-2717 avia-img-lazy-loading-not-2717 attachment-medium size-medium wp-post-image\" alt=\"Neubau f\u00fcr die Fabrikation und Verwaltung der Dilinski Objekteinrichtungen GmbH in Bad Lauterberg durch Schwieger Architekten aus.\" srcset=\"https:\/\/www.schwieger-architekten.de\/wp-content\/uploads\/1986\/02\/dilinski-objekteinrichtungen-400x267.jpg 400w, https:\/\/www.schwieger-architekten.de\/wp-content\/uploads\/1986\/02\/dilinski-objekteinrichtungen-768x512.jpg 768w, https:\/\/www.schwieger-architekten.de\/wp-content\/uploads\/1986\/02\/dilinski-objekteinrichtungen-120x80.jpg 120w, https:\/\/www.schwieger-architekten.de\/wp-content\/uploads\/1986\/02\/dilinski-objekteinrichtungen-705x470.jpg 705w, https:\/\/www.schwieger-architekten.de\/wp-content\/uploads\/1986\/02\/dilinski-objekteinrichtungen-225x150.jpg 225w, https:\/\/www.schwieger-architekten.de\/wp-content\/uploads\/1986\/02\/dilinski-objekteinrichtungen-180x120.jpg 180w, https:\/\/www.schwieger-architekten.de\/wp-content\/uploads\/1986\/02\/dilinski-objekteinrichtungen.jpg 900w\" sizes=\"(max-width: 400px) 100vw, 400px\" \/><\/a><div class='grid-content'><div class='avia-arrow'><\/div><header class=\"entry-content-header\" aria-label=\"Portfolio: Neubau Fabrikation und Verwaltung Dilinski Objekteinrichtungen GmbH\"><h3 class='grid-entry-title entry-title '  itemprop=\"headline\" ><a href='https:\/\/www.schwieger-architekten.de\/de\/projekt\/dilinski-objekteinrichtungen-bad-lauterberg\/' title='Neubau Fabrikation und Verwaltung Dilinski Objekteinrichtungen GmbH'>Neubau Fabrikation und Verwaltung Dilinski Objekteinrichtungen GmbH<\/a><\/h3><\/header><div class='grid-entry-excerpt entry-content'  itemprop=\"text\" >Bad Lauterberg<\/div><\/div><footer class=\"entry-footer\"><\/footer><\/article><\/div><\/div><\/div>   <!--   class=\"av-portfolio-grid-sorting-container\"  --><\/div>\n","protected":false},"excerpt":{"rendered":"<p>Bauten von Gewerbe und Industrie in G\u00f6ttingen, N\u00f6rten-Hardenberg, M\u00fchlhausen, Hann.-M\u00fcnden und Bad Lauterberg von Hansjochen Schwieger.<\/p>\n","protected":false},"author":1,"featured_media":0,"parent":17,"menu_order":2,"comment_status":"closed","ping_status":"closed","template":"","meta":{"footnotes":""},"class_list":["post-507","page","type-page","status-publish","hentry"],"yoast_head":"<!-- This site is optimized with the Yoast SEO plugin v27.0 - https:\/\/yoast.com\/product\/yoast-seo-wordpress\/ -->\n<title>Gewerbe und Industrie | Schwieger Architekten G\u00f6ttingen<\/title>\n<meta name=\"description\" content=\"Bauten von Gewerbe und Industrie in G\u00f6ttingen, N\u00f6rten-Hardenberg, M\u00fchlhausen, Hann.-M\u00fcnden und Bad Lauterberg von Hansjochen Schwieger.\" \/>\n<meta name=\"robots\" content=\"index, follow, max-snippet:-1, max-image-preview:large, max-video-preview:-1\" \/>\n<link rel=\"canonical\" href=\"https:\/\/www.schwieger-architekten.de\/de\/projekte\/gewerbe-und-industrie\/\" \/>\n<meta property=\"og:locale\" content=\"de_DE\" \/>\n<meta property=\"og:type\" content=\"article\" \/>\n<meta property=\"og:title\" content=\"Gewerbe und Industrie | Schwieger Architekten G\u00f6ttingen\" \/>\n<meta property=\"og:description\" content=\"Bauten von Gewerbe und Industrie in G\u00f6ttingen, N\u00f6rten-Hardenberg, M\u00fchlhausen, Hann.-M\u00fcnden und Bad Lauterberg von Hansjochen Schwieger.\" \/>\n<meta property=\"og:url\" content=\"https:\/\/www.schwieger-architekten.de\/de\/projekte\/gewerbe-und-industrie\/\" \/>\n<meta property=\"og:site_name\" content=\"Schwieger Architekten\" \/>\n<meta property=\"article:modified_time\" content=\"2023-05-24T16:06:12+00:00\" \/>\n<meta name=\"twitter:card\" content=\"summary_large_image\" \/>\n<meta name=\"twitter:label1\" content=\"Gesch\u00e4tzte Lesezeit\" \/>\n\t<meta name=\"twitter:data1\" content=\"2\u00a0Minuten\" \/>\n<script type=\"application\/ld+json\" class=\"yoast-schema-graph\">{\"@context\":\"https:\/\/schema.org\",\"@graph\":[{\"@type\":\"WebPage\",\"@id\":\"https:\/\/www.schwieger-architekten.de\/de\/projekte\/gewerbe-und-industrie\/\",\"url\":\"https:\/\/www.schwieger-architekten.de\/de\/projekte\/gewerbe-und-industrie\/\",\"name\":\"Gewerbe und Industrie | Schwieger Architekten G\u00f6ttingen\",\"isPartOf\":{\"@id\":\"https:\/\/www.schwieger-architekten.de\/de\/#website\"},\"datePublished\":\"2022-03-25T19:36:30+00:00\",\"dateModified\":\"2023-05-24T16:06:12+00:00\",\"description\":\"Bauten von Gewerbe und Industrie in G\u00f6ttingen, N\u00f6rten-Hardenberg, M\u00fchlhausen, Hann.-M\u00fcnden und Bad Lauterberg von Hansjochen Schwieger.\",\"breadcrumb\":{\"@id\":\"https:\/\/www.schwieger-architekten.de\/de\/projekte\/gewerbe-und-industrie\/#breadcrumb\"},\"inLanguage\":\"de\",\"potentialAction\":[{\"@type\":\"ReadAction\",\"target\":[\"https:\/\/www.schwieger-architekten.de\/de\/projekte\/gewerbe-und-industrie\/\"]}]},{\"@type\":\"BreadcrumbList\",\"@id\":\"https:\/\/www.schwieger-architekten.de\/de\/projekte\/gewerbe-und-industrie\/#breadcrumb\",\"itemListElement\":[{\"@type\":\"ListItem\",\"position\":1,\"name\":\"Startseite\",\"item\":\"https:\/\/www.schwieger-architekten.de\/de\/\"},{\"@type\":\"ListItem\",\"position\":2,\"name\":\"Projekte\",\"item\":\"https:\/\/www.schwieger-architekten.de\/de\/projekte\/\"},{\"@type\":\"ListItem\",\"position\":3,\"name\":\"Gewerbe und Industrie\"}]},{\"@type\":\"WebSite\",\"@id\":\"https:\/\/www.schwieger-architekten.de\/de\/#website\",\"url\":\"https:\/\/www.schwieger-architekten.de\/de\/\",\"name\":\"Schwieger Architekten\",\"description\":\"Schwieger Architekten G\u00f6ttingen\",\"potentialAction\":[{\"@type\":\"SearchAction\",\"target\":{\"@type\":\"EntryPoint\",\"urlTemplate\":\"https:\/\/www.schwieger-architekten.de\/de\/?s={search_term_string}\"},\"query-input\":{\"@type\":\"PropertyValueSpecification\",\"valueRequired\":true,\"valueName\":\"search_term_string\"}}],\"inLanguage\":\"de\"}]}<\/script>\n<!-- \/ Yoast SEO plugin. -->","yoast_head_json":{"title":"Gewerbe und Industrie | Schwieger Architekten G\u00f6ttingen","description":"Bauten von Gewerbe und Industrie in G\u00f6ttingen, N\u00f6rten-Hardenberg, M\u00fchlhausen, Hann.-M\u00fcnden und Bad Lauterberg von Hansjochen Schwieger.","robots":{"index":"index","follow":"follow","max-snippet":"max-snippet:-1","max-image-preview":"max-image-preview:large","max-video-preview":"max-video-preview:-1"},"canonical":"https:\/\/www.schwieger-architekten.de\/de\/projekte\/gewerbe-und-industrie\/","og_locale":"de_DE","og_type":"article","og_title":"Gewerbe und Industrie | Schwieger Architekten G\u00f6ttingen","og_description":"Bauten von Gewerbe und Industrie in G\u00f6ttingen, N\u00f6rten-Hardenberg, M\u00fchlhausen, Hann.-M\u00fcnden und Bad Lauterberg von Hansjochen Schwieger.","og_url":"https:\/\/www.schwieger-architekten.de\/de\/projekte\/gewerbe-und-industrie\/","og_site_name":"Schwieger Architekten","article_modified_time":"2023-05-24T16:06:12+00:00","twitter_card":"summary_large_image","twitter_misc":{"Gesch\u00e4tzte Lesezeit":"2\u00a0Minuten"},"schema":{"@context":"https:\/\/schema.org","@graph":[{"@type":"WebPage","@id":"https:\/\/www.schwieger-architekten.de\/de\/projekte\/gewerbe-und-industrie\/","url":"https:\/\/www.schwieger-architekten.de\/de\/projekte\/gewerbe-und-industrie\/","name":"Gewerbe und Industrie | Schwieger Architekten G\u00f6ttingen","isPartOf":{"@id":"https:\/\/www.schwieger-architekten.de\/de\/#website"},"datePublished":"2022-03-25T19:36:30+00:00","dateModified":"2023-05-24T16:06:12+00:00","description":"Bauten von Gewerbe und Industrie in G\u00f6ttingen, N\u00f6rten-Hardenberg, M\u00fchlhausen, Hann.-M\u00fcnden und Bad Lauterberg von Hansjochen Schwieger.","breadcrumb":{"@id":"https:\/\/www.schwieger-architekten.de\/de\/projekte\/gewerbe-und-industrie\/#breadcrumb"},"inLanguage":"de","potentialAction":[{"@type":"ReadAction","target":["https:\/\/www.schwieger-architekten.de\/de\/projekte\/gewerbe-und-industrie\/"]}]},{"@type":"BreadcrumbList","@id":"https:\/\/www.schwieger-architekten.de\/de\/projekte\/gewerbe-und-industrie\/#breadcrumb","itemListElement":[{"@type":"ListItem","position":1,"name":"Startseite","item":"https:\/\/www.schwieger-architekten.de\/de\/"},{"@type":"ListItem","position":2,"name":"Projekte","item":"https:\/\/www.schwieger-architekten.de\/de\/projekte\/"},{"@type":"ListItem","position":3,"name":"Gewerbe und Industrie"}]},{"@type":"WebSite","@id":"https:\/\/www.schwieger-architekten.de\/de\/#website","url":"https:\/\/www.schwieger-architekten.de\/de\/","name":"Schwieger Architekten","description":"Schwieger Architekten G\u00f6ttingen","potentialAction":[{"@type":"SearchAction","target":{"@type":"EntryPoint","urlTemplate":"https:\/\/www.schwieger-architekten.de\/de\/?s={search_term_string}"},"query-input":{"@type":"PropertyValueSpecification","valueRequired":true,"valueName":"search_term_string"}}],"inLanguage":"de"}]}},"_links":{"self":[{"href":"https:\/\/www.schwieger-architekten.de\/de\/wp-json\/wp\/v2\/pages\/507","targetHints":{"allow":["GET"]}}],"collection":[{"href":"https:\/\/www.schwieger-architekten.de\/de\/wp-json\/wp\/v2\/pages"}],"about":[{"href":"https:\/\/www.schwieger-architekten.de\/de\/wp-json\/wp\/v2\/types\/page"}],"author":[{"embeddable":true,"href":"https:\/\/www.schwieger-architekten.de\/de\/wp-json\/wp\/v2\/users\/1"}],"replies":[{"embeddable":true,"href":"https:\/\/www.schwieger-architekten.de\/de\/wp-json\/wp\/v2\/comments?post=507"}],"version-history":[{"count":35,"href":"https:\/\/www.schwieger-architekten.de\/de\/wp-json\/wp\/v2\/pages\/507\/revisions"}],"predecessor-version":[{"id":3507,"href":"https:\/\/www.schwieger-architekten.de\/de\/wp-json\/wp\/v2\/pages\/507\/revisions\/3507"}],"up":[{"embeddable":true,"href":"https:\/\/www.schwieger-architekten.de\/de\/wp-json\/wp\/v2\/pages\/17"}],"wp:attachment":[{"href":"https:\/\/www.schwieger-architekten.de\/de\/wp-json\/wp\/v2\/media?parent=507"}],"curies":[{"name":"wp","href":"https:\/\/api.w.org\/{rel}","templated":true}]}}