{"id":110,"date":"1996-02-25T12:18:36","date_gmt":"1996-02-25T11:18:36","guid":{"rendered":"http:\/\/relaunch2022.schwieger-architekten.de\/?post_type=portfolio&#038;p=110"},"modified":"2023-06-05T11:12:13","modified_gmt":"2023-06-05T09:12:13","slug":"betriebsgebaeude-stadtentwaesserung-hann-muenden-stadt-hann-muenden","status":"publish","type":"portfolio","link":"https:\/\/www.schwieger-architekten.de\/de\/projekt\/betriebsgebaeude-stadtentwaesserung-hann-muenden-stadt-hann-muenden\/","title":{"rendered":"Betriebsgeb\u00e4ude Stadtentw\u00e4sserung Hann.-M\u00fcnden"},"content":{"rendered":"<div  id=\"ProjectHeaderContainer\"  class='flex_column av-n0fdy-a78775f334f1651f304aa3d50cb9b9f8 av_one_full  avia-builder-el-0  el_before_av_one_full  avia-builder-el-first  first flex_column_div  '     ><p>\n<style type=\"text\/css\" data-created_by=\"avia_inline_auto\" id=\"style-css-av-l3lcmph3-c3593dae38f35f324a6683da8b6763a1\">\n#top .av-special-heading.av-l3lcmph3-c3593dae38f35f324a6683da8b6763a1{\npadding-bottom:10px;\n}\nbody .av-special-heading.av-l3lcmph3-c3593dae38f35f324a6683da8b6763a1 .av-special-heading-tag .heading-char{\nfont-size:25px;\n}\n.av-special-heading.av-l3lcmph3-c3593dae38f35f324a6683da8b6763a1 .av-subheading{\nfont-size:15px;\n}\n<\/style>\n<div  id=\"ProjectHeader\"  class='av-special-heading av-l3lcmph3-c3593dae38f35f324a6683da8b6763a1 av-special-heading-h1 blockquote modern-quote  avia-builder-el-1  el_before_av_textblock  avia-builder-el-first '><h1 class='av-special-heading-tag '  itemprop=\"headline\"  >Betriebsgeb\u00e4ude Stadtentw\u00e4sserung Hann.-M\u00fcnden<\/h1><div class='av-subheading av-subheading_below'><p>Stadt Hann.- M\u00fcnden<\/p>\n<\/div><div class=\"special-heading-border\"><div class=\"special-heading-inner-border\"><\/div><\/div><\/div><br \/>\n<section  class='av_textblock_section av-l3lcoyz2-bee48d6df0827cac1cb8a2a91f9a7984 '   itemscope=\"itemscope\" itemtype=\"https:\/\/schema.org\/CreativeWork\" ><div class='avia_textblock'  itemprop=\"text\" ><p>Der H\u00f6henunterschied des Grundst\u00fcckes von mehr als 3m erlaubt ebenerdige Zug\u00e4nge zum OG und zum EG. Im Herzst\u00fcck der Anlage ist die Schaltwarte untergebracht. Von hier aus \u00fcberblickt man die gesamte Kl\u00e4ranlage.<\/p>\n<p>Die Konstruktion beschr\u00e4nkt sich auf wenige Materialien: Kalksandstein, Stahlbeton, Faserzementst\u00fclpschalung, mahagonifarbene Holztafeln. Auf dem flachgeneigten Satteldach liegt vorbewittertes Zinkblech.<\/p>\n<\/div><\/section><br \/>\n\n<style type=\"text\/css\" data-created_by=\"avia_inline_auto\" id=\"style-css-av-l3lcou2j-9452afad51feb6868e334a0d08194c6d\">\n#top .hr.hr-invisible.av-l3lcou2j-9452afad51feb6868e334a0d08194c6d{\nheight:50px;\n}\n<\/style>\n<div  class='hr av-l3lcou2j-9452afad51feb6868e334a0d08194c6d hr-invisible  avia-builder-el-3  el_after_av_textblock  avia-builder-el-last '><span class='hr-inner '><span class=\"hr-inner-style\"><\/span><\/span><\/div><\/p><\/div><div class='flex_column_table av-dzerq-6532ead66dba8ac394dac71db554411f sc-av_one_full av-equal-height-column-flextable'>\n<style type=\"text\/css\" data-created_by=\"avia_inline_auto\" id=\"style-css-av-dzerq-6532ead66dba8ac394dac71db554411f\">\n#top .flex_column_table.av-equal-height-column-flextable.av-dzerq-6532ead66dba8ac394dac71db554411f{\nmargin-top:0px;\nmargin-bottom:1%;\n}\n.flex_column.av-dzerq-6532ead66dba8ac394dac71db554411f{\nwidth:100%;\nmargin-left:0;\n}\n#top .flex_column_table.av-equal-height-column-flextable.av-dzerq-6532ead66dba8ac394dac71db554411f .av-flex-placeholder{\nwidth:0%;\n}\n<\/style>\n<div  class='flex_column av-dzerq-6532ead66dba8ac394dac71db554411f av_one_full  avia-builder-el-4  el_after_av_one_full  el_before_av_one_full  first flex_column_table_cell av-equal-height-column av-align-middle  column-top-margin'     ><p>\n<style type=\"text\/css\" data-created_by=\"avia_inline_auto\" id=\"style-css-av-l3lcnoee-e1c9d858968ffa459eb7dc843dc565bb\">\n.avia-image-container.av-l3lcnoee-e1c9d858968ffa459eb7dc843dc565bb img.avia_image{\nbox-shadow:none;\n}\n.avia-image-container.av-l3lcnoee-e1c9d858968ffa459eb7dc843dc565bb .av-image-caption-overlay-center{\ncolor:#ffffff;\n}\n<\/style>\n<div  class='avia-image-container av-l3lcnoee-e1c9d858968ffa459eb7dc843dc565bb av-styling-no-styling av-img-linked avia-align-center  avia-builder-el-5  el_before_av_textblock  avia-builder-el-first '   itemprop=\"image\" itemscope=\"itemscope\" itemtype=\"https:\/\/schema.org\/ImageObject\" ><div class=\"avia-image-container-inner\"><div class=\"avia-image-overlay-wrap\"><a href=\"https:\/\/www.schwieger-architekten.de\/wp-content\/uploads\/1996\/02\/stadtentwaesserung-hann-muenden-fassade-1030x703.jpg\" data-srcset=\"https:\/\/www.schwieger-architekten.de\/wp-content\/uploads\/1996\/02\/stadtentwaesserung-hann-muenden-fassade-1030x703.jpg 1030w, https:\/\/www.schwieger-architekten.de\/wp-content\/uploads\/1996\/02\/stadtentwaesserung-hann-muenden-fassade-400x273.jpg 400w, https:\/\/www.schwieger-architekten.de\/wp-content\/uploads\/1996\/02\/stadtentwaesserung-hann-muenden-fassade-768x524.jpg 768w, https:\/\/www.schwieger-architekten.de\/wp-content\/uploads\/1996\/02\/stadtentwaesserung-hann-muenden-fassade-705x481.jpg 705w, https:\/\/www.schwieger-architekten.de\/wp-content\/uploads\/1996\/02\/stadtentwaesserung-hann-muenden-fassade-220x150.jpg 220w, https:\/\/www.schwieger-architekten.de\/wp-content\/uploads\/1996\/02\/stadtentwaesserung-hann-muenden-fassade-176x120.jpg 176w, https:\/\/www.schwieger-architekten.de\/wp-content\/uploads\/1996\/02\/stadtentwaesserung-hann-muenden-fassade.jpg 1300w\" data-sizes=\"(max-width: 1030px) 100vw, 1030px\" class='avia_image '  aria-label='stadtentwaesserung-hann-muenden-fassade'><img decoding=\"async\" fetchpriority=\"high\" class='wp-image-1687 avia-img-lazy-loading-not-1687 avia_image ' src=\"https:\/\/www.schwieger-architekten.de\/wp-content\/uploads\/1996\/02\/stadtentwaesserung-hann-muenden-fassade-1030x703.jpg\" alt='Betriebsgeb\u00e4ude Stadtentw\u00e4sserung Hann.-M\u00fcnden' title='stadtentwaesserung-hann-muenden-fassade'  height=\"703\" width=\"1030\"  itemprop=\"thumbnailUrl\" srcset=\"https:\/\/www.schwieger-architekten.de\/wp-content\/uploads\/1996\/02\/stadtentwaesserung-hann-muenden-fassade-1030x703.jpg 1030w, https:\/\/www.schwieger-architekten.de\/wp-content\/uploads\/1996\/02\/stadtentwaesserung-hann-muenden-fassade-400x273.jpg 400w, https:\/\/www.schwieger-architekten.de\/wp-content\/uploads\/1996\/02\/stadtentwaesserung-hann-muenden-fassade-768x524.jpg 768w, https:\/\/www.schwieger-architekten.de\/wp-content\/uploads\/1996\/02\/stadtentwaesserung-hann-muenden-fassade-705x481.jpg 705w, https:\/\/www.schwieger-architekten.de\/wp-content\/uploads\/1996\/02\/stadtentwaesserung-hann-muenden-fassade-220x150.jpg 220w, https:\/\/www.schwieger-architekten.de\/wp-content\/uploads\/1996\/02\/stadtentwaesserung-hann-muenden-fassade-176x120.jpg 176w, https:\/\/www.schwieger-architekten.de\/wp-content\/uploads\/1996\/02\/stadtentwaesserung-hann-muenden-fassade.jpg 1300w\" sizes=\"(max-width: 1030px) 100vw, 1030px\" \/><\/a><\/div><\/div><\/div><br \/>\n<section  class='av_textblock_section av-l3lcnu4p-63eed1ac24a8623b79d47a46725b4752 '   itemscope=\"itemscope\" itemtype=\"https:\/\/schema.org\/CreativeWork\" ><div class='avia_textblock'  itemprop=\"text\" ><p>Im Inneren werden nat\u00fcrliche Materialfarben eingesetzt: Wei\u00dfe W\u00e4nde, grau lasierte Stahlbetondecken, Betonwerksteinfu\u00dfboden in den Erschlie\u00dfungsbereichen und Hochkantlamelleneichenparkett in den B\u00fcros.<\/p>\n<\/div><\/section><\/p><\/div><\/div><!--close column table wrapper. Autoclose: 1 --><\/p>\n<div class='flex_column_table av-79pdq-3c6f9697973ee7e5d6c57dae37597c24 sc-av_one_full av-equal-height-column-flextable'>\n<style type=\"text\/css\" data-created_by=\"avia_inline_auto\" id=\"style-css-av-79pdq-3c6f9697973ee7e5d6c57dae37597c24\">\n#top .flex_column_table.av-equal-height-column-flextable.av-79pdq-3c6f9697973ee7e5d6c57dae37597c24{\nmargin-top:10px;\nmargin-bottom:10px;\n}\n.flex_column.av-79pdq-3c6f9697973ee7e5d6c57dae37597c24{\nwidth:100%;\nmargin-left:0;\n}\n#top .flex_column_table.av-equal-height-column-flextable.av-79pdq-3c6f9697973ee7e5d6c57dae37597c24 .av-flex-placeholder{\nwidth:0%;\n}\n<\/style>\n<div  class='flex_column av-79pdq-3c6f9697973ee7e5d6c57dae37597c24 av_one_full  avia-builder-el-7  el_after_av_one_full  avia-builder-el-last  first flex_column_table_cell av-equal-height-column av-align-middle  column-top-margin'     ><p>\n<style type=\"text\/css\" data-created_by=\"avia_inline_auto\" id=\"style-css-av-l3lco4of-a04d5608bd213079fe2fd6fc879115e9\">\n.avia-image-container.av-l3lco4of-a04d5608bd213079fe2fd6fc879115e9 img.avia_image{\nbox-shadow:none;\n}\n.avia-image-container.av-l3lco4of-a04d5608bd213079fe2fd6fc879115e9 .av-image-caption-overlay-center{\ncolor:#ffffff;\n}\n<\/style>\n<div  class='avia-image-container av-l3lco4of-a04d5608bd213079fe2fd6fc879115e9 av-styling-no-styling av-img-linked avia-align-center  avia-builder-el-8  el_before_av_textblock  avia-builder-el-first '   itemprop=\"image\" itemscope=\"itemscope\" itemtype=\"https:\/\/schema.org\/ImageObject\" ><div class=\"avia-image-container-inner\"><div class=\"avia-image-overlay-wrap\"><a href=\"https:\/\/www.schwieger-architekten.de\/wp-content\/uploads\/1996\/02\/stadtentwaesserung-hann-muenden-ansicht-1030x784.jpg\" data-srcset=\"https:\/\/www.schwieger-architekten.de\/wp-content\/uploads\/1996\/02\/stadtentwaesserung-hann-muenden-ansicht-1030x784.jpg 1030w, https:\/\/www.schwieger-architekten.de\/wp-content\/uploads\/1996\/02\/stadtentwaesserung-hann-muenden-ansicht-400x305.jpg 400w, https:\/\/www.schwieger-architekten.de\/wp-content\/uploads\/1996\/02\/stadtentwaesserung-hann-muenden-ansicht-768x585.jpg 768w, https:\/\/www.schwieger-architekten.de\/wp-content\/uploads\/1996\/02\/stadtentwaesserung-hann-muenden-ansicht-1536x1170.jpg 1536w, https:\/\/www.schwieger-architekten.de\/wp-content\/uploads\/1996\/02\/stadtentwaesserung-hann-muenden-ansicht-1500x1142.jpg 1500w, https:\/\/www.schwieger-architekten.de\/wp-content\/uploads\/1996\/02\/stadtentwaesserung-hann-muenden-ansicht-705x537.jpg 705w, https:\/\/www.schwieger-architekten.de\/wp-content\/uploads\/1996\/02\/stadtentwaesserung-hann-muenden-ansicht-197x150.jpg 197w, https:\/\/www.schwieger-architekten.de\/wp-content\/uploads\/1996\/02\/stadtentwaesserung-hann-muenden-ansicht-158x120.jpg 158w, https:\/\/www.schwieger-architekten.de\/wp-content\/uploads\/1996\/02\/stadtentwaesserung-hann-muenden-ansicht.jpg 1850w\" data-sizes=\"(max-width: 1030px) 100vw, 1030px\" class='avia_image '  aria-label='Betriebsgeb\u00e4ude Stadtentw\u00e4sserung Hann.-M\u00fcnden'><img decoding=\"async\" fetchpriority=\"high\" class='wp-image-1685 avia-img-lazy-loading-not-1685 avia_image ' src=\"https:\/\/www.schwieger-architekten.de\/wp-content\/uploads\/1996\/02\/stadtentwaesserung-hann-muenden-ansicht-1030x784.jpg\" alt='Betriebsgeb\u00e4ude Stadtentw\u00e4sserung Hann.-M\u00fcnden' title='Betriebsgeb\u00e4ude Stadtentw\u00e4sserung Hann.-M\u00fcnden'  height=\"784\" width=\"1030\"  itemprop=\"thumbnailUrl\" srcset=\"https:\/\/www.schwieger-architekten.de\/wp-content\/uploads\/1996\/02\/stadtentwaesserung-hann-muenden-ansicht-1030x784.jpg 1030w, https:\/\/www.schwieger-architekten.de\/wp-content\/uploads\/1996\/02\/stadtentwaesserung-hann-muenden-ansicht-400x305.jpg 400w, https:\/\/www.schwieger-architekten.de\/wp-content\/uploads\/1996\/02\/stadtentwaesserung-hann-muenden-ansicht-768x585.jpg 768w, https:\/\/www.schwieger-architekten.de\/wp-content\/uploads\/1996\/02\/stadtentwaesserung-hann-muenden-ansicht-1536x1170.jpg 1536w, https:\/\/www.schwieger-architekten.de\/wp-content\/uploads\/1996\/02\/stadtentwaesserung-hann-muenden-ansicht-1500x1142.jpg 1500w, https:\/\/www.schwieger-architekten.de\/wp-content\/uploads\/1996\/02\/stadtentwaesserung-hann-muenden-ansicht-705x537.jpg 705w, https:\/\/www.schwieger-architekten.de\/wp-content\/uploads\/1996\/02\/stadtentwaesserung-hann-muenden-ansicht-197x150.jpg 197w, https:\/\/www.schwieger-architekten.de\/wp-content\/uploads\/1996\/02\/stadtentwaesserung-hann-muenden-ansicht-158x120.jpg 158w, https:\/\/www.schwieger-architekten.de\/wp-content\/uploads\/1996\/02\/stadtentwaesserung-hann-muenden-ansicht.jpg 1850w\" sizes=\"(max-width: 1030px) 100vw, 1030px\" \/><\/a><\/div><\/div><\/div><br \/>\n<section  class='av_textblock_section av-l3lco8v0-e71bb9b2472297ff74efd5b7cdf824bc '   itemscope=\"itemscope\" itemtype=\"https:\/\/schema.org\/CreativeWork\" ><div class='avia_textblock'  itemprop=\"text\" ><p>Haupteingang<\/p>\n<\/div><\/section><\/p><\/div><\/div><!--close column table wrapper. Autoclose: 1 -->\n","protected":false},"excerpt":{"rendered":"<p>Stadt Hann.- M\u00fcnden<\/p>\n","protected":false},"author":1,"featured_media":956,"comment_status":"closed","ping_status":"closed","template":"","meta":{"footnotes":""},"tags":[],"portfolio_entries":[14],"class_list":["post-110","portfolio","type-portfolio","status-publish","has-post-thumbnail","hentry","portfolio_entries-gewerbe-und-industrie"],"yoast_head":"<!-- This site is optimized with the Yoast SEO plugin v27.0 - https:\/\/yoast.com\/product\/yoast-seo-wordpress\/ -->\n<title>Stadtentw\u00e4sserung Hann.-M\u00fcnden | Schwieger Architekten<\/title>\n<meta name=\"description\" content=\"Neubau eines Betriebsgeb\u00e4ude f\u00fcr die Stadtentw\u00e4sserung in Hann.-M\u00fcnden durch Schwieger Architekten aus G\u00f6ttingen.\" \/>\n<meta name=\"robots\" content=\"index, follow, max-snippet:-1, max-image-preview:large, max-video-preview:-1\" \/>\n<link rel=\"canonical\" href=\"https:\/\/www.schwieger-architekten.de\/de\/projekt\/betriebsgebaeude-stadtentwaesserung-hann-muenden-stadt-hann-muenden\/\" \/>\n<meta property=\"og:locale\" content=\"de_DE\" \/>\n<meta property=\"og:type\" content=\"article\" \/>\n<meta property=\"og:title\" content=\"Stadtentw\u00e4sserung Hann.-M\u00fcnden | Schwieger Architekten\" \/>\n<meta property=\"og:description\" content=\"Neubau eines Betriebsgeb\u00e4ude f\u00fcr die Stadtentw\u00e4sserung in Hann.-M\u00fcnden durch Schwieger Architekten aus G\u00f6ttingen.\" \/>\n<meta property=\"og:url\" content=\"https:\/\/www.schwieger-architekten.de\/de\/projekt\/betriebsgebaeude-stadtentwaesserung-hann-muenden-stadt-hann-muenden\/\" \/>\n<meta property=\"og:site_name\" content=\"Schwieger Architekten\" \/>\n<meta property=\"article:modified_time\" content=\"2023-06-05T09:12:13+00:00\" \/>\n<meta property=\"og:image\" content=\"https:\/\/www.schwieger-architekten.de\/wp-content\/uploads\/1996\/02\/stadtentwaesserung-hann-muenden.jpg\" \/>\n\t<meta property=\"og:image:width\" content=\"900\" \/>\n\t<meta property=\"og:image:height\" content=\"600\" \/>\n\t<meta property=\"og:image:type\" content=\"image\/jpeg\" \/>\n<meta name=\"twitter:card\" content=\"summary_large_image\" \/>\n<meta name=\"twitter:label1\" content=\"Gesch\u00e4tzte Lesezeit\" \/>\n\t<meta name=\"twitter:data1\" content=\"3\u00a0Minuten\" \/>\n<script type=\"application\/ld+json\" class=\"yoast-schema-graph\">{\"@context\":\"https:\/\/schema.org\",\"@graph\":[{\"@type\":\"WebPage\",\"@id\":\"https:\/\/www.schwieger-architekten.de\/de\/projekt\/betriebsgebaeude-stadtentwaesserung-hann-muenden-stadt-hann-muenden\/\",\"url\":\"https:\/\/www.schwieger-architekten.de\/de\/projekt\/betriebsgebaeude-stadtentwaesserung-hann-muenden-stadt-hann-muenden\/\",\"name\":\"Stadtentw\u00e4sserung Hann.-M\u00fcnden | Schwieger Architekten\",\"isPartOf\":{\"@id\":\"https:\/\/www.schwieger-architekten.de\/de\/#website\"},\"primaryImageOfPage\":{\"@id\":\"https:\/\/www.schwieger-architekten.de\/de\/projekt\/betriebsgebaeude-stadtentwaesserung-hann-muenden-stadt-hann-muenden\/#primaryimage\"},\"image\":{\"@id\":\"https:\/\/www.schwieger-architekten.de\/de\/projekt\/betriebsgebaeude-stadtentwaesserung-hann-muenden-stadt-hann-muenden\/#primaryimage\"},\"thumbnailUrl\":\"https:\/\/www.schwieger-architekten.de\/wp-content\/uploads\/1996\/02\/stadtentwaesserung-hann-muenden.jpg\",\"datePublished\":\"1996-02-25T11:18:36+00:00\",\"dateModified\":\"2023-06-05T09:12:13+00:00\",\"description\":\"Neubau eines Betriebsgeb\u00e4ude f\u00fcr die Stadtentw\u00e4sserung in Hann.-M\u00fcnden durch Schwieger Architekten aus G\u00f6ttingen.\",\"breadcrumb\":{\"@id\":\"https:\/\/www.schwieger-architekten.de\/de\/projekt\/betriebsgebaeude-stadtentwaesserung-hann-muenden-stadt-hann-muenden\/#breadcrumb\"},\"inLanguage\":\"de\",\"potentialAction\":[{\"@type\":\"ReadAction\",\"target\":[\"https:\/\/www.schwieger-architekten.de\/de\/projekt\/betriebsgebaeude-stadtentwaesserung-hann-muenden-stadt-hann-muenden\/\"]}]},{\"@type\":\"ImageObject\",\"inLanguage\":\"de\",\"@id\":\"https:\/\/www.schwieger-architekten.de\/de\/projekt\/betriebsgebaeude-stadtentwaesserung-hann-muenden-stadt-hann-muenden\/#primaryimage\",\"url\":\"https:\/\/www.schwieger-architekten.de\/wp-content\/uploads\/1996\/02\/stadtentwaesserung-hann-muenden.jpg\",\"contentUrl\":\"https:\/\/www.schwieger-architekten.de\/wp-content\/uploads\/1996\/02\/stadtentwaesserung-hann-muenden.jpg\",\"width\":900,\"height\":600,\"caption\":\"Neubau eines Betriebsgeb\u00e4ude f\u00fcr die Stadtentw\u00e4sserung in Hann.-M\u00fcnden durch Schwieger Architekten aus G\u00f6ttingen.\"},{\"@type\":\"BreadcrumbList\",\"@id\":\"https:\/\/www.schwieger-architekten.de\/de\/projekt\/betriebsgebaeude-stadtentwaesserung-hann-muenden-stadt-hann-muenden\/#breadcrumb\",\"itemListElement\":[{\"@type\":\"ListItem\",\"position\":1,\"name\":\"Startseite\",\"item\":\"https:\/\/www.schwieger-architekten.de\/de\/\"},{\"@type\":\"ListItem\",\"position\":2,\"name\":\"Betriebsgeb\u00e4ude Stadtentw\u00e4sserung Hann.-M\u00fcnden\"}]},{\"@type\":\"WebSite\",\"@id\":\"https:\/\/www.schwieger-architekten.de\/de\/#website\",\"url\":\"https:\/\/www.schwieger-architekten.de\/de\/\",\"name\":\"Schwieger Architekten\",\"description\":\"Schwieger Architekten G\u00f6ttingen\",\"potentialAction\":[{\"@type\":\"SearchAction\",\"target\":{\"@type\":\"EntryPoint\",\"urlTemplate\":\"https:\/\/www.schwieger-architekten.de\/de\/?s={search_term_string}\"},\"query-input\":{\"@type\":\"PropertyValueSpecification\",\"valueRequired\":true,\"valueName\":\"search_term_string\"}}],\"inLanguage\":\"de\"}]}<\/script>\n<!-- \/ Yoast SEO plugin. -->","yoast_head_json":{"title":"Stadtentw\u00e4sserung Hann.-M\u00fcnden | Schwieger Architekten","description":"Neubau eines Betriebsgeb\u00e4ude f\u00fcr die Stadtentw\u00e4sserung in Hann.-M\u00fcnden durch Schwieger Architekten aus G\u00f6ttingen.","robots":{"index":"index","follow":"follow","max-snippet":"max-snippet:-1","max-image-preview":"max-image-preview:large","max-video-preview":"max-video-preview:-1"},"canonical":"https:\/\/www.schwieger-architekten.de\/de\/projekt\/betriebsgebaeude-stadtentwaesserung-hann-muenden-stadt-hann-muenden\/","og_locale":"de_DE","og_type":"article","og_title":"Stadtentw\u00e4sserung Hann.-M\u00fcnden | Schwieger Architekten","og_description":"Neubau eines Betriebsgeb\u00e4ude f\u00fcr die Stadtentw\u00e4sserung in Hann.-M\u00fcnden durch Schwieger Architekten aus G\u00f6ttingen.","og_url":"https:\/\/www.schwieger-architekten.de\/de\/projekt\/betriebsgebaeude-stadtentwaesserung-hann-muenden-stadt-hann-muenden\/","og_site_name":"Schwieger Architekten","article_modified_time":"2023-06-05T09:12:13+00:00","og_image":[{"width":900,"height":600,"url":"https:\/\/www.schwieger-architekten.de\/wp-content\/uploads\/1996\/02\/stadtentwaesserung-hann-muenden.jpg","type":"image\/jpeg"}],"twitter_card":"summary_large_image","twitter_misc":{"Gesch\u00e4tzte Lesezeit":"3\u00a0Minuten"},"schema":{"@context":"https:\/\/schema.org","@graph":[{"@type":"WebPage","@id":"https:\/\/www.schwieger-architekten.de\/de\/projekt\/betriebsgebaeude-stadtentwaesserung-hann-muenden-stadt-hann-muenden\/","url":"https:\/\/www.schwieger-architekten.de\/de\/projekt\/betriebsgebaeude-stadtentwaesserung-hann-muenden-stadt-hann-muenden\/","name":"Stadtentw\u00e4sserung Hann.-M\u00fcnden | Schwieger Architekten","isPartOf":{"@id":"https:\/\/www.schwieger-architekten.de\/de\/#website"},"primaryImageOfPage":{"@id":"https:\/\/www.schwieger-architekten.de\/de\/projekt\/betriebsgebaeude-stadtentwaesserung-hann-muenden-stadt-hann-muenden\/#primaryimage"},"image":{"@id":"https:\/\/www.schwieger-architekten.de\/de\/projekt\/betriebsgebaeude-stadtentwaesserung-hann-muenden-stadt-hann-muenden\/#primaryimage"},"thumbnailUrl":"https:\/\/www.schwieger-architekten.de\/wp-content\/uploads\/1996\/02\/stadtentwaesserung-hann-muenden.jpg","datePublished":"1996-02-25T11:18:36+00:00","dateModified":"2023-06-05T09:12:13+00:00","description":"Neubau eines Betriebsgeb\u00e4ude f\u00fcr die Stadtentw\u00e4sserung in Hann.-M\u00fcnden durch Schwieger Architekten aus G\u00f6ttingen.","breadcrumb":{"@id":"https:\/\/www.schwieger-architekten.de\/de\/projekt\/betriebsgebaeude-stadtentwaesserung-hann-muenden-stadt-hann-muenden\/#breadcrumb"},"inLanguage":"de","potentialAction":[{"@type":"ReadAction","target":["https:\/\/www.schwieger-architekten.de\/de\/projekt\/betriebsgebaeude-stadtentwaesserung-hann-muenden-stadt-hann-muenden\/"]}]},{"@type":"ImageObject","inLanguage":"de","@id":"https:\/\/www.schwieger-architekten.de\/de\/projekt\/betriebsgebaeude-stadtentwaesserung-hann-muenden-stadt-hann-muenden\/#primaryimage","url":"https:\/\/www.schwieger-architekten.de\/wp-content\/uploads\/1996\/02\/stadtentwaesserung-hann-muenden.jpg","contentUrl":"https:\/\/www.schwieger-architekten.de\/wp-content\/uploads\/1996\/02\/stadtentwaesserung-hann-muenden.jpg","width":900,"height":600,"caption":"Neubau eines Betriebsgeb\u00e4ude f\u00fcr die Stadtentw\u00e4sserung in Hann.-M\u00fcnden durch Schwieger Architekten aus G\u00f6ttingen."},{"@type":"BreadcrumbList","@id":"https:\/\/www.schwieger-architekten.de\/de\/projekt\/betriebsgebaeude-stadtentwaesserung-hann-muenden-stadt-hann-muenden\/#breadcrumb","itemListElement":[{"@type":"ListItem","position":1,"name":"Startseite","item":"https:\/\/www.schwieger-architekten.de\/de\/"},{"@type":"ListItem","position":2,"name":"Betriebsgeb\u00e4ude Stadtentw\u00e4sserung Hann.-M\u00fcnden"}]},{"@type":"WebSite","@id":"https:\/\/www.schwieger-architekten.de\/de\/#website","url":"https:\/\/www.schwieger-architekten.de\/de\/","name":"Schwieger Architekten","description":"Schwieger Architekten G\u00f6ttingen","potentialAction":[{"@type":"SearchAction","target":{"@type":"EntryPoint","urlTemplate":"https:\/\/www.schwieger-architekten.de\/de\/?s={search_term_string}"},"query-input":{"@type":"PropertyValueSpecification","valueRequired":true,"valueName":"search_term_string"}}],"inLanguage":"de"}]}},"_links":{"self":[{"href":"https:\/\/www.schwieger-architekten.de\/de\/wp-json\/wp\/v2\/portfolio\/110","targetHints":{"allow":["GET"]}}],"collection":[{"href":"https:\/\/www.schwieger-architekten.de\/de\/wp-json\/wp\/v2\/portfolio"}],"about":[{"href":"https:\/\/www.schwieger-architekten.de\/de\/wp-json\/wp\/v2\/types\/portfolio"}],"author":[{"embeddable":true,"href":"https:\/\/www.schwieger-architekten.de\/de\/wp-json\/wp\/v2\/users\/1"}],"replies":[{"embeddable":true,"href":"https:\/\/www.schwieger-architekten.de\/de\/wp-json\/wp\/v2\/comments?post=110"}],"version-history":[{"count":5,"href":"https:\/\/www.schwieger-architekten.de\/de\/wp-json\/wp\/v2\/portfolio\/110\/revisions"}],"predecessor-version":[{"id":1691,"href":"https:\/\/www.schwieger-architekten.de\/de\/wp-json\/wp\/v2\/portfolio\/110\/revisions\/1691"}],"wp:featuredmedia":[{"embeddable":true,"href":"https:\/\/www.schwieger-architekten.de\/de\/wp-json\/wp\/v2\/media\/956"}],"wp:attachment":[{"href":"https:\/\/www.schwieger-architekten.de\/de\/wp-json\/wp\/v2\/media?parent=110"}],"wp:term":[{"taxonomy":"post_tag","embeddable":true,"href":"https:\/\/www.schwieger-architekten.de\/de\/wp-json\/wp\/v2\/tags?post=110"},{"taxonomy":"portfolio_entries","embeddable":true,"href":"https:\/\/www.schwieger-architekten.de\/de\/wp-json\/wp\/v2\/portfolio_entries?post=110"}],"curies":[{"name":"wp","href":"https:\/\/api.w.org\/{rel}","templated":true}]}}