{"id":128,"date":"2003-02-25T12:21:29","date_gmt":"2003-02-25T11:21:29","guid":{"rendered":"http:\/\/relaunch2022.schwieger-architekten.de\/?post_type=portfolio&#038;p=128"},"modified":"2023-06-05T10:25:36","modified_gmt":"2023-06-05T08:25:36","slug":"max-planck-institut-fuer-dynamik-und-selbstorganisation","status":"publish","type":"portfolio","link":"https:\/\/www.schwieger-architekten.de\/de\/projekt\/max-planck-institut-fuer-dynamik-und-selbstorganisation\/","title":{"rendered":"Max-Planck-Institut f\u00fcr Dynamik und Selbstorganisation"},"content":{"rendered":"<div  id=\"ProjectHeaderContainer\"  class='flex_column av-2d96u8-06c30c1e6529c6239aa324031dd00aa6 av_one_full  avia-builder-el-0  el_before_av_one_full  avia-builder-el-first  first flex_column_div  '     ><style type=\"text\/css\" data-created_by=\"avia_inline_auto\" id=\"style-css-av-l3l7lzum-53b031ac71e7c379b9b7c8c1f15a5957\">\n#top .av-special-heading.av-l3l7lzum-53b031ac71e7c379b9b7c8c1f15a5957{\npadding-bottom:10px;\n}\nbody .av-special-heading.av-l3l7lzum-53b031ac71e7c379b9b7c8c1f15a5957 .av-special-heading-tag .heading-char{\nfont-size:25px;\n}\n.av-special-heading.av-l3l7lzum-53b031ac71e7c379b9b7c8c1f15a5957 .av-subheading{\nfont-size:15px;\n}\n<\/style>\n<div  id=\"ProjectHeader\"  class='av-special-heading av-l3l7lzum-53b031ac71e7c379b9b7c8c1f15a5957 av-special-heading-h1 blockquote modern-quote  avia-builder-el-1  avia-builder-el-no-sibling '><h1 class='av-special-heading-tag '  itemprop=\"headline\"  >Max-Planck-Institut f\u00fcr Dynamik und Selbstorganisation<\/h1><div class='av-subheading av-subheading_below'><p>Neubau Institut mit Experimentierhalle<br \/>\nG\u00f6ttingen Am Fassberg<\/p>\n<\/div><div class=\"special-heading-border\"><div class=\"special-heading-inner-border\"><\/div><\/div><\/div><\/div>\n<div class='flex_column_table av-27b06w-0ee1de574cd750e3d1f18bcebf41832b sc-av_one_full av-equal-height-column-flextable'>\n<style type=\"text\/css\" data-created_by=\"avia_inline_auto\" id=\"style-css-av-27b06w-0ee1de574cd750e3d1f18bcebf41832b\">\n#top .flex_column_table.av-equal-height-column-flextable.av-27b06w-0ee1de574cd750e3d1f18bcebf41832b{\nmargin-top:0px;\nmargin-bottom:1%;\n}\n.flex_column.av-27b06w-0ee1de574cd750e3d1f18bcebf41832b{\nwidth:100%;\nmargin-left:0;\n}\n#top .flex_column_table.av-equal-height-column-flextable.av-27b06w-0ee1de574cd750e3d1f18bcebf41832b .av-flex-placeholder{\nwidth:0%;\n}\n<\/style>\n<div  class='flex_column av-27b06w-0ee1de574cd750e3d1f18bcebf41832b av_one_full  avia-builder-el-2  el_after_av_one_full  el_before_av_one_full  first flex_column_table_cell av-equal-height-column av-align-middle  column-top-margin'     ><p>\n<style type=\"text\/css\" data-created_by=\"avia_inline_auto\" id=\"style-css-av-l3l7opor-24a144d8083d1fd0a5c24b11108f56ae\">\n.avia-image-container.av-l3l7opor-24a144d8083d1fd0a5c24b11108f56ae img.avia_image{\nbox-shadow:none;\n}\n.avia-image-container.av-l3l7opor-24a144d8083d1fd0a5c24b11108f56ae .av-image-caption-overlay-center{\ncolor:#ffffff;\n}\n<\/style>\n<div  class='avia-image-container av-l3l7opor-24a144d8083d1fd0a5c24b11108f56ae av-styling-no-styling av-img-linked avia-align-center  avia-builder-el-3  el_before_av_textblock  avia-builder-el-first '   itemprop=\"image\" itemscope=\"itemscope\" itemtype=\"https:\/\/schema.org\/ImageObject\" ><div class=\"avia-image-container-inner\"><div class=\"avia-image-overlay-wrap\"><a href=\"https:\/\/www.schwieger-architekten.de\/wp-content\/uploads\/2003\/02\/max-planck-institut-fuer-dynamik-und-selbstorganisation-01-1030x637.jpg\" data-srcset=\"https:\/\/www.schwieger-architekten.de\/wp-content\/uploads\/2003\/02\/max-planck-institut-fuer-dynamik-und-selbstorganisation-01-1030x637.jpg 1030w, https:\/\/www.schwieger-architekten.de\/wp-content\/uploads\/2003\/02\/max-planck-institut-fuer-dynamik-und-selbstorganisation-01-400x247.jpg 400w, https:\/\/www.schwieger-architekten.de\/wp-content\/uploads\/2003\/02\/max-planck-institut-fuer-dynamik-und-selbstorganisation-01-768x475.jpg 768w, https:\/\/www.schwieger-architekten.de\/wp-content\/uploads\/2003\/02\/max-planck-institut-fuer-dynamik-und-selbstorganisation-01-1536x950.jpg 1536w, https:\/\/www.schwieger-architekten.de\/wp-content\/uploads\/2003\/02\/max-planck-institut-fuer-dynamik-und-selbstorganisation-01-1500x928.jpg 1500w, https:\/\/www.schwieger-architekten.de\/wp-content\/uploads\/2003\/02\/max-planck-institut-fuer-dynamik-und-selbstorganisation-01-705x436.jpg 705w, https:\/\/www.schwieger-architekten.de\/wp-content\/uploads\/2003\/02\/max-planck-institut-fuer-dynamik-und-selbstorganisation-01-243x150.jpg 243w, https:\/\/www.schwieger-architekten.de\/wp-content\/uploads\/2003\/02\/max-planck-institut-fuer-dynamik-und-selbstorganisation-01-194x120.jpg 194w, https:\/\/www.schwieger-architekten.de\/wp-content\/uploads\/2003\/02\/max-planck-institut-fuer-dynamik-und-selbstorganisation-01.jpg 1850w\" data-sizes=\"(max-width: 1030px) 100vw, 1030px\" class='avia_image '  aria-label='max-planck-institut-fuer-dynamik-und-selbstorganisation-01'><img decoding=\"async\" fetchpriority=\"high\" class='wp-image-1553 avia-img-lazy-loading-not-1553 avia_image ' src=\"https:\/\/www.schwieger-architekten.de\/wp-content\/uploads\/2003\/02\/max-planck-institut-fuer-dynamik-und-selbstorganisation-01.jpg\" alt='' title='max-planck-institut-fuer-dynamik-und-selbstorganisation-01'  height=\"1144\" width=\"1850\"  itemprop=\"thumbnailUrl\" srcset=\"https:\/\/www.schwieger-architekten.de\/wp-content\/uploads\/2003\/02\/max-planck-institut-fuer-dynamik-und-selbstorganisation-01.jpg 1850w, https:\/\/www.schwieger-architekten.de\/wp-content\/uploads\/2003\/02\/max-planck-institut-fuer-dynamik-und-selbstorganisation-01-400x247.jpg 400w, https:\/\/www.schwieger-architekten.de\/wp-content\/uploads\/2003\/02\/max-planck-institut-fuer-dynamik-und-selbstorganisation-01-1030x637.jpg 1030w, https:\/\/www.schwieger-architekten.de\/wp-content\/uploads\/2003\/02\/max-planck-institut-fuer-dynamik-und-selbstorganisation-01-768x475.jpg 768w, https:\/\/www.schwieger-architekten.de\/wp-content\/uploads\/2003\/02\/max-planck-institut-fuer-dynamik-und-selbstorganisation-01-1536x950.jpg 1536w, https:\/\/www.schwieger-architekten.de\/wp-content\/uploads\/2003\/02\/max-planck-institut-fuer-dynamik-und-selbstorganisation-01-1500x928.jpg 1500w, https:\/\/www.schwieger-architekten.de\/wp-content\/uploads\/2003\/02\/max-planck-institut-fuer-dynamik-und-selbstorganisation-01-705x436.jpg 705w, https:\/\/www.schwieger-architekten.de\/wp-content\/uploads\/2003\/02\/max-planck-institut-fuer-dynamik-und-selbstorganisation-01-243x150.jpg 243w, https:\/\/www.schwieger-architekten.de\/wp-content\/uploads\/2003\/02\/max-planck-institut-fuer-dynamik-und-selbstorganisation-01-194x120.jpg 194w\" sizes=\"(max-width: 1850px) 100vw, 1850px\" \/><\/a><\/div><\/div><\/div><br \/>\n<section  class='av_textblock_section av-l3l7ox2j-02bcce1033586d46bd17398d55d5e0b9 '   itemscope=\"itemscope\" itemtype=\"https:\/\/schema.org\/CreativeWork\" ><div class='avia_textblock'  itemprop=\"text\" ><p>Experimentierhalle<\/p>\n<\/div><\/section><\/p><\/div><\/div><!--close column table wrapper. Autoclose: 1 -->\n<div class='flex_column_table av-20ak88-2f4d01c0ebecdda878e9e028a0596f4b sc-av_one_full av-equal-height-column-flextable'>\n<style type=\"text\/css\" data-created_by=\"avia_inline_auto\" id=\"style-css-av-20ak88-2f4d01c0ebecdda878e9e028a0596f4b\">\n#top .flex_column_table.av-equal-height-column-flextable.av-20ak88-2f4d01c0ebecdda878e9e028a0596f4b{\nmargin-top:10px;\nmargin-bottom:10px;\n}\n.flex_column.av-20ak88-2f4d01c0ebecdda878e9e028a0596f4b{\nwidth:100%;\nmargin-left:0;\n}\n#top .flex_column_table.av-equal-height-column-flextable.av-20ak88-2f4d01c0ebecdda878e9e028a0596f4b .av-flex-placeholder{\nwidth:0%;\n}\n<\/style>\n<div  class='flex_column av-20ak88-2f4d01c0ebecdda878e9e028a0596f4b av_one_full  avia-builder-el-5  el_after_av_one_full  el_before_av_one_full  first flex_column_table_cell av-equal-height-column av-align-middle  column-top-margin'     ><p>\n<style type=\"text\/css\" data-created_by=\"avia_inline_auto\" id=\"style-css-av-l3l7pk3c-99a3c8d9acdb4560a13cf62a46f6d2c7\">\n.avia-image-container.av-l3l7pk3c-99a3c8d9acdb4560a13cf62a46f6d2c7 img.avia_image{\nbox-shadow:none;\n}\n.avia-image-container.av-l3l7pk3c-99a3c8d9acdb4560a13cf62a46f6d2c7 .av-image-caption-overlay-center{\ncolor:#ffffff;\n}\n<\/style>\n<div  class='avia-image-container av-l3l7pk3c-99a3c8d9acdb4560a13cf62a46f6d2c7 av-styling-no-styling av-img-linked avia-align-center  avia-builder-el-6  el_before_av_textblock  avia-builder-el-first '   itemprop=\"image\" itemscope=\"itemscope\" itemtype=\"https:\/\/schema.org\/ImageObject\" ><div class=\"avia-image-container-inner\"><div class=\"avia-image-overlay-wrap\"><a href=\"https:\/\/www.schwieger-architekten.de\/wp-content\/uploads\/2003\/02\/max-planck-institut-fuer-dynamik-und-selbstorganisation-02-1030x686.jpg\" data-srcset=\"https:\/\/www.schwieger-architekten.de\/wp-content\/uploads\/2003\/02\/max-planck-institut-fuer-dynamik-und-selbstorganisation-02-1030x686.jpg 1030w, https:\/\/www.schwieger-architekten.de\/wp-content\/uploads\/2003\/02\/max-planck-institut-fuer-dynamik-und-selbstorganisation-02-400x267.jpg 400w, https:\/\/www.schwieger-architekten.de\/wp-content\/uploads\/2003\/02\/max-planck-institut-fuer-dynamik-und-selbstorganisation-02-768x512.jpg 768w, https:\/\/www.schwieger-architekten.de\/wp-content\/uploads\/2003\/02\/max-planck-institut-fuer-dynamik-und-selbstorganisation-02-120x80.jpg 120w, https:\/\/www.schwieger-architekten.de\/wp-content\/uploads\/2003\/02\/max-planck-institut-fuer-dynamik-und-selbstorganisation-02-1536x1024.jpg 1536w, https:\/\/www.schwieger-architekten.de\/wp-content\/uploads\/2003\/02\/max-planck-institut-fuer-dynamik-und-selbstorganisation-02-1500x1000.jpg 1500w, https:\/\/www.schwieger-architekten.de\/wp-content\/uploads\/2003\/02\/max-planck-institut-fuer-dynamik-und-selbstorganisation-02-705x470.jpg 705w, https:\/\/www.schwieger-architekten.de\/wp-content\/uploads\/2003\/02\/max-planck-institut-fuer-dynamik-und-selbstorganisation-02-225x150.jpg 225w, https:\/\/www.schwieger-architekten.de\/wp-content\/uploads\/2003\/02\/max-planck-institut-fuer-dynamik-und-selbstorganisation-02-180x120.jpg 180w, https:\/\/www.schwieger-architekten.de\/wp-content\/uploads\/2003\/02\/max-planck-institut-fuer-dynamik-und-selbstorganisation-02.jpg 1850w\" data-sizes=\"(max-width: 1030px) 100vw, 1030px\" class='avia_image '  aria-label='Max-Planck-Institut f\u00fcr Dynamik und Selbstorganisation'><img decoding=\"async\" fetchpriority=\"high\" class='wp-image-1555 avia-img-lazy-loading-not-1555 avia_image ' src=\"https:\/\/www.schwieger-architekten.de\/wp-content\/uploads\/2003\/02\/max-planck-institut-fuer-dynamik-und-selbstorganisation-02.jpg\" alt='Max-Planck-Institut f\u00fcr Dynamik und Selbstorganisation' title='Max-Planck-Institut f\u00fcr Dynamik und Selbstorganisation'  height=\"1233\" width=\"1850\"  itemprop=\"thumbnailUrl\" srcset=\"https:\/\/www.schwieger-architekten.de\/wp-content\/uploads\/2003\/02\/max-planck-institut-fuer-dynamik-und-selbstorganisation-02.jpg 1850w, https:\/\/www.schwieger-architekten.de\/wp-content\/uploads\/2003\/02\/max-planck-institut-fuer-dynamik-und-selbstorganisation-02-400x267.jpg 400w, https:\/\/www.schwieger-architekten.de\/wp-content\/uploads\/2003\/02\/max-planck-institut-fuer-dynamik-und-selbstorganisation-02-1030x686.jpg 1030w, https:\/\/www.schwieger-architekten.de\/wp-content\/uploads\/2003\/02\/max-planck-institut-fuer-dynamik-und-selbstorganisation-02-768x512.jpg 768w, https:\/\/www.schwieger-architekten.de\/wp-content\/uploads\/2003\/02\/max-planck-institut-fuer-dynamik-und-selbstorganisation-02-120x80.jpg 120w, https:\/\/www.schwieger-architekten.de\/wp-content\/uploads\/2003\/02\/max-planck-institut-fuer-dynamik-und-selbstorganisation-02-1536x1024.jpg 1536w, https:\/\/www.schwieger-architekten.de\/wp-content\/uploads\/2003\/02\/max-planck-institut-fuer-dynamik-und-selbstorganisation-02-1500x1000.jpg 1500w, https:\/\/www.schwieger-architekten.de\/wp-content\/uploads\/2003\/02\/max-planck-institut-fuer-dynamik-und-selbstorganisation-02-705x470.jpg 705w, https:\/\/www.schwieger-architekten.de\/wp-content\/uploads\/2003\/02\/max-planck-institut-fuer-dynamik-und-selbstorganisation-02-225x150.jpg 225w, https:\/\/www.schwieger-architekten.de\/wp-content\/uploads\/2003\/02\/max-planck-institut-fuer-dynamik-und-selbstorganisation-02-180x120.jpg 180w\" sizes=\"(max-width: 1850px) 100vw, 1850px\" \/><\/a><\/div><\/div><\/div><br \/>\n<section  class='av_textblock_section av-l3l7psc0-037a542b478c306df525ed6be7c0dbb8 '   itemscope=\"itemscope\" itemtype=\"https:\/\/schema.org\/CreativeWork\" ><div class='avia_textblock'  itemprop=\"text\" ><p>Institutsgeb\u00e4ude, 2. Bauabschnitt<\/p>\n<\/div><\/section><\/p><\/div><\/div><!--close column table wrapper. Autoclose: 1 --><div class='flex_column_table av-1wxhfk-da74cd4e776844d881306769ce654685 sc-av_one_full av-equal-height-column-flextable'>\n<style type=\"text\/css\" data-created_by=\"avia_inline_auto\" id=\"style-css-av-1wxhfk-da74cd4e776844d881306769ce654685\">\n#top .flex_column_table.av-equal-height-column-flextable.av-1wxhfk-da74cd4e776844d881306769ce654685{\nmargin-top:10px;\nmargin-bottom:10px;\n}\n.flex_column.av-1wxhfk-da74cd4e776844d881306769ce654685{\nwidth:100%;\nmargin-left:0;\n}\n#top .flex_column_table.av-equal-height-column-flextable.av-1wxhfk-da74cd4e776844d881306769ce654685 .av-flex-placeholder{\nwidth:0%;\n}\n<\/style>\n<div  class='flex_column av-1wxhfk-da74cd4e776844d881306769ce654685 av_one_full  avia-builder-el-8  el_after_av_one_full  el_before_av_one_full  first flex_column_table_cell av-equal-height-column av-align-middle  column-top-margin'     ><p>\n<style type=\"text\/css\" data-created_by=\"avia_inline_auto\" id=\"style-css-av-l3l7q4nt-e82b17b66b4db417a48340c5c668e800\">\n.avia-image-container.av-l3l7q4nt-e82b17b66b4db417a48340c5c668e800 img.avia_image{\nbox-shadow:none;\n}\n.avia-image-container.av-l3l7q4nt-e82b17b66b4db417a48340c5c668e800 .av-image-caption-overlay-center{\ncolor:#ffffff;\n}\n<\/style>\n<div  class='avia-image-container av-l3l7q4nt-e82b17b66b4db417a48340c5c668e800 av-styling-no-styling av-img-linked avia-align-center  avia-builder-el-9  el_before_av_textblock  avia-builder-el-first '   itemprop=\"image\" itemscope=\"itemscope\" itemtype=\"https:\/\/schema.org\/ImageObject\" ><div class=\"avia-image-container-inner\"><div class=\"avia-image-overlay-wrap\"><a href=\"https:\/\/www.schwieger-architekten.de\/wp-content\/uploads\/2003\/02\/max-planck-institut-fuer-dynamik-und-selbstorganisation-03-1030x686.jpg\" data-srcset=\"https:\/\/www.schwieger-architekten.de\/wp-content\/uploads\/2003\/02\/max-planck-institut-fuer-dynamik-und-selbstorganisation-03-1030x686.jpg 1030w, https:\/\/www.schwieger-architekten.de\/wp-content\/uploads\/2003\/02\/max-planck-institut-fuer-dynamik-und-selbstorganisation-03-400x267.jpg 400w, https:\/\/www.schwieger-architekten.de\/wp-content\/uploads\/2003\/02\/max-planck-institut-fuer-dynamik-und-selbstorganisation-03-768x512.jpg 768w, https:\/\/www.schwieger-architekten.de\/wp-content\/uploads\/2003\/02\/max-planck-institut-fuer-dynamik-und-selbstorganisation-03-120x80.jpg 120w, https:\/\/www.schwieger-architekten.de\/wp-content\/uploads\/2003\/02\/max-planck-institut-fuer-dynamik-und-selbstorganisation-03-1536x1024.jpg 1536w, https:\/\/www.schwieger-architekten.de\/wp-content\/uploads\/2003\/02\/max-planck-institut-fuer-dynamik-und-selbstorganisation-03-1500x1000.jpg 1500w, https:\/\/www.schwieger-architekten.de\/wp-content\/uploads\/2003\/02\/max-planck-institut-fuer-dynamik-und-selbstorganisation-03-705x470.jpg 705w, https:\/\/www.schwieger-architekten.de\/wp-content\/uploads\/2003\/02\/max-planck-institut-fuer-dynamik-und-selbstorganisation-03-225x150.jpg 225w, https:\/\/www.schwieger-architekten.de\/wp-content\/uploads\/2003\/02\/max-planck-institut-fuer-dynamik-und-selbstorganisation-03-180x120.jpg 180w, https:\/\/www.schwieger-architekten.de\/wp-content\/uploads\/2003\/02\/max-planck-institut-fuer-dynamik-und-selbstorganisation-03.jpg 1850w\" data-sizes=\"(max-width: 1030px) 100vw, 1030px\" class='avia_image '  aria-label='Max-Planck-Institut f\u00fcr Dynamik und Selbstorganisation'><img decoding=\"async\" fetchpriority=\"high\" class='wp-image-1557 avia-img-lazy-loading-not-1557 avia_image ' src=\"https:\/\/www.schwieger-architekten.de\/wp-content\/uploads\/2003\/02\/max-planck-institut-fuer-dynamik-und-selbstorganisation-03-1030x686.jpg\" alt='Max-Planck-Institut f\u00fcr Dynamik und Selbstorganisation' title='Max-Planck-Institut f\u00fcr Dynamik und Selbstorganisation'  height=\"686\" width=\"1030\"  itemprop=\"thumbnailUrl\" srcset=\"https:\/\/www.schwieger-architekten.de\/wp-content\/uploads\/2003\/02\/max-planck-institut-fuer-dynamik-und-selbstorganisation-03-1030x686.jpg 1030w, https:\/\/www.schwieger-architekten.de\/wp-content\/uploads\/2003\/02\/max-planck-institut-fuer-dynamik-und-selbstorganisation-03-400x267.jpg 400w, https:\/\/www.schwieger-architekten.de\/wp-content\/uploads\/2003\/02\/max-planck-institut-fuer-dynamik-und-selbstorganisation-03-768x512.jpg 768w, https:\/\/www.schwieger-architekten.de\/wp-content\/uploads\/2003\/02\/max-planck-institut-fuer-dynamik-und-selbstorganisation-03-120x80.jpg 120w, https:\/\/www.schwieger-architekten.de\/wp-content\/uploads\/2003\/02\/max-planck-institut-fuer-dynamik-und-selbstorganisation-03-1536x1024.jpg 1536w, https:\/\/www.schwieger-architekten.de\/wp-content\/uploads\/2003\/02\/max-planck-institut-fuer-dynamik-und-selbstorganisation-03-1500x1000.jpg 1500w, https:\/\/www.schwieger-architekten.de\/wp-content\/uploads\/2003\/02\/max-planck-institut-fuer-dynamik-und-selbstorganisation-03-705x470.jpg 705w, https:\/\/www.schwieger-architekten.de\/wp-content\/uploads\/2003\/02\/max-planck-institut-fuer-dynamik-und-selbstorganisation-03-225x150.jpg 225w, https:\/\/www.schwieger-architekten.de\/wp-content\/uploads\/2003\/02\/max-planck-institut-fuer-dynamik-und-selbstorganisation-03-180x120.jpg 180w, https:\/\/www.schwieger-architekten.de\/wp-content\/uploads\/2003\/02\/max-planck-institut-fuer-dynamik-und-selbstorganisation-03.jpg 1850w\" sizes=\"(max-width: 1030px) 100vw, 1030px\" \/><\/a><\/div><\/div><\/div><br \/>\n<section  class='av_textblock_section av-1q0utc-66dbe4f30a677c5ca8372ced70349d81 '   itemscope=\"itemscope\" itemtype=\"https:\/\/schema.org\/CreativeWork\" ><div class='avia_textblock'  itemprop=\"text\" ><p>Institutsgeb\u00e4ude<\/p>\n<\/div><\/section><\/p><\/div><\/div><!--close column table wrapper. Autoclose: 1 --><\/p>\n<div class='flex_column_table av-1i6gx4-dc2448c503fb6d69440cd9b1459741b4 sc-av_one_full av-equal-height-column-flextable'>\n<style type=\"text\/css\" data-created_by=\"avia_inline_auto\" id=\"style-css-av-1i6gx4-dc2448c503fb6d69440cd9b1459741b4\">\n#top .flex_column_table.av-equal-height-column-flextable.av-1i6gx4-dc2448c503fb6d69440cd9b1459741b4{\nmargin-top:10px;\nmargin-bottom:10px;\n}\n.flex_column.av-1i6gx4-dc2448c503fb6d69440cd9b1459741b4{\nwidth:100%;\nmargin-left:0;\n}\n#top .flex_column_table.av-equal-height-column-flextable.av-1i6gx4-dc2448c503fb6d69440cd9b1459741b4 .av-flex-placeholder{\nwidth:0%;\n}\n<\/style>\n<div  class='flex_column av-1i6gx4-dc2448c503fb6d69440cd9b1459741b4 av_one_full  avia-builder-el-11  el_after_av_one_full  el_before_av_one_full  first flex_column_table_cell av-equal-height-column av-align-middle  column-top-margin'     ><p>\n<style type=\"text\/css\" data-created_by=\"avia_inline_auto\" id=\"style-css-av-l3l7qhc6-73e88c70061a7ca2c9237adbfda58658\">\n.avia-image-container.av-l3l7qhc6-73e88c70061a7ca2c9237adbfda58658 img.avia_image{\nbox-shadow:none;\n}\n.avia-image-container.av-l3l7qhc6-73e88c70061a7ca2c9237adbfda58658 .av-image-caption-overlay-center{\ncolor:#ffffff;\n}\n<\/style>\n<div  class='avia-image-container av-l3l7qhc6-73e88c70061a7ca2c9237adbfda58658 av-styling-no-styling av-img-linked avia-align-center  avia-builder-el-12  el_before_av_textblock  avia-builder-el-first '   itemprop=\"image\" itemscope=\"itemscope\" itemtype=\"https:\/\/schema.org\/ImageObject\" ><div class=\"avia-image-container-inner\"><div class=\"avia-image-overlay-wrap\"><a href=\"https:\/\/www.schwieger-architekten.de\/wp-content\/uploads\/2003\/02\/max-planck-institut-fuer-dynamik-und-selbstorganisation-04-1030x686.jpg\" data-srcset=\"https:\/\/www.schwieger-architekten.de\/wp-content\/uploads\/2003\/02\/max-planck-institut-fuer-dynamik-und-selbstorganisation-04-1030x686.jpg 1030w, https:\/\/www.schwieger-architekten.de\/wp-content\/uploads\/2003\/02\/max-planck-institut-fuer-dynamik-und-selbstorganisation-04-400x267.jpg 400w, https:\/\/www.schwieger-architekten.de\/wp-content\/uploads\/2003\/02\/max-planck-institut-fuer-dynamik-und-selbstorganisation-04-768x512.jpg 768w, https:\/\/www.schwieger-architekten.de\/wp-content\/uploads\/2003\/02\/max-planck-institut-fuer-dynamik-und-selbstorganisation-04-120x80.jpg 120w, https:\/\/www.schwieger-architekten.de\/wp-content\/uploads\/2003\/02\/max-planck-institut-fuer-dynamik-und-selbstorganisation-04-1536x1024.jpg 1536w, https:\/\/www.schwieger-architekten.de\/wp-content\/uploads\/2003\/02\/max-planck-institut-fuer-dynamik-und-selbstorganisation-04-1500x1000.jpg 1500w, https:\/\/www.schwieger-architekten.de\/wp-content\/uploads\/2003\/02\/max-planck-institut-fuer-dynamik-und-selbstorganisation-04-705x470.jpg 705w, https:\/\/www.schwieger-architekten.de\/wp-content\/uploads\/2003\/02\/max-planck-institut-fuer-dynamik-und-selbstorganisation-04-225x150.jpg 225w, https:\/\/www.schwieger-architekten.de\/wp-content\/uploads\/2003\/02\/max-planck-institut-fuer-dynamik-und-selbstorganisation-04-180x120.jpg 180w, https:\/\/www.schwieger-architekten.de\/wp-content\/uploads\/2003\/02\/max-planck-institut-fuer-dynamik-und-selbstorganisation-04.jpg 1850w\" data-sizes=\"(max-width: 1030px) 100vw, 1030px\" class='avia_image '  aria-label='Max-Planck-Institut f\u00fcr Dynamik und Selbstorganisation'><img decoding=\"async\" fetchpriority=\"high\" class='wp-image-1559 avia-img-lazy-loading-not-1559 avia_image ' src=\"https:\/\/www.schwieger-architekten.de\/wp-content\/uploads\/2003\/02\/max-planck-institut-fuer-dynamik-und-selbstorganisation-04-1030x686.jpg\" alt='Max-Planck-Institut f\u00fcr Dynamik und Selbstorganisation' title='Max-Planck-Institut f\u00fcr Dynamik und Selbstorganisation'  height=\"686\" width=\"1030\"  itemprop=\"thumbnailUrl\" srcset=\"https:\/\/www.schwieger-architekten.de\/wp-content\/uploads\/2003\/02\/max-planck-institut-fuer-dynamik-und-selbstorganisation-04-1030x686.jpg 1030w, https:\/\/www.schwieger-architekten.de\/wp-content\/uploads\/2003\/02\/max-planck-institut-fuer-dynamik-und-selbstorganisation-04-400x267.jpg 400w, https:\/\/www.schwieger-architekten.de\/wp-content\/uploads\/2003\/02\/max-planck-institut-fuer-dynamik-und-selbstorganisation-04-768x512.jpg 768w, https:\/\/www.schwieger-architekten.de\/wp-content\/uploads\/2003\/02\/max-planck-institut-fuer-dynamik-und-selbstorganisation-04-120x80.jpg 120w, https:\/\/www.schwieger-architekten.de\/wp-content\/uploads\/2003\/02\/max-planck-institut-fuer-dynamik-und-selbstorganisation-04-1536x1024.jpg 1536w, https:\/\/www.schwieger-architekten.de\/wp-content\/uploads\/2003\/02\/max-planck-institut-fuer-dynamik-und-selbstorganisation-04-1500x1000.jpg 1500w, https:\/\/www.schwieger-architekten.de\/wp-content\/uploads\/2003\/02\/max-planck-institut-fuer-dynamik-und-selbstorganisation-04-705x470.jpg 705w, https:\/\/www.schwieger-architekten.de\/wp-content\/uploads\/2003\/02\/max-planck-institut-fuer-dynamik-und-selbstorganisation-04-225x150.jpg 225w, https:\/\/www.schwieger-architekten.de\/wp-content\/uploads\/2003\/02\/max-planck-institut-fuer-dynamik-und-selbstorganisation-04-180x120.jpg 180w, https:\/\/www.schwieger-architekten.de\/wp-content\/uploads\/2003\/02\/max-planck-institut-fuer-dynamik-und-selbstorganisation-04.jpg 1850w\" sizes=\"(max-width: 1030px) 100vw, 1030px\" \/><\/a><\/div><\/div><\/div><br \/>\n<section  class='av_textblock_section av-l3l7qnk3-c787fd015251e8f833ea317022eb9c79 '   itemscope=\"itemscope\" itemtype=\"https:\/\/schema.org\/CreativeWork\" ><div class='avia_textblock'  itemprop=\"text\" ><p>Institut von Westen<\/p>\n<\/div><\/section><\/p><\/div><\/div><!--close column table wrapper. Autoclose: 1 -->\n<div class='flex_column_table av-1cp8m0-9eab6a86a66e8e9dff15d6c89e2f56b8 sc-av_one_full av-equal-height-column-flextable'>\n<style type=\"text\/css\" data-created_by=\"avia_inline_auto\" id=\"style-css-av-1cp8m0-9eab6a86a66e8e9dff15d6c89e2f56b8\">\n#top .flex_column_table.av-equal-height-column-flextable.av-1cp8m0-9eab6a86a66e8e9dff15d6c89e2f56b8{\nmargin-top:10px;\nmargin-bottom:10px;\n}\n.flex_column.av-1cp8m0-9eab6a86a66e8e9dff15d6c89e2f56b8{\nwidth:100%;\nmargin-left:0;\n}\n#top .flex_column_table.av-equal-height-column-flextable.av-1cp8m0-9eab6a86a66e8e9dff15d6c89e2f56b8 .av-flex-placeholder{\nwidth:0%;\n}\n<\/style>\n<div  class='flex_column av-1cp8m0-9eab6a86a66e8e9dff15d6c89e2f56b8 av_one_full  avia-builder-el-14  el_after_av_one_full  el_before_av_one_full  first flex_column_table_cell av-equal-height-column av-align-middle  column-top-margin'     ><p>\n<style type=\"text\/css\" data-created_by=\"avia_inline_auto\" id=\"style-css-av-l3l7rfap-50a4fb8d4815a51f661b699d4fe798d5\">\n.avia-image-container.av-l3l7rfap-50a4fb8d4815a51f661b699d4fe798d5 img.avia_image{\nbox-shadow:none;\n}\n.avia-image-container.av-l3l7rfap-50a4fb8d4815a51f661b699d4fe798d5 .av-image-caption-overlay-center{\ncolor:#ffffff;\n}\n<\/style>\n<div  class='avia-image-container av-l3l7rfap-50a4fb8d4815a51f661b699d4fe798d5 av-styling-no-styling av-img-linked avia-align-center  avia-builder-el-15  el_before_av_textblock  avia-builder-el-first '   itemprop=\"image\" itemscope=\"itemscope\" itemtype=\"https:\/\/schema.org\/ImageObject\" ><div class=\"avia-image-container-inner\"><div class=\"avia-image-overlay-wrap\"><a href=\"https:\/\/www.schwieger-architekten.de\/wp-content\/uploads\/2003\/02\/max-planck-institut-fuer-dynamik-und-selbstorganisation-05-1030x686.jpg\" data-srcset=\"https:\/\/www.schwieger-architekten.de\/wp-content\/uploads\/2003\/02\/max-planck-institut-fuer-dynamik-und-selbstorganisation-05-1030x686.jpg 1030w, https:\/\/www.schwieger-architekten.de\/wp-content\/uploads\/2003\/02\/max-planck-institut-fuer-dynamik-und-selbstorganisation-05-400x267.jpg 400w, https:\/\/www.schwieger-architekten.de\/wp-content\/uploads\/2003\/02\/max-planck-institut-fuer-dynamik-und-selbstorganisation-05-768x512.jpg 768w, https:\/\/www.schwieger-architekten.de\/wp-content\/uploads\/2003\/02\/max-planck-institut-fuer-dynamik-und-selbstorganisation-05-120x80.jpg 120w, https:\/\/www.schwieger-architekten.de\/wp-content\/uploads\/2003\/02\/max-planck-institut-fuer-dynamik-und-selbstorganisation-05-1536x1024.jpg 1536w, https:\/\/www.schwieger-architekten.de\/wp-content\/uploads\/2003\/02\/max-planck-institut-fuer-dynamik-und-selbstorganisation-05-1500x1000.jpg 1500w, https:\/\/www.schwieger-architekten.de\/wp-content\/uploads\/2003\/02\/max-planck-institut-fuer-dynamik-und-selbstorganisation-05-705x470.jpg 705w, https:\/\/www.schwieger-architekten.de\/wp-content\/uploads\/2003\/02\/max-planck-institut-fuer-dynamik-und-selbstorganisation-05-225x150.jpg 225w, https:\/\/www.schwieger-architekten.de\/wp-content\/uploads\/2003\/02\/max-planck-institut-fuer-dynamik-und-selbstorganisation-05-180x120.jpg 180w, https:\/\/www.schwieger-architekten.de\/wp-content\/uploads\/2003\/02\/max-planck-institut-fuer-dynamik-und-selbstorganisation-05.jpg 1850w\" data-sizes=\"(max-width: 1030px) 100vw, 1030px\" class='avia_image '  aria-label='max-planck-institut-fuer-dynamik-und-selbstorganisation-05'><img decoding=\"async\" fetchpriority=\"high\" class='wp-image-1561 avia-img-lazy-loading-not-1561 avia_image ' src=\"https:\/\/www.schwieger-architekten.de\/wp-content\/uploads\/2003\/02\/max-planck-institut-fuer-dynamik-und-selbstorganisation-05-1030x686.jpg\" alt='' title='max-planck-institut-fuer-dynamik-und-selbstorganisation-05'  height=\"686\" width=\"1030\"  itemprop=\"thumbnailUrl\" srcset=\"https:\/\/www.schwieger-architekten.de\/wp-content\/uploads\/2003\/02\/max-planck-institut-fuer-dynamik-und-selbstorganisation-05-1030x686.jpg 1030w, https:\/\/www.schwieger-architekten.de\/wp-content\/uploads\/2003\/02\/max-planck-institut-fuer-dynamik-und-selbstorganisation-05-400x267.jpg 400w, https:\/\/www.schwieger-architekten.de\/wp-content\/uploads\/2003\/02\/max-planck-institut-fuer-dynamik-und-selbstorganisation-05-768x512.jpg 768w, https:\/\/www.schwieger-architekten.de\/wp-content\/uploads\/2003\/02\/max-planck-institut-fuer-dynamik-und-selbstorganisation-05-120x80.jpg 120w, https:\/\/www.schwieger-architekten.de\/wp-content\/uploads\/2003\/02\/max-planck-institut-fuer-dynamik-und-selbstorganisation-05-1536x1024.jpg 1536w, https:\/\/www.schwieger-architekten.de\/wp-content\/uploads\/2003\/02\/max-planck-institut-fuer-dynamik-und-selbstorganisation-05-1500x1000.jpg 1500w, https:\/\/www.schwieger-architekten.de\/wp-content\/uploads\/2003\/02\/max-planck-institut-fuer-dynamik-und-selbstorganisation-05-705x470.jpg 705w, https:\/\/www.schwieger-architekten.de\/wp-content\/uploads\/2003\/02\/max-planck-institut-fuer-dynamik-und-selbstorganisation-05-225x150.jpg 225w, https:\/\/www.schwieger-architekten.de\/wp-content\/uploads\/2003\/02\/max-planck-institut-fuer-dynamik-und-selbstorganisation-05-180x120.jpg 180w, https:\/\/www.schwieger-architekten.de\/wp-content\/uploads\/2003\/02\/max-planck-institut-fuer-dynamik-und-selbstorganisation-05.jpg 1850w\" sizes=\"(max-width: 1030px) 100vw, 1030px\" \/><\/a><\/div><\/div><\/div><br \/>\n<section  class='av_textblock_section av-l3l7rlbl-e83e9cf16fe472105e883df5762f85b4 '   itemscope=\"itemscope\" itemtype=\"https:\/\/schema.org\/CreativeWork\" ><div class='avia_textblock'  itemprop=\"text\" ><p>Fassade<\/p>\n<\/div><\/section><\/p><\/div><\/div><!--close column table wrapper. Autoclose: 1 -->\n<div class='flex_column_table av-4qctc-7236a752206da5b8b5a7e9cf0a99fffc sc-av_one_full av-equal-height-column-flextable'>\n<style type=\"text\/css\" data-created_by=\"avia_inline_auto\" id=\"style-css-av-4qctc-7236a752206da5b8b5a7e9cf0a99fffc\">\n#top .flex_column_table.av-equal-height-column-flextable.av-4qctc-7236a752206da5b8b5a7e9cf0a99fffc{\nmargin-top:10px;\nmargin-bottom:10px;\n}\n.flex_column.av-4qctc-7236a752206da5b8b5a7e9cf0a99fffc{\nwidth:100%;\nmargin-left:0;\n}\n#top .flex_column_table.av-equal-height-column-flextable.av-4qctc-7236a752206da5b8b5a7e9cf0a99fffc .av-flex-placeholder{\nwidth:0%;\n}\n<\/style>\n<div  class='flex_column av-4qctc-7236a752206da5b8b5a7e9cf0a99fffc av_one_full  avia-builder-el-17  el_after_av_one_full  el_before_av_one_full  first flex_column_table_cell av-equal-height-column av-align-middle  column-top-margin'     ><p>\n<style type=\"text\/css\" data-created_by=\"avia_inline_auto\" id=\"style-css-av-l3l7rw9n-b018e0ef6a886e1c70f56fe51f2d1b30\">\n.avia-image-container.av-l3l7rw9n-b018e0ef6a886e1c70f56fe51f2d1b30 img.avia_image{\nbox-shadow:none;\n}\n.avia-image-container.av-l3l7rw9n-b018e0ef6a886e1c70f56fe51f2d1b30 .av-image-caption-overlay-center{\ncolor:#ffffff;\n}\n<\/style>\n<div  class='avia-image-container av-l3l7rw9n-b018e0ef6a886e1c70f56fe51f2d1b30 av-styling-no-styling av-img-linked avia-align-center  avia-builder-el-18  el_before_av_textblock  avia-builder-el-first '   itemprop=\"image\" itemscope=\"itemscope\" itemtype=\"https:\/\/schema.org\/ImageObject\" ><div class=\"avia-image-container-inner\"><div class=\"avia-image-overlay-wrap\"><a href=\"https:\/\/www.schwieger-architekten.de\/wp-content\/uploads\/2003\/02\/max-planck-institut-fuer-dynamik-und-selbstorganisation-06-1030x686.jpg\" data-srcset=\"https:\/\/www.schwieger-architekten.de\/wp-content\/uploads\/2003\/02\/max-planck-institut-fuer-dynamik-und-selbstorganisation-06-1030x686.jpg 1030w, https:\/\/www.schwieger-architekten.de\/wp-content\/uploads\/2003\/02\/max-planck-institut-fuer-dynamik-und-selbstorganisation-06-400x267.jpg 400w, https:\/\/www.schwieger-architekten.de\/wp-content\/uploads\/2003\/02\/max-planck-institut-fuer-dynamik-und-selbstorganisation-06-768x512.jpg 768w, https:\/\/www.schwieger-architekten.de\/wp-content\/uploads\/2003\/02\/max-planck-institut-fuer-dynamik-und-selbstorganisation-06-120x80.jpg 120w, https:\/\/www.schwieger-architekten.de\/wp-content\/uploads\/2003\/02\/max-planck-institut-fuer-dynamik-und-selbstorganisation-06-1536x1024.jpg 1536w, https:\/\/www.schwieger-architekten.de\/wp-content\/uploads\/2003\/02\/max-planck-institut-fuer-dynamik-und-selbstorganisation-06-1500x1000.jpg 1500w, https:\/\/www.schwieger-architekten.de\/wp-content\/uploads\/2003\/02\/max-planck-institut-fuer-dynamik-und-selbstorganisation-06-705x470.jpg 705w, https:\/\/www.schwieger-architekten.de\/wp-content\/uploads\/2003\/02\/max-planck-institut-fuer-dynamik-und-selbstorganisation-06-225x150.jpg 225w, https:\/\/www.schwieger-architekten.de\/wp-content\/uploads\/2003\/02\/max-planck-institut-fuer-dynamik-und-selbstorganisation-06-180x120.jpg 180w, https:\/\/www.schwieger-architekten.de\/wp-content\/uploads\/2003\/02\/max-planck-institut-fuer-dynamik-und-selbstorganisation-06.jpg 1850w\" data-sizes=\"(max-width: 1030px) 100vw, 1030px\" class='avia_image '  aria-label='Max-Planck-Institut f\u00fcr Dynamik und Selbstorganisation'><img decoding=\"async\" fetchpriority=\"high\" class='wp-image-1563 avia-img-lazy-loading-not-1563 avia_image ' src=\"https:\/\/www.schwieger-architekten.de\/wp-content\/uploads\/2003\/02\/max-planck-institut-fuer-dynamik-und-selbstorganisation-06-1030x686.jpg\" alt='Max-Planck-Institut f\u00fcr Dynamik und Selbstorganisation' title='Max-Planck-Institut f\u00fcr Dynamik und Selbstorganisation'  height=\"686\" width=\"1030\"  itemprop=\"thumbnailUrl\" srcset=\"https:\/\/www.schwieger-architekten.de\/wp-content\/uploads\/2003\/02\/max-planck-institut-fuer-dynamik-und-selbstorganisation-06-1030x686.jpg 1030w, https:\/\/www.schwieger-architekten.de\/wp-content\/uploads\/2003\/02\/max-planck-institut-fuer-dynamik-und-selbstorganisation-06-400x267.jpg 400w, https:\/\/www.schwieger-architekten.de\/wp-content\/uploads\/2003\/02\/max-planck-institut-fuer-dynamik-und-selbstorganisation-06-768x512.jpg 768w, https:\/\/www.schwieger-architekten.de\/wp-content\/uploads\/2003\/02\/max-planck-institut-fuer-dynamik-und-selbstorganisation-06-120x80.jpg 120w, https:\/\/www.schwieger-architekten.de\/wp-content\/uploads\/2003\/02\/max-planck-institut-fuer-dynamik-und-selbstorganisation-06-1536x1024.jpg 1536w, https:\/\/www.schwieger-architekten.de\/wp-content\/uploads\/2003\/02\/max-planck-institut-fuer-dynamik-und-selbstorganisation-06-1500x1000.jpg 1500w, https:\/\/www.schwieger-architekten.de\/wp-content\/uploads\/2003\/02\/max-planck-institut-fuer-dynamik-und-selbstorganisation-06-705x470.jpg 705w, https:\/\/www.schwieger-architekten.de\/wp-content\/uploads\/2003\/02\/max-planck-institut-fuer-dynamik-und-selbstorganisation-06-225x150.jpg 225w, https:\/\/www.schwieger-architekten.de\/wp-content\/uploads\/2003\/02\/max-planck-institut-fuer-dynamik-und-selbstorganisation-06-180x120.jpg 180w, https:\/\/www.schwieger-architekten.de\/wp-content\/uploads\/2003\/02\/max-planck-institut-fuer-dynamik-und-selbstorganisation-06.jpg 1850w\" sizes=\"(max-width: 1030px) 100vw, 1030px\" \/><\/a><\/div><\/div><\/div><br \/>\n<section  class='av_textblock_section av-l3l7s1te-d073af2a14d8c5479999a8e1637e1eaf '   itemscope=\"itemscope\" itemtype=\"https:\/\/schema.org\/CreativeWork\" ><div class='avia_textblock'  itemprop=\"text\" ><p>Treppenhaus<\/p>\n<\/div><\/section><\/p><\/div><\/div><!--close column table wrapper. Autoclose: 1 -->\n<div class='flex_column_table av-11x4e0-58d5489a320e7f4537150db2c2be95b0 sc-av_one_full av-equal-height-column-flextable'>\n<style type=\"text\/css\" data-created_by=\"avia_inline_auto\" id=\"style-css-av-11x4e0-58d5489a320e7f4537150db2c2be95b0\">\n#top .flex_column_table.av-equal-height-column-flextable.av-11x4e0-58d5489a320e7f4537150db2c2be95b0{\nmargin-top:10px;\nmargin-bottom:10px;\n}\n.flex_column.av-11x4e0-58d5489a320e7f4537150db2c2be95b0{\nwidth:100%;\nmargin-left:0;\n}\n#top .flex_column_table.av-equal-height-column-flextable.av-11x4e0-58d5489a320e7f4537150db2c2be95b0 .av-flex-placeholder{\nwidth:0%;\n}\n<\/style>\n<div  class='flex_column av-11x4e0-58d5489a320e7f4537150db2c2be95b0 av_one_full  avia-builder-el-20  el_after_av_one_full  el_before_av_one_full  first flex_column_table_cell av-equal-height-column av-align-middle  column-top-margin'     ><p>\n<style type=\"text\/css\" data-created_by=\"avia_inline_auto\" id=\"style-css-av-l3l7slo7-072d683c7a20ae4642363490956c1dc6\">\n.avia-image-container.av-l3l7slo7-072d683c7a20ae4642363490956c1dc6 img.avia_image{\nbox-shadow:none;\n}\n.avia-image-container.av-l3l7slo7-072d683c7a20ae4642363490956c1dc6 .av-image-caption-overlay-center{\ncolor:#ffffff;\n}\n<\/style>\n<div  class='avia-image-container av-l3l7slo7-072d683c7a20ae4642363490956c1dc6 av-styling-no-styling av-img-linked avia-align-center  avia-builder-el-21  el_before_av_textblock  avia-builder-el-first '   itemprop=\"image\" itemscope=\"itemscope\" itemtype=\"https:\/\/schema.org\/ImageObject\" ><div class=\"avia-image-container-inner\"><div class=\"avia-image-overlay-wrap\"><a href=\"https:\/\/www.schwieger-architekten.de\/wp-content\/uploads\/2003\/02\/max-planck-institut-fuer-dynamik-und-selbstorganisation-07-1030x686.jpg\" data-srcset=\"https:\/\/www.schwieger-architekten.de\/wp-content\/uploads\/2003\/02\/max-planck-institut-fuer-dynamik-und-selbstorganisation-07-1030x686.jpg 1030w, https:\/\/www.schwieger-architekten.de\/wp-content\/uploads\/2003\/02\/max-planck-institut-fuer-dynamik-und-selbstorganisation-07-400x267.jpg 400w, https:\/\/www.schwieger-architekten.de\/wp-content\/uploads\/2003\/02\/max-planck-institut-fuer-dynamik-und-selbstorganisation-07-768x512.jpg 768w, https:\/\/www.schwieger-architekten.de\/wp-content\/uploads\/2003\/02\/max-planck-institut-fuer-dynamik-und-selbstorganisation-07-120x80.jpg 120w, https:\/\/www.schwieger-architekten.de\/wp-content\/uploads\/2003\/02\/max-planck-institut-fuer-dynamik-und-selbstorganisation-07-1536x1024.jpg 1536w, https:\/\/www.schwieger-architekten.de\/wp-content\/uploads\/2003\/02\/max-planck-institut-fuer-dynamik-und-selbstorganisation-07-1500x1000.jpg 1500w, https:\/\/www.schwieger-architekten.de\/wp-content\/uploads\/2003\/02\/max-planck-institut-fuer-dynamik-und-selbstorganisation-07-705x470.jpg 705w, https:\/\/www.schwieger-architekten.de\/wp-content\/uploads\/2003\/02\/max-planck-institut-fuer-dynamik-und-selbstorganisation-07-225x150.jpg 225w, https:\/\/www.schwieger-architekten.de\/wp-content\/uploads\/2003\/02\/max-planck-institut-fuer-dynamik-und-selbstorganisation-07-180x120.jpg 180w, https:\/\/www.schwieger-architekten.de\/wp-content\/uploads\/2003\/02\/max-planck-institut-fuer-dynamik-und-selbstorganisation-07.jpg 1850w\" data-sizes=\"(max-width: 1030px) 100vw, 1030px\" class='avia_image '  aria-label='Max-Planck-Institut f\u00fcr Dynamik und Selbstorganisation'><img decoding=\"async\" fetchpriority=\"high\" class='wp-image-1565 avia-img-lazy-loading-not-1565 avia_image ' src=\"https:\/\/www.schwieger-architekten.de\/wp-content\/uploads\/2003\/02\/max-planck-institut-fuer-dynamik-und-selbstorganisation-07-1030x686.jpg\" alt='Max-Planck-Institut f\u00fcr Dynamik und Selbstorganisation' title='Max-Planck-Institut f\u00fcr Dynamik und Selbstorganisation'  height=\"686\" width=\"1030\"  itemprop=\"thumbnailUrl\" srcset=\"https:\/\/www.schwieger-architekten.de\/wp-content\/uploads\/2003\/02\/max-planck-institut-fuer-dynamik-und-selbstorganisation-07-1030x686.jpg 1030w, https:\/\/www.schwieger-architekten.de\/wp-content\/uploads\/2003\/02\/max-planck-institut-fuer-dynamik-und-selbstorganisation-07-400x267.jpg 400w, https:\/\/www.schwieger-architekten.de\/wp-content\/uploads\/2003\/02\/max-planck-institut-fuer-dynamik-und-selbstorganisation-07-768x512.jpg 768w, https:\/\/www.schwieger-architekten.de\/wp-content\/uploads\/2003\/02\/max-planck-institut-fuer-dynamik-und-selbstorganisation-07-120x80.jpg 120w, https:\/\/www.schwieger-architekten.de\/wp-content\/uploads\/2003\/02\/max-planck-institut-fuer-dynamik-und-selbstorganisation-07-1536x1024.jpg 1536w, https:\/\/www.schwieger-architekten.de\/wp-content\/uploads\/2003\/02\/max-planck-institut-fuer-dynamik-und-selbstorganisation-07-1500x1000.jpg 1500w, https:\/\/www.schwieger-architekten.de\/wp-content\/uploads\/2003\/02\/max-planck-institut-fuer-dynamik-und-selbstorganisation-07-705x470.jpg 705w, https:\/\/www.schwieger-architekten.de\/wp-content\/uploads\/2003\/02\/max-planck-institut-fuer-dynamik-und-selbstorganisation-07-225x150.jpg 225w, https:\/\/www.schwieger-architekten.de\/wp-content\/uploads\/2003\/02\/max-planck-institut-fuer-dynamik-und-selbstorganisation-07-180x120.jpg 180w, https:\/\/www.schwieger-architekten.de\/wp-content\/uploads\/2003\/02\/max-planck-institut-fuer-dynamik-und-selbstorganisation-07.jpg 1850w\" sizes=\"(max-width: 1030px) 100vw, 1030px\" \/><\/a><\/div><\/div><\/div><br \/>\n<section  class='av_textblock_section av-v6ork-26dcfad63e11f1a25253aa949178ff7d '   itemscope=\"itemscope\" itemtype=\"https:\/\/schema.org\/CreativeWork\" ><div class='avia_textblock'  itemprop=\"text\" ><p>Treppenhaus<\/p>\n<\/div><\/section><\/p><\/div><\/div><!--close column table wrapper. Autoclose: 1 -->\n<div class='flex_column_table av-ok2hk-522931f43c9714ad0a109ae5f0a839c9 sc-av_one_full av-equal-height-column-flextable'>\n<style type=\"text\/css\" data-created_by=\"avia_inline_auto\" id=\"style-css-av-ok2hk-522931f43c9714ad0a109ae5f0a839c9\">\n#top .flex_column_table.av-equal-height-column-flextable.av-ok2hk-522931f43c9714ad0a109ae5f0a839c9{\nmargin-top:10px;\nmargin-bottom:10px;\n}\n.flex_column.av-ok2hk-522931f43c9714ad0a109ae5f0a839c9{\nwidth:100%;\nmargin-left:0;\n}\n#top .flex_column_table.av-equal-height-column-flextable.av-ok2hk-522931f43c9714ad0a109ae5f0a839c9 .av-flex-placeholder{\nwidth:0%;\n}\n<\/style>\n<div  class='flex_column av-ok2hk-522931f43c9714ad0a109ae5f0a839c9 av_one_full  avia-builder-el-23  el_after_av_one_full  el_before_av_one_full  first flex_column_table_cell av-equal-height-column av-align-middle  column-top-margin'     ><p>\n<style type=\"text\/css\" data-created_by=\"avia_inline_auto\" id=\"style-css-av-l3l7sv3b-47db03bb7e38efb5d1d64418577b9809\">\n.avia-image-container.av-l3l7sv3b-47db03bb7e38efb5d1d64418577b9809 img.avia_image{\nbox-shadow:none;\n}\n.avia-image-container.av-l3l7sv3b-47db03bb7e38efb5d1d64418577b9809 .av-image-caption-overlay-center{\ncolor:#ffffff;\n}\n<\/style>\n<div  class='avia-image-container av-l3l7sv3b-47db03bb7e38efb5d1d64418577b9809 av-styling-no-styling av-img-linked avia-align-center  avia-builder-el-24  el_before_av_textblock  avia-builder-el-first '   itemprop=\"image\" itemscope=\"itemscope\" itemtype=\"https:\/\/schema.org\/ImageObject\" ><div class=\"avia-image-container-inner\"><div class=\"avia-image-overlay-wrap\"><a href=\"https:\/\/www.schwieger-architekten.de\/wp-content\/uploads\/2003\/02\/max-planck-institut-fuer-dynamik-und-selbstorganisation-08-1030x686.jpg\" data-srcset=\"https:\/\/www.schwieger-architekten.de\/wp-content\/uploads\/2003\/02\/max-planck-institut-fuer-dynamik-und-selbstorganisation-08-1030x686.jpg 1030w, https:\/\/www.schwieger-architekten.de\/wp-content\/uploads\/2003\/02\/max-planck-institut-fuer-dynamik-und-selbstorganisation-08-400x267.jpg 400w, https:\/\/www.schwieger-architekten.de\/wp-content\/uploads\/2003\/02\/max-planck-institut-fuer-dynamik-und-selbstorganisation-08-768x512.jpg 768w, https:\/\/www.schwieger-architekten.de\/wp-content\/uploads\/2003\/02\/max-planck-institut-fuer-dynamik-und-selbstorganisation-08-120x80.jpg 120w, https:\/\/www.schwieger-architekten.de\/wp-content\/uploads\/2003\/02\/max-planck-institut-fuer-dynamik-und-selbstorganisation-08-1536x1024.jpg 1536w, https:\/\/www.schwieger-architekten.de\/wp-content\/uploads\/2003\/02\/max-planck-institut-fuer-dynamik-und-selbstorganisation-08-1500x1000.jpg 1500w, https:\/\/www.schwieger-architekten.de\/wp-content\/uploads\/2003\/02\/max-planck-institut-fuer-dynamik-und-selbstorganisation-08-705x470.jpg 705w, https:\/\/www.schwieger-architekten.de\/wp-content\/uploads\/2003\/02\/max-planck-institut-fuer-dynamik-und-selbstorganisation-08-225x150.jpg 225w, https:\/\/www.schwieger-architekten.de\/wp-content\/uploads\/2003\/02\/max-planck-institut-fuer-dynamik-und-selbstorganisation-08-180x120.jpg 180w, https:\/\/www.schwieger-architekten.de\/wp-content\/uploads\/2003\/02\/max-planck-institut-fuer-dynamik-und-selbstorganisation-08.jpg 1850w\" data-sizes=\"(max-width: 1030px) 100vw, 1030px\" class='avia_image '  aria-label='Max-Planck-Institut f\u00fcr Dynamik und Selbstorganisation'><img decoding=\"async\" fetchpriority=\"high\" class='wp-image-1567 avia-img-lazy-loading-not-1567 avia_image ' src=\"https:\/\/www.schwieger-architekten.de\/wp-content\/uploads\/2003\/02\/max-planck-institut-fuer-dynamik-und-selbstorganisation-08-1030x686.jpg\" alt='Max-Planck-Institut f\u00fcr Dynamik und Selbstorganisation' title='Max-Planck-Institut f\u00fcr Dynamik und Selbstorganisation'  height=\"686\" width=\"1030\"  itemprop=\"thumbnailUrl\" srcset=\"https:\/\/www.schwieger-architekten.de\/wp-content\/uploads\/2003\/02\/max-planck-institut-fuer-dynamik-und-selbstorganisation-08-1030x686.jpg 1030w, https:\/\/www.schwieger-architekten.de\/wp-content\/uploads\/2003\/02\/max-planck-institut-fuer-dynamik-und-selbstorganisation-08-400x267.jpg 400w, https:\/\/www.schwieger-architekten.de\/wp-content\/uploads\/2003\/02\/max-planck-institut-fuer-dynamik-und-selbstorganisation-08-768x512.jpg 768w, https:\/\/www.schwieger-architekten.de\/wp-content\/uploads\/2003\/02\/max-planck-institut-fuer-dynamik-und-selbstorganisation-08-120x80.jpg 120w, https:\/\/www.schwieger-architekten.de\/wp-content\/uploads\/2003\/02\/max-planck-institut-fuer-dynamik-und-selbstorganisation-08-1536x1024.jpg 1536w, https:\/\/www.schwieger-architekten.de\/wp-content\/uploads\/2003\/02\/max-planck-institut-fuer-dynamik-und-selbstorganisation-08-1500x1000.jpg 1500w, https:\/\/www.schwieger-architekten.de\/wp-content\/uploads\/2003\/02\/max-planck-institut-fuer-dynamik-und-selbstorganisation-08-705x470.jpg 705w, https:\/\/www.schwieger-architekten.de\/wp-content\/uploads\/2003\/02\/max-planck-institut-fuer-dynamik-und-selbstorganisation-08-225x150.jpg 225w, https:\/\/www.schwieger-architekten.de\/wp-content\/uploads\/2003\/02\/max-planck-institut-fuer-dynamik-und-selbstorganisation-08-180x120.jpg 180w, https:\/\/www.schwieger-architekten.de\/wp-content\/uploads\/2003\/02\/max-planck-institut-fuer-dynamik-und-selbstorganisation-08.jpg 1850w\" sizes=\"(max-width: 1030px) 100vw, 1030px\" \/><\/a><\/div><\/div><\/div><br \/>\n<section  class='av_textblock_section av-kgkaw-68f8278dde63f88a92309a4cf2cb950b '   itemscope=\"itemscope\" itemtype=\"https:\/\/schema.org\/CreativeWork\" ><div class='avia_textblock'  itemprop=\"text\" ><p>Treppenhaus<\/p>\n<\/div><\/section><\/p><\/div><\/div><!--close column table wrapper. Autoclose: 1 -->\n<div class='flex_column_table av-gg6rs-c60ee45659a4e76c190a52689fd03868 sc-av_one_full av-equal-height-column-flextable'>\n<style type=\"text\/css\" data-created_by=\"avia_inline_auto\" id=\"style-css-av-gg6rs-c60ee45659a4e76c190a52689fd03868\">\n#top .flex_column_table.av-equal-height-column-flextable.av-gg6rs-c60ee45659a4e76c190a52689fd03868{\nmargin-top:10px;\nmargin-bottom:10px;\n}\n.flex_column.av-gg6rs-c60ee45659a4e76c190a52689fd03868{\nwidth:100%;\nmargin-left:0;\n}\n#top .flex_column_table.av-equal-height-column-flextable.av-gg6rs-c60ee45659a4e76c190a52689fd03868 .av-flex-placeholder{\nwidth:0%;\n}\n<\/style>\n<div  class='flex_column av-gg6rs-c60ee45659a4e76c190a52689fd03868 av_one_full  avia-builder-el-26  el_after_av_one_full  avia-builder-el-last  first flex_column_table_cell av-equal-height-column av-align-middle  column-top-margin'     ><p>\n<style type=\"text\/css\" data-created_by=\"avia_inline_auto\" id=\"style-css-av-l3l7t5yl-38fc0c17723c1549c4f919732b2a2505\">\n.avia-image-container.av-l3l7t5yl-38fc0c17723c1549c4f919732b2a2505 img.avia_image{\nbox-shadow:none;\n}\n.avia-image-container.av-l3l7t5yl-38fc0c17723c1549c4f919732b2a2505 .av-image-caption-overlay-center{\ncolor:#ffffff;\n}\n<\/style>\n<div  class='avia-image-container av-l3l7t5yl-38fc0c17723c1549c4f919732b2a2505 av-styling-no-styling av-img-linked avia-align-center  avia-builder-el-27  el_before_av_textblock  avia-builder-el-first '   itemprop=\"image\" itemscope=\"itemscope\" itemtype=\"https:\/\/schema.org\/ImageObject\" ><div class=\"avia-image-container-inner\"><div class=\"avia-image-overlay-wrap\"><a href=\"https:\/\/www.schwieger-architekten.de\/wp-content\/uploads\/2003\/02\/max-planck-institut-fuer-dynamik-und-selbstorganisation-09-1030x686.jpg\" data-srcset=\"https:\/\/www.schwieger-architekten.de\/wp-content\/uploads\/2003\/02\/max-planck-institut-fuer-dynamik-und-selbstorganisation-09-1030x686.jpg 1030w, https:\/\/www.schwieger-architekten.de\/wp-content\/uploads\/2003\/02\/max-planck-institut-fuer-dynamik-und-selbstorganisation-09-400x267.jpg 400w, https:\/\/www.schwieger-architekten.de\/wp-content\/uploads\/2003\/02\/max-planck-institut-fuer-dynamik-und-selbstorganisation-09-768x512.jpg 768w, https:\/\/www.schwieger-architekten.de\/wp-content\/uploads\/2003\/02\/max-planck-institut-fuer-dynamik-und-selbstorganisation-09-120x80.jpg 120w, https:\/\/www.schwieger-architekten.de\/wp-content\/uploads\/2003\/02\/max-planck-institut-fuer-dynamik-und-selbstorganisation-09-1536x1024.jpg 1536w, https:\/\/www.schwieger-architekten.de\/wp-content\/uploads\/2003\/02\/max-planck-institut-fuer-dynamik-und-selbstorganisation-09-1500x1000.jpg 1500w, https:\/\/www.schwieger-architekten.de\/wp-content\/uploads\/2003\/02\/max-planck-institut-fuer-dynamik-und-selbstorganisation-09-705x470.jpg 705w, https:\/\/www.schwieger-architekten.de\/wp-content\/uploads\/2003\/02\/max-planck-institut-fuer-dynamik-und-selbstorganisation-09-225x150.jpg 225w, https:\/\/www.schwieger-architekten.de\/wp-content\/uploads\/2003\/02\/max-planck-institut-fuer-dynamik-und-selbstorganisation-09-180x120.jpg 180w, https:\/\/www.schwieger-architekten.de\/wp-content\/uploads\/2003\/02\/max-planck-institut-fuer-dynamik-und-selbstorganisation-09.jpg 1580w\" data-sizes=\"(max-width: 1030px) 100vw, 1030px\" class='avia_image '  aria-label='max-planck-institut-fuer-dynamik-und-selbstorganisation-09'><img decoding=\"async\" fetchpriority=\"high\" class='wp-image-1569 avia-img-lazy-loading-not-1569 avia_image ' src=\"https:\/\/www.schwieger-architekten.de\/wp-content\/uploads\/2003\/02\/max-planck-institut-fuer-dynamik-und-selbstorganisation-09-1030x686.jpg\" alt='' title='max-planck-institut-fuer-dynamik-und-selbstorganisation-09'  height=\"686\" width=\"1030\"  itemprop=\"thumbnailUrl\" srcset=\"https:\/\/www.schwieger-architekten.de\/wp-content\/uploads\/2003\/02\/max-planck-institut-fuer-dynamik-und-selbstorganisation-09-1030x686.jpg 1030w, https:\/\/www.schwieger-architekten.de\/wp-content\/uploads\/2003\/02\/max-planck-institut-fuer-dynamik-und-selbstorganisation-09-400x267.jpg 400w, https:\/\/www.schwieger-architekten.de\/wp-content\/uploads\/2003\/02\/max-planck-institut-fuer-dynamik-und-selbstorganisation-09-768x512.jpg 768w, https:\/\/www.schwieger-architekten.de\/wp-content\/uploads\/2003\/02\/max-planck-institut-fuer-dynamik-und-selbstorganisation-09-120x80.jpg 120w, https:\/\/www.schwieger-architekten.de\/wp-content\/uploads\/2003\/02\/max-planck-institut-fuer-dynamik-und-selbstorganisation-09-1536x1024.jpg 1536w, https:\/\/www.schwieger-architekten.de\/wp-content\/uploads\/2003\/02\/max-planck-institut-fuer-dynamik-und-selbstorganisation-09-1500x1000.jpg 1500w, https:\/\/www.schwieger-architekten.de\/wp-content\/uploads\/2003\/02\/max-planck-institut-fuer-dynamik-und-selbstorganisation-09-705x470.jpg 705w, https:\/\/www.schwieger-architekten.de\/wp-content\/uploads\/2003\/02\/max-planck-institut-fuer-dynamik-und-selbstorganisation-09-225x150.jpg 225w, https:\/\/www.schwieger-architekten.de\/wp-content\/uploads\/2003\/02\/max-planck-institut-fuer-dynamik-und-selbstorganisation-09-180x120.jpg 180w, https:\/\/www.schwieger-architekten.de\/wp-content\/uploads\/2003\/02\/max-planck-institut-fuer-dynamik-und-selbstorganisation-09.jpg 1580w\" sizes=\"(max-width: 1030px) 100vw, 1030px\" \/><\/a><\/div><\/div><\/div><br \/>\n<section  class='av_textblock_section av-6pops-d600fbfceec93bc0266d70c9df312980 '   itemscope=\"itemscope\" itemtype=\"https:\/\/schema.org\/CreativeWork\" ><div class='avia_textblock'  itemprop=\"text\" ><p>Treppenhaus<\/p>\n<\/div><\/section><\/p><\/div><\/div><!--close column table wrapper. Autoclose: 1 -->\n","protected":false},"excerpt":{"rendered":"<p>Neubau Institut mit Experimentierhalle<br \/>\nG\u00f6ttingen Am Fassberg<br \/>\n1. Preis Realisierungswettbewerb<\/p>\n","protected":false},"author":1,"featured_media":940,"comment_status":"closed","ping_status":"closed","template":"","meta":{"footnotes":""},"tags":[],"portfolio_entries":[15,21],"class_list":["post-128","portfolio","type-portfolio","status-publish","has-post-thumbnail","hentry","portfolio_entries-bildung-forschung-labor","portfolio_entries-wettbewerbe"],"yoast_head":"<!-- This site is optimized with the Yoast SEO plugin v27.0 - https:\/\/yoast.com\/product\/yoast-seo-wordpress\/ -->\n<title>Max-Planck-Institut f\u00fcr Dynamik und Selbstorganisation G\u00f6ttingen<\/title>\n<meta name=\"description\" content=\"Neubau Institut mit Experimentierhalle vom Max-Planck-Institut f\u00fcr Dynamik und Selbstorganisation in G\u00f6ttingen durch Schwieger Architekten.\" \/>\n<meta name=\"robots\" content=\"index, follow, max-snippet:-1, max-image-preview:large, max-video-preview:-1\" \/>\n<link rel=\"canonical\" href=\"https:\/\/www.schwieger-architekten.de\/de\/projekt\/max-planck-institut-fuer-dynamik-und-selbstorganisation\/\" \/>\n<meta property=\"og:locale\" content=\"de_DE\" \/>\n<meta property=\"og:type\" content=\"article\" \/>\n<meta property=\"og:title\" content=\"Max-Planck-Institut f\u00fcr Dynamik und Selbstorganisation G\u00f6ttingen\" \/>\n<meta property=\"og:description\" content=\"Neubau Institut mit Experimentierhalle vom Max-Planck-Institut f\u00fcr Dynamik und Selbstorganisation in G\u00f6ttingen durch Schwieger Architekten.\" \/>\n<meta property=\"og:url\" content=\"https:\/\/www.schwieger-architekten.de\/de\/projekt\/max-planck-institut-fuer-dynamik-und-selbstorganisation\/\" \/>\n<meta property=\"og:site_name\" content=\"Schwieger Architekten\" \/>\n<meta property=\"article:modified_time\" content=\"2023-06-05T08:25:36+00:00\" \/>\n<meta property=\"og:image\" content=\"https:\/\/www.schwieger-architekten.de\/wp-content\/uploads\/0515\/02\/Max-Planck-Institut-fuer-Dynamik-und-Selbstorganisation.jpg\" \/>\n\t<meta property=\"og:image:width\" content=\"900\" \/>\n\t<meta property=\"og:image:height\" content=\"600\" \/>\n\t<meta property=\"og:image:type\" content=\"image\/jpeg\" \/>\n<meta name=\"twitter:card\" content=\"summary_large_image\" \/>\n<meta name=\"twitter:label1\" content=\"Gesch\u00e4tzte Lesezeit\" \/>\n\t<meta name=\"twitter:data1\" content=\"7\u00a0Minuten\" \/>\n<script type=\"application\/ld+json\" class=\"yoast-schema-graph\">{\"@context\":\"https:\/\/schema.org\",\"@graph\":[{\"@type\":\"WebPage\",\"@id\":\"https:\/\/www.schwieger-architekten.de\/de\/projekt\/max-planck-institut-fuer-dynamik-und-selbstorganisation\/\",\"url\":\"https:\/\/www.schwieger-architekten.de\/de\/projekt\/max-planck-institut-fuer-dynamik-und-selbstorganisation\/\",\"name\":\"Max-Planck-Institut f\u00fcr Dynamik und Selbstorganisation G\u00f6ttingen\",\"isPartOf\":{\"@id\":\"https:\/\/www.schwieger-architekten.de\/de\/#website\"},\"primaryImageOfPage\":{\"@id\":\"https:\/\/www.schwieger-architekten.de\/de\/projekt\/max-planck-institut-fuer-dynamik-und-selbstorganisation\/#primaryimage\"},\"image\":{\"@id\":\"https:\/\/www.schwieger-architekten.de\/de\/projekt\/max-planck-institut-fuer-dynamik-und-selbstorganisation\/#primaryimage\"},\"thumbnailUrl\":\"https:\/\/www.schwieger-architekten.de\/wp-content\/uploads\/0515\/02\/Max-Planck-Institut-fuer-Dynamik-und-Selbstorganisation.jpg\",\"datePublished\":\"2003-02-25T11:21:29+00:00\",\"dateModified\":\"2023-06-05T08:25:36+00:00\",\"description\":\"Neubau Institut mit Experimentierhalle vom Max-Planck-Institut f\u00fcr Dynamik und Selbstorganisation in G\u00f6ttingen durch Schwieger Architekten.\",\"breadcrumb\":{\"@id\":\"https:\/\/www.schwieger-architekten.de\/de\/projekt\/max-planck-institut-fuer-dynamik-und-selbstorganisation\/#breadcrumb\"},\"inLanguage\":\"de\",\"potentialAction\":[{\"@type\":\"ReadAction\",\"target\":[\"https:\/\/www.schwieger-architekten.de\/de\/projekt\/max-planck-institut-fuer-dynamik-und-selbstorganisation\/\"]}]},{\"@type\":\"ImageObject\",\"inLanguage\":\"de\",\"@id\":\"https:\/\/www.schwieger-architekten.de\/de\/projekt\/max-planck-institut-fuer-dynamik-und-selbstorganisation\/#primaryimage\",\"url\":\"https:\/\/www.schwieger-architekten.de\/wp-content\/uploads\/0515\/02\/Max-Planck-Institut-fuer-Dynamik-und-Selbstorganisation.jpg\",\"contentUrl\":\"https:\/\/www.schwieger-architekten.de\/wp-content\/uploads\/0515\/02\/Max-Planck-Institut-fuer-Dynamik-und-Selbstorganisation.jpg\",\"width\":900,\"height\":600,\"caption\":\"Neubau Institut mit Experimentierhalle vom Max-Planck-Institut f\u00fcr Dynamik und Selbstorganisation in G\u00f6ttingen durch Schwieger Architekten.\"},{\"@type\":\"BreadcrumbList\",\"@id\":\"https:\/\/www.schwieger-architekten.de\/de\/projekt\/max-planck-institut-fuer-dynamik-und-selbstorganisation\/#breadcrumb\",\"itemListElement\":[{\"@type\":\"ListItem\",\"position\":1,\"name\":\"Startseite\",\"item\":\"https:\/\/www.schwieger-architekten.de\/de\/\"},{\"@type\":\"ListItem\",\"position\":2,\"name\":\"Max-Planck-Institut f\u00fcr Dynamik und Selbstorganisation\"}]},{\"@type\":\"WebSite\",\"@id\":\"https:\/\/www.schwieger-architekten.de\/de\/#website\",\"url\":\"https:\/\/www.schwieger-architekten.de\/de\/\",\"name\":\"Schwieger Architekten\",\"description\":\"Schwieger Architekten G\u00f6ttingen\",\"potentialAction\":[{\"@type\":\"SearchAction\",\"target\":{\"@type\":\"EntryPoint\",\"urlTemplate\":\"https:\/\/www.schwieger-architekten.de\/de\/?s={search_term_string}\"},\"query-input\":{\"@type\":\"PropertyValueSpecification\",\"valueRequired\":true,\"valueName\":\"search_term_string\"}}],\"inLanguage\":\"de\"}]}<\/script>\n<!-- \/ Yoast SEO plugin. -->","yoast_head_json":{"title":"Max-Planck-Institut f\u00fcr Dynamik und Selbstorganisation G\u00f6ttingen","description":"Neubau Institut mit Experimentierhalle vom Max-Planck-Institut f\u00fcr Dynamik und Selbstorganisation in G\u00f6ttingen durch Schwieger Architekten.","robots":{"index":"index","follow":"follow","max-snippet":"max-snippet:-1","max-image-preview":"max-image-preview:large","max-video-preview":"max-video-preview:-1"},"canonical":"https:\/\/www.schwieger-architekten.de\/de\/projekt\/max-planck-institut-fuer-dynamik-und-selbstorganisation\/","og_locale":"de_DE","og_type":"article","og_title":"Max-Planck-Institut f\u00fcr Dynamik und Selbstorganisation G\u00f6ttingen","og_description":"Neubau Institut mit Experimentierhalle vom Max-Planck-Institut f\u00fcr Dynamik und Selbstorganisation in G\u00f6ttingen durch Schwieger Architekten.","og_url":"https:\/\/www.schwieger-architekten.de\/de\/projekt\/max-planck-institut-fuer-dynamik-und-selbstorganisation\/","og_site_name":"Schwieger Architekten","article_modified_time":"2023-06-05T08:25:36+00:00","og_image":[{"width":900,"height":600,"url":"https:\/\/www.schwieger-architekten.de\/wp-content\/uploads\/0515\/02\/Max-Planck-Institut-fuer-Dynamik-und-Selbstorganisation.jpg","type":"image\/jpeg"}],"twitter_card":"summary_large_image","twitter_misc":{"Gesch\u00e4tzte Lesezeit":"7\u00a0Minuten"},"schema":{"@context":"https:\/\/schema.org","@graph":[{"@type":"WebPage","@id":"https:\/\/www.schwieger-architekten.de\/de\/projekt\/max-planck-institut-fuer-dynamik-und-selbstorganisation\/","url":"https:\/\/www.schwieger-architekten.de\/de\/projekt\/max-planck-institut-fuer-dynamik-und-selbstorganisation\/","name":"Max-Planck-Institut f\u00fcr Dynamik und Selbstorganisation G\u00f6ttingen","isPartOf":{"@id":"https:\/\/www.schwieger-architekten.de\/de\/#website"},"primaryImageOfPage":{"@id":"https:\/\/www.schwieger-architekten.de\/de\/projekt\/max-planck-institut-fuer-dynamik-und-selbstorganisation\/#primaryimage"},"image":{"@id":"https:\/\/www.schwieger-architekten.de\/de\/projekt\/max-planck-institut-fuer-dynamik-und-selbstorganisation\/#primaryimage"},"thumbnailUrl":"https:\/\/www.schwieger-architekten.de\/wp-content\/uploads\/0515\/02\/Max-Planck-Institut-fuer-Dynamik-und-Selbstorganisation.jpg","datePublished":"2003-02-25T11:21:29+00:00","dateModified":"2023-06-05T08:25:36+00:00","description":"Neubau Institut mit Experimentierhalle vom Max-Planck-Institut f\u00fcr Dynamik und Selbstorganisation in G\u00f6ttingen durch Schwieger Architekten.","breadcrumb":{"@id":"https:\/\/www.schwieger-architekten.de\/de\/projekt\/max-planck-institut-fuer-dynamik-und-selbstorganisation\/#breadcrumb"},"inLanguage":"de","potentialAction":[{"@type":"ReadAction","target":["https:\/\/www.schwieger-architekten.de\/de\/projekt\/max-planck-institut-fuer-dynamik-und-selbstorganisation\/"]}]},{"@type":"ImageObject","inLanguage":"de","@id":"https:\/\/www.schwieger-architekten.de\/de\/projekt\/max-planck-institut-fuer-dynamik-und-selbstorganisation\/#primaryimage","url":"https:\/\/www.schwieger-architekten.de\/wp-content\/uploads\/0515\/02\/Max-Planck-Institut-fuer-Dynamik-und-Selbstorganisation.jpg","contentUrl":"https:\/\/www.schwieger-architekten.de\/wp-content\/uploads\/0515\/02\/Max-Planck-Institut-fuer-Dynamik-und-Selbstorganisation.jpg","width":900,"height":600,"caption":"Neubau Institut mit Experimentierhalle vom Max-Planck-Institut f\u00fcr Dynamik und Selbstorganisation in G\u00f6ttingen durch Schwieger Architekten."},{"@type":"BreadcrumbList","@id":"https:\/\/www.schwieger-architekten.de\/de\/projekt\/max-planck-institut-fuer-dynamik-und-selbstorganisation\/#breadcrumb","itemListElement":[{"@type":"ListItem","position":1,"name":"Startseite","item":"https:\/\/www.schwieger-architekten.de\/de\/"},{"@type":"ListItem","position":2,"name":"Max-Planck-Institut f\u00fcr Dynamik und Selbstorganisation"}]},{"@type":"WebSite","@id":"https:\/\/www.schwieger-architekten.de\/de\/#website","url":"https:\/\/www.schwieger-architekten.de\/de\/","name":"Schwieger Architekten","description":"Schwieger Architekten G\u00f6ttingen","potentialAction":[{"@type":"SearchAction","target":{"@type":"EntryPoint","urlTemplate":"https:\/\/www.schwieger-architekten.de\/de\/?s={search_term_string}"},"query-input":{"@type":"PropertyValueSpecification","valueRequired":true,"valueName":"search_term_string"}}],"inLanguage":"de"}]}},"_links":{"self":[{"href":"https:\/\/www.schwieger-architekten.de\/de\/wp-json\/wp\/v2\/portfolio\/128","targetHints":{"allow":["GET"]}}],"collection":[{"href":"https:\/\/www.schwieger-architekten.de\/de\/wp-json\/wp\/v2\/portfolio"}],"about":[{"href":"https:\/\/www.schwieger-architekten.de\/de\/wp-json\/wp\/v2\/types\/portfolio"}],"author":[{"embeddable":true,"href":"https:\/\/www.schwieger-architekten.de\/de\/wp-json\/wp\/v2\/users\/1"}],"replies":[{"embeddable":true,"href":"https:\/\/www.schwieger-architekten.de\/de\/wp-json\/wp\/v2\/comments?post=128"}],"version-history":[{"count":5,"href":"https:\/\/www.schwieger-architekten.de\/de\/wp-json\/wp\/v2\/portfolio\/128\/revisions"}],"predecessor-version":[{"id":2998,"href":"https:\/\/www.schwieger-architekten.de\/de\/wp-json\/wp\/v2\/portfolio\/128\/revisions\/2998"}],"wp:featuredmedia":[{"embeddable":true,"href":"https:\/\/www.schwieger-architekten.de\/de\/wp-json\/wp\/v2\/media\/940"}],"wp:attachment":[{"href":"https:\/\/www.schwieger-architekten.de\/de\/wp-json\/wp\/v2\/media?parent=128"}],"wp:term":[{"taxonomy":"post_tag","embeddable":true,"href":"https:\/\/www.schwieger-architekten.de\/de\/wp-json\/wp\/v2\/tags?post=128"},{"taxonomy":"portfolio_entries","embeddable":true,"href":"https:\/\/www.schwieger-architekten.de\/de\/wp-json\/wp\/v2\/portfolio_entries?post=128"}],"curies":[{"name":"wp","href":"https:\/\/api.w.org\/{rel}","templated":true}]}}