{"id":156,"date":"2003-02-25T12:27:32","date_gmt":"2003-02-25T11:27:32","guid":{"rendered":"http:\/\/relaunch2022.schwieger-architekten.de\/?post_type=portfolio&#038;p=156"},"modified":"2023-06-05T10:22:45","modified_gmt":"2023-06-05T08:22:45","slug":"massregelvollzug-muehlhausen","status":"publish","type":"portfolio","link":"https:\/\/www.schwieger-architekten.de\/de\/projekt\/massregelvollzug-muehlhausen\/","title":{"rendered":"Ma\u00dfregelvollzug M\u00fchlhausen"},"content":{"rendered":"<div  id=\"ProjectHeaderContainer\"  class='flex_column av-av_one_full-a7504114ef84704e31d457a985c3b100 av_one_full  avia-builder-el-0  el_before_av_one_full  avia-builder-el-first  first flex_column_div  '     ><style type=\"text\/css\" data-created_by=\"avia_inline_auto\" id=\"style-css-av-l3kbk421-da66b8c0b283b522db44aee75d979100\">\n#top .av-special-heading.av-l3kbk421-da66b8c0b283b522db44aee75d979100{\npadding-bottom:10px;\n}\nbody .av-special-heading.av-l3kbk421-da66b8c0b283b522db44aee75d979100 .av-special-heading-tag .heading-char{\nfont-size:25px;\n}\n.av-special-heading.av-l3kbk421-da66b8c0b283b522db44aee75d979100 .av-subheading{\nfont-size:15px;\n}\n<\/style>\n<div  id=\"ProjectHeader\"  class='av-special-heading av-l3kbk421-da66b8c0b283b522db44aee75d979100 av-special-heading-h1 blockquote modern-quote  avia-builder-el-1  avia-builder-el-no-sibling '><h1 class='av-special-heading-tag '  itemprop=\"headline\"  >Ma\u00dfregelvollzug M\u00fchlhausen<\/h1><div class='av-subheading av-subheading_below'><p>\u00d6kumenisches Hainich Klinikum gGmbH<br \/>\n1. Preis Mehrfachbeauftragung<\/p>\n<\/div><div class=\"special-heading-border\"><div class=\"special-heading-inner-border\"><\/div><\/div><\/div><\/div><div class='flex_column_table av-av_one_full-0a36a227218dc5aa066893981f24e0bc sc-av_one_full av-equal-height-column-flextable'>\n<style type=\"text\/css\" data-created_by=\"avia_inline_auto\" id=\"style-css-av-av_one_full-0a36a227218dc5aa066893981f24e0bc\">\n#top .flex_column_table.av-equal-height-column-flextable.av-av_one_full-0a36a227218dc5aa066893981f24e0bc{\nmargin-top:0px;\nmargin-bottom:1%;\n}\n.flex_column.av-av_one_full-0a36a227218dc5aa066893981f24e0bc{\nwidth:100%;\nmargin-left:0;\n}\n#top .flex_column_table.av-equal-height-column-flextable.av-av_one_full-0a36a227218dc5aa066893981f24e0bc .av-flex-placeholder{\nwidth:0%;\n}\n<\/style>\n<div  class='flex_column av-av_one_full-0a36a227218dc5aa066893981f24e0bc av_one_full  avia-builder-el-2  el_after_av_one_full  el_before_av_one_full  first flex_column_table_cell av-equal-height-column av-align-middle  column-top-margin'     ><p>\n<style type=\"text\/css\" data-created_by=\"avia_inline_auto\" id=\"style-css-av-l3kbls7f-72a1d8776f37764a0422510e95f05a99\">\n.avia-image-container.av-l3kbls7f-72a1d8776f37764a0422510e95f05a99 img.avia_image{\nbox-shadow:none;\n}\n.avia-image-container.av-l3kbls7f-72a1d8776f37764a0422510e95f05a99 .av-image-caption-overlay-center{\ncolor:#ffffff;\n}\n<\/style>\n<div  class='avia-image-container av-l3kbls7f-72a1d8776f37764a0422510e95f05a99 av-styling-no-styling av-img-linked avia-align-center  avia-builder-el-3  el_before_av_textblock  avia-builder-el-first '   itemprop=\"image\" itemscope=\"itemscope\" itemtype=\"https:\/\/schema.org\/ImageObject\" ><div class=\"avia-image-container-inner\"><div class=\"avia-image-overlay-wrap\"><a href=\"https:\/\/www.schwieger-architekten.de\/wp-content\/uploads\/2003\/02\/massregelvollzug-muehlhausen-01-1030x773.jpg\" data-srcset=\"https:\/\/www.schwieger-architekten.de\/wp-content\/uploads\/2003\/02\/massregelvollzug-muehlhausen-01-1030x773.jpg 1030w, https:\/\/www.schwieger-architekten.de\/wp-content\/uploads\/2003\/02\/massregelvollzug-muehlhausen-01-400x300.jpg 400w, https:\/\/www.schwieger-architekten.de\/wp-content\/uploads\/2003\/02\/massregelvollzug-muehlhausen-01-768x576.jpg 768w, https:\/\/www.schwieger-architekten.de\/wp-content\/uploads\/2003\/02\/massregelvollzug-muehlhausen-01-1536x1152.jpg 1536w, https:\/\/www.schwieger-architekten.de\/wp-content\/uploads\/2003\/02\/massregelvollzug-muehlhausen-01-1500x1125.jpg 1500w, https:\/\/www.schwieger-architekten.de\/wp-content\/uploads\/2003\/02\/massregelvollzug-muehlhausen-01-705x529.jpg 705w, https:\/\/www.schwieger-architekten.de\/wp-content\/uploads\/2003\/02\/massregelvollzug-muehlhausen-01-200x150.jpg 200w, https:\/\/www.schwieger-architekten.de\/wp-content\/uploads\/2003\/02\/massregelvollzug-muehlhausen-01-160x120.jpg 160w, https:\/\/www.schwieger-architekten.de\/wp-content\/uploads\/2003\/02\/massregelvollzug-muehlhausen-01.jpg 1850w\" data-sizes=\"(max-width: 1030px) 100vw, 1030px\" class='avia_image '  aria-label='Ma\u00dfregelvollzug M\u00fchlhausen'><img decoding=\"async\" fetchpriority=\"high\" class='wp-image-1530 avia-img-lazy-loading-not-1530 avia_image ' src=\"https:\/\/www.schwieger-architekten.de\/wp-content\/uploads\/2003\/02\/massregelvollzug-muehlhausen-01-1030x773.jpg\" alt='' title='Ma\u00dfregelvollzug M\u00fchlhausen'  height=\"773\" width=\"1030\"  itemprop=\"thumbnailUrl\" srcset=\"https:\/\/www.schwieger-architekten.de\/wp-content\/uploads\/2003\/02\/massregelvollzug-muehlhausen-01-1030x773.jpg 1030w, https:\/\/www.schwieger-architekten.de\/wp-content\/uploads\/2003\/02\/massregelvollzug-muehlhausen-01-400x300.jpg 400w, https:\/\/www.schwieger-architekten.de\/wp-content\/uploads\/2003\/02\/massregelvollzug-muehlhausen-01-768x576.jpg 768w, https:\/\/www.schwieger-architekten.de\/wp-content\/uploads\/2003\/02\/massregelvollzug-muehlhausen-01-1536x1152.jpg 1536w, https:\/\/www.schwieger-architekten.de\/wp-content\/uploads\/2003\/02\/massregelvollzug-muehlhausen-01-1500x1125.jpg 1500w, https:\/\/www.schwieger-architekten.de\/wp-content\/uploads\/2003\/02\/massregelvollzug-muehlhausen-01-705x529.jpg 705w, https:\/\/www.schwieger-architekten.de\/wp-content\/uploads\/2003\/02\/massregelvollzug-muehlhausen-01-200x150.jpg 200w, https:\/\/www.schwieger-architekten.de\/wp-content\/uploads\/2003\/02\/massregelvollzug-muehlhausen-01-160x120.jpg 160w, https:\/\/www.schwieger-architekten.de\/wp-content\/uploads\/2003\/02\/massregelvollzug-muehlhausen-01.jpg 1850w\" sizes=\"(max-width: 1030px) 100vw, 1030px\" \/><\/a><\/div><\/div><\/div><br \/>\n<section  class='av_textblock_section av-l3kblwkq-85b9dab16c50da6fc7ad3f8781335f84 '   itemscope=\"itemscope\" itemtype=\"https:\/\/schema.org\/CreativeWork\" ><div class='avia_textblock'  itemprop=\"text\" ><p>\u00dcbersicht mit Dachgarten<\/p>\n<\/div><\/section><\/p><\/div><\/div><!--close column table wrapper. Autoclose: 1 --><div class='flex_column_table av-av_one_full-a8543977f9cae22cf4ed4a48b49e1fb0 sc-av_one_full av-equal-height-column-flextable'>\n<style type=\"text\/css\" data-created_by=\"avia_inline_auto\" id=\"style-css-av-av_one_full-a8543977f9cae22cf4ed4a48b49e1fb0\">\n#top .flex_column_table.av-equal-height-column-flextable.av-av_one_full-a8543977f9cae22cf4ed4a48b49e1fb0{\nmargin-top:10px;\nmargin-bottom:10px;\n}\n.flex_column.av-av_one_full-a8543977f9cae22cf4ed4a48b49e1fb0{\nwidth:100%;\nmargin-left:0;\n}\n#top .flex_column_table.av-equal-height-column-flextable.av-av_one_full-a8543977f9cae22cf4ed4a48b49e1fb0 .av-flex-placeholder{\nwidth:0%;\n}\n<\/style>\n<div  class='flex_column av-av_one_full-a8543977f9cae22cf4ed4a48b49e1fb0 av_one_full  avia-builder-el-5  el_after_av_one_full  el_before_av_one_full  first flex_column_table_cell av-equal-height-column av-align-middle  column-top-margin'     ><p>\n<style type=\"text\/css\" data-created_by=\"avia_inline_auto\" id=\"style-css-av-l3kbmbfb-2e20669c01831be0bb41e6c0393ef011\">\n.avia-image-container.av-l3kbmbfb-2e20669c01831be0bb41e6c0393ef011 img.avia_image{\nbox-shadow:none;\n}\n.avia-image-container.av-l3kbmbfb-2e20669c01831be0bb41e6c0393ef011 .av-image-caption-overlay-center{\ncolor:#ffffff;\n}\n<\/style>\n<div  class='avia-image-container av-l3kbmbfb-2e20669c01831be0bb41e6c0393ef011 av-styling-no-styling av-img-linked avia-align-center  avia-builder-el-6  el_before_av_textblock  avia-builder-el-first '   itemprop=\"image\" itemscope=\"itemscope\" itemtype=\"https:\/\/schema.org\/ImageObject\" ><div class=\"avia-image-container-inner\"><div class=\"avia-image-overlay-wrap\"><a href=\"https:\/\/www.schwieger-architekten.de\/wp-content\/uploads\/2003\/02\/massregelvollzug-muehlhausen-02-1030x686.jpg\" data-srcset=\"https:\/\/www.schwieger-architekten.de\/wp-content\/uploads\/2003\/02\/massregelvollzug-muehlhausen-02-1030x686.jpg 1030w, https:\/\/www.schwieger-architekten.de\/wp-content\/uploads\/2003\/02\/massregelvollzug-muehlhausen-02-400x267.jpg 400w, https:\/\/www.schwieger-architekten.de\/wp-content\/uploads\/2003\/02\/massregelvollzug-muehlhausen-02-768x512.jpg 768w, https:\/\/www.schwieger-architekten.de\/wp-content\/uploads\/2003\/02\/massregelvollzug-muehlhausen-02-120x80.jpg 120w, https:\/\/www.schwieger-architekten.de\/wp-content\/uploads\/2003\/02\/massregelvollzug-muehlhausen-02-1536x1024.jpg 1536w, https:\/\/www.schwieger-architekten.de\/wp-content\/uploads\/2003\/02\/massregelvollzug-muehlhausen-02-1500x1000.jpg 1500w, https:\/\/www.schwieger-architekten.de\/wp-content\/uploads\/2003\/02\/massregelvollzug-muehlhausen-02-705x470.jpg 705w, https:\/\/www.schwieger-architekten.de\/wp-content\/uploads\/2003\/02\/massregelvollzug-muehlhausen-02-225x150.jpg 225w, https:\/\/www.schwieger-architekten.de\/wp-content\/uploads\/2003\/02\/massregelvollzug-muehlhausen-02-180x120.jpg 180w, https:\/\/www.schwieger-architekten.de\/wp-content\/uploads\/2003\/02\/massregelvollzug-muehlhausen-02.jpg 1850w\" data-sizes=\"(max-width: 1030px) 100vw, 1030px\" class='avia_image '  aria-label='Ma\u00dfregelvollzug M\u00fchlhausen'><img decoding=\"async\" fetchpriority=\"high\" class='wp-image-1532 avia-img-lazy-loading-not-1532 avia_image ' src=\"https:\/\/www.schwieger-architekten.de\/wp-content\/uploads\/2003\/02\/massregelvollzug-muehlhausen-02-1030x686.jpg\" alt='Ma\u00dfregelvollzug M\u00fchlhausen' title='Ma\u00dfregelvollzug M\u00fchlhausen'  height=\"686\" width=\"1030\"  itemprop=\"thumbnailUrl\" srcset=\"https:\/\/www.schwieger-architekten.de\/wp-content\/uploads\/2003\/02\/massregelvollzug-muehlhausen-02-1030x686.jpg 1030w, https:\/\/www.schwieger-architekten.de\/wp-content\/uploads\/2003\/02\/massregelvollzug-muehlhausen-02-400x267.jpg 400w, https:\/\/www.schwieger-architekten.de\/wp-content\/uploads\/2003\/02\/massregelvollzug-muehlhausen-02-768x512.jpg 768w, https:\/\/www.schwieger-architekten.de\/wp-content\/uploads\/2003\/02\/massregelvollzug-muehlhausen-02-120x80.jpg 120w, https:\/\/www.schwieger-architekten.de\/wp-content\/uploads\/2003\/02\/massregelvollzug-muehlhausen-02-1536x1024.jpg 1536w, https:\/\/www.schwieger-architekten.de\/wp-content\/uploads\/2003\/02\/massregelvollzug-muehlhausen-02-1500x1000.jpg 1500w, https:\/\/www.schwieger-architekten.de\/wp-content\/uploads\/2003\/02\/massregelvollzug-muehlhausen-02-705x470.jpg 705w, https:\/\/www.schwieger-architekten.de\/wp-content\/uploads\/2003\/02\/massregelvollzug-muehlhausen-02-225x150.jpg 225w, https:\/\/www.schwieger-architekten.de\/wp-content\/uploads\/2003\/02\/massregelvollzug-muehlhausen-02-180x120.jpg 180w, https:\/\/www.schwieger-architekten.de\/wp-content\/uploads\/2003\/02\/massregelvollzug-muehlhausen-02.jpg 1850w\" sizes=\"(max-width: 1030px) 100vw, 1030px\" \/><\/a><\/div><\/div><\/div><br \/>\n<section  class='av_textblock_section av-l3kbmggl-864c29e15595fa17ec0fbcc230bd1fc2 '   itemscope=\"itemscope\" itemtype=\"https:\/\/schema.org\/CreativeWork\" ><div class='avia_textblock'  itemprop=\"text\" ><p>&#8230;<\/p>\n<\/div><\/section><\/p><\/div><\/div><!--close column table wrapper. Autoclose: 1 --><div class='flex_column_table av-av_one_full-a8543977f9cae22cf4ed4a48b49e1fb0 sc-av_one_full av-equal-height-column-flextable'>\n<style type=\"text\/css\" data-created_by=\"avia_inline_auto\" id=\"style-css-av-av_one_full-a8543977f9cae22cf4ed4a48b49e1fb0\">\n#top .flex_column_table.av-equal-height-column-flextable.av-av_one_full-a8543977f9cae22cf4ed4a48b49e1fb0{\nmargin-top:10px;\nmargin-bottom:10px;\n}\n.flex_column.av-av_one_full-a8543977f9cae22cf4ed4a48b49e1fb0{\nwidth:100%;\nmargin-left:0;\n}\n#top .flex_column_table.av-equal-height-column-flextable.av-av_one_full-a8543977f9cae22cf4ed4a48b49e1fb0 .av-flex-placeholder{\nwidth:0%;\n}\n<\/style>\n<div  class='flex_column av-av_one_full-a8543977f9cae22cf4ed4a48b49e1fb0 av_one_full  avia-builder-el-8  el_after_av_one_full  el_before_av_one_full  first flex_column_table_cell av-equal-height-column av-align-middle  column-top-margin'     ><p>\n<style type=\"text\/css\" data-created_by=\"avia_inline_auto\" id=\"style-css-av-l3kbnhdp-ec3d65a9e98a8c6da3cd0683a775ce8a\">\n.avia-image-container.av-l3kbnhdp-ec3d65a9e98a8c6da3cd0683a775ce8a img.avia_image{\nbox-shadow:none;\n}\n.avia-image-container.av-l3kbnhdp-ec3d65a9e98a8c6da3cd0683a775ce8a .av-image-caption-overlay-center{\ncolor:#ffffff;\n}\n<\/style>\n<div  class='avia-image-container av-l3kbnhdp-ec3d65a9e98a8c6da3cd0683a775ce8a av-styling-no-styling av-img-linked avia-align-center  avia-builder-el-9  el_before_av_textblock  avia-builder-el-first '   itemprop=\"image\" itemscope=\"itemscope\" itemtype=\"https:\/\/schema.org\/ImageObject\" ><div class=\"avia-image-container-inner\"><div class=\"avia-image-overlay-wrap\"><a href=\"https:\/\/www.schwieger-architekten.de\/wp-content\/uploads\/2003\/02\/massregelvollzug-muehlhausen-03-1030x686.jpg\" data-srcset=\"https:\/\/www.schwieger-architekten.de\/wp-content\/uploads\/2003\/02\/massregelvollzug-muehlhausen-03-1030x686.jpg 1030w, https:\/\/www.schwieger-architekten.de\/wp-content\/uploads\/2003\/02\/massregelvollzug-muehlhausen-03-400x267.jpg 400w, https:\/\/www.schwieger-architekten.de\/wp-content\/uploads\/2003\/02\/massregelvollzug-muehlhausen-03-768x512.jpg 768w, https:\/\/www.schwieger-architekten.de\/wp-content\/uploads\/2003\/02\/massregelvollzug-muehlhausen-03-120x80.jpg 120w, https:\/\/www.schwieger-architekten.de\/wp-content\/uploads\/2003\/02\/massregelvollzug-muehlhausen-03-1536x1024.jpg 1536w, https:\/\/www.schwieger-architekten.de\/wp-content\/uploads\/2003\/02\/massregelvollzug-muehlhausen-03-1500x1000.jpg 1500w, https:\/\/www.schwieger-architekten.de\/wp-content\/uploads\/2003\/02\/massregelvollzug-muehlhausen-03-705x470.jpg 705w, https:\/\/www.schwieger-architekten.de\/wp-content\/uploads\/2003\/02\/massregelvollzug-muehlhausen-03-225x150.jpg 225w, https:\/\/www.schwieger-architekten.de\/wp-content\/uploads\/2003\/02\/massregelvollzug-muehlhausen-03-180x120.jpg 180w, https:\/\/www.schwieger-architekten.de\/wp-content\/uploads\/2003\/02\/massregelvollzug-muehlhausen-03.jpg 1850w\" data-sizes=\"(max-width: 1030px) 100vw, 1030px\" class='avia_image '  aria-label='Ma\u00dfregelvollzug M\u00fchlhausen'><img decoding=\"async\" fetchpriority=\"high\" class='wp-image-1534 avia-img-lazy-loading-not-1534 avia_image ' src=\"https:\/\/www.schwieger-architekten.de\/wp-content\/uploads\/2003\/02\/massregelvollzug-muehlhausen-03-1030x686.jpg\" alt='' title='Ma\u00dfregelvollzug M\u00fchlhausen'  height=\"686\" width=\"1030\"  itemprop=\"thumbnailUrl\" srcset=\"https:\/\/www.schwieger-architekten.de\/wp-content\/uploads\/2003\/02\/massregelvollzug-muehlhausen-03-1030x686.jpg 1030w, https:\/\/www.schwieger-architekten.de\/wp-content\/uploads\/2003\/02\/massregelvollzug-muehlhausen-03-400x267.jpg 400w, https:\/\/www.schwieger-architekten.de\/wp-content\/uploads\/2003\/02\/massregelvollzug-muehlhausen-03-768x512.jpg 768w, https:\/\/www.schwieger-architekten.de\/wp-content\/uploads\/2003\/02\/massregelvollzug-muehlhausen-03-120x80.jpg 120w, https:\/\/www.schwieger-architekten.de\/wp-content\/uploads\/2003\/02\/massregelvollzug-muehlhausen-03-1536x1024.jpg 1536w, https:\/\/www.schwieger-architekten.de\/wp-content\/uploads\/2003\/02\/massregelvollzug-muehlhausen-03-1500x1000.jpg 1500w, https:\/\/www.schwieger-architekten.de\/wp-content\/uploads\/2003\/02\/massregelvollzug-muehlhausen-03-705x470.jpg 705w, https:\/\/www.schwieger-architekten.de\/wp-content\/uploads\/2003\/02\/massregelvollzug-muehlhausen-03-225x150.jpg 225w, https:\/\/www.schwieger-architekten.de\/wp-content\/uploads\/2003\/02\/massregelvollzug-muehlhausen-03-180x120.jpg 180w, https:\/\/www.schwieger-architekten.de\/wp-content\/uploads\/2003\/02\/massregelvollzug-muehlhausen-03.jpg 1850w\" sizes=\"(max-width: 1030px) 100vw, 1030px\" \/><\/a><\/div><\/div><\/div><br \/>\n<section  class='av_textblock_section av-l3kbnnj0-0f8792313dae794d4c3883ded01b0d5c '   itemscope=\"itemscope\" itemtype=\"https:\/\/schema.org\/CreativeWork\" ><div class='avia_textblock'  itemprop=\"text\" ><p>&#8230;<\/p>\n<\/div><\/section><\/p><\/div><\/div><!--close column table wrapper. Autoclose: 1 --><div class='flex_column_table av-av_one_full-a8543977f9cae22cf4ed4a48b49e1fb0 sc-av_one_full av-equal-height-column-flextable'>\n<style type=\"text\/css\" data-created_by=\"avia_inline_auto\" id=\"style-css-av-av_one_full-a8543977f9cae22cf4ed4a48b49e1fb0\">\n#top .flex_column_table.av-equal-height-column-flextable.av-av_one_full-a8543977f9cae22cf4ed4a48b49e1fb0{\nmargin-top:10px;\nmargin-bottom:10px;\n}\n.flex_column.av-av_one_full-a8543977f9cae22cf4ed4a48b49e1fb0{\nwidth:100%;\nmargin-left:0;\n}\n#top .flex_column_table.av-equal-height-column-flextable.av-av_one_full-a8543977f9cae22cf4ed4a48b49e1fb0 .av-flex-placeholder{\nwidth:0%;\n}\n<\/style>\n<div  class='flex_column av-av_one_full-a8543977f9cae22cf4ed4a48b49e1fb0 av_one_full  avia-builder-el-11  el_after_av_one_full  el_before_av_one_full  first flex_column_table_cell av-equal-height-column av-align-middle  column-top-margin'     ><p>\n<style type=\"text\/css\" data-created_by=\"avia_inline_auto\" id=\"style-css-av-av_image-e380e9a1efbde012929d03597abc7bed\">\n.avia-image-container.av-av_image-e380e9a1efbde012929d03597abc7bed img.avia_image{\nbox-shadow:none;\n}\n.avia-image-container.av-av_image-e380e9a1efbde012929d03597abc7bed .av-image-caption-overlay-center{\ncolor:#ffffff;\n}\n<\/style>\n<div  class='avia-image-container av-av_image-e380e9a1efbde012929d03597abc7bed av-styling-no-styling av-img-linked avia-align-center  avia-builder-el-12  el_before_av_textblock  avia-builder-el-first '   itemprop=\"image\" itemscope=\"itemscope\" itemtype=\"https:\/\/schema.org\/ImageObject\" ><div class=\"avia-image-container-inner\"><div class=\"avia-image-overlay-wrap\"><a href=\"https:\/\/www.schwieger-architekten.de\/wp-content\/uploads\/2003\/02\/massregelvollzug-muehlhausen-06-1030x686.jpg\" data-srcset=\"https:\/\/www.schwieger-architekten.de\/wp-content\/uploads\/2003\/02\/massregelvollzug-muehlhausen-06-1030x686.jpg 1030w, https:\/\/www.schwieger-architekten.de\/wp-content\/uploads\/2003\/02\/massregelvollzug-muehlhausen-06-400x267.jpg 400w, https:\/\/www.schwieger-architekten.de\/wp-content\/uploads\/2003\/02\/massregelvollzug-muehlhausen-06-768x512.jpg 768w, https:\/\/www.schwieger-architekten.de\/wp-content\/uploads\/2003\/02\/massregelvollzug-muehlhausen-06-120x80.jpg 120w, https:\/\/www.schwieger-architekten.de\/wp-content\/uploads\/2003\/02\/massregelvollzug-muehlhausen-06-1536x1024.jpg 1536w, https:\/\/www.schwieger-architekten.de\/wp-content\/uploads\/2003\/02\/massregelvollzug-muehlhausen-06-1500x1000.jpg 1500w, https:\/\/www.schwieger-architekten.de\/wp-content\/uploads\/2003\/02\/massregelvollzug-muehlhausen-06-705x470.jpg 705w, https:\/\/www.schwieger-architekten.de\/wp-content\/uploads\/2003\/02\/massregelvollzug-muehlhausen-06-225x150.jpg 225w, https:\/\/www.schwieger-architekten.de\/wp-content\/uploads\/2003\/02\/massregelvollzug-muehlhausen-06-180x120.jpg 180w, https:\/\/www.schwieger-architekten.de\/wp-content\/uploads\/2003\/02\/massregelvollzug-muehlhausen-06.jpg 1850w\" data-sizes=\"(max-width: 1030px) 100vw, 1030px\" class='avia_image '  aria-label='Ma\u00dfregelvollzug M\u00fchlhausen'><img decoding=\"async\" fetchpriority=\"high\" class='wp-image-1540 avia-img-lazy-loading-not-1540 avia_image ' src=\"https:\/\/www.schwieger-architekten.de\/wp-content\/uploads\/2003\/02\/massregelvollzug-muehlhausen-06-1030x686.jpg\" alt='Ma\u00dfregelvollzug M\u00fchlhausen' title='Ma\u00dfregelvollzug M\u00fchlhausen'  height=\"686\" width=\"1030\"  itemprop=\"thumbnailUrl\" srcset=\"https:\/\/www.schwieger-architekten.de\/wp-content\/uploads\/2003\/02\/massregelvollzug-muehlhausen-06-1030x686.jpg 1030w, https:\/\/www.schwieger-architekten.de\/wp-content\/uploads\/2003\/02\/massregelvollzug-muehlhausen-06-400x267.jpg 400w, https:\/\/www.schwieger-architekten.de\/wp-content\/uploads\/2003\/02\/massregelvollzug-muehlhausen-06-768x512.jpg 768w, https:\/\/www.schwieger-architekten.de\/wp-content\/uploads\/2003\/02\/massregelvollzug-muehlhausen-06-120x80.jpg 120w, https:\/\/www.schwieger-architekten.de\/wp-content\/uploads\/2003\/02\/massregelvollzug-muehlhausen-06-1536x1024.jpg 1536w, https:\/\/www.schwieger-architekten.de\/wp-content\/uploads\/2003\/02\/massregelvollzug-muehlhausen-06-1500x1000.jpg 1500w, https:\/\/www.schwieger-architekten.de\/wp-content\/uploads\/2003\/02\/massregelvollzug-muehlhausen-06-705x470.jpg 705w, https:\/\/www.schwieger-architekten.de\/wp-content\/uploads\/2003\/02\/massregelvollzug-muehlhausen-06-225x150.jpg 225w, https:\/\/www.schwieger-architekten.de\/wp-content\/uploads\/2003\/02\/massregelvollzug-muehlhausen-06-180x120.jpg 180w, https:\/\/www.schwieger-architekten.de\/wp-content\/uploads\/2003\/02\/massregelvollzug-muehlhausen-06.jpg 1850w\" sizes=\"(max-width: 1030px) 100vw, 1030px\" \/><\/a><\/div><\/div><\/div><br \/>\n<section  class='av_textblock_section av-av_textblock-680d1dd74fcdec7afc3fe3ba63252e95 '   itemscope=\"itemscope\" itemtype=\"https:\/\/schema.org\/CreativeWork\" ><div class='avia_textblock'  itemprop=\"text\" ><p>Innenhof Cafeteria; Terrasse<\/p>\n<\/div><\/section><\/p><\/div><\/div><!--close column table wrapper. Autoclose: 1 --><div class='flex_column_table av-av_one_full-a8543977f9cae22cf4ed4a48b49e1fb0 sc-av_one_full av-equal-height-column-flextable'>\n<style type=\"text\/css\" data-created_by=\"avia_inline_auto\" id=\"style-css-av-av_one_full-a8543977f9cae22cf4ed4a48b49e1fb0\">\n#top .flex_column_table.av-equal-height-column-flextable.av-av_one_full-a8543977f9cae22cf4ed4a48b49e1fb0{\nmargin-top:10px;\nmargin-bottom:10px;\n}\n.flex_column.av-av_one_full-a8543977f9cae22cf4ed4a48b49e1fb0{\nwidth:100%;\nmargin-left:0;\n}\n#top .flex_column_table.av-equal-height-column-flextable.av-av_one_full-a8543977f9cae22cf4ed4a48b49e1fb0 .av-flex-placeholder{\nwidth:0%;\n}\n<\/style>\n<div  class='flex_column av-av_one_full-a8543977f9cae22cf4ed4a48b49e1fb0 av_one_full  avia-builder-el-14  el_after_av_one_full  el_before_av_one_full  first flex_column_table_cell av-equal-height-column av-align-middle  column-top-margin'     ><p>\n<style type=\"text\/css\" data-created_by=\"avia_inline_auto\" id=\"style-css-av-l3kborqm-397c4e88fe35f0e6ea03ffd0cb238915\">\n.avia-image-container.av-l3kborqm-397c4e88fe35f0e6ea03ffd0cb238915 img.avia_image{\nbox-shadow:none;\n}\n.avia-image-container.av-l3kborqm-397c4e88fe35f0e6ea03ffd0cb238915 .av-image-caption-overlay-center{\ncolor:#ffffff;\n}\n<\/style>\n<div  class='avia-image-container av-l3kborqm-397c4e88fe35f0e6ea03ffd0cb238915 av-styling-no-styling av-img-linked avia-align-center  avia-builder-el-15  el_before_av_textblock  avia-builder-el-first '   itemprop=\"image\" itemscope=\"itemscope\" itemtype=\"https:\/\/schema.org\/ImageObject\" ><div class=\"avia-image-container-inner\"><div class=\"avia-image-overlay-wrap\"><a href=\"https:\/\/www.schwieger-architekten.de\/wp-content\/uploads\/2003\/02\/massregelvollzug-muehlhausen-07-1030x686.jpg\" data-srcset=\"https:\/\/www.schwieger-architekten.de\/wp-content\/uploads\/2003\/02\/massregelvollzug-muehlhausen-07-1030x686.jpg 1030w, https:\/\/www.schwieger-architekten.de\/wp-content\/uploads\/2003\/02\/massregelvollzug-muehlhausen-07-400x267.jpg 400w, https:\/\/www.schwieger-architekten.de\/wp-content\/uploads\/2003\/02\/massregelvollzug-muehlhausen-07-768x512.jpg 768w, https:\/\/www.schwieger-architekten.de\/wp-content\/uploads\/2003\/02\/massregelvollzug-muehlhausen-07-120x80.jpg 120w, https:\/\/www.schwieger-architekten.de\/wp-content\/uploads\/2003\/02\/massregelvollzug-muehlhausen-07-1536x1024.jpg 1536w, https:\/\/www.schwieger-architekten.de\/wp-content\/uploads\/2003\/02\/massregelvollzug-muehlhausen-07-1500x1000.jpg 1500w, https:\/\/www.schwieger-architekten.de\/wp-content\/uploads\/2003\/02\/massregelvollzug-muehlhausen-07-705x470.jpg 705w, https:\/\/www.schwieger-architekten.de\/wp-content\/uploads\/2003\/02\/massregelvollzug-muehlhausen-07-225x150.jpg 225w, https:\/\/www.schwieger-architekten.de\/wp-content\/uploads\/2003\/02\/massregelvollzug-muehlhausen-07-180x120.jpg 180w, https:\/\/www.schwieger-architekten.de\/wp-content\/uploads\/2003\/02\/massregelvollzug-muehlhausen-07.jpg 1850w\" data-sizes=\"(max-width: 1030px) 100vw, 1030px\" class='avia_image '  aria-label='Ma\u00dfregelvollzug M\u00fchlhausen'><img decoding=\"async\" fetchpriority=\"high\" class='wp-image-1542 avia-img-lazy-loading-not-1542 avia_image ' src=\"https:\/\/www.schwieger-architekten.de\/wp-content\/uploads\/2003\/02\/massregelvollzug-muehlhausen-07-1030x686.jpg\" alt='' title='Ma\u00dfregelvollzug M\u00fchlhausen'  height=\"686\" width=\"1030\"  itemprop=\"thumbnailUrl\" srcset=\"https:\/\/www.schwieger-architekten.de\/wp-content\/uploads\/2003\/02\/massregelvollzug-muehlhausen-07-1030x686.jpg 1030w, https:\/\/www.schwieger-architekten.de\/wp-content\/uploads\/2003\/02\/massregelvollzug-muehlhausen-07-400x267.jpg 400w, https:\/\/www.schwieger-architekten.de\/wp-content\/uploads\/2003\/02\/massregelvollzug-muehlhausen-07-768x512.jpg 768w, https:\/\/www.schwieger-architekten.de\/wp-content\/uploads\/2003\/02\/massregelvollzug-muehlhausen-07-120x80.jpg 120w, https:\/\/www.schwieger-architekten.de\/wp-content\/uploads\/2003\/02\/massregelvollzug-muehlhausen-07-1536x1024.jpg 1536w, https:\/\/www.schwieger-architekten.de\/wp-content\/uploads\/2003\/02\/massregelvollzug-muehlhausen-07-1500x1000.jpg 1500w, https:\/\/www.schwieger-architekten.de\/wp-content\/uploads\/2003\/02\/massregelvollzug-muehlhausen-07-705x470.jpg 705w, https:\/\/www.schwieger-architekten.de\/wp-content\/uploads\/2003\/02\/massregelvollzug-muehlhausen-07-225x150.jpg 225w, https:\/\/www.schwieger-architekten.de\/wp-content\/uploads\/2003\/02\/massregelvollzug-muehlhausen-07-180x120.jpg 180w, https:\/\/www.schwieger-architekten.de\/wp-content\/uploads\/2003\/02\/massregelvollzug-muehlhausen-07.jpg 1850w\" sizes=\"(max-width: 1030px) 100vw, 1030px\" \/><\/a><\/div><\/div><\/div><br \/>\n<section  class='av_textblock_section av-l3kbo69y-a90d6a440e326d4e8d407b38806b027c '   itemscope=\"itemscope\" itemtype=\"https:\/\/schema.org\/CreativeWork\" ><div class='avia_textblock'  itemprop=\"text\" ><p>&#8230;<\/p>\n<\/div><\/section><\/p><\/div><\/div><!--close column table wrapper. Autoclose: 1 --><div class='flex_column_table av-av_one_full-a8543977f9cae22cf4ed4a48b49e1fb0 sc-av_one_full av-equal-height-column-flextable'>\n<style type=\"text\/css\" data-created_by=\"avia_inline_auto\" id=\"style-css-av-av_one_full-a8543977f9cae22cf4ed4a48b49e1fb0\">\n#top .flex_column_table.av-equal-height-column-flextable.av-av_one_full-a8543977f9cae22cf4ed4a48b49e1fb0{\nmargin-top:10px;\nmargin-bottom:10px;\n}\n.flex_column.av-av_one_full-a8543977f9cae22cf4ed4a48b49e1fb0{\nwidth:100%;\nmargin-left:0;\n}\n#top .flex_column_table.av-equal-height-column-flextable.av-av_one_full-a8543977f9cae22cf4ed4a48b49e1fb0 .av-flex-placeholder{\nwidth:0%;\n}\n<\/style>\n<div  class='flex_column av-av_one_full-a8543977f9cae22cf4ed4a48b49e1fb0 av_one_full  avia-builder-el-17  el_after_av_one_full  el_before_av_one_full  first flex_column_table_cell av-equal-height-column av-align-middle  column-top-margin'     ><p>\n<style type=\"text\/css\" data-created_by=\"avia_inline_auto\" id=\"style-css-av-l3kbp2rp-4ace66866725d70b73b0c38ae9efb1bb\">\n.avia-image-container.av-l3kbp2rp-4ace66866725d70b73b0c38ae9efb1bb img.avia_image{\nbox-shadow:none;\n}\n.avia-image-container.av-l3kbp2rp-4ace66866725d70b73b0c38ae9efb1bb .av-image-caption-overlay-center{\ncolor:#ffffff;\n}\n<\/style>\n<div  class='avia-image-container av-l3kbp2rp-4ace66866725d70b73b0c38ae9efb1bb av-styling-no-styling av-img-linked avia-align-center  avia-builder-el-18  el_before_av_textblock  avia-builder-el-first '   itemprop=\"image\" itemscope=\"itemscope\" itemtype=\"https:\/\/schema.org\/ImageObject\" ><div class=\"avia-image-container-inner\"><div class=\"avia-image-overlay-wrap\"><a href=\"https:\/\/www.schwieger-architekten.de\/wp-content\/uploads\/2003\/02\/massregelvollzug-muehlhausen-04-1030x686.jpg\" data-srcset=\"https:\/\/www.schwieger-architekten.de\/wp-content\/uploads\/2003\/02\/massregelvollzug-muehlhausen-04-1030x686.jpg 1030w, https:\/\/www.schwieger-architekten.de\/wp-content\/uploads\/2003\/02\/massregelvollzug-muehlhausen-04-400x267.jpg 400w, https:\/\/www.schwieger-architekten.de\/wp-content\/uploads\/2003\/02\/massregelvollzug-muehlhausen-04-768x512.jpg 768w, https:\/\/www.schwieger-architekten.de\/wp-content\/uploads\/2003\/02\/massregelvollzug-muehlhausen-04-120x80.jpg 120w, https:\/\/www.schwieger-architekten.de\/wp-content\/uploads\/2003\/02\/massregelvollzug-muehlhausen-04-1536x1024.jpg 1536w, https:\/\/www.schwieger-architekten.de\/wp-content\/uploads\/2003\/02\/massregelvollzug-muehlhausen-04-1500x1000.jpg 1500w, https:\/\/www.schwieger-architekten.de\/wp-content\/uploads\/2003\/02\/massregelvollzug-muehlhausen-04-705x470.jpg 705w, https:\/\/www.schwieger-architekten.de\/wp-content\/uploads\/2003\/02\/massregelvollzug-muehlhausen-04-225x150.jpg 225w, https:\/\/www.schwieger-architekten.de\/wp-content\/uploads\/2003\/02\/massregelvollzug-muehlhausen-04-180x120.jpg 180w, https:\/\/www.schwieger-architekten.de\/wp-content\/uploads\/2003\/02\/massregelvollzug-muehlhausen-04.jpg 1850w\" data-sizes=\"(max-width: 1030px) 100vw, 1030px\" class='avia_image '  aria-label='Ma\u00dfregelvollzug M\u00fchlhausen'><img decoding=\"async\" fetchpriority=\"high\" class='wp-image-1536 avia-img-lazy-loading-not-1536 avia_image ' src=\"https:\/\/www.schwieger-architekten.de\/wp-content\/uploads\/2003\/02\/massregelvollzug-muehlhausen-04-1030x686.jpg\" alt='Ma\u00dfregelvollzug M\u00fchlhausen' title='Ma\u00dfregelvollzug M\u00fchlhausen'  height=\"686\" width=\"1030\"  itemprop=\"thumbnailUrl\" srcset=\"https:\/\/www.schwieger-architekten.de\/wp-content\/uploads\/2003\/02\/massregelvollzug-muehlhausen-04-1030x686.jpg 1030w, https:\/\/www.schwieger-architekten.de\/wp-content\/uploads\/2003\/02\/massregelvollzug-muehlhausen-04-400x267.jpg 400w, https:\/\/www.schwieger-architekten.de\/wp-content\/uploads\/2003\/02\/massregelvollzug-muehlhausen-04-768x512.jpg 768w, https:\/\/www.schwieger-architekten.de\/wp-content\/uploads\/2003\/02\/massregelvollzug-muehlhausen-04-120x80.jpg 120w, https:\/\/www.schwieger-architekten.de\/wp-content\/uploads\/2003\/02\/massregelvollzug-muehlhausen-04-1536x1024.jpg 1536w, https:\/\/www.schwieger-architekten.de\/wp-content\/uploads\/2003\/02\/massregelvollzug-muehlhausen-04-1500x1000.jpg 1500w, https:\/\/www.schwieger-architekten.de\/wp-content\/uploads\/2003\/02\/massregelvollzug-muehlhausen-04-705x470.jpg 705w, https:\/\/www.schwieger-architekten.de\/wp-content\/uploads\/2003\/02\/massregelvollzug-muehlhausen-04-225x150.jpg 225w, https:\/\/www.schwieger-architekten.de\/wp-content\/uploads\/2003\/02\/massregelvollzug-muehlhausen-04-180x120.jpg 180w, https:\/\/www.schwieger-architekten.de\/wp-content\/uploads\/2003\/02\/massregelvollzug-muehlhausen-04.jpg 1850w\" sizes=\"(max-width: 1030px) 100vw, 1030px\" \/><\/a><\/div><\/div><\/div><br \/>\n<section  class='av_textblock_section av-av_textblock-680d1dd74fcdec7afc3fe3ba63252e95 '   itemscope=\"itemscope\" itemtype=\"https:\/\/schema.org\/CreativeWork\" ><div class='avia_textblock'  itemprop=\"text\" ><p>&#8230;<\/p>\n<\/div><\/section><\/p><\/div><\/div><!--close column table wrapper. Autoclose: 1 --><div class='flex_column_table av-av_one_full-a8543977f9cae22cf4ed4a48b49e1fb0 sc-av_one_full av-equal-height-column-flextable'>\n<style type=\"text\/css\" data-created_by=\"avia_inline_auto\" id=\"style-css-av-av_one_full-a8543977f9cae22cf4ed4a48b49e1fb0\">\n#top .flex_column_table.av-equal-height-column-flextable.av-av_one_full-a8543977f9cae22cf4ed4a48b49e1fb0{\nmargin-top:10px;\nmargin-bottom:10px;\n}\n.flex_column.av-av_one_full-a8543977f9cae22cf4ed4a48b49e1fb0{\nwidth:100%;\nmargin-left:0;\n}\n#top .flex_column_table.av-equal-height-column-flextable.av-av_one_full-a8543977f9cae22cf4ed4a48b49e1fb0 .av-flex-placeholder{\nwidth:0%;\n}\n<\/style>\n<div  class='flex_column av-av_one_full-a8543977f9cae22cf4ed4a48b49e1fb0 av_one_full  avia-builder-el-20  el_after_av_one_full  el_before_av_one_full  first flex_column_table_cell av-equal-height-column av-align-middle  column-top-margin'     ><p>\n<style type=\"text\/css\" data-created_by=\"avia_inline_auto\" id=\"style-css-av-l3kbpep4-7f3eac55a21d79f8d9691e0910a3bd64\">\n.avia-image-container.av-l3kbpep4-7f3eac55a21d79f8d9691e0910a3bd64 img.avia_image{\nbox-shadow:none;\n}\n.avia-image-container.av-l3kbpep4-7f3eac55a21d79f8d9691e0910a3bd64 .av-image-caption-overlay-center{\ncolor:#ffffff;\n}\n<\/style>\n<div  class='avia-image-container av-l3kbpep4-7f3eac55a21d79f8d9691e0910a3bd64 av-styling-no-styling av-img-linked avia-align-center  avia-builder-el-21  el_before_av_textblock  avia-builder-el-first '   itemprop=\"image\" itemscope=\"itemscope\" itemtype=\"https:\/\/schema.org\/ImageObject\" ><div class=\"avia-image-container-inner\"><div class=\"avia-image-overlay-wrap\"><a href=\"https:\/\/www.schwieger-architekten.de\/wp-content\/uploads\/2003\/02\/massregelvollzug-muehlhausen-08-1030x686.jpg\" data-srcset=\"https:\/\/www.schwieger-architekten.de\/wp-content\/uploads\/2003\/02\/massregelvollzug-muehlhausen-08-1030x686.jpg 1030w, https:\/\/www.schwieger-architekten.de\/wp-content\/uploads\/2003\/02\/massregelvollzug-muehlhausen-08-400x267.jpg 400w, https:\/\/www.schwieger-architekten.de\/wp-content\/uploads\/2003\/02\/massregelvollzug-muehlhausen-08-768x512.jpg 768w, https:\/\/www.schwieger-architekten.de\/wp-content\/uploads\/2003\/02\/massregelvollzug-muehlhausen-08-120x80.jpg 120w, https:\/\/www.schwieger-architekten.de\/wp-content\/uploads\/2003\/02\/massregelvollzug-muehlhausen-08-1536x1024.jpg 1536w, https:\/\/www.schwieger-architekten.de\/wp-content\/uploads\/2003\/02\/massregelvollzug-muehlhausen-08-1500x1000.jpg 1500w, https:\/\/www.schwieger-architekten.de\/wp-content\/uploads\/2003\/02\/massregelvollzug-muehlhausen-08-705x470.jpg 705w, https:\/\/www.schwieger-architekten.de\/wp-content\/uploads\/2003\/02\/massregelvollzug-muehlhausen-08-225x150.jpg 225w, https:\/\/www.schwieger-architekten.de\/wp-content\/uploads\/2003\/02\/massregelvollzug-muehlhausen-08-180x120.jpg 180w, https:\/\/www.schwieger-architekten.de\/wp-content\/uploads\/2003\/02\/massregelvollzug-muehlhausen-08.jpg 1850w\" data-sizes=\"(max-width: 1030px) 100vw, 1030px\" class='avia_image '  aria-label='Ma\u00dfregelvollzug M\u00fchlhausen'><img decoding=\"async\" fetchpriority=\"high\" class='wp-image-1544 avia-img-lazy-loading-not-1544 avia_image ' src=\"https:\/\/www.schwieger-architekten.de\/wp-content\/uploads\/2003\/02\/massregelvollzug-muehlhausen-08-1030x686.jpg\" alt='Ma\u00dfregelvollzug M\u00fchlhausen' title='Ma\u00dfregelvollzug M\u00fchlhausen'  height=\"686\" width=\"1030\"  itemprop=\"thumbnailUrl\" srcset=\"https:\/\/www.schwieger-architekten.de\/wp-content\/uploads\/2003\/02\/massregelvollzug-muehlhausen-08-1030x686.jpg 1030w, https:\/\/www.schwieger-architekten.de\/wp-content\/uploads\/2003\/02\/massregelvollzug-muehlhausen-08-400x267.jpg 400w, https:\/\/www.schwieger-architekten.de\/wp-content\/uploads\/2003\/02\/massregelvollzug-muehlhausen-08-768x512.jpg 768w, https:\/\/www.schwieger-architekten.de\/wp-content\/uploads\/2003\/02\/massregelvollzug-muehlhausen-08-120x80.jpg 120w, https:\/\/www.schwieger-architekten.de\/wp-content\/uploads\/2003\/02\/massregelvollzug-muehlhausen-08-1536x1024.jpg 1536w, https:\/\/www.schwieger-architekten.de\/wp-content\/uploads\/2003\/02\/massregelvollzug-muehlhausen-08-1500x1000.jpg 1500w, https:\/\/www.schwieger-architekten.de\/wp-content\/uploads\/2003\/02\/massregelvollzug-muehlhausen-08-705x470.jpg 705w, https:\/\/www.schwieger-architekten.de\/wp-content\/uploads\/2003\/02\/massregelvollzug-muehlhausen-08-225x150.jpg 225w, https:\/\/www.schwieger-architekten.de\/wp-content\/uploads\/2003\/02\/massregelvollzug-muehlhausen-08-180x120.jpg 180w, https:\/\/www.schwieger-architekten.de\/wp-content\/uploads\/2003\/02\/massregelvollzug-muehlhausen-08.jpg 1850w\" sizes=\"(max-width: 1030px) 100vw, 1030px\" \/><\/a><\/div><\/div><\/div><br \/>\n<section  class='av_textblock_section av-av_textblock-680d1dd74fcdec7afc3fe3ba63252e95 '   itemscope=\"itemscope\" itemtype=\"https:\/\/schema.org\/CreativeWork\" ><div class='avia_textblock'  itemprop=\"text\" ><p>&#8230;<\/p>\n<\/div><\/section><\/p><\/div><\/div><!--close column table wrapper. Autoclose: 1 --><div class='flex_column_table av-av_one_full-a8543977f9cae22cf4ed4a48b49e1fb0 sc-av_one_full av-equal-height-column-flextable'>\n<style type=\"text\/css\" data-created_by=\"avia_inline_auto\" id=\"style-css-av-av_one_full-a8543977f9cae22cf4ed4a48b49e1fb0\">\n#top .flex_column_table.av-equal-height-column-flextable.av-av_one_full-a8543977f9cae22cf4ed4a48b49e1fb0{\nmargin-top:10px;\nmargin-bottom:10px;\n}\n.flex_column.av-av_one_full-a8543977f9cae22cf4ed4a48b49e1fb0{\nwidth:100%;\nmargin-left:0;\n}\n#top .flex_column_table.av-equal-height-column-flextable.av-av_one_full-a8543977f9cae22cf4ed4a48b49e1fb0 .av-flex-placeholder{\nwidth:0%;\n}\n<\/style>\n<div  class='flex_column av-av_one_full-a8543977f9cae22cf4ed4a48b49e1fb0 av_one_full  avia-builder-el-23  el_after_av_one_full  el_before_av_one_full  first flex_column_table_cell av-equal-height-column av-align-middle  column-top-margin'     ><p>\n<style type=\"text\/css\" data-created_by=\"avia_inline_auto\" id=\"style-css-av-av_image-de332e8ab15c6ba11940244199ab0699\">\n.avia-image-container.av-av_image-de332e8ab15c6ba11940244199ab0699 img.avia_image{\nbox-shadow:none;\n}\n.avia-image-container.av-av_image-de332e8ab15c6ba11940244199ab0699 .av-image-caption-overlay-center{\ncolor:#ffffff;\n}\n<\/style>\n<div  class='avia-image-container av-av_image-de332e8ab15c6ba11940244199ab0699 av-styling-no-styling av-img-linked avia-align-center  avia-builder-el-24  el_before_av_textblock  avia-builder-el-first '   itemprop=\"image\" itemscope=\"itemscope\" itemtype=\"https:\/\/schema.org\/ImageObject\" ><div class=\"avia-image-container-inner\"><div class=\"avia-image-overlay-wrap\"><a href=\"https:\/\/www.schwieger-architekten.de\/wp-content\/uploads\/2003\/02\/massregelvollzug-muehlhausen-09-1030x580.jpg\" data-srcset=\"https:\/\/www.schwieger-architekten.de\/wp-content\/uploads\/2003\/02\/massregelvollzug-muehlhausen-09-1030x580.jpg 1030w, https:\/\/www.schwieger-architekten.de\/wp-content\/uploads\/2003\/02\/massregelvollzug-muehlhausen-09-400x225.jpg 400w, https:\/\/www.schwieger-architekten.de\/wp-content\/uploads\/2003\/02\/massregelvollzug-muehlhausen-09-768x432.jpg 768w, https:\/\/www.schwieger-architekten.de\/wp-content\/uploads\/2003\/02\/massregelvollzug-muehlhausen-09-1536x864.jpg 1536w, https:\/\/www.schwieger-architekten.de\/wp-content\/uploads\/2003\/02\/massregelvollzug-muehlhausen-09-1500x844.jpg 1500w, https:\/\/www.schwieger-architekten.de\/wp-content\/uploads\/2003\/02\/massregelvollzug-muehlhausen-09-705x397.jpg 705w, https:\/\/www.schwieger-architekten.de\/wp-content\/uploads\/2003\/02\/massregelvollzug-muehlhausen-09-267x150.jpg 267w, https:\/\/www.schwieger-architekten.de\/wp-content\/uploads\/2003\/02\/massregelvollzug-muehlhausen-09-213x120.jpg 213w, https:\/\/www.schwieger-architekten.de\/wp-content\/uploads\/2003\/02\/massregelvollzug-muehlhausen-09.jpg 1850w\" data-sizes=\"(max-width: 1030px) 100vw, 1030px\" class='avia_image '  aria-label='Ma\u00dfregelvollzug M\u00fchlhausen'><img decoding=\"async\" fetchpriority=\"high\" class='wp-image-1546 avia-img-lazy-loading-not-1546 avia_image ' src=\"https:\/\/www.schwieger-architekten.de\/wp-content\/uploads\/2003\/02\/massregelvollzug-muehlhausen-09-1030x580.jpg\" alt='' title='Ma\u00dfregelvollzug M\u00fchlhausen'  height=\"580\" width=\"1030\"  itemprop=\"thumbnailUrl\" srcset=\"https:\/\/www.schwieger-architekten.de\/wp-content\/uploads\/2003\/02\/massregelvollzug-muehlhausen-09-1030x580.jpg 1030w, https:\/\/www.schwieger-architekten.de\/wp-content\/uploads\/2003\/02\/massregelvollzug-muehlhausen-09-400x225.jpg 400w, https:\/\/www.schwieger-architekten.de\/wp-content\/uploads\/2003\/02\/massregelvollzug-muehlhausen-09-768x432.jpg 768w, https:\/\/www.schwieger-architekten.de\/wp-content\/uploads\/2003\/02\/massregelvollzug-muehlhausen-09-1536x864.jpg 1536w, https:\/\/www.schwieger-architekten.de\/wp-content\/uploads\/2003\/02\/massregelvollzug-muehlhausen-09-1500x844.jpg 1500w, https:\/\/www.schwieger-architekten.de\/wp-content\/uploads\/2003\/02\/massregelvollzug-muehlhausen-09-705x397.jpg 705w, https:\/\/www.schwieger-architekten.de\/wp-content\/uploads\/2003\/02\/massregelvollzug-muehlhausen-09-267x150.jpg 267w, https:\/\/www.schwieger-architekten.de\/wp-content\/uploads\/2003\/02\/massregelvollzug-muehlhausen-09-213x120.jpg 213w, https:\/\/www.schwieger-architekten.de\/wp-content\/uploads\/2003\/02\/massregelvollzug-muehlhausen-09.jpg 1850w\" sizes=\"(max-width: 1030px) 100vw, 1030px\" \/><\/a><\/div><\/div><\/div><br \/>\n<section  class='av_textblock_section av-av_textblock-680d1dd74fcdec7afc3fe3ba63252e95 '   itemscope=\"itemscope\" itemtype=\"https:\/\/schema.org\/CreativeWork\" ><div class='avia_textblock'  itemprop=\"text\" ><p>&#8230;<\/p>\n<\/div><\/section><\/p><\/div><\/div><!--close column table wrapper. Autoclose: 1 --><div class='flex_column_table av-av_one_full-a8543977f9cae22cf4ed4a48b49e1fb0 sc-av_one_full av-equal-height-column-flextable'>\n<style type=\"text\/css\" data-created_by=\"avia_inline_auto\" id=\"style-css-av-av_one_full-a8543977f9cae22cf4ed4a48b49e1fb0\">\n#top .flex_column_table.av-equal-height-column-flextable.av-av_one_full-a8543977f9cae22cf4ed4a48b49e1fb0{\nmargin-top:10px;\nmargin-bottom:10px;\n}\n.flex_column.av-av_one_full-a8543977f9cae22cf4ed4a48b49e1fb0{\nwidth:100%;\nmargin-left:0;\n}\n#top .flex_column_table.av-equal-height-column-flextable.av-av_one_full-a8543977f9cae22cf4ed4a48b49e1fb0 .av-flex-placeholder{\nwidth:0%;\n}\n<\/style>\n<div  class='flex_column av-av_one_full-a8543977f9cae22cf4ed4a48b49e1fb0 av_one_full  avia-builder-el-26  el_after_av_one_full  el_before_av_one_full  first flex_column_table_cell av-equal-height-column av-align-middle  column-top-margin'     ><p>\n<style type=\"text\/css\" data-created_by=\"avia_inline_auto\" id=\"style-css-av-l3kbql8q-00e59a2563f1c42dab598ccf68dcc0a0\">\n.avia-image-container.av-l3kbql8q-00e59a2563f1c42dab598ccf68dcc0a0 img.avia_image{\nbox-shadow:none;\n}\n.avia-image-container.av-l3kbql8q-00e59a2563f1c42dab598ccf68dcc0a0 .av-image-caption-overlay-center{\ncolor:#ffffff;\n}\n<\/style>\n<div  class='avia-image-container av-l3kbql8q-00e59a2563f1c42dab598ccf68dcc0a0 av-styling-no-styling av-img-linked avia-align-center  avia-builder-el-27  el_before_av_textblock  avia-builder-el-first '   itemprop=\"image\" itemscope=\"itemscope\" itemtype=\"https:\/\/schema.org\/ImageObject\" ><div class=\"avia-image-container-inner\"><div class=\"avia-image-overlay-wrap\"><a href=\"https:\/\/www.schwieger-architekten.de\/wp-content\/uploads\/2003\/02\/massregelvollzug-muehlhausen-10-1030x686.jpg\" data-srcset=\"https:\/\/www.schwieger-architekten.de\/wp-content\/uploads\/2003\/02\/massregelvollzug-muehlhausen-10-1030x686.jpg 1030w, https:\/\/www.schwieger-architekten.de\/wp-content\/uploads\/2003\/02\/massregelvollzug-muehlhausen-10-400x267.jpg 400w, https:\/\/www.schwieger-architekten.de\/wp-content\/uploads\/2003\/02\/massregelvollzug-muehlhausen-10-768x512.jpg 768w, https:\/\/www.schwieger-architekten.de\/wp-content\/uploads\/2003\/02\/massregelvollzug-muehlhausen-10-120x80.jpg 120w, https:\/\/www.schwieger-architekten.de\/wp-content\/uploads\/2003\/02\/massregelvollzug-muehlhausen-10-1536x1024.jpg 1536w, https:\/\/www.schwieger-architekten.de\/wp-content\/uploads\/2003\/02\/massregelvollzug-muehlhausen-10-1500x1000.jpg 1500w, https:\/\/www.schwieger-architekten.de\/wp-content\/uploads\/2003\/02\/massregelvollzug-muehlhausen-10-705x470.jpg 705w, https:\/\/www.schwieger-architekten.de\/wp-content\/uploads\/2003\/02\/massregelvollzug-muehlhausen-10-225x150.jpg 225w, https:\/\/www.schwieger-architekten.de\/wp-content\/uploads\/2003\/02\/massregelvollzug-muehlhausen-10-180x120.jpg 180w, https:\/\/www.schwieger-architekten.de\/wp-content\/uploads\/2003\/02\/massregelvollzug-muehlhausen-10.jpg 1850w\" data-sizes=\"(max-width: 1030px) 100vw, 1030px\" class='avia_image '  aria-label='Ma\u00dfregelvollzug M\u00fchlhausen'><img decoding=\"async\" fetchpriority=\"high\" class='wp-image-1548 avia-img-lazy-loading-not-1548 avia_image ' src=\"https:\/\/www.schwieger-architekten.de\/wp-content\/uploads\/2003\/02\/massregelvollzug-muehlhausen-10-1030x686.jpg\" alt='Ma\u00dfregelvollzug M\u00fchlhausen' title='Ma\u00dfregelvollzug M\u00fchlhausen'  height=\"686\" width=\"1030\"  itemprop=\"thumbnailUrl\" srcset=\"https:\/\/www.schwieger-architekten.de\/wp-content\/uploads\/2003\/02\/massregelvollzug-muehlhausen-10-1030x686.jpg 1030w, https:\/\/www.schwieger-architekten.de\/wp-content\/uploads\/2003\/02\/massregelvollzug-muehlhausen-10-400x267.jpg 400w, https:\/\/www.schwieger-architekten.de\/wp-content\/uploads\/2003\/02\/massregelvollzug-muehlhausen-10-768x512.jpg 768w, https:\/\/www.schwieger-architekten.de\/wp-content\/uploads\/2003\/02\/massregelvollzug-muehlhausen-10-120x80.jpg 120w, https:\/\/www.schwieger-architekten.de\/wp-content\/uploads\/2003\/02\/massregelvollzug-muehlhausen-10-1536x1024.jpg 1536w, https:\/\/www.schwieger-architekten.de\/wp-content\/uploads\/2003\/02\/massregelvollzug-muehlhausen-10-1500x1000.jpg 1500w, https:\/\/www.schwieger-architekten.de\/wp-content\/uploads\/2003\/02\/massregelvollzug-muehlhausen-10-705x470.jpg 705w, https:\/\/www.schwieger-architekten.de\/wp-content\/uploads\/2003\/02\/massregelvollzug-muehlhausen-10-225x150.jpg 225w, https:\/\/www.schwieger-architekten.de\/wp-content\/uploads\/2003\/02\/massregelvollzug-muehlhausen-10-180x120.jpg 180w, https:\/\/www.schwieger-architekten.de\/wp-content\/uploads\/2003\/02\/massregelvollzug-muehlhausen-10.jpg 1850w\" sizes=\"(max-width: 1030px) 100vw, 1030px\" \/><\/a><\/div><\/div><\/div><br \/>\n<section  class='av_textblock_section av-av_textblock-680d1dd74fcdec7afc3fe3ba63252e95 '   itemscope=\"itemscope\" itemtype=\"https:\/\/schema.org\/CreativeWork\" ><div class='avia_textblock'  itemprop=\"text\" ><p>&#8230;<\/p>\n<\/div><\/section><\/p><\/div><\/div><!--close column table wrapper. Autoclose: 1 --><div class='flex_column_table av-av_one_full-a8543977f9cae22cf4ed4a48b49e1fb0 sc-av_one_full av-equal-height-column-flextable'>\n<style type=\"text\/css\" data-created_by=\"avia_inline_auto\" id=\"style-css-av-av_one_full-a8543977f9cae22cf4ed4a48b49e1fb0\">\n#top .flex_column_table.av-equal-height-column-flextable.av-av_one_full-a8543977f9cae22cf4ed4a48b49e1fb0{\nmargin-top:10px;\nmargin-bottom:10px;\n}\n.flex_column.av-av_one_full-a8543977f9cae22cf4ed4a48b49e1fb0{\nwidth:100%;\nmargin-left:0;\n}\n#top .flex_column_table.av-equal-height-column-flextable.av-av_one_full-a8543977f9cae22cf4ed4a48b49e1fb0 .av-flex-placeholder{\nwidth:0%;\n}\n<\/style>\n<div  class='flex_column av-av_one_full-a8543977f9cae22cf4ed4a48b49e1fb0 av_one_full  avia-builder-el-29  el_after_av_one_full  avia-builder-el-last  first flex_column_table_cell av-equal-height-column av-align-middle  column-top-margin'     ><p>\n<style type=\"text\/css\" data-created_by=\"avia_inline_auto\" id=\"style-css-av-l3kbquot-8ab620fb37b6950079d83f902b200e6c\">\n.avia-image-container.av-l3kbquot-8ab620fb37b6950079d83f902b200e6c img.avia_image{\nbox-shadow:none;\n}\n.avia-image-container.av-l3kbquot-8ab620fb37b6950079d83f902b200e6c .av-image-caption-overlay-center{\ncolor:#ffffff;\n}\n<\/style>\n<div  class='avia-image-container av-l3kbquot-8ab620fb37b6950079d83f902b200e6c av-styling-no-styling av-img-linked avia-align-center  avia-builder-el-30  el_before_av_textblock  avia-builder-el-first '   itemprop=\"image\" itemscope=\"itemscope\" itemtype=\"https:\/\/schema.org\/ImageObject\" ><div class=\"avia-image-container-inner\"><div class=\"avia-image-overlay-wrap\"><a href=\"https:\/\/www.schwieger-architekten.de\/wp-content\/uploads\/2003\/02\/massregelvollzug-muehlhausen-11-1030x686.jpg\" data-srcset=\"https:\/\/www.schwieger-architekten.de\/wp-content\/uploads\/2003\/02\/massregelvollzug-muehlhausen-11-1030x686.jpg 1030w, https:\/\/www.schwieger-architekten.de\/wp-content\/uploads\/2003\/02\/massregelvollzug-muehlhausen-11-400x267.jpg 400w, https:\/\/www.schwieger-architekten.de\/wp-content\/uploads\/2003\/02\/massregelvollzug-muehlhausen-11-768x512.jpg 768w, https:\/\/www.schwieger-architekten.de\/wp-content\/uploads\/2003\/02\/massregelvollzug-muehlhausen-11-120x80.jpg 120w, https:\/\/www.schwieger-architekten.de\/wp-content\/uploads\/2003\/02\/massregelvollzug-muehlhausen-11-1536x1024.jpg 1536w, https:\/\/www.schwieger-architekten.de\/wp-content\/uploads\/2003\/02\/massregelvollzug-muehlhausen-11-1500x1000.jpg 1500w, https:\/\/www.schwieger-architekten.de\/wp-content\/uploads\/2003\/02\/massregelvollzug-muehlhausen-11-705x470.jpg 705w, https:\/\/www.schwieger-architekten.de\/wp-content\/uploads\/2003\/02\/massregelvollzug-muehlhausen-11-225x150.jpg 225w, https:\/\/www.schwieger-architekten.de\/wp-content\/uploads\/2003\/02\/massregelvollzug-muehlhausen-11-180x120.jpg 180w, https:\/\/www.schwieger-architekten.de\/wp-content\/uploads\/2003\/02\/massregelvollzug-muehlhausen-11.jpg 1850w\" data-sizes=\"(max-width: 1030px) 100vw, 1030px\" class='avia_image '  aria-label='Ma\u00dfregelvollzug M\u00fchlhausen'><img decoding=\"async\" fetchpriority=\"high\" class='wp-image-1550 avia-img-lazy-loading-not-1550 avia_image ' src=\"https:\/\/www.schwieger-architekten.de\/wp-content\/uploads\/2003\/02\/massregelvollzug-muehlhausen-11-1030x686.jpg\" alt='Ma\u00dfregelvollzug M\u00fchlhausen' title='Ma\u00dfregelvollzug M\u00fchlhausen'  height=\"686\" width=\"1030\"  itemprop=\"thumbnailUrl\" srcset=\"https:\/\/www.schwieger-architekten.de\/wp-content\/uploads\/2003\/02\/massregelvollzug-muehlhausen-11-1030x686.jpg 1030w, https:\/\/www.schwieger-architekten.de\/wp-content\/uploads\/2003\/02\/massregelvollzug-muehlhausen-11-400x267.jpg 400w, https:\/\/www.schwieger-architekten.de\/wp-content\/uploads\/2003\/02\/massregelvollzug-muehlhausen-11-768x512.jpg 768w, https:\/\/www.schwieger-architekten.de\/wp-content\/uploads\/2003\/02\/massregelvollzug-muehlhausen-11-120x80.jpg 120w, https:\/\/www.schwieger-architekten.de\/wp-content\/uploads\/2003\/02\/massregelvollzug-muehlhausen-11-1536x1024.jpg 1536w, https:\/\/www.schwieger-architekten.de\/wp-content\/uploads\/2003\/02\/massregelvollzug-muehlhausen-11-1500x1000.jpg 1500w, https:\/\/www.schwieger-architekten.de\/wp-content\/uploads\/2003\/02\/massregelvollzug-muehlhausen-11-705x470.jpg 705w, https:\/\/www.schwieger-architekten.de\/wp-content\/uploads\/2003\/02\/massregelvollzug-muehlhausen-11-225x150.jpg 225w, https:\/\/www.schwieger-architekten.de\/wp-content\/uploads\/2003\/02\/massregelvollzug-muehlhausen-11-180x120.jpg 180w, https:\/\/www.schwieger-architekten.de\/wp-content\/uploads\/2003\/02\/massregelvollzug-muehlhausen-11.jpg 1850w\" sizes=\"(max-width: 1030px) 100vw, 1030px\" \/><\/a><\/div><\/div><\/div><br \/>\n<section  class='av_textblock_section av-av_textblock-680d1dd74fcdec7afc3fe3ba63252e95 '   itemscope=\"itemscope\" itemtype=\"https:\/\/schema.org\/CreativeWork\" ><div class='avia_textblock'  itemprop=\"text\" ><p>&#8230;<\/p>\n<\/div><\/section><\/p><\/div><\/div><!--close column table wrapper. Autoclose: 1 --><\/p>\n","protected":false},"excerpt":{"rendered":"<p>\u00d6kumenisches Hainich Klinikum gGmbH<br \/>\n1. Preis Mehrfachbeauftragung<\/p>\n","protected":false},"author":1,"featured_media":942,"comment_status":"closed","ping_status":"closed","template":"","meta":{"footnotes":""},"tags":[],"portfolio_entries":[17,21],"class_list":["post-156","portfolio","type-portfolio","status-publish","has-post-thumbnail","hentry","portfolio_entries-gesundheit","portfolio_entries-wettbewerbe"],"yoast_head":"<!-- This site is optimized with the Yoast SEO plugin v27.0 - https:\/\/yoast.com\/product\/yoast-seo-wordpress\/ -->\n<title>Ma\u00dfregelvollzug M\u00fchlhausen | Schwieger Architekten G\u00f6ttingen<\/title>\n<meta name=\"description\" content=\"1. Preis im Wettbewerb und Mehrfachbeauftragung f\u00fcr den Neubau des Ma\u00dfregelvollzug in M\u00fchlhausen von Schwieger Architekten aus G\u00f6ttingen.\" \/>\n<meta name=\"robots\" content=\"index, follow, max-snippet:-1, max-image-preview:large, max-video-preview:-1\" \/>\n<link rel=\"canonical\" href=\"https:\/\/www.schwieger-architekten.de\/de\/projekt\/massregelvollzug-muehlhausen\/\" \/>\n<meta property=\"og:locale\" content=\"de_DE\" \/>\n<meta property=\"og:type\" content=\"article\" \/>\n<meta property=\"og:title\" content=\"Ma\u00dfregelvollzug M\u00fchlhausen | Schwieger Architekten G\u00f6ttingen\" \/>\n<meta property=\"og:description\" content=\"1. Preis im Wettbewerb und Mehrfachbeauftragung f\u00fcr den Neubau des Ma\u00dfregelvollzug in M\u00fchlhausen von Schwieger Architekten aus G\u00f6ttingen.\" \/>\n<meta property=\"og:url\" content=\"https:\/\/www.schwieger-architekten.de\/de\/projekt\/massregelvollzug-muehlhausen\/\" \/>\n<meta property=\"og:site_name\" content=\"Schwieger Architekten\" \/>\n<meta property=\"article:modified_time\" content=\"2023-06-05T08:22:45+00:00\" \/>\n<meta property=\"og:image\" content=\"https:\/\/www.schwieger-architekten.de\/wp-content\/uploads\/2003\/02\/massregelvollzug-muehlhausen.jpg\" \/>\n\t<meta property=\"og:image:width\" content=\"900\" \/>\n\t<meta property=\"og:image:height\" content=\"600\" \/>\n\t<meta property=\"og:image:type\" content=\"image\/jpeg\" \/>\n<meta name=\"twitter:card\" content=\"summary_large_image\" \/>\n<meta name=\"twitter:label1\" content=\"Gesch\u00e4tzte Lesezeit\" \/>\n\t<meta name=\"twitter:data1\" content=\"7\u00a0Minuten\" \/>\n<script type=\"application\/ld+json\" class=\"yoast-schema-graph\">{\"@context\":\"https:\/\/schema.org\",\"@graph\":[{\"@type\":\"WebPage\",\"@id\":\"https:\/\/www.schwieger-architekten.de\/de\/projekt\/massregelvollzug-muehlhausen\/\",\"url\":\"https:\/\/www.schwieger-architekten.de\/de\/projekt\/massregelvollzug-muehlhausen\/\",\"name\":\"Ma\u00dfregelvollzug M\u00fchlhausen | Schwieger Architekten G\u00f6ttingen\",\"isPartOf\":{\"@id\":\"https:\/\/www.schwieger-architekten.de\/de\/#website\"},\"primaryImageOfPage\":{\"@id\":\"https:\/\/www.schwieger-architekten.de\/de\/projekt\/massregelvollzug-muehlhausen\/#primaryimage\"},\"image\":{\"@id\":\"https:\/\/www.schwieger-architekten.de\/de\/projekt\/massregelvollzug-muehlhausen\/#primaryimage\"},\"thumbnailUrl\":\"https:\/\/www.schwieger-architekten.de\/wp-content\/uploads\/2003\/02\/massregelvollzug-muehlhausen.jpg\",\"datePublished\":\"2003-02-25T11:27:32+00:00\",\"dateModified\":\"2023-06-05T08:22:45+00:00\",\"description\":\"1. Preis im Wettbewerb und Mehrfachbeauftragung f\u00fcr den Neubau des Ma\u00dfregelvollzug in M\u00fchlhausen von Schwieger Architekten aus G\u00f6ttingen.\",\"breadcrumb\":{\"@id\":\"https:\/\/www.schwieger-architekten.de\/de\/projekt\/massregelvollzug-muehlhausen\/#breadcrumb\"},\"inLanguage\":\"de\",\"potentialAction\":[{\"@type\":\"ReadAction\",\"target\":[\"https:\/\/www.schwieger-architekten.de\/de\/projekt\/massregelvollzug-muehlhausen\/\"]}]},{\"@type\":\"ImageObject\",\"inLanguage\":\"de\",\"@id\":\"https:\/\/www.schwieger-architekten.de\/de\/projekt\/massregelvollzug-muehlhausen\/#primaryimage\",\"url\":\"https:\/\/www.schwieger-architekten.de\/wp-content\/uploads\/2003\/02\/massregelvollzug-muehlhausen.jpg\",\"contentUrl\":\"https:\/\/www.schwieger-architekten.de\/wp-content\/uploads\/2003\/02\/massregelvollzug-muehlhausen.jpg\",\"width\":900,\"height\":600,\"caption\":\"1. Preis im Wettbewerb und Mehrfachbeauftragung f\u00fcr den Neubau des Ma\u00dfregelvollzug in M\u00fchlhausen von Schwieger Architekten aus G\u00f6ttingen.\"},{\"@type\":\"BreadcrumbList\",\"@id\":\"https:\/\/www.schwieger-architekten.de\/de\/projekt\/massregelvollzug-muehlhausen\/#breadcrumb\",\"itemListElement\":[{\"@type\":\"ListItem\",\"position\":1,\"name\":\"Startseite\",\"item\":\"https:\/\/www.schwieger-architekten.de\/de\/\"},{\"@type\":\"ListItem\",\"position\":2,\"name\":\"Ma\u00dfregelvollzug M\u00fchlhausen\"}]},{\"@type\":\"WebSite\",\"@id\":\"https:\/\/www.schwieger-architekten.de\/de\/#website\",\"url\":\"https:\/\/www.schwieger-architekten.de\/de\/\",\"name\":\"Schwieger Architekten\",\"description\":\"Schwieger Architekten G\u00f6ttingen\",\"potentialAction\":[{\"@type\":\"SearchAction\",\"target\":{\"@type\":\"EntryPoint\",\"urlTemplate\":\"https:\/\/www.schwieger-architekten.de\/de\/?s={search_term_string}\"},\"query-input\":{\"@type\":\"PropertyValueSpecification\",\"valueRequired\":true,\"valueName\":\"search_term_string\"}}],\"inLanguage\":\"de\"}]}<\/script>\n<!-- \/ Yoast SEO plugin. -->","yoast_head_json":{"title":"Ma\u00dfregelvollzug M\u00fchlhausen | Schwieger Architekten G\u00f6ttingen","description":"1. Preis im Wettbewerb und Mehrfachbeauftragung f\u00fcr den Neubau des Ma\u00dfregelvollzug in M\u00fchlhausen von Schwieger Architekten aus G\u00f6ttingen.","robots":{"index":"index","follow":"follow","max-snippet":"max-snippet:-1","max-image-preview":"max-image-preview:large","max-video-preview":"max-video-preview:-1"},"canonical":"https:\/\/www.schwieger-architekten.de\/de\/projekt\/massregelvollzug-muehlhausen\/","og_locale":"de_DE","og_type":"article","og_title":"Ma\u00dfregelvollzug M\u00fchlhausen | Schwieger Architekten G\u00f6ttingen","og_description":"1. Preis im Wettbewerb und Mehrfachbeauftragung f\u00fcr den Neubau des Ma\u00dfregelvollzug in M\u00fchlhausen von Schwieger Architekten aus G\u00f6ttingen.","og_url":"https:\/\/www.schwieger-architekten.de\/de\/projekt\/massregelvollzug-muehlhausen\/","og_site_name":"Schwieger Architekten","article_modified_time":"2023-06-05T08:22:45+00:00","og_image":[{"width":900,"height":600,"url":"https:\/\/www.schwieger-architekten.de\/wp-content\/uploads\/2003\/02\/massregelvollzug-muehlhausen.jpg","type":"image\/jpeg"}],"twitter_card":"summary_large_image","twitter_misc":{"Gesch\u00e4tzte Lesezeit":"7\u00a0Minuten"},"schema":{"@context":"https:\/\/schema.org","@graph":[{"@type":"WebPage","@id":"https:\/\/www.schwieger-architekten.de\/de\/projekt\/massregelvollzug-muehlhausen\/","url":"https:\/\/www.schwieger-architekten.de\/de\/projekt\/massregelvollzug-muehlhausen\/","name":"Ma\u00dfregelvollzug M\u00fchlhausen | Schwieger Architekten G\u00f6ttingen","isPartOf":{"@id":"https:\/\/www.schwieger-architekten.de\/de\/#website"},"primaryImageOfPage":{"@id":"https:\/\/www.schwieger-architekten.de\/de\/projekt\/massregelvollzug-muehlhausen\/#primaryimage"},"image":{"@id":"https:\/\/www.schwieger-architekten.de\/de\/projekt\/massregelvollzug-muehlhausen\/#primaryimage"},"thumbnailUrl":"https:\/\/www.schwieger-architekten.de\/wp-content\/uploads\/2003\/02\/massregelvollzug-muehlhausen.jpg","datePublished":"2003-02-25T11:27:32+00:00","dateModified":"2023-06-05T08:22:45+00:00","description":"1. Preis im Wettbewerb und Mehrfachbeauftragung f\u00fcr den Neubau des Ma\u00dfregelvollzug in M\u00fchlhausen von Schwieger Architekten aus G\u00f6ttingen.","breadcrumb":{"@id":"https:\/\/www.schwieger-architekten.de\/de\/projekt\/massregelvollzug-muehlhausen\/#breadcrumb"},"inLanguage":"de","potentialAction":[{"@type":"ReadAction","target":["https:\/\/www.schwieger-architekten.de\/de\/projekt\/massregelvollzug-muehlhausen\/"]}]},{"@type":"ImageObject","inLanguage":"de","@id":"https:\/\/www.schwieger-architekten.de\/de\/projekt\/massregelvollzug-muehlhausen\/#primaryimage","url":"https:\/\/www.schwieger-architekten.de\/wp-content\/uploads\/2003\/02\/massregelvollzug-muehlhausen.jpg","contentUrl":"https:\/\/www.schwieger-architekten.de\/wp-content\/uploads\/2003\/02\/massregelvollzug-muehlhausen.jpg","width":900,"height":600,"caption":"1. Preis im Wettbewerb und Mehrfachbeauftragung f\u00fcr den Neubau des Ma\u00dfregelvollzug in M\u00fchlhausen von Schwieger Architekten aus G\u00f6ttingen."},{"@type":"BreadcrumbList","@id":"https:\/\/www.schwieger-architekten.de\/de\/projekt\/massregelvollzug-muehlhausen\/#breadcrumb","itemListElement":[{"@type":"ListItem","position":1,"name":"Startseite","item":"https:\/\/www.schwieger-architekten.de\/de\/"},{"@type":"ListItem","position":2,"name":"Ma\u00dfregelvollzug M\u00fchlhausen"}]},{"@type":"WebSite","@id":"https:\/\/www.schwieger-architekten.de\/de\/#website","url":"https:\/\/www.schwieger-architekten.de\/de\/","name":"Schwieger Architekten","description":"Schwieger Architekten G\u00f6ttingen","potentialAction":[{"@type":"SearchAction","target":{"@type":"EntryPoint","urlTemplate":"https:\/\/www.schwieger-architekten.de\/de\/?s={search_term_string}"},"query-input":{"@type":"PropertyValueSpecification","valueRequired":true,"valueName":"search_term_string"}}],"inLanguage":"de"}]}},"_links":{"self":[{"href":"https:\/\/www.schwieger-architekten.de\/de\/wp-json\/wp\/v2\/portfolio\/156","targetHints":{"allow":["GET"]}}],"collection":[{"href":"https:\/\/www.schwieger-architekten.de\/de\/wp-json\/wp\/v2\/portfolio"}],"about":[{"href":"https:\/\/www.schwieger-architekten.de\/de\/wp-json\/wp\/v2\/types\/portfolio"}],"author":[{"embeddable":true,"href":"https:\/\/www.schwieger-architekten.de\/de\/wp-json\/wp\/v2\/users\/1"}],"replies":[{"embeddable":true,"href":"https:\/\/www.schwieger-architekten.de\/de\/wp-json\/wp\/v2\/comments?post=156"}],"version-history":[{"count":4,"href":"https:\/\/www.schwieger-architekten.de\/de\/wp-json\/wp\/v2\/portfolio\/156\/revisions"}],"predecessor-version":[{"id":1552,"href":"https:\/\/www.schwieger-architekten.de\/de\/wp-json\/wp\/v2\/portfolio\/156\/revisions\/1552"}],"wp:featuredmedia":[{"embeddable":true,"href":"https:\/\/www.schwieger-architekten.de\/de\/wp-json\/wp\/v2\/media\/942"}],"wp:attachment":[{"href":"https:\/\/www.schwieger-architekten.de\/de\/wp-json\/wp\/v2\/media?parent=156"}],"wp:term":[{"taxonomy":"post_tag","embeddable":true,"href":"https:\/\/www.schwieger-architekten.de\/de\/wp-json\/wp\/v2\/tags?post=156"},{"taxonomy":"portfolio_entries","embeddable":true,"href":"https:\/\/www.schwieger-architekten.de\/de\/wp-json\/wp\/v2\/portfolio_entries?post=156"}],"curies":[{"name":"wp","href":"https:\/\/api.w.org\/{rel}","templated":true}]}}