{"id":172,"date":"1992-02-25T12:31:57","date_gmt":"1992-02-25T11:31:57","guid":{"rendered":"http:\/\/relaunch2022.schwieger-architekten.de\/?post_type=portfolio&#038;p=172"},"modified":"2023-06-05T11:20:33","modified_gmt":"2023-06-05T09:20:33","slug":"fachhochschule-hildesheim-holzminden","status":"publish","type":"portfolio","link":"https:\/\/www.schwieger-architekten.de\/de\/projekt\/fachhochschule-hildesheim-holzminden\/","title":{"rendered":"Fachhochschule Hildesheim-Holzminden"},"content":{"rendered":"<div  id=\"ProjectHeaderContainer\"  class='flex_column av-fry4c-fce20e9b01fc3dd9e1efc9dcf1427b81 av_one_full  avia-builder-el-0  el_before_av_one_full  avia-builder-el-first  first flex_column_div  '     ><p>\n<style type=\"text\/css\" data-created_by=\"avia_inline_auto\" id=\"style-css-av-l3lew0t7-c24f184cdc4c8e785a53c981e2c71083\">\n#top .av-special-heading.av-l3lew0t7-c24f184cdc4c8e785a53c981e2c71083{\npadding-bottom:10px;\n}\nbody .av-special-heading.av-l3lew0t7-c24f184cdc4c8e785a53c981e2c71083 .av-special-heading-tag .heading-char{\nfont-size:25px;\n}\n.av-special-heading.av-l3lew0t7-c24f184cdc4c8e785a53c981e2c71083 .av-subheading{\nfont-size:15px;\n}\n<\/style>\n<div  id=\"ProjectHeader\"  class='av-special-heading av-l3lew0t7-c24f184cdc4c8e785a53c981e2c71083 av-special-heading-h1 blockquote modern-quote  avia-builder-el-1  el_before_av_hr  avia-builder-el-first '><h1 class='av-special-heading-tag '  itemprop=\"headline\"  >Fachhochschule Hildesheim\/ Holzminden<\/h1><div class='av-subheading av-subheading_below'><p>Fachbereich Forstwirtschaft<br \/>\nG\u00f6ttingen<\/p>\n<\/div><div class=\"special-heading-border\"><div class=\"special-heading-inner-border\"><\/div><\/div><\/div><br \/>\n\n<style type=\"text\/css\" data-created_by=\"avia_inline_auto\" id=\"style-css-av-l3lezm3x-830138da84b104aad5300279b4decd32\">\n#top .hr.hr-invisible.av-l3lezm3x-830138da84b104aad5300279b4decd32{\nmargin-top:-20px;\nheight:1px;\n}\n<\/style>\n<div  class='hr av-l3lezm3x-830138da84b104aad5300279b4decd32 hr-invisible  avia-builder-el-2  el_after_av_heading  el_before_av_textblock '><span class='hr-inner '><span class=\"hr-inner-style\"><\/span><\/span><\/div><br \/>\n\n<style type=\"text\/css\" data-created_by=\"avia_inline_auto\" id=\"style-css-av-l3lexeoq-acd924ab2a8442ea9b3f822228e519e3\">\n#top .av_textblock_section.av-l3lexeoq-acd924ab2a8442ea9b3f822228e519e3 .avia_textblock{\ntext-align:justify;\n}\n<\/style>\n<section  class='av_textblock_section av-l3lexeoq-acd924ab2a8442ea9b3f822228e519e3 '   itemscope=\"itemscope\" itemtype=\"https:\/\/schema.org\/CreativeWork\" ><div class='avia_textblock'  itemprop=\"text\" ><p>Der Neubau im Nordgebiet der Universit\u00e4t G\u00f6ttingen hat eine pr\u00e4gende Form an der Nahtstelle des Gr\u00fcnzuges im Westen und dem neuen Botanischen Garten. Das Geb\u00e4ude ist in einen Kopfbau mit der Mehrzahl der H\u00f6rs\u00e4le, der Ausstellung Umwelt- und Naturschutz und der Cafeteria und in einen langgestreckten Bauk\u00f6rper mit Seminar-, \u00dcbungs- und Kursr\u00e4umen, Laborr\u00e4umen einschlie\u00dflich EDV-Labor, Lehrsammlungen, Bibliothek, Verwaltungsr\u00e4umen und Arbeitsr\u00e4umen f\u00fcr Lehrende und Studierende gegliedert. Die gestaffelte Geb\u00e4udestruktur pa\u00dft sich in Lage, Form und Dachneigung dem Gel\u00e4nde an. Die Pultd\u00e4cher folgen dem starken Hanggef\u00e4lle in Ost-Westrichtung. Grundst\u00fcck, Bauk\u00f6rper und Erschliessungsstruktur sind f\u00fcr eine Erweiterung nach Osten vorbereitet.<\/p>\n<\/div><\/section><br \/>\n\n<style type=\"text\/css\" data-created_by=\"avia_inline_auto\" id=\"style-css-av-10jpw-932eb4cce87d5d9e1aa72dc11b24b99c\">\n#top .hr.hr-invisible.av-10jpw-932eb4cce87d5d9e1aa72dc11b24b99c{\nheight:50px;\n}\n<\/style>\n<div  class='hr av-10jpw-932eb4cce87d5d9e1aa72dc11b24b99c hr-invisible  avia-builder-el-4  el_after_av_textblock  avia-builder-el-last '><span class='hr-inner '><span class=\"hr-inner-style\"><\/span><\/span><\/div><\/p><\/div>\n<div class='flex_column_table av-88zho-c437d0396905f6e8076a4213613e9bbd sc-av_one_full av-equal-height-column-flextable'>\n<style type=\"text\/css\" data-created_by=\"avia_inline_auto\" id=\"style-css-av-88zho-c437d0396905f6e8076a4213613e9bbd\">\n#top .flex_column_table.av-equal-height-column-flextable.av-88zho-c437d0396905f6e8076a4213613e9bbd{\nmargin-top:0px;\nmargin-bottom:1%;\n}\n.flex_column.av-88zho-c437d0396905f6e8076a4213613e9bbd{\nwidth:100%;\nmargin-left:0;\n}\n#top .flex_column_table.av-equal-height-column-flextable.av-88zho-c437d0396905f6e8076a4213613e9bbd .av-flex-placeholder{\nwidth:0%;\n}\n<\/style>\n<div  class='flex_column av-88zho-c437d0396905f6e8076a4213613e9bbd av_one_full  avia-builder-el-5  el_after_av_one_full  el_before_av_one_full  first flex_column_table_cell av-equal-height-column av-align-middle  column-top-margin'     ><p>\n<style type=\"text\/css\" data-created_by=\"avia_inline_auto\" id=\"style-css-av-l3leym9o-0577b963391cb0cbcb0d19d2d56d9872\">\n.avia-image-container.av-l3leym9o-0577b963391cb0cbcb0d19d2d56d9872 img.avia_image{\nbox-shadow:none;\n}\n.avia-image-container.av-l3leym9o-0577b963391cb0cbcb0d19d2d56d9872 .av-image-caption-overlay-center{\ncolor:#ffffff;\n}\n<\/style>\n<div  class='avia-image-container av-l3leym9o-0577b963391cb0cbcb0d19d2d56d9872 av-styling-no-styling av-img-linked avia-align-center  avia-builder-el-6  el_before_av_textblock  avia-builder-el-first '   itemprop=\"image\" itemscope=\"itemscope\" itemtype=\"https:\/\/schema.org\/ImageObject\" ><div class=\"avia-image-container-inner\"><div class=\"avia-image-overlay-wrap\"><a href=\"https:\/\/www.schwieger-architekten.de\/wp-content\/uploads\/1992\/02\/fachhochschule-hildesheim-01-1030x687.jpg\" data-srcset=\"https:\/\/www.schwieger-architekten.de\/wp-content\/uploads\/1992\/02\/fachhochschule-hildesheim-01-1030x687.jpg 1030w, https:\/\/www.schwieger-architekten.de\/wp-content\/uploads\/1992\/02\/fachhochschule-hildesheim-01-400x267.jpg 400w, https:\/\/www.schwieger-architekten.de\/wp-content\/uploads\/1992\/02\/fachhochschule-hildesheim-01-768x512.jpg 768w, https:\/\/www.schwieger-architekten.de\/wp-content\/uploads\/1992\/02\/fachhochschule-hildesheim-01-120x80.jpg 120w, https:\/\/www.schwieger-architekten.de\/wp-content\/uploads\/1992\/02\/fachhochschule-hildesheim-01-1536x1024.jpg 1536w, https:\/\/www.schwieger-architekten.de\/wp-content\/uploads\/1992\/02\/fachhochschule-hildesheim-01-1500x1000.jpg 1500w, https:\/\/www.schwieger-architekten.de\/wp-content\/uploads\/1992\/02\/fachhochschule-hildesheim-01-705x470.jpg 705w, https:\/\/www.schwieger-architekten.de\/wp-content\/uploads\/1992\/02\/fachhochschule-hildesheim-01-225x150.jpg 225w, https:\/\/www.schwieger-architekten.de\/wp-content\/uploads\/1992\/02\/fachhochschule-hildesheim-01-180x120.jpg 180w, https:\/\/www.schwieger-architekten.de\/wp-content\/uploads\/1992\/02\/fachhochschule-hildesheim-01.jpg 1600w\" data-sizes=\"(max-width: 1030px) 100vw, 1030px\" class='avia_image '  aria-label='Fachhochschule Hildesheim-Holzminden | Schwieger Architekten'><img decoding=\"async\" fetchpriority=\"high\" class='wp-image-2739 avia-img-lazy-loading-not-2739 avia_image ' src=\"https:\/\/www.schwieger-architekten.de\/wp-content\/uploads\/1992\/02\/fachhochschule-hildesheim-01-1030x687.jpg\" alt='' title='Fachhochschule Hildesheim-Holzminden | Schwieger Architekten'  height=\"687\" width=\"1030\"  itemprop=\"thumbnailUrl\" srcset=\"https:\/\/www.schwieger-architekten.de\/wp-content\/uploads\/1992\/02\/fachhochschule-hildesheim-01-1030x687.jpg 1030w, https:\/\/www.schwieger-architekten.de\/wp-content\/uploads\/1992\/02\/fachhochschule-hildesheim-01-400x267.jpg 400w, https:\/\/www.schwieger-architekten.de\/wp-content\/uploads\/1992\/02\/fachhochschule-hildesheim-01-768x512.jpg 768w, https:\/\/www.schwieger-architekten.de\/wp-content\/uploads\/1992\/02\/fachhochschule-hildesheim-01-120x80.jpg 120w, https:\/\/www.schwieger-architekten.de\/wp-content\/uploads\/1992\/02\/fachhochschule-hildesheim-01-1536x1024.jpg 1536w, https:\/\/www.schwieger-architekten.de\/wp-content\/uploads\/1992\/02\/fachhochschule-hildesheim-01-1500x1000.jpg 1500w, https:\/\/www.schwieger-architekten.de\/wp-content\/uploads\/1992\/02\/fachhochschule-hildesheim-01-705x470.jpg 705w, https:\/\/www.schwieger-architekten.de\/wp-content\/uploads\/1992\/02\/fachhochschule-hildesheim-01-225x150.jpg 225w, https:\/\/www.schwieger-architekten.de\/wp-content\/uploads\/1992\/02\/fachhochschule-hildesheim-01-180x120.jpg 180w, https:\/\/www.schwieger-architekten.de\/wp-content\/uploads\/1992\/02\/fachhochschule-hildesheim-01.jpg 1600w\" sizes=\"(max-width: 1030px) 100vw, 1030px\" \/><\/a><\/div><\/div><\/div><br \/>\n<section  class='av_textblock_section av-l3leyrj5-77ed29a5267162da91995eac6686cf33 '   itemscope=\"itemscope\" itemtype=\"https:\/\/schema.org\/CreativeWork\" ><div class='avia_textblock'  itemprop=\"text\" ><p>S\u00fcdansicht<\/p>\n<\/div><\/section><\/p><\/div><\/div><!--close column table wrapper. Autoclose: 1 --><div class='flex_column_table av-av_one_full-a8543977f9cae22cf4ed4a48b49e1fb0 sc-av_one_full av-equal-height-column-flextable'>\n<style type=\"text\/css\" data-created_by=\"avia_inline_auto\" id=\"style-css-av-av_one_full-a8543977f9cae22cf4ed4a48b49e1fb0\">\n#top .flex_column_table.av-equal-height-column-flextable.av-av_one_full-a8543977f9cae22cf4ed4a48b49e1fb0{\nmargin-top:10px;\nmargin-bottom:10px;\n}\n.flex_column.av-av_one_full-a8543977f9cae22cf4ed4a48b49e1fb0{\nwidth:100%;\nmargin-left:0;\n}\n#top .flex_column_table.av-equal-height-column-flextable.av-av_one_full-a8543977f9cae22cf4ed4a48b49e1fb0 .av-flex-placeholder{\nwidth:0%;\n}\n<\/style>\n<div  class='flex_column av-av_one_full-a8543977f9cae22cf4ed4a48b49e1fb0 av_one_full  avia-builder-el-8  el_after_av_one_full  avia-builder-el-last  first flex_column_table_cell av-equal-height-column av-align-middle  column-top-margin'     ><style type=\"text\/css\" data-created_by=\"avia_inline_auto\" id=\"style-css-av-l3ua3stj-f0d35aa9fdc33e408c9a58d45607d159\">\n.avia-image-container.av-l3ua3stj-f0d35aa9fdc33e408c9a58d45607d159 img.avia_image{\nbox-shadow:none;\n}\n.avia-image-container.av-l3ua3stj-f0d35aa9fdc33e408c9a58d45607d159 .av-image-caption-overlay-center{\ncolor:#ffffff;\n}\n<\/style>\n<div  class='avia-image-container av-l3ua3stj-f0d35aa9fdc33e408c9a58d45607d159 av-styling-no-styling av-img-linked avia-align-center  avia-builder-el-9  avia-builder-el-no-sibling '   itemprop=\"image\" itemscope=\"itemscope\" itemtype=\"https:\/\/schema.org\/ImageObject\" ><div class=\"avia-image-container-inner\"><div class=\"avia-image-overlay-wrap\"><a href=\"https:\/\/www.schwieger-architekten.de\/wp-content\/uploads\/1992\/02\/fachhochschule-hildesheim-02-1030x687.jpg\" data-srcset=\"https:\/\/www.schwieger-architekten.de\/wp-content\/uploads\/1992\/02\/fachhochschule-hildesheim-02-1030x687.jpg 1030w, https:\/\/www.schwieger-architekten.de\/wp-content\/uploads\/1992\/02\/fachhochschule-hildesheim-02-400x267.jpg 400w, https:\/\/www.schwieger-architekten.de\/wp-content\/uploads\/1992\/02\/fachhochschule-hildesheim-02-768x512.jpg 768w, https:\/\/www.schwieger-architekten.de\/wp-content\/uploads\/1992\/02\/fachhochschule-hildesheim-02-120x80.jpg 120w, https:\/\/www.schwieger-architekten.de\/wp-content\/uploads\/1992\/02\/fachhochschule-hildesheim-02-1536x1024.jpg 1536w, https:\/\/www.schwieger-architekten.de\/wp-content\/uploads\/1992\/02\/fachhochschule-hildesheim-02-1500x1000.jpg 1500w, https:\/\/www.schwieger-architekten.de\/wp-content\/uploads\/1992\/02\/fachhochschule-hildesheim-02-705x470.jpg 705w, https:\/\/www.schwieger-architekten.de\/wp-content\/uploads\/1992\/02\/fachhochschule-hildesheim-02-225x150.jpg 225w, https:\/\/www.schwieger-architekten.de\/wp-content\/uploads\/1992\/02\/fachhochschule-hildesheim-02-180x120.jpg 180w, https:\/\/www.schwieger-architekten.de\/wp-content\/uploads\/1992\/02\/fachhochschule-hildesheim-02.jpg 1600w\" data-sizes=\"(max-width: 1030px) 100vw, 1030px\" class='avia_image '  aria-label='Fachhochschule Hildesheim-Holzminden | Schwieger Architekten'><img decoding=\"async\" fetchpriority=\"high\" class='wp-image-2737 avia-img-lazy-loading-not-2737 avia_image ' src=\"https:\/\/www.schwieger-architekten.de\/wp-content\/uploads\/1992\/02\/fachhochschule-hildesheim-02-1030x687.jpg\" alt='Fachhochschule Hildesheim-Holzminden | Schwieger Architekten' title='Fachhochschule Hildesheim-Holzminden | Schwieger Architekten'  height=\"687\" width=\"1030\"  itemprop=\"thumbnailUrl\" srcset=\"https:\/\/www.schwieger-architekten.de\/wp-content\/uploads\/1992\/02\/fachhochschule-hildesheim-02-1030x687.jpg 1030w, https:\/\/www.schwieger-architekten.de\/wp-content\/uploads\/1992\/02\/fachhochschule-hildesheim-02-400x267.jpg 400w, https:\/\/www.schwieger-architekten.de\/wp-content\/uploads\/1992\/02\/fachhochschule-hildesheim-02-768x512.jpg 768w, https:\/\/www.schwieger-architekten.de\/wp-content\/uploads\/1992\/02\/fachhochschule-hildesheim-02-120x80.jpg 120w, https:\/\/www.schwieger-architekten.de\/wp-content\/uploads\/1992\/02\/fachhochschule-hildesheim-02-1536x1024.jpg 1536w, https:\/\/www.schwieger-architekten.de\/wp-content\/uploads\/1992\/02\/fachhochschule-hildesheim-02-1500x1000.jpg 1500w, https:\/\/www.schwieger-architekten.de\/wp-content\/uploads\/1992\/02\/fachhochschule-hildesheim-02-705x470.jpg 705w, https:\/\/www.schwieger-architekten.de\/wp-content\/uploads\/1992\/02\/fachhochschule-hildesheim-02-225x150.jpg 225w, https:\/\/www.schwieger-architekten.de\/wp-content\/uploads\/1992\/02\/fachhochschule-hildesheim-02-180x120.jpg 180w, https:\/\/www.schwieger-architekten.de\/wp-content\/uploads\/1992\/02\/fachhochschule-hildesheim-02.jpg 1600w\" sizes=\"(max-width: 1030px) 100vw, 1030px\" \/><\/a><\/div><\/div><\/div><\/div><\/div><!--close column table wrapper. Autoclose: 1 --><\/p>\n","protected":false},"excerpt":{"rendered":"<p>Fachbereich Forstwirtschaft<\/br><br \/>\nG\u00f6ttingen<\/p>\n","protected":false},"author":1,"featured_media":2741,"comment_status":"closed","ping_status":"closed","template":"","meta":{"footnotes":""},"tags":[],"portfolio_entries":[15,18],"class_list":["post-172","portfolio","type-portfolio","status-publish","has-post-thumbnail","hentry","portfolio_entries-bildung-forschung-labor","portfolio_entries-bauten-fuer-gemeinschaft-oeffentliche-bauten"],"yoast_head":"<!-- This site is optimized with the Yoast SEO plugin v27.0 - https:\/\/yoast.com\/product\/yoast-seo-wordpress\/ -->\n<title>Fachhochschule Hildesheim-Holzminden | Schwieger Architekten<\/title>\n<meta name=\"description\" content=\"Neubau eines B\u00fcrogeb\u00e4udes f\u00fcr den Fachbereich Forstwirtschaft in G\u00f6ttingen der Fachhochschule Hildesheim-Holzminden Schwieger Architekten.\" \/>\n<meta name=\"robots\" content=\"index, follow, max-snippet:-1, max-image-preview:large, max-video-preview:-1\" \/>\n<link rel=\"canonical\" href=\"https:\/\/www.schwieger-architekten.de\/de\/projekt\/fachhochschule-hildesheim-holzminden\/\" \/>\n<meta property=\"og:locale\" content=\"de_DE\" \/>\n<meta property=\"og:type\" content=\"article\" \/>\n<meta property=\"og:title\" content=\"Fachhochschule Hildesheim-Holzminden | Schwieger Architekten\" \/>\n<meta property=\"og:description\" content=\"Neubau eines B\u00fcrogeb\u00e4udes f\u00fcr den Fachbereich Forstwirtschaft in G\u00f6ttingen der Fachhochschule Hildesheim-Holzminden Schwieger Architekten.\" \/>\n<meta property=\"og:url\" content=\"https:\/\/www.schwieger-architekten.de\/de\/projekt\/fachhochschule-hildesheim-holzminden\/\" \/>\n<meta property=\"og:site_name\" content=\"Schwieger Architekten\" \/>\n<meta property=\"article:modified_time\" content=\"2023-06-05T09:20:33+00:00\" \/>\n<meta property=\"og:image\" content=\"https:\/\/www.schwieger-architekten.de\/wp-content\/uploads\/1992\/02\/fachhochschule-hildesheim-1.jpg\" \/>\n\t<meta property=\"og:image:width\" content=\"900\" \/>\n\t<meta property=\"og:image:height\" content=\"600\" \/>\n\t<meta property=\"og:image:type\" content=\"image\/jpeg\" \/>\n<meta name=\"twitter:card\" content=\"summary_large_image\" \/>\n<meta name=\"twitter:label1\" content=\"Gesch\u00e4tzte Lesezeit\" \/>\n\t<meta name=\"twitter:data1\" content=\"3\u00a0Minuten\" \/>\n<script type=\"application\/ld+json\" class=\"yoast-schema-graph\">{\"@context\":\"https:\/\/schema.org\",\"@graph\":[{\"@type\":\"WebPage\",\"@id\":\"https:\/\/www.schwieger-architekten.de\/de\/projekt\/fachhochschule-hildesheim-holzminden\/\",\"url\":\"https:\/\/www.schwieger-architekten.de\/de\/projekt\/fachhochschule-hildesheim-holzminden\/\",\"name\":\"Fachhochschule Hildesheim-Holzminden | Schwieger Architekten\",\"isPartOf\":{\"@id\":\"https:\/\/www.schwieger-architekten.de\/de\/#website\"},\"primaryImageOfPage\":{\"@id\":\"https:\/\/www.schwieger-architekten.de\/de\/projekt\/fachhochschule-hildesheim-holzminden\/#primaryimage\"},\"image\":{\"@id\":\"https:\/\/www.schwieger-architekten.de\/de\/projekt\/fachhochschule-hildesheim-holzminden\/#primaryimage\"},\"thumbnailUrl\":\"https:\/\/www.schwieger-architekten.de\/wp-content\/uploads\/1992\/02\/fachhochschule-hildesheim-1.jpg\",\"datePublished\":\"1992-02-25T11:31:57+00:00\",\"dateModified\":\"2023-06-05T09:20:33+00:00\",\"description\":\"Neubau eines B\u00fcrogeb\u00e4udes f\u00fcr den Fachbereich Forstwirtschaft in G\u00f6ttingen der Fachhochschule Hildesheim-Holzminden Schwieger Architekten.\",\"breadcrumb\":{\"@id\":\"https:\/\/www.schwieger-architekten.de\/de\/projekt\/fachhochschule-hildesheim-holzminden\/#breadcrumb\"},\"inLanguage\":\"de\",\"potentialAction\":[{\"@type\":\"ReadAction\",\"target\":[\"https:\/\/www.schwieger-architekten.de\/de\/projekt\/fachhochschule-hildesheim-holzminden\/\"]}]},{\"@type\":\"ImageObject\",\"inLanguage\":\"de\",\"@id\":\"https:\/\/www.schwieger-architekten.de\/de\/projekt\/fachhochschule-hildesheim-holzminden\/#primaryimage\",\"url\":\"https:\/\/www.schwieger-architekten.de\/wp-content\/uploads\/1992\/02\/fachhochschule-hildesheim-1.jpg\",\"contentUrl\":\"https:\/\/www.schwieger-architekten.de\/wp-content\/uploads\/1992\/02\/fachhochschule-hildesheim-1.jpg\",\"width\":900,\"height\":600,\"caption\":\"Neubau eines B\u00fcrogeb\u00e4udes f\u00fcr den Fachbereich Forstwirtschaft in G\u00f6ttingen der Fachhochschule Hildesheim-Holzminden Schwieger Architekten.\"},{\"@type\":\"BreadcrumbList\",\"@id\":\"https:\/\/www.schwieger-architekten.de\/de\/projekt\/fachhochschule-hildesheim-holzminden\/#breadcrumb\",\"itemListElement\":[{\"@type\":\"ListItem\",\"position\":1,\"name\":\"Startseite\",\"item\":\"https:\/\/www.schwieger-architekten.de\/de\/\"},{\"@type\":\"ListItem\",\"position\":2,\"name\":\"Fachhochschule Hildesheim-Holzminden\"}]},{\"@type\":\"WebSite\",\"@id\":\"https:\/\/www.schwieger-architekten.de\/de\/#website\",\"url\":\"https:\/\/www.schwieger-architekten.de\/de\/\",\"name\":\"Schwieger Architekten\",\"description\":\"Schwieger Architekten G\u00f6ttingen\",\"potentialAction\":[{\"@type\":\"SearchAction\",\"target\":{\"@type\":\"EntryPoint\",\"urlTemplate\":\"https:\/\/www.schwieger-architekten.de\/de\/?s={search_term_string}\"},\"query-input\":{\"@type\":\"PropertyValueSpecification\",\"valueRequired\":true,\"valueName\":\"search_term_string\"}}],\"inLanguage\":\"de\"}]}<\/script>\n<!-- \/ Yoast SEO plugin. -->","yoast_head_json":{"title":"Fachhochschule Hildesheim-Holzminden | Schwieger Architekten","description":"Neubau eines B\u00fcrogeb\u00e4udes f\u00fcr den Fachbereich Forstwirtschaft in G\u00f6ttingen der Fachhochschule Hildesheim-Holzminden Schwieger Architekten.","robots":{"index":"index","follow":"follow","max-snippet":"max-snippet:-1","max-image-preview":"max-image-preview:large","max-video-preview":"max-video-preview:-1"},"canonical":"https:\/\/www.schwieger-architekten.de\/de\/projekt\/fachhochschule-hildesheim-holzminden\/","og_locale":"de_DE","og_type":"article","og_title":"Fachhochschule Hildesheim-Holzminden | Schwieger Architekten","og_description":"Neubau eines B\u00fcrogeb\u00e4udes f\u00fcr den Fachbereich Forstwirtschaft in G\u00f6ttingen der Fachhochschule Hildesheim-Holzminden Schwieger Architekten.","og_url":"https:\/\/www.schwieger-architekten.de\/de\/projekt\/fachhochschule-hildesheim-holzminden\/","og_site_name":"Schwieger Architekten","article_modified_time":"2023-06-05T09:20:33+00:00","og_image":[{"width":900,"height":600,"url":"https:\/\/www.schwieger-architekten.de\/wp-content\/uploads\/1992\/02\/fachhochschule-hildesheim-1.jpg","type":"image\/jpeg"}],"twitter_card":"summary_large_image","twitter_misc":{"Gesch\u00e4tzte Lesezeit":"3\u00a0Minuten"},"schema":{"@context":"https:\/\/schema.org","@graph":[{"@type":"WebPage","@id":"https:\/\/www.schwieger-architekten.de\/de\/projekt\/fachhochschule-hildesheim-holzminden\/","url":"https:\/\/www.schwieger-architekten.de\/de\/projekt\/fachhochschule-hildesheim-holzminden\/","name":"Fachhochschule Hildesheim-Holzminden | Schwieger Architekten","isPartOf":{"@id":"https:\/\/www.schwieger-architekten.de\/de\/#website"},"primaryImageOfPage":{"@id":"https:\/\/www.schwieger-architekten.de\/de\/projekt\/fachhochschule-hildesheim-holzminden\/#primaryimage"},"image":{"@id":"https:\/\/www.schwieger-architekten.de\/de\/projekt\/fachhochschule-hildesheim-holzminden\/#primaryimage"},"thumbnailUrl":"https:\/\/www.schwieger-architekten.de\/wp-content\/uploads\/1992\/02\/fachhochschule-hildesheim-1.jpg","datePublished":"1992-02-25T11:31:57+00:00","dateModified":"2023-06-05T09:20:33+00:00","description":"Neubau eines B\u00fcrogeb\u00e4udes f\u00fcr den Fachbereich Forstwirtschaft in G\u00f6ttingen der Fachhochschule Hildesheim-Holzminden Schwieger Architekten.","breadcrumb":{"@id":"https:\/\/www.schwieger-architekten.de\/de\/projekt\/fachhochschule-hildesheim-holzminden\/#breadcrumb"},"inLanguage":"de","potentialAction":[{"@type":"ReadAction","target":["https:\/\/www.schwieger-architekten.de\/de\/projekt\/fachhochschule-hildesheim-holzminden\/"]}]},{"@type":"ImageObject","inLanguage":"de","@id":"https:\/\/www.schwieger-architekten.de\/de\/projekt\/fachhochschule-hildesheim-holzminden\/#primaryimage","url":"https:\/\/www.schwieger-architekten.de\/wp-content\/uploads\/1992\/02\/fachhochschule-hildesheim-1.jpg","contentUrl":"https:\/\/www.schwieger-architekten.de\/wp-content\/uploads\/1992\/02\/fachhochschule-hildesheim-1.jpg","width":900,"height":600,"caption":"Neubau eines B\u00fcrogeb\u00e4udes f\u00fcr den Fachbereich Forstwirtschaft in G\u00f6ttingen der Fachhochschule Hildesheim-Holzminden Schwieger Architekten."},{"@type":"BreadcrumbList","@id":"https:\/\/www.schwieger-architekten.de\/de\/projekt\/fachhochschule-hildesheim-holzminden\/#breadcrumb","itemListElement":[{"@type":"ListItem","position":1,"name":"Startseite","item":"https:\/\/www.schwieger-architekten.de\/de\/"},{"@type":"ListItem","position":2,"name":"Fachhochschule Hildesheim-Holzminden"}]},{"@type":"WebSite","@id":"https:\/\/www.schwieger-architekten.de\/de\/#website","url":"https:\/\/www.schwieger-architekten.de\/de\/","name":"Schwieger Architekten","description":"Schwieger Architekten G\u00f6ttingen","potentialAction":[{"@type":"SearchAction","target":{"@type":"EntryPoint","urlTemplate":"https:\/\/www.schwieger-architekten.de\/de\/?s={search_term_string}"},"query-input":{"@type":"PropertyValueSpecification","valueRequired":true,"valueName":"search_term_string"}}],"inLanguage":"de"}]}},"_links":{"self":[{"href":"https:\/\/www.schwieger-architekten.de\/de\/wp-json\/wp\/v2\/portfolio\/172","targetHints":{"allow":["GET"]}}],"collection":[{"href":"https:\/\/www.schwieger-architekten.de\/de\/wp-json\/wp\/v2\/portfolio"}],"about":[{"href":"https:\/\/www.schwieger-architekten.de\/de\/wp-json\/wp\/v2\/types\/portfolio"}],"author":[{"embeddable":true,"href":"https:\/\/www.schwieger-architekten.de\/de\/wp-json\/wp\/v2\/users\/1"}],"replies":[{"embeddable":true,"href":"https:\/\/www.schwieger-architekten.de\/de\/wp-json\/wp\/v2\/comments?post=172"}],"version-history":[{"count":8,"href":"https:\/\/www.schwieger-architekten.de\/de\/wp-json\/wp\/v2\/portfolio\/172\/revisions"}],"predecessor-version":[{"id":2745,"href":"https:\/\/www.schwieger-architekten.de\/de\/wp-json\/wp\/v2\/portfolio\/172\/revisions\/2745"}],"wp:featuredmedia":[{"embeddable":true,"href":"https:\/\/www.schwieger-architekten.de\/de\/wp-json\/wp\/v2\/media\/2741"}],"wp:attachment":[{"href":"https:\/\/www.schwieger-architekten.de\/de\/wp-json\/wp\/v2\/media?parent=172"}],"wp:term":[{"taxonomy":"post_tag","embeddable":true,"href":"https:\/\/www.schwieger-architekten.de\/de\/wp-json\/wp\/v2\/tags?post=172"},{"taxonomy":"portfolio_entries","embeddable":true,"href":"https:\/\/www.schwieger-architekten.de\/de\/wp-json\/wp\/v2\/portfolio_entries?post=172"}],"curies":[{"name":"wp","href":"https:\/\/api.w.org\/{rel}","templated":true}]}}