{"id":190,"date":"2010-02-25T12:35:24","date_gmt":"2010-02-25T11:35:24","guid":{"rendered":"http:\/\/relaunch2022.schwieger-architekten.de\/?post_type=portfolio&#038;p=190"},"modified":"2023-06-04T12:36:34","modified_gmt":"2023-06-04T10:36:34","slug":"volksheimstaette","status":"publish","type":"portfolio","link":"https:\/\/www.schwieger-architekten.de\/de\/projekt\/volksheimstaette\/","title":{"rendered":"Volksheimst\u00e4tte"},"content":{"rendered":"<div  id=\"ProjectHeaderContainer\"  class='flex_column av-vtg9a-c228702e4516de024f7a4899e4b1d0b6 av_one_full  avia-builder-el-0  el_before_av_one_full  avia-builder-el-first  first flex_column_div  '     ><style type=\"text\/css\" data-created_by=\"avia_inline_auto\" id=\"style-css-av-l3k29p1g-04be21d3dff2adc8ff6ce854ad573199\">\n#top .av-special-heading.av-l3k29p1g-04be21d3dff2adc8ff6ce854ad573199{\npadding-bottom:10px;\n}\nbody .av-special-heading.av-l3k29p1g-04be21d3dff2adc8ff6ce854ad573199 .av-special-heading-tag .heading-char{\nfont-size:25px;\n}\n.av-special-heading.av-l3k29p1g-04be21d3dff2adc8ff6ce854ad573199 .av-subheading{\nfont-size:15px;\n}\n<\/style>\n<div  id=\"ProjectHeader\"  class='av-special-heading av-l3k29p1g-04be21d3dff2adc8ff6ce854ad573199 av-special-heading-h1 blockquote modern-quote  avia-builder-el-1  avia-builder-el-no-sibling '><h1 class='av-special-heading-tag '  itemprop=\"headline\"  >Volksheimst\u00e4tte<\/h1><div class='av-subheading av-subheading_below'><p>B\u00fcrogeb\u00e4ude und Wohnen &#8211; Kasseler Landstra\u00dfe G\u00f6ttingen<br \/>\nWettbewerb &#8211; Mehrfachbeauftragung 2019<\/p>\n<\/div><div class=\"special-heading-border\"><div class=\"special-heading-inner-border\"><\/div><\/div><\/div><\/div><div class='flex_column_table av-sbbd2-9c8297544f81ec3713fac6243fd61dcc sc-av_one_full av-equal-height-column-flextable'>\n<style type=\"text\/css\" data-created_by=\"avia_inline_auto\" id=\"style-css-av-sbbd2-9c8297544f81ec3713fac6243fd61dcc\">\n#top .flex_column_table.av-equal-height-column-flextable.av-sbbd2-9c8297544f81ec3713fac6243fd61dcc{\nmargin-top:0px;\nmargin-bottom:1%;\n}\n.flex_column.av-sbbd2-9c8297544f81ec3713fac6243fd61dcc{\nwidth:100%;\nmargin-left:0;\n}\n#top .flex_column_table.av-equal-height-column-flextable.av-sbbd2-9c8297544f81ec3713fac6243fd61dcc .av-flex-placeholder{\nwidth:0%;\n}\n<\/style>\n<div  class='flex_column av-sbbd2-9c8297544f81ec3713fac6243fd61dcc av_one_full  avia-builder-el-2  el_after_av_one_full  el_before_av_one_full  first flex_column_table_cell av-equal-height-column av-align-middle  column-top-margin'     ><p>\n<style type=\"text\/css\" data-created_by=\"avia_inline_auto\" id=\"style-css-av-l3k2a7z3-2aedce59431514001230c4a623dd1eb3\">\n.avia-image-container.av-l3k2a7z3-2aedce59431514001230c4a623dd1eb3 img.avia_image{\nbox-shadow:none;\n}\n.avia-image-container.av-l3k2a7z3-2aedce59431514001230c4a623dd1eb3 .av-image-caption-overlay-center{\ncolor:#ffffff;\n}\n<\/style>\n<div  class='avia-image-container av-l3k2a7z3-2aedce59431514001230c4a623dd1eb3 av-styling-no-styling av-img-linked avia-align-center  avia-builder-el-3  el_before_av_textblock  avia-builder-el-first '   itemprop=\"image\" itemscope=\"itemscope\" itemtype=\"https:\/\/schema.org\/ImageObject\" ><div class=\"avia-image-container-inner\"><div class=\"avia-image-overlay-wrap\"><a href=\"https:\/\/www.schwieger-architekten.de\/wp-content\/uploads\/2010\/02\/volksheimstaetten-plan-1-727x1030.jpg\" data-srcset=\"https:\/\/www.schwieger-architekten.de\/wp-content\/uploads\/2010\/02\/volksheimstaetten-plan-1-727x1030.jpg 727w, https:\/\/www.schwieger-architekten.de\/wp-content\/uploads\/2010\/02\/volksheimstaetten-plan-1-282x400.jpg 282w, https:\/\/www.schwieger-architekten.de\/wp-content\/uploads\/2010\/02\/volksheimstaetten-plan-1-768x1087.jpg 768w, https:\/\/www.schwieger-architekten.de\/wp-content\/uploads\/2010\/02\/volksheimstaetten-plan-1-1085x1536.jpg 1085w, https:\/\/www.schwieger-architekten.de\/wp-content\/uploads\/2010\/02\/volksheimstaetten-plan-1-1446x2048.jpg 1446w, https:\/\/www.schwieger-architekten.de\/wp-content\/uploads\/2010\/02\/volksheimstaetten-plan-1-1059x1500.jpg 1059w, https:\/\/www.schwieger-architekten.de\/wp-content\/uploads\/2010\/02\/volksheimstaetten-plan-1-498x705.jpg 498w, https:\/\/www.schwieger-architekten.de\/wp-content\/uploads\/2010\/02\/volksheimstaetten-plan-1-106x150.jpg 106w, https:\/\/www.schwieger-architekten.de\/wp-content\/uploads\/2010\/02\/volksheimstaetten-plan-1-85x120.jpg 85w, https:\/\/www.schwieger-architekten.de\/wp-content\/uploads\/2010\/02\/volksheimstaetten-plan-1.jpg 1500w\" data-sizes=\"(max-width: 727px) 100vw, 727px\" class='avia_image '  aria-label='volksheimstaetten-plan-1'><img decoding=\"async\" fetchpriority=\"high\" class='wp-image-1361 avia-img-lazy-loading-not-1361 avia_image ' src=\"https:\/\/www.schwieger-architekten.de\/wp-content\/uploads\/2010\/02\/volksheimstaetten-plan-1.jpg\" alt='Volksheimst\u00e4tte' title='volksheimstaetten-plan-1'  height=\"2124\" width=\"1500\"  itemprop=\"thumbnailUrl\" srcset=\"https:\/\/www.schwieger-architekten.de\/wp-content\/uploads\/2010\/02\/volksheimstaetten-plan-1.jpg 1500w, https:\/\/www.schwieger-architekten.de\/wp-content\/uploads\/2010\/02\/volksheimstaetten-plan-1-282x400.jpg 282w, https:\/\/www.schwieger-architekten.de\/wp-content\/uploads\/2010\/02\/volksheimstaetten-plan-1-727x1030.jpg 727w, https:\/\/www.schwieger-architekten.de\/wp-content\/uploads\/2010\/02\/volksheimstaetten-plan-1-768x1087.jpg 768w, https:\/\/www.schwieger-architekten.de\/wp-content\/uploads\/2010\/02\/volksheimstaetten-plan-1-1085x1536.jpg 1085w, https:\/\/www.schwieger-architekten.de\/wp-content\/uploads\/2010\/02\/volksheimstaetten-plan-1-1446x2048.jpg 1446w, https:\/\/www.schwieger-architekten.de\/wp-content\/uploads\/2010\/02\/volksheimstaetten-plan-1-1059x1500.jpg 1059w, https:\/\/www.schwieger-architekten.de\/wp-content\/uploads\/2010\/02\/volksheimstaetten-plan-1-498x705.jpg 498w, https:\/\/www.schwieger-architekten.de\/wp-content\/uploads\/2010\/02\/volksheimstaetten-plan-1-106x150.jpg 106w, https:\/\/www.schwieger-architekten.de\/wp-content\/uploads\/2010\/02\/volksheimstaetten-plan-1-85x120.jpg 85w\" sizes=\"(max-width: 1500px) 100vw, 1500px\" \/><\/a><\/div><\/div><\/div><br \/>\n<section  class='av_textblock_section av-jy386-3f22c10883e96157bc8ec31ffa5c05b8 '   itemscope=\"itemscope\" itemtype=\"https:\/\/schema.org\/CreativeWork\" ><div class='avia_textblock'  itemprop=\"text\" ><p>Plan 1<\/p>\n<\/div><\/section><\/p><\/div><\/div><!--close column table wrapper. Autoclose: 1 --><\/p>\n<div class='flex_column_table av-ees2m-ae095a8e379ffc9b0dc51c897af4bbcd sc-av_one_full av-equal-height-column-flextable'>\n<style type=\"text\/css\" data-created_by=\"avia_inline_auto\" id=\"style-css-av-ees2m-ae095a8e379ffc9b0dc51c897af4bbcd\">\n#top .flex_column_table.av-equal-height-column-flextable.av-ees2m-ae095a8e379ffc9b0dc51c897af4bbcd{\nmargin-top:10px;\nmargin-bottom:10px;\n}\n.flex_column.av-ees2m-ae095a8e379ffc9b0dc51c897af4bbcd{\nwidth:100%;\nmargin-left:0;\n}\n#top .flex_column_table.av-equal-height-column-flextable.av-ees2m-ae095a8e379ffc9b0dc51c897af4bbcd .av-flex-placeholder{\nwidth:0%;\n}\n<\/style>\n<div  class='flex_column av-ees2m-ae095a8e379ffc9b0dc51c897af4bbcd av_one_full  avia-builder-el-5  el_after_av_one_full  avia-builder-el-last  first flex_column_table_cell av-equal-height-column av-align-middle  column-top-margin'     ><p>\n<style type=\"text\/css\" data-created_by=\"avia_inline_auto\" id=\"style-css-av-l3k2apax-099eb6255d8205f97509f8b30e2a37df\">\n.avia-image-container.av-l3k2apax-099eb6255d8205f97509f8b30e2a37df img.avia_image{\nbox-shadow:none;\n}\n.avia-image-container.av-l3k2apax-099eb6255d8205f97509f8b30e2a37df .av-image-caption-overlay-center{\ncolor:#ffffff;\n}\n<\/style>\n<div  class='avia-image-container av-l3k2apax-099eb6255d8205f97509f8b30e2a37df av-styling-no-styling av-img-linked avia-align-center  avia-builder-el-6  el_before_av_textblock  avia-builder-el-first '   itemprop=\"image\" itemscope=\"itemscope\" itemtype=\"https:\/\/schema.org\/ImageObject\" ><div class=\"avia-image-container-inner\"><div class=\"avia-image-overlay-wrap\"><a href=\"https:\/\/www.schwieger-architekten.de\/wp-content\/uploads\/2010\/02\/volksheimstaetten-plan-2-727x1030.jpg\" data-srcset=\"https:\/\/www.schwieger-architekten.de\/wp-content\/uploads\/2010\/02\/volksheimstaetten-plan-2-727x1030.jpg 727w, https:\/\/www.schwieger-architekten.de\/wp-content\/uploads\/2010\/02\/volksheimstaetten-plan-2-282x400.jpg 282w, https:\/\/www.schwieger-architekten.de\/wp-content\/uploads\/2010\/02\/volksheimstaetten-plan-2-768x1087.jpg 768w, https:\/\/www.schwieger-architekten.de\/wp-content\/uploads\/2010\/02\/volksheimstaetten-plan-2-1085x1536.jpg 1085w, https:\/\/www.schwieger-architekten.de\/wp-content\/uploads\/2010\/02\/volksheimstaetten-plan-2-1446x2048.jpg 1446w, https:\/\/www.schwieger-architekten.de\/wp-content\/uploads\/2010\/02\/volksheimstaetten-plan-2-1059x1500.jpg 1059w, https:\/\/www.schwieger-architekten.de\/wp-content\/uploads\/2010\/02\/volksheimstaetten-plan-2-498x705.jpg 498w, https:\/\/www.schwieger-architekten.de\/wp-content\/uploads\/2010\/02\/volksheimstaetten-plan-2-106x150.jpg 106w, https:\/\/www.schwieger-architekten.de\/wp-content\/uploads\/2010\/02\/volksheimstaetten-plan-2-85x120.jpg 85w, https:\/\/www.schwieger-architekten.de\/wp-content\/uploads\/2010\/02\/volksheimstaetten-plan-2.jpg 1500w\" data-sizes=\"(max-width: 727px) 100vw, 727px\" class='avia_image '  aria-label='Volksheimst\u00e4tte'><img decoding=\"async\" fetchpriority=\"high\" class='wp-image-1363 avia-img-lazy-loading-not-1363 avia_image ' src=\"https:\/\/www.schwieger-architekten.de\/wp-content\/uploads\/2010\/02\/volksheimstaetten-plan-2.jpg\" alt='Volksheimst\u00e4tte' title='Volksheimst\u00e4tte'  height=\"2124\" width=\"1500\"  itemprop=\"thumbnailUrl\" srcset=\"https:\/\/www.schwieger-architekten.de\/wp-content\/uploads\/2010\/02\/volksheimstaetten-plan-2.jpg 1500w, https:\/\/www.schwieger-architekten.de\/wp-content\/uploads\/2010\/02\/volksheimstaetten-plan-2-282x400.jpg 282w, https:\/\/www.schwieger-architekten.de\/wp-content\/uploads\/2010\/02\/volksheimstaetten-plan-2-727x1030.jpg 727w, https:\/\/www.schwieger-architekten.de\/wp-content\/uploads\/2010\/02\/volksheimstaetten-plan-2-768x1087.jpg 768w, https:\/\/www.schwieger-architekten.de\/wp-content\/uploads\/2010\/02\/volksheimstaetten-plan-2-1085x1536.jpg 1085w, https:\/\/www.schwieger-architekten.de\/wp-content\/uploads\/2010\/02\/volksheimstaetten-plan-2-1446x2048.jpg 1446w, https:\/\/www.schwieger-architekten.de\/wp-content\/uploads\/2010\/02\/volksheimstaetten-plan-2-1059x1500.jpg 1059w, https:\/\/www.schwieger-architekten.de\/wp-content\/uploads\/2010\/02\/volksheimstaetten-plan-2-498x705.jpg 498w, https:\/\/www.schwieger-architekten.de\/wp-content\/uploads\/2010\/02\/volksheimstaetten-plan-2-106x150.jpg 106w, https:\/\/www.schwieger-architekten.de\/wp-content\/uploads\/2010\/02\/volksheimstaetten-plan-2-85x120.jpg 85w\" sizes=\"(max-width: 1500px) 100vw, 1500px\" \/><\/a><\/div><\/div><\/div><br \/>\n<section  class='av_textblock_section av-44am-1817a45e9b5826c510830996c72f433a '   itemscope=\"itemscope\" itemtype=\"https:\/\/schema.org\/CreativeWork\" ><div class='avia_textblock'  itemprop=\"text\" ><p>Plan 2<\/p>\n<\/div><\/section><\/p><\/div><\/div><!--close column table wrapper. Autoclose: 1 -->\n","protected":false},"excerpt":{"rendered":"<p>B\u00fcrogeb\u00e4ude und Wohnen &#8211; Kasseler Landstra\u00dfe G\u00f6ttingen<br \/>\nWettbewerb &#8211; Mehrfachbeauftragung 2019<\/p>\n","protected":false},"author":1,"featured_media":218,"comment_status":"closed","ping_status":"closed","template":"","meta":{"footnotes":""},"tags":[],"portfolio_entries":[21],"class_list":["post-190","portfolio","type-portfolio","status-publish","has-post-thumbnail","hentry","portfolio_entries-wettbewerbe"],"yoast_head":"<!-- This site is optimized with the Yoast SEO plugin v27.0 - https:\/\/yoast.com\/product\/yoast-seo-wordpress\/ -->\n<title>Wettbewerb Volksheimst\u00e4tte G\u00f6ttingen | Schwieger Architekten<\/title>\n<meta name=\"description\" content=\"Teilnahme am Wettbewerb Volksheimst\u00e4tte zum Neubau eines B\u00fcrogeb\u00e4ude und Wohnen in der Kasseler Landstra\u00dfe G\u00f6ttingen.\" \/>\n<meta name=\"robots\" content=\"index, follow, max-snippet:-1, max-image-preview:large, max-video-preview:-1\" \/>\n<link rel=\"canonical\" href=\"https:\/\/www.schwieger-architekten.de\/de\/projekt\/volksheimstaette\/\" \/>\n<meta property=\"og:locale\" content=\"de_DE\" \/>\n<meta property=\"og:type\" content=\"article\" \/>\n<meta property=\"og:title\" content=\"Wettbewerb Volksheimst\u00e4tte G\u00f6ttingen | Schwieger Architekten\" \/>\n<meta property=\"og:description\" content=\"Teilnahme am Wettbewerb Volksheimst\u00e4tte zum Neubau eines B\u00fcrogeb\u00e4ude und Wohnen in der Kasseler Landstra\u00dfe G\u00f6ttingen.\" \/>\n<meta property=\"og:url\" content=\"https:\/\/www.schwieger-architekten.de\/de\/projekt\/volksheimstaette\/\" \/>\n<meta property=\"og:site_name\" content=\"Schwieger Architekten\" \/>\n<meta property=\"article:modified_time\" content=\"2023-06-04T10:36:34+00:00\" \/>\n<meta property=\"og:image\" content=\"https:\/\/www.schwieger-architekten.de\/wp-content\/uploads\/2022\/02\/volksheimstaette-index.jpg\" \/>\n\t<meta property=\"og:image:width\" content=\"900\" \/>\n\t<meta property=\"og:image:height\" content=\"600\" \/>\n\t<meta property=\"og:image:type\" content=\"image\/jpeg\" \/>\n<meta name=\"twitter:card\" content=\"summary_large_image\" \/>\n<meta name=\"twitter:label1\" content=\"Gesch\u00e4tzte Lesezeit\" \/>\n\t<meta name=\"twitter:data1\" content=\"2\u00a0Minuten\" \/>\n<script type=\"application\/ld+json\" class=\"yoast-schema-graph\">{\"@context\":\"https:\/\/schema.org\",\"@graph\":[{\"@type\":\"WebPage\",\"@id\":\"https:\/\/www.schwieger-architekten.de\/de\/projekt\/volksheimstaette\/\",\"url\":\"https:\/\/www.schwieger-architekten.de\/de\/projekt\/volksheimstaette\/\",\"name\":\"Wettbewerb Volksheimst\u00e4tte G\u00f6ttingen | Schwieger Architekten\",\"isPartOf\":{\"@id\":\"https:\/\/www.schwieger-architekten.de\/de\/#website\"},\"primaryImageOfPage\":{\"@id\":\"https:\/\/www.schwieger-architekten.de\/de\/projekt\/volksheimstaette\/#primaryimage\"},\"image\":{\"@id\":\"https:\/\/www.schwieger-architekten.de\/de\/projekt\/volksheimstaette\/#primaryimage\"},\"thumbnailUrl\":\"https:\/\/www.schwieger-architekten.de\/wp-content\/uploads\/2022\/02\/volksheimstaette-index.jpg\",\"datePublished\":\"2010-02-25T11:35:24+00:00\",\"dateModified\":\"2023-06-04T10:36:34+00:00\",\"description\":\"Teilnahme am Wettbewerb Volksheimst\u00e4tte zum Neubau eines B\u00fcrogeb\u00e4ude und Wohnen in der Kasseler Landstra\u00dfe G\u00f6ttingen.\",\"breadcrumb\":{\"@id\":\"https:\/\/www.schwieger-architekten.de\/de\/projekt\/volksheimstaette\/#breadcrumb\"},\"inLanguage\":\"de\",\"potentialAction\":[{\"@type\":\"ReadAction\",\"target\":[\"https:\/\/www.schwieger-architekten.de\/de\/projekt\/volksheimstaette\/\"]}]},{\"@type\":\"ImageObject\",\"inLanguage\":\"de\",\"@id\":\"https:\/\/www.schwieger-architekten.de\/de\/projekt\/volksheimstaette\/#primaryimage\",\"url\":\"https:\/\/www.schwieger-architekten.de\/wp-content\/uploads\/2022\/02\/volksheimstaette-index.jpg\",\"contentUrl\":\"https:\/\/www.schwieger-architekten.de\/wp-content\/uploads\/2022\/02\/volksheimstaette-index.jpg\",\"width\":900,\"height\":600,\"caption\":\"Wettbewerb Volksheimst\u00e4tte G\u00f6ttingen | Schwieger Architekten\"},{\"@type\":\"BreadcrumbList\",\"@id\":\"https:\/\/www.schwieger-architekten.de\/de\/projekt\/volksheimstaette\/#breadcrumb\",\"itemListElement\":[{\"@type\":\"ListItem\",\"position\":1,\"name\":\"Startseite\",\"item\":\"https:\/\/www.schwieger-architekten.de\/de\/\"},{\"@type\":\"ListItem\",\"position\":2,\"name\":\"Volksheimst\u00e4tte\"}]},{\"@type\":\"WebSite\",\"@id\":\"https:\/\/www.schwieger-architekten.de\/de\/#website\",\"url\":\"https:\/\/www.schwieger-architekten.de\/de\/\",\"name\":\"Schwieger Architekten\",\"description\":\"Schwieger Architekten G\u00f6ttingen\",\"potentialAction\":[{\"@type\":\"SearchAction\",\"target\":{\"@type\":\"EntryPoint\",\"urlTemplate\":\"https:\/\/www.schwieger-architekten.de\/de\/?s={search_term_string}\"},\"query-input\":{\"@type\":\"PropertyValueSpecification\",\"valueRequired\":true,\"valueName\":\"search_term_string\"}}],\"inLanguage\":\"de\"}]}<\/script>\n<!-- \/ Yoast SEO plugin. -->","yoast_head_json":{"title":"Wettbewerb Volksheimst\u00e4tte G\u00f6ttingen | Schwieger Architekten","description":"Teilnahme am Wettbewerb Volksheimst\u00e4tte zum Neubau eines B\u00fcrogeb\u00e4ude und Wohnen in der Kasseler Landstra\u00dfe G\u00f6ttingen.","robots":{"index":"index","follow":"follow","max-snippet":"max-snippet:-1","max-image-preview":"max-image-preview:large","max-video-preview":"max-video-preview:-1"},"canonical":"https:\/\/www.schwieger-architekten.de\/de\/projekt\/volksheimstaette\/","og_locale":"de_DE","og_type":"article","og_title":"Wettbewerb Volksheimst\u00e4tte G\u00f6ttingen | Schwieger Architekten","og_description":"Teilnahme am Wettbewerb Volksheimst\u00e4tte zum Neubau eines B\u00fcrogeb\u00e4ude und Wohnen in der Kasseler Landstra\u00dfe G\u00f6ttingen.","og_url":"https:\/\/www.schwieger-architekten.de\/de\/projekt\/volksheimstaette\/","og_site_name":"Schwieger Architekten","article_modified_time":"2023-06-04T10:36:34+00:00","og_image":[{"width":900,"height":600,"url":"https:\/\/www.schwieger-architekten.de\/wp-content\/uploads\/2022\/02\/volksheimstaette-index.jpg","type":"image\/jpeg"}],"twitter_card":"summary_large_image","twitter_misc":{"Gesch\u00e4tzte Lesezeit":"2\u00a0Minuten"},"schema":{"@context":"https:\/\/schema.org","@graph":[{"@type":"WebPage","@id":"https:\/\/www.schwieger-architekten.de\/de\/projekt\/volksheimstaette\/","url":"https:\/\/www.schwieger-architekten.de\/de\/projekt\/volksheimstaette\/","name":"Wettbewerb Volksheimst\u00e4tte G\u00f6ttingen | Schwieger Architekten","isPartOf":{"@id":"https:\/\/www.schwieger-architekten.de\/de\/#website"},"primaryImageOfPage":{"@id":"https:\/\/www.schwieger-architekten.de\/de\/projekt\/volksheimstaette\/#primaryimage"},"image":{"@id":"https:\/\/www.schwieger-architekten.de\/de\/projekt\/volksheimstaette\/#primaryimage"},"thumbnailUrl":"https:\/\/www.schwieger-architekten.de\/wp-content\/uploads\/2022\/02\/volksheimstaette-index.jpg","datePublished":"2010-02-25T11:35:24+00:00","dateModified":"2023-06-04T10:36:34+00:00","description":"Teilnahme am Wettbewerb Volksheimst\u00e4tte zum Neubau eines B\u00fcrogeb\u00e4ude und Wohnen in der Kasseler Landstra\u00dfe G\u00f6ttingen.","breadcrumb":{"@id":"https:\/\/www.schwieger-architekten.de\/de\/projekt\/volksheimstaette\/#breadcrumb"},"inLanguage":"de","potentialAction":[{"@type":"ReadAction","target":["https:\/\/www.schwieger-architekten.de\/de\/projekt\/volksheimstaette\/"]}]},{"@type":"ImageObject","inLanguage":"de","@id":"https:\/\/www.schwieger-architekten.de\/de\/projekt\/volksheimstaette\/#primaryimage","url":"https:\/\/www.schwieger-architekten.de\/wp-content\/uploads\/2022\/02\/volksheimstaette-index.jpg","contentUrl":"https:\/\/www.schwieger-architekten.de\/wp-content\/uploads\/2022\/02\/volksheimstaette-index.jpg","width":900,"height":600,"caption":"Wettbewerb Volksheimst\u00e4tte G\u00f6ttingen | Schwieger Architekten"},{"@type":"BreadcrumbList","@id":"https:\/\/www.schwieger-architekten.de\/de\/projekt\/volksheimstaette\/#breadcrumb","itemListElement":[{"@type":"ListItem","position":1,"name":"Startseite","item":"https:\/\/www.schwieger-architekten.de\/de\/"},{"@type":"ListItem","position":2,"name":"Volksheimst\u00e4tte"}]},{"@type":"WebSite","@id":"https:\/\/www.schwieger-architekten.de\/de\/#website","url":"https:\/\/www.schwieger-architekten.de\/de\/","name":"Schwieger Architekten","description":"Schwieger Architekten G\u00f6ttingen","potentialAction":[{"@type":"SearchAction","target":{"@type":"EntryPoint","urlTemplate":"https:\/\/www.schwieger-architekten.de\/de\/?s={search_term_string}"},"query-input":{"@type":"PropertyValueSpecification","valueRequired":true,"valueName":"search_term_string"}}],"inLanguage":"de"}]}},"_links":{"self":[{"href":"https:\/\/www.schwieger-architekten.de\/de\/wp-json\/wp\/v2\/portfolio\/190","targetHints":{"allow":["GET"]}}],"collection":[{"href":"https:\/\/www.schwieger-architekten.de\/de\/wp-json\/wp\/v2\/portfolio"}],"about":[{"href":"https:\/\/www.schwieger-architekten.de\/de\/wp-json\/wp\/v2\/types\/portfolio"}],"author":[{"embeddable":true,"href":"https:\/\/www.schwieger-architekten.de\/de\/wp-json\/wp\/v2\/users\/1"}],"replies":[{"embeddable":true,"href":"https:\/\/www.schwieger-architekten.de\/de\/wp-json\/wp\/v2\/comments?post=190"}],"version-history":[{"count":6,"href":"https:\/\/www.schwieger-architekten.de\/de\/wp-json\/wp\/v2\/portfolio\/190\/revisions"}],"predecessor-version":[{"id":3522,"href":"https:\/\/www.schwieger-architekten.de\/de\/wp-json\/wp\/v2\/portfolio\/190\/revisions\/3522"}],"wp:featuredmedia":[{"embeddable":true,"href":"https:\/\/www.schwieger-architekten.de\/de\/wp-json\/wp\/v2\/media\/218"}],"wp:attachment":[{"href":"https:\/\/www.schwieger-architekten.de\/de\/wp-json\/wp\/v2\/media?parent=190"}],"wp:term":[{"taxonomy":"post_tag","embeddable":true,"href":"https:\/\/www.schwieger-architekten.de\/de\/wp-json\/wp\/v2\/tags?post=190"},{"taxonomy":"portfolio_entries","embeddable":true,"href":"https:\/\/www.schwieger-architekten.de\/de\/wp-json\/wp\/v2\/portfolio_entries?post=190"}],"curies":[{"name":"wp","href":"https:\/\/api.w.org\/{rel}","templated":true}]}}