{"id":194,"date":"2017-02-25T12:37:06","date_gmt":"2017-02-25T11:37:06","guid":{"rendered":"http:\/\/relaunch2022.schwieger-architekten.de\/?post_type=portfolio&#038;p=194"},"modified":"2023-05-30T12:41:18","modified_gmt":"2023-05-30T10:41:18","slug":"justizvollzugsanstalt-rottweil-esch","status":"publish","type":"portfolio","link":"https:\/\/www.schwieger-architekten.de\/de\/projekt\/justizvollzugsanstalt-rottweil-esch\/","title":{"rendered":"Justizvollzugsanstalt Rottweil Esch Land Baden-W\u00fcrttemberg"},"content":{"rendered":"<div  id=\"ProjectHeaderContainer\"  class='flex_column av-l3ixlhom-8a0c16e19987d9ba9f31ca35a23030b1 av_one_full  avia-builder-el-0  el_before_av_one_full  avia-builder-el-first  first flex_column_div  '     ><p>\n<style type=\"text\/css\" data-created_by=\"avia_inline_auto\" id=\"style-css-av-l3ixlrxi-9e9776e2865c350a916eab8dfaed7b69\">\n#top .av-special-heading.av-l3ixlrxi-9e9776e2865c350a916eab8dfaed7b69{\npadding-bottom:10px;\n}\nbody .av-special-heading.av-l3ixlrxi-9e9776e2865c350a916eab8dfaed7b69 .av-special-heading-tag .heading-char{\nfont-size:25px;\n}\n.av-special-heading.av-l3ixlrxi-9e9776e2865c350a916eab8dfaed7b69 .av-subheading{\nfont-size:15px;\n}\n<\/style>\n<div  id=\"ProjectHeader\"  class='av-special-heading av-l3ixlrxi-9e9776e2865c350a916eab8dfaed7b69 av-special-heading-h1 blockquote modern-quote  avia-builder-el-1  el_before_av_hr  avia-builder-el-first '><h1 class='av-special-heading-tag '  itemprop=\"headline\"  >Justizvollzugsanstalt Rottweil Esch<\/h1><div class='av-subheading av-subheading_below'><p>Land Baden-W\u00fcrttemberg<br \/>\nWettbewerb 2. Phase<\/p>\n<\/div><div class=\"special-heading-border\"><div class=\"special-heading-inner-border\"><\/div><\/div><\/div><br \/>\n\n<style type=\"text\/css\" data-created_by=\"avia_inline_auto\" id=\"style-css-av-4uzj6-2abf9d9dff5c31515fb2bcf11e6ce111\">\n#top .hr.hr-invisible.av-4uzj6-2abf9d9dff5c31515fb2bcf11e6ce111{\nheight:50px;\n}\n<\/style>\n<div  class='hr av-4uzj6-2abf9d9dff5c31515fb2bcf11e6ce111 hr-invisible  avia-builder-el-2  el_after_av_heading  avia-builder-el-last '><span class='hr-inner '><span class=\"hr-inner-style\"><\/span><\/span><\/div><\/p><\/div>\n<div class='flex_column_table av-1b4kje-540b96f5a67c7d9c7fb7d52737530207 sc-av_one_full av-equal-height-column-flextable'>\n<style type=\"text\/css\" data-created_by=\"avia_inline_auto\" id=\"style-css-av-1b4kje-540b96f5a67c7d9c7fb7d52737530207\">\n#top .flex_column_table.av-equal-height-column-flextable.av-1b4kje-540b96f5a67c7d9c7fb7d52737530207{\nmargin-top:-50px;\nmargin-bottom:1%;\n}\n.flex_column.av-1b4kje-540b96f5a67c7d9c7fb7d52737530207{\nwidth:100%;\nmargin-left:0;\n}\n#top .flex_column_table.av-equal-height-column-flextable.av-1b4kje-540b96f5a67c7d9c7fb7d52737530207 .av-flex-placeholder{\nwidth:0%;\n}\n<\/style>\n<div  class='flex_column av-1b4kje-540b96f5a67c7d9c7fb7d52737530207 av_one_full  avia-builder-el-3  el_after_av_one_full  el_before_av_one_half  first flex_column_table_cell av-equal-height-column av-align-middle  column-top-margin'     ><style type=\"text\/css\" data-created_by=\"avia_inline_auto\" id=\"style-css-av-l3jsj1oo-7b609372104d52eacab26c8bcbe5e398\">\n.avia-image-container.av-l3jsj1oo-7b609372104d52eacab26c8bcbe5e398 img.avia_image{\nbox-shadow:none;\n}\n.avia-image-container.av-l3jsj1oo-7b609372104d52eacab26c8bcbe5e398 .av-image-caption-overlay-center{\ncolor:#ffffff;\n}\n<\/style>\n<div  class='avia-image-container av-l3jsj1oo-7b609372104d52eacab26c8bcbe5e398 av-styling-no-styling av-img-linked avia-align-center  avia-builder-el-4  avia-builder-el-no-sibling '   itemprop=\"image\" itemscope=\"itemscope\" itemtype=\"https:\/\/schema.org\/ImageObject\" ><div class=\"avia-image-container-inner\"><div class=\"avia-image-overlay-wrap\"><a href=\"https:\/\/www.schwieger-architekten.de\/wp-content\/uploads\/2018\/02\/brauerei-dusderstadt-rendering-1030x580.jpg\" data-srcset=\"https:\/\/www.schwieger-architekten.de\/wp-content\/uploads\/2018\/02\/brauerei-dusderstadt-rendering-1030x580.jpg 1030w, https:\/\/www.schwieger-architekten.de\/wp-content\/uploads\/2018\/02\/brauerei-dusderstadt-rendering-400x225.jpg 400w, https:\/\/www.schwieger-architekten.de\/wp-content\/uploads\/2018\/02\/brauerei-dusderstadt-rendering-768x432.jpg 768w, https:\/\/www.schwieger-architekten.de\/wp-content\/uploads\/2018\/02\/brauerei-dusderstadt-rendering-705x397.jpg 705w, https:\/\/www.schwieger-architekten.de\/wp-content\/uploads\/2018\/02\/brauerei-dusderstadt-rendering-267x150.jpg 267w, https:\/\/www.schwieger-architekten.de\/wp-content\/uploads\/2018\/02\/brauerei-dusderstadt-rendering-213x120.jpg 213w, https:\/\/www.schwieger-architekten.de\/wp-content\/uploads\/2018\/02\/brauerei-dusderstadt-rendering.jpg 1500w\" data-sizes=\"(max-width: 1030px) 100vw, 1030px\" class='avia_image '  aria-label='Erweiterung Brauerei Duderstadt'><img decoding=\"async\" fetchpriority=\"high\" class='wp-image-1194 avia-img-lazy-loading-not-1194 avia_image ' src=\"https:\/\/www.schwieger-architekten.de\/wp-content\/uploads\/2018\/02\/brauerei-dusderstadt-rendering.jpg\" alt='Erweiterung Brauerei Duderstadt' title='Erweiterung Brauerei Duderstadt'  height=\"844\" width=\"1500\"  itemprop=\"thumbnailUrl\" srcset=\"https:\/\/www.schwieger-architekten.de\/wp-content\/uploads\/2018\/02\/brauerei-dusderstadt-rendering.jpg 1500w, https:\/\/www.schwieger-architekten.de\/wp-content\/uploads\/2018\/02\/brauerei-dusderstadt-rendering-400x225.jpg 400w, https:\/\/www.schwieger-architekten.de\/wp-content\/uploads\/2018\/02\/brauerei-dusderstadt-rendering-1030x580.jpg 1030w, https:\/\/www.schwieger-architekten.de\/wp-content\/uploads\/2018\/02\/brauerei-dusderstadt-rendering-768x432.jpg 768w, https:\/\/www.schwieger-architekten.de\/wp-content\/uploads\/2018\/02\/brauerei-dusderstadt-rendering-705x397.jpg 705w, https:\/\/www.schwieger-architekten.de\/wp-content\/uploads\/2018\/02\/brauerei-dusderstadt-rendering-267x150.jpg 267w, https:\/\/www.schwieger-architekten.de\/wp-content\/uploads\/2018\/02\/brauerei-dusderstadt-rendering-213x120.jpg 213w\" sizes=\"(max-width: 1500px) 100vw, 1500px\" \/><\/a><\/div><\/div><\/div><\/div><\/div><!--close column table wrapper. Autoclose: 1 -->\n<div class='flex_column_table av-10qonu-fd97c35ba4f22e60ed90c3a7433ec442 sc-av_one_half av-equal-height-column-flextable'>\n<style type=\"text\/css\" data-created_by=\"avia_inline_auto\" id=\"style-css-av-10qonu-fd97c35ba4f22e60ed90c3a7433ec442\">\n#top .flex_column_table.av-equal-height-column-flextable.av-10qonu-fd97c35ba4f22e60ed90c3a7433ec442{\nmargin-top:1%;\nmargin-bottom:1%;\n}\n.flex_column.av-10qonu-fd97c35ba4f22e60ed90c3a7433ec442{\nwidth:49.5%;\nmargin-left:0;\n}\n#top .flex_column_table.av-equal-height-column-flextable.av-10qonu-fd97c35ba4f22e60ed90c3a7433ec442 .av-flex-placeholder{\nwidth:1%;\n}\n<\/style>\n<div  class='flex_column av-10qonu-fd97c35ba4f22e60ed90c3a7433ec442 av_one_half  avia-builder-el-5  el_after_av_one_full  el_before_av_one_half  first flex_column_table_cell av-equal-height-column av-align-middle  column-top-margin'     ><style type=\"text\/css\" data-created_by=\"avia_inline_auto\" id=\"style-css-av-l3jsjllj-0229d551572162a8037d65e210e206c0\">\n.avia-image-container.av-l3jsjllj-0229d551572162a8037d65e210e206c0 img.avia_image{\nbox-shadow:none;\n}\n.avia-image-container.av-l3jsjllj-0229d551572162a8037d65e210e206c0 .av-image-caption-overlay-center{\ncolor:#ffffff;\n}\n<\/style>\n<div  class='avia-image-container av-l3jsjllj-0229d551572162a8037d65e210e206c0 av-styling-no-styling av-img-linked avia-align-center  avia-builder-el-6  avia-builder-el-no-sibling '   itemprop=\"image\" itemscope=\"itemscope\" itemtype=\"https:\/\/schema.org\/ImageObject\" ><div class=\"avia-image-container-inner\"><div class=\"avia-image-overlay-wrap\"><a href=\"https:\/\/www.schwieger-architekten.de\/wp-content\/uploads\/2017\/02\/wettbewerb-jva-rottweil-esch-plan-01-728x1030.jpg\" data-srcset=\"https:\/\/www.schwieger-architekten.de\/wp-content\/uploads\/2017\/02\/wettbewerb-jva-rottweil-esch-plan-01-728x1030.jpg 728w, https:\/\/www.schwieger-architekten.de\/wp-content\/uploads\/2017\/02\/wettbewerb-jva-rottweil-esch-plan-01-283x400.jpg 283w, https:\/\/www.schwieger-architekten.de\/wp-content\/uploads\/2017\/02\/wettbewerb-jva-rottweil-esch-plan-01-768x1086.jpg 768w, https:\/\/www.schwieger-architekten.de\/wp-content\/uploads\/2017\/02\/wettbewerb-jva-rottweil-esch-plan-01-1086x1536.jpg 1086w, https:\/\/www.schwieger-architekten.de\/wp-content\/uploads\/2017\/02\/wettbewerb-jva-rottweil-esch-plan-01-1448x2048.jpg 1448w, https:\/\/www.schwieger-architekten.de\/wp-content\/uploads\/2017\/02\/wettbewerb-jva-rottweil-esch-plan-01-1061x1500.jpg 1061w, https:\/\/www.schwieger-architekten.de\/wp-content\/uploads\/2017\/02\/wettbewerb-jva-rottweil-esch-plan-01-499x705.jpg 499w, https:\/\/www.schwieger-architekten.de\/wp-content\/uploads\/2017\/02\/wettbewerb-jva-rottweil-esch-plan-01-106x150.jpg 106w, https:\/\/www.schwieger-architekten.de\/wp-content\/uploads\/2017\/02\/wettbewerb-jva-rottweil-esch-plan-01-85x120.jpg 85w, https:\/\/www.schwieger-architekten.de\/wp-content\/uploads\/2017\/02\/wettbewerb-jva-rottweil-esch-plan-01.jpg 1500w\" data-sizes=\"(max-width: 728px) 100vw, 728px\" class='avia_image '  aria-label='Justizvollzugsanstalt Rottweil Esch Land Baden-W\u00fcrttemberg'><img decoding=\"async\" fetchpriority=\"high\" class='wp-image-1198 avia-img-lazy-loading-not-1198 avia_image ' src=\"https:\/\/www.schwieger-architekten.de\/wp-content\/uploads\/2017\/02\/wettbewerb-jva-rottweil-esch-plan-01.jpg\" alt='Justizvollzugsanstalt Rottweil Esch Land Baden-W\u00fcrttemberg' title='Justizvollzugsanstalt Rottweil Esch Land Baden-W\u00fcrttemberg'  height=\"2121\" width=\"1500\"  itemprop=\"thumbnailUrl\" srcset=\"https:\/\/www.schwieger-architekten.de\/wp-content\/uploads\/2017\/02\/wettbewerb-jva-rottweil-esch-plan-01.jpg 1500w, https:\/\/www.schwieger-architekten.de\/wp-content\/uploads\/2017\/02\/wettbewerb-jva-rottweil-esch-plan-01-283x400.jpg 283w, https:\/\/www.schwieger-architekten.de\/wp-content\/uploads\/2017\/02\/wettbewerb-jva-rottweil-esch-plan-01-728x1030.jpg 728w, https:\/\/www.schwieger-architekten.de\/wp-content\/uploads\/2017\/02\/wettbewerb-jva-rottweil-esch-plan-01-768x1086.jpg 768w, https:\/\/www.schwieger-architekten.de\/wp-content\/uploads\/2017\/02\/wettbewerb-jva-rottweil-esch-plan-01-1086x1536.jpg 1086w, https:\/\/www.schwieger-architekten.de\/wp-content\/uploads\/2017\/02\/wettbewerb-jva-rottweil-esch-plan-01-1448x2048.jpg 1448w, https:\/\/www.schwieger-architekten.de\/wp-content\/uploads\/2017\/02\/wettbewerb-jva-rottweil-esch-plan-01-1061x1500.jpg 1061w, https:\/\/www.schwieger-architekten.de\/wp-content\/uploads\/2017\/02\/wettbewerb-jva-rottweil-esch-plan-01-499x705.jpg 499w, https:\/\/www.schwieger-architekten.de\/wp-content\/uploads\/2017\/02\/wettbewerb-jva-rottweil-esch-plan-01-106x150.jpg 106w, https:\/\/www.schwieger-architekten.de\/wp-content\/uploads\/2017\/02\/wettbewerb-jva-rottweil-esch-plan-01-85x120.jpg 85w\" sizes=\"(max-width: 1500px) 100vw, 1500px\" \/><\/a><\/div><\/div><\/div><\/div>\n<div class='av-flex-placeholder'><\/div>\n<style type=\"text\/css\" data-created_by=\"avia_inline_auto\" id=\"style-css-av-3houa-9d6b1954503dab583d23fa2e0d7eeb1b\">\n#top .flex_column_table.av-equal-height-column-flextable.av-3houa-9d6b1954503dab583d23fa2e0d7eeb1b{\nmargin-top:1%;\nmargin-bottom:1%;\n}\n.flex_column.av-3houa-9d6b1954503dab583d23fa2e0d7eeb1b{\nwidth:49.5%;\nmargin-left:0;\n}\n#top .flex_column_table.av-equal-height-column-flextable.av-3houa-9d6b1954503dab583d23fa2e0d7eeb1b .av-flex-placeholder{\nwidth:1%;\n}\n<\/style>\n<div  class='flex_column av-3houa-9d6b1954503dab583d23fa2e0d7eeb1b av_one_half  avia-builder-el-7  el_after_av_one_half  el_before_av_one_half  flex_column_table_cell av-equal-height-column av-align-middle  column-top-margin'     ><style type=\"text\/css\" data-created_by=\"avia_inline_auto\" id=\"style-css-av-l3jsjuwo-e92b3a6155e56be1f3d1dffc3dee8c81\">\n.avia-image-container.av-l3jsjuwo-e92b3a6155e56be1f3d1dffc3dee8c81 img.avia_image{\nbox-shadow:none;\n}\n.avia-image-container.av-l3jsjuwo-e92b3a6155e56be1f3d1dffc3dee8c81 .av-image-caption-overlay-center{\ncolor:#ffffff;\n}\n<\/style>\n<div  class='avia-image-container av-l3jsjuwo-e92b3a6155e56be1f3d1dffc3dee8c81 av-styling-no-styling av-img-linked avia-align-center  avia-builder-el-8  avia-builder-el-no-sibling '   itemprop=\"image\" itemscope=\"itemscope\" itemtype=\"https:\/\/schema.org\/ImageObject\" ><div class=\"avia-image-container-inner\"><div class=\"avia-image-overlay-wrap\"><a href=\"https:\/\/www.schwieger-architekten.de\/wp-content\/uploads\/2017\/02\/wettbewerb-jva-rottweil-esch-plan-02-728x1030.jpg\" data-srcset=\"https:\/\/www.schwieger-architekten.de\/wp-content\/uploads\/2017\/02\/wettbewerb-jva-rottweil-esch-plan-02-728x1030.jpg 728w, https:\/\/www.schwieger-architekten.de\/wp-content\/uploads\/2017\/02\/wettbewerb-jva-rottweil-esch-plan-02-283x400.jpg 283w, https:\/\/www.schwieger-architekten.de\/wp-content\/uploads\/2017\/02\/wettbewerb-jva-rottweil-esch-plan-02-768x1086.jpg 768w, https:\/\/www.schwieger-architekten.de\/wp-content\/uploads\/2017\/02\/wettbewerb-jva-rottweil-esch-plan-02-1086x1536.jpg 1086w, https:\/\/www.schwieger-architekten.de\/wp-content\/uploads\/2017\/02\/wettbewerb-jva-rottweil-esch-plan-02-1448x2048.jpg 1448w, https:\/\/www.schwieger-architekten.de\/wp-content\/uploads\/2017\/02\/wettbewerb-jva-rottweil-esch-plan-02-1061x1500.jpg 1061w, https:\/\/www.schwieger-architekten.de\/wp-content\/uploads\/2017\/02\/wettbewerb-jva-rottweil-esch-plan-02-499x705.jpg 499w, https:\/\/www.schwieger-architekten.de\/wp-content\/uploads\/2017\/02\/wettbewerb-jva-rottweil-esch-plan-02-106x150.jpg 106w, https:\/\/www.schwieger-architekten.de\/wp-content\/uploads\/2017\/02\/wettbewerb-jva-rottweil-esch-plan-02-85x120.jpg 85w, https:\/\/www.schwieger-architekten.de\/wp-content\/uploads\/2017\/02\/wettbewerb-jva-rottweil-esch-plan-02.jpg 1500w\" data-sizes=\"(max-width: 728px) 100vw, 728px\" class='avia_image '  aria-label='Justizvollzugsanstalt Rottweil Esch Land Baden-W\u00fcrttemberg'><img decoding=\"async\" fetchpriority=\"high\" class='wp-image-1200 avia-img-lazy-loading-not-1200 avia_image ' src=\"https:\/\/www.schwieger-architekten.de\/wp-content\/uploads\/2017\/02\/wettbewerb-jva-rottweil-esch-plan-02.jpg\" alt='Justizvollzugsanstalt Rottweil Esch Land Baden-W\u00fcrttemberg' title='Justizvollzugsanstalt Rottweil Esch Land Baden-W\u00fcrttemberg'  height=\"2121\" width=\"1500\"  itemprop=\"thumbnailUrl\" srcset=\"https:\/\/www.schwieger-architekten.de\/wp-content\/uploads\/2017\/02\/wettbewerb-jva-rottweil-esch-plan-02.jpg 1500w, https:\/\/www.schwieger-architekten.de\/wp-content\/uploads\/2017\/02\/wettbewerb-jva-rottweil-esch-plan-02-283x400.jpg 283w, https:\/\/www.schwieger-architekten.de\/wp-content\/uploads\/2017\/02\/wettbewerb-jva-rottweil-esch-plan-02-728x1030.jpg 728w, https:\/\/www.schwieger-architekten.de\/wp-content\/uploads\/2017\/02\/wettbewerb-jva-rottweil-esch-plan-02-768x1086.jpg 768w, https:\/\/www.schwieger-architekten.de\/wp-content\/uploads\/2017\/02\/wettbewerb-jva-rottweil-esch-plan-02-1086x1536.jpg 1086w, https:\/\/www.schwieger-architekten.de\/wp-content\/uploads\/2017\/02\/wettbewerb-jva-rottweil-esch-plan-02-1448x2048.jpg 1448w, https:\/\/www.schwieger-architekten.de\/wp-content\/uploads\/2017\/02\/wettbewerb-jva-rottweil-esch-plan-02-1061x1500.jpg 1061w, https:\/\/www.schwieger-architekten.de\/wp-content\/uploads\/2017\/02\/wettbewerb-jva-rottweil-esch-plan-02-499x705.jpg 499w, https:\/\/www.schwieger-architekten.de\/wp-content\/uploads\/2017\/02\/wettbewerb-jva-rottweil-esch-plan-02-106x150.jpg 106w, https:\/\/www.schwieger-architekten.de\/wp-content\/uploads\/2017\/02\/wettbewerb-jva-rottweil-esch-plan-02-85x120.jpg 85w\" sizes=\"(max-width: 1500px) 100vw, 1500px\" \/><\/a><\/div><\/div><\/div><\/div><\/div><!--close column table wrapper. Autoclose: 1 -->\n<div class='flex_column_table av-s9d5e-8f8b8eebd728daaa57ed4b93c6692953 sc-av_one_half av-equal-height-column-flextable'>\n<style type=\"text\/css\" data-created_by=\"avia_inline_auto\" id=\"style-css-av-s9d5e-8f8b8eebd728daaa57ed4b93c6692953\">\n#top .flex_column_table.av-equal-height-column-flextable.av-s9d5e-8f8b8eebd728daaa57ed4b93c6692953{\nmargin-top:1%;\nmargin-bottom:1%;\n}\n.flex_column.av-s9d5e-8f8b8eebd728daaa57ed4b93c6692953{\nwidth:49.5%;\nmargin-left:0;\n}\n#top .flex_column_table.av-equal-height-column-flextable.av-s9d5e-8f8b8eebd728daaa57ed4b93c6692953 .av-flex-placeholder{\nwidth:1%;\n}\n<\/style>\n<div  class='flex_column av-s9d5e-8f8b8eebd728daaa57ed4b93c6692953 av_one_half  avia-builder-el-9  el_after_av_one_half  el_before_av_one_half  first flex_column_table_cell av-equal-height-column av-align-top  column-top-margin'     ><style type=\"text\/css\" data-created_by=\"avia_inline_auto\" id=\"style-css-av-l3jsk4zc-e4f5187fdbcfd9d5928f914bc267040e\">\n.avia-image-container.av-l3jsk4zc-e4f5187fdbcfd9d5928f914bc267040e img.avia_image{\nbox-shadow:none;\n}\n.avia-image-container.av-l3jsk4zc-e4f5187fdbcfd9d5928f914bc267040e .av-image-caption-overlay-center{\ncolor:#ffffff;\n}\n<\/style>\n<div  class='avia-image-container av-l3jsk4zc-e4f5187fdbcfd9d5928f914bc267040e av-styling-no-styling av-img-linked avia-align-center  avia-builder-el-10  avia-builder-el-no-sibling '   itemprop=\"image\" itemscope=\"itemscope\" itemtype=\"https:\/\/schema.org\/ImageObject\" ><div class=\"avia-image-container-inner\"><div class=\"avia-image-overlay-wrap\"><a href=\"https:\/\/www.schwieger-architekten.de\/wp-content\/uploads\/2017\/02\/wettbewerb-jva-rottweil-esch-plan-03-728x1030.jpg\" data-srcset=\"https:\/\/www.schwieger-architekten.de\/wp-content\/uploads\/2017\/02\/wettbewerb-jva-rottweil-esch-plan-03-728x1030.jpg 728w, https:\/\/www.schwieger-architekten.de\/wp-content\/uploads\/2017\/02\/wettbewerb-jva-rottweil-esch-plan-03-283x400.jpg 283w, https:\/\/www.schwieger-architekten.de\/wp-content\/uploads\/2017\/02\/wettbewerb-jva-rottweil-esch-plan-03-768x1086.jpg 768w, https:\/\/www.schwieger-architekten.de\/wp-content\/uploads\/2017\/02\/wettbewerb-jva-rottweil-esch-plan-03-1086x1536.jpg 1086w, https:\/\/www.schwieger-architekten.de\/wp-content\/uploads\/2017\/02\/wettbewerb-jva-rottweil-esch-plan-03-1448x2048.jpg 1448w, https:\/\/www.schwieger-architekten.de\/wp-content\/uploads\/2017\/02\/wettbewerb-jva-rottweil-esch-plan-03-1061x1500.jpg 1061w, https:\/\/www.schwieger-architekten.de\/wp-content\/uploads\/2017\/02\/wettbewerb-jva-rottweil-esch-plan-03-499x705.jpg 499w, https:\/\/www.schwieger-architekten.de\/wp-content\/uploads\/2017\/02\/wettbewerb-jva-rottweil-esch-plan-03-106x150.jpg 106w, https:\/\/www.schwieger-architekten.de\/wp-content\/uploads\/2017\/02\/wettbewerb-jva-rottweil-esch-plan-03-85x120.jpg 85w, https:\/\/www.schwieger-architekten.de\/wp-content\/uploads\/2017\/02\/wettbewerb-jva-rottweil-esch-plan-03.jpg 1500w\" data-sizes=\"(max-width: 728px) 100vw, 728px\" class='avia_image '  aria-label='Justizvollzugsanstalt Rottweil Esch Land Baden-W\u00fcrttemberg'><img decoding=\"async\" fetchpriority=\"high\" class='wp-image-1202 avia-img-lazy-loading-not-1202 avia_image ' src=\"https:\/\/www.schwieger-architekten.de\/wp-content\/uploads\/2017\/02\/wettbewerb-jva-rottweil-esch-plan-03.jpg\" alt='' title='Justizvollzugsanstalt Rottweil Esch Land Baden-W\u00fcrttemberg'  height=\"2121\" width=\"1500\"  itemprop=\"thumbnailUrl\" srcset=\"https:\/\/www.schwieger-architekten.de\/wp-content\/uploads\/2017\/02\/wettbewerb-jva-rottweil-esch-plan-03.jpg 1500w, https:\/\/www.schwieger-architekten.de\/wp-content\/uploads\/2017\/02\/wettbewerb-jva-rottweil-esch-plan-03-283x400.jpg 283w, https:\/\/www.schwieger-architekten.de\/wp-content\/uploads\/2017\/02\/wettbewerb-jva-rottweil-esch-plan-03-728x1030.jpg 728w, https:\/\/www.schwieger-architekten.de\/wp-content\/uploads\/2017\/02\/wettbewerb-jva-rottweil-esch-plan-03-768x1086.jpg 768w, https:\/\/www.schwieger-architekten.de\/wp-content\/uploads\/2017\/02\/wettbewerb-jva-rottweil-esch-plan-03-1086x1536.jpg 1086w, https:\/\/www.schwieger-architekten.de\/wp-content\/uploads\/2017\/02\/wettbewerb-jva-rottweil-esch-plan-03-1448x2048.jpg 1448w, https:\/\/www.schwieger-architekten.de\/wp-content\/uploads\/2017\/02\/wettbewerb-jva-rottweil-esch-plan-03-1061x1500.jpg 1061w, https:\/\/www.schwieger-architekten.de\/wp-content\/uploads\/2017\/02\/wettbewerb-jva-rottweil-esch-plan-03-499x705.jpg 499w, https:\/\/www.schwieger-architekten.de\/wp-content\/uploads\/2017\/02\/wettbewerb-jva-rottweil-esch-plan-03-106x150.jpg 106w, https:\/\/www.schwieger-architekten.de\/wp-content\/uploads\/2017\/02\/wettbewerb-jva-rottweil-esch-plan-03-85x120.jpg 85w\" sizes=\"(max-width: 1500px) 100vw, 1500px\" \/><\/a><\/div><\/div><\/div><\/div>\n<div class='av-flex-placeholder'><\/div>\n<style type=\"text\/css\" data-created_by=\"avia_inline_auto\" id=\"style-css-av-jprui-06a3631abaf6c79759849c0c5cfea845\">\n#top .flex_column_table.av-equal-height-column-flextable.av-jprui-06a3631abaf6c79759849c0c5cfea845{\nmargin-top:1%;\nmargin-bottom:1%;\n}\n.flex_column.av-jprui-06a3631abaf6c79759849c0c5cfea845{\nwidth:49.5%;\nmargin-left:0;\n}\n#top .flex_column_table.av-equal-height-column-flextable.av-jprui-06a3631abaf6c79759849c0c5cfea845 .av-flex-placeholder{\nwidth:1%;\n}\n<\/style>\n<div  class='flex_column av-jprui-06a3631abaf6c79759849c0c5cfea845 av_one_half  avia-builder-el-11  el_after_av_one_half  el_before_av_one_half  flex_column_table_cell av-equal-height-column av-align-top  column-top-margin'     ><style type=\"text\/css\" data-created_by=\"avia_inline_auto\" id=\"style-css-av-l3jskf6r-aa7bfbb6dec46ce3daa40d91010cc789\">\n.avia-image-container.av-l3jskf6r-aa7bfbb6dec46ce3daa40d91010cc789 img.avia_image{\nbox-shadow:none;\n}\n.avia-image-container.av-l3jskf6r-aa7bfbb6dec46ce3daa40d91010cc789 .av-image-caption-overlay-center{\ncolor:#ffffff;\n}\n<\/style>\n<div  class='avia-image-container av-l3jskf6r-aa7bfbb6dec46ce3daa40d91010cc789 av-styling-no-styling av-img-linked avia-align-center  avia-builder-el-12  avia-builder-el-no-sibling '   itemprop=\"image\" itemscope=\"itemscope\" itemtype=\"https:\/\/schema.org\/ImageObject\" ><div class=\"avia-image-container-inner\"><div class=\"avia-image-overlay-wrap\"><a href=\"https:\/\/www.schwieger-architekten.de\/wp-content\/uploads\/2017\/02\/wettbewerb-jva-rottweil-esch-plan-04-728x1030.jpg\" data-srcset=\"https:\/\/www.schwieger-architekten.de\/wp-content\/uploads\/2017\/02\/wettbewerb-jva-rottweil-esch-plan-04-728x1030.jpg 728w, https:\/\/www.schwieger-architekten.de\/wp-content\/uploads\/2017\/02\/wettbewerb-jva-rottweil-esch-plan-04-283x400.jpg 283w, https:\/\/www.schwieger-architekten.de\/wp-content\/uploads\/2017\/02\/wettbewerb-jva-rottweil-esch-plan-04-768x1086.jpg 768w, https:\/\/www.schwieger-architekten.de\/wp-content\/uploads\/2017\/02\/wettbewerb-jva-rottweil-esch-plan-04-1086x1536.jpg 1086w, https:\/\/www.schwieger-architekten.de\/wp-content\/uploads\/2017\/02\/wettbewerb-jva-rottweil-esch-plan-04-1448x2048.jpg 1448w, https:\/\/www.schwieger-architekten.de\/wp-content\/uploads\/2017\/02\/wettbewerb-jva-rottweil-esch-plan-04-1061x1500.jpg 1061w, https:\/\/www.schwieger-architekten.de\/wp-content\/uploads\/2017\/02\/wettbewerb-jva-rottweil-esch-plan-04-499x705.jpg 499w, https:\/\/www.schwieger-architekten.de\/wp-content\/uploads\/2017\/02\/wettbewerb-jva-rottweil-esch-plan-04-106x150.jpg 106w, https:\/\/www.schwieger-architekten.de\/wp-content\/uploads\/2017\/02\/wettbewerb-jva-rottweil-esch-plan-04-85x120.jpg 85w, https:\/\/www.schwieger-architekten.de\/wp-content\/uploads\/2017\/02\/wettbewerb-jva-rottweil-esch-plan-04.jpg 1500w\" data-sizes=\"(max-width: 728px) 100vw, 728px\" class='avia_image '  aria-label='Justizvollzugsanstalt Rottweil Esch Land Baden-W\u00fcrttemberg'><img decoding=\"async\" fetchpriority=\"high\" class='wp-image-1204 avia-img-lazy-loading-not-1204 avia_image ' src=\"https:\/\/www.schwieger-architekten.de\/wp-content\/uploads\/2017\/02\/wettbewerb-jva-rottweil-esch-plan-04.jpg\" alt='Justizvollzugsanstalt Rottweil Esch Land Baden-W\u00fcrttemberg' title='Justizvollzugsanstalt Rottweil Esch Land Baden-W\u00fcrttemberg'  height=\"2121\" width=\"1500\"  itemprop=\"thumbnailUrl\" srcset=\"https:\/\/www.schwieger-architekten.de\/wp-content\/uploads\/2017\/02\/wettbewerb-jva-rottweil-esch-plan-04.jpg 1500w, https:\/\/www.schwieger-architekten.de\/wp-content\/uploads\/2017\/02\/wettbewerb-jva-rottweil-esch-plan-04-283x400.jpg 283w, https:\/\/www.schwieger-architekten.de\/wp-content\/uploads\/2017\/02\/wettbewerb-jva-rottweil-esch-plan-04-728x1030.jpg 728w, https:\/\/www.schwieger-architekten.de\/wp-content\/uploads\/2017\/02\/wettbewerb-jva-rottweil-esch-plan-04-768x1086.jpg 768w, https:\/\/www.schwieger-architekten.de\/wp-content\/uploads\/2017\/02\/wettbewerb-jva-rottweil-esch-plan-04-1086x1536.jpg 1086w, https:\/\/www.schwieger-architekten.de\/wp-content\/uploads\/2017\/02\/wettbewerb-jva-rottweil-esch-plan-04-1448x2048.jpg 1448w, https:\/\/www.schwieger-architekten.de\/wp-content\/uploads\/2017\/02\/wettbewerb-jva-rottweil-esch-plan-04-1061x1500.jpg 1061w, https:\/\/www.schwieger-architekten.de\/wp-content\/uploads\/2017\/02\/wettbewerb-jva-rottweil-esch-plan-04-499x705.jpg 499w, https:\/\/www.schwieger-architekten.de\/wp-content\/uploads\/2017\/02\/wettbewerb-jva-rottweil-esch-plan-04-106x150.jpg 106w, https:\/\/www.schwieger-architekten.de\/wp-content\/uploads\/2017\/02\/wettbewerb-jva-rottweil-esch-plan-04-85x120.jpg 85w\" sizes=\"(max-width: 1500px) 100vw, 1500px\" \/><\/a><\/div><\/div><\/div><\/div><\/div><!--close column table wrapper. Autoclose: 1 -->\n<div class='flex_column_table av-egjci-201c54c9318ac25159a908970e09fde7 sc-av_one_half av-equal-height-column-flextable'>\n<style type=\"text\/css\" data-created_by=\"avia_inline_auto\" id=\"style-css-av-egjci-201c54c9318ac25159a908970e09fde7\">\n#top .flex_column_table.av-equal-height-column-flextable.av-egjci-201c54c9318ac25159a908970e09fde7{\nmargin-top:1%;\nmargin-bottom:1%;\n}\n.flex_column.av-egjci-201c54c9318ac25159a908970e09fde7{\nwidth:49.5%;\nmargin-left:0;\n}\n#top .flex_column_table.av-equal-height-column-flextable.av-egjci-201c54c9318ac25159a908970e09fde7 .av-flex-placeholder{\nwidth:1%;\n}\n<\/style>\n<div  class='flex_column av-egjci-201c54c9318ac25159a908970e09fde7 av_one_half  avia-builder-el-13  el_after_av_one_half  el_before_av_one_half  first flex_column_table_cell av-equal-height-column av-align-top  column-top-margin'     ><style type=\"text\/css\" data-created_by=\"avia_inline_auto\" id=\"style-css-av-l3jskni5-d58bfdf4a853c87ebbf5a3d00f569f91\">\n.avia-image-container.av-l3jskni5-d58bfdf4a853c87ebbf5a3d00f569f91 img.avia_image{\nbox-shadow:none;\n}\n.avia-image-container.av-l3jskni5-d58bfdf4a853c87ebbf5a3d00f569f91 .av-image-caption-overlay-center{\ncolor:#ffffff;\n}\n<\/style>\n<div  class='avia-image-container av-l3jskni5-d58bfdf4a853c87ebbf5a3d00f569f91 av-styling-no-styling av-img-linked avia-align-center  avia-builder-el-14  avia-builder-el-no-sibling '   itemprop=\"image\" itemscope=\"itemscope\" itemtype=\"https:\/\/schema.org\/ImageObject\" ><div class=\"avia-image-container-inner\"><div class=\"avia-image-overlay-wrap\"><a href=\"https:\/\/www.schwieger-architekten.de\/wp-content\/uploads\/2017\/02\/wettbewerb-jva-rottweil-esch-plan-05-728x1030.jpg\" data-srcset=\"https:\/\/www.schwieger-architekten.de\/wp-content\/uploads\/2017\/02\/wettbewerb-jva-rottweil-esch-plan-05-728x1030.jpg 728w, https:\/\/www.schwieger-architekten.de\/wp-content\/uploads\/2017\/02\/wettbewerb-jva-rottweil-esch-plan-05-283x400.jpg 283w, https:\/\/www.schwieger-architekten.de\/wp-content\/uploads\/2017\/02\/wettbewerb-jva-rottweil-esch-plan-05-768x1086.jpg 768w, https:\/\/www.schwieger-architekten.de\/wp-content\/uploads\/2017\/02\/wettbewerb-jva-rottweil-esch-plan-05-1086x1536.jpg 1086w, https:\/\/www.schwieger-architekten.de\/wp-content\/uploads\/2017\/02\/wettbewerb-jva-rottweil-esch-plan-05-1448x2048.jpg 1448w, https:\/\/www.schwieger-architekten.de\/wp-content\/uploads\/2017\/02\/wettbewerb-jva-rottweil-esch-plan-05-1061x1500.jpg 1061w, https:\/\/www.schwieger-architekten.de\/wp-content\/uploads\/2017\/02\/wettbewerb-jva-rottweil-esch-plan-05-499x705.jpg 499w, https:\/\/www.schwieger-architekten.de\/wp-content\/uploads\/2017\/02\/wettbewerb-jva-rottweil-esch-plan-05-106x150.jpg 106w, https:\/\/www.schwieger-architekten.de\/wp-content\/uploads\/2017\/02\/wettbewerb-jva-rottweil-esch-plan-05-85x120.jpg 85w, https:\/\/www.schwieger-architekten.de\/wp-content\/uploads\/2017\/02\/wettbewerb-jva-rottweil-esch-plan-05.jpg 1500w\" data-sizes=\"(max-width: 728px) 100vw, 728px\" class='avia_image '  aria-label='Justizvollzugsanstalt Rottweil Esch Land Baden-W\u00fcrttemberg'><img decoding=\"async\" fetchpriority=\"high\" class='wp-image-1206 avia-img-lazy-loading-not-1206 avia_image ' src=\"https:\/\/www.schwieger-architekten.de\/wp-content\/uploads\/2017\/02\/wettbewerb-jva-rottweil-esch-plan-05.jpg\" alt='Justizvollzugsanstalt Rottweil Esch Land Baden-W\u00fcrttemberg' title='Justizvollzugsanstalt Rottweil Esch Land Baden-W\u00fcrttemberg'  height=\"2121\" width=\"1500\"  itemprop=\"thumbnailUrl\" srcset=\"https:\/\/www.schwieger-architekten.de\/wp-content\/uploads\/2017\/02\/wettbewerb-jva-rottweil-esch-plan-05.jpg 1500w, https:\/\/www.schwieger-architekten.de\/wp-content\/uploads\/2017\/02\/wettbewerb-jva-rottweil-esch-plan-05-283x400.jpg 283w, https:\/\/www.schwieger-architekten.de\/wp-content\/uploads\/2017\/02\/wettbewerb-jva-rottweil-esch-plan-05-728x1030.jpg 728w, https:\/\/www.schwieger-architekten.de\/wp-content\/uploads\/2017\/02\/wettbewerb-jva-rottweil-esch-plan-05-768x1086.jpg 768w, https:\/\/www.schwieger-architekten.de\/wp-content\/uploads\/2017\/02\/wettbewerb-jva-rottweil-esch-plan-05-1086x1536.jpg 1086w, https:\/\/www.schwieger-architekten.de\/wp-content\/uploads\/2017\/02\/wettbewerb-jva-rottweil-esch-plan-05-1448x2048.jpg 1448w, https:\/\/www.schwieger-architekten.de\/wp-content\/uploads\/2017\/02\/wettbewerb-jva-rottweil-esch-plan-05-1061x1500.jpg 1061w, https:\/\/www.schwieger-architekten.de\/wp-content\/uploads\/2017\/02\/wettbewerb-jva-rottweil-esch-plan-05-499x705.jpg 499w, https:\/\/www.schwieger-architekten.de\/wp-content\/uploads\/2017\/02\/wettbewerb-jva-rottweil-esch-plan-05-106x150.jpg 106w, https:\/\/www.schwieger-architekten.de\/wp-content\/uploads\/2017\/02\/wettbewerb-jva-rottweil-esch-plan-05-85x120.jpg 85w\" sizes=\"(max-width: 1500px) 100vw, 1500px\" \/><\/a><\/div><\/div><\/div><\/div>\n<div class='av-flex-placeholder'><\/div>\n<style type=\"text\/css\" data-created_by=\"avia_inline_auto\" id=\"style-css-av-ptxm-6bea18cc1f495d997695061fc3bbd3cc\">\n#top .flex_column_table.av-equal-height-column-flextable.av-ptxm-6bea18cc1f495d997695061fc3bbd3cc{\nmargin-top:1%;\nmargin-bottom:1%;\n}\n.flex_column.av-ptxm-6bea18cc1f495d997695061fc3bbd3cc{\nwidth:49.5%;\nmargin-left:0;\n}\n#top .flex_column_table.av-equal-height-column-flextable.av-ptxm-6bea18cc1f495d997695061fc3bbd3cc .av-flex-placeholder{\nwidth:1%;\n}\n<\/style>\n<div  class='flex_column av-ptxm-6bea18cc1f495d997695061fc3bbd3cc av_one_half  avia-builder-el-15  el_after_av_one_half  avia-builder-el-last  flex_column_table_cell av-equal-height-column av-align-top  column-top-margin'     ><style type=\"text\/css\" data-created_by=\"avia_inline_auto\" id=\"style-css-av-l3jskxa1-f49d083d01cbe7670b3de61436578cc7\">\n.avia-image-container.av-l3jskxa1-f49d083d01cbe7670b3de61436578cc7 img.avia_image{\nbox-shadow:none;\n}\n.avia-image-container.av-l3jskxa1-f49d083d01cbe7670b3de61436578cc7 .av-image-caption-overlay-center{\ncolor:#ffffff;\n}\n<\/style>\n<div  class='avia-image-container av-l3jskxa1-f49d083d01cbe7670b3de61436578cc7 av-styling-no-styling av-img-linked avia-align-center  avia-builder-el-16  avia-builder-el-no-sibling '   itemprop=\"image\" itemscope=\"itemscope\" itemtype=\"https:\/\/schema.org\/ImageObject\" ><div class=\"avia-image-container-inner\"><div class=\"avia-image-overlay-wrap\"><a href=\"https:\/\/www.schwieger-architekten.de\/wp-content\/uploads\/2017\/02\/wettbewerb-jva-rottweil-esch-plan-06-728x1030.jpg\" data-srcset=\"https:\/\/www.schwieger-architekten.de\/wp-content\/uploads\/2017\/02\/wettbewerb-jva-rottweil-esch-plan-06-728x1030.jpg 728w, https:\/\/www.schwieger-architekten.de\/wp-content\/uploads\/2017\/02\/wettbewerb-jva-rottweil-esch-plan-06-283x400.jpg 283w, https:\/\/www.schwieger-architekten.de\/wp-content\/uploads\/2017\/02\/wettbewerb-jva-rottweil-esch-plan-06-768x1086.jpg 768w, https:\/\/www.schwieger-architekten.de\/wp-content\/uploads\/2017\/02\/wettbewerb-jva-rottweil-esch-plan-06-1086x1536.jpg 1086w, https:\/\/www.schwieger-architekten.de\/wp-content\/uploads\/2017\/02\/wettbewerb-jva-rottweil-esch-plan-06-1448x2048.jpg 1448w, https:\/\/www.schwieger-architekten.de\/wp-content\/uploads\/2017\/02\/wettbewerb-jva-rottweil-esch-plan-06-1061x1500.jpg 1061w, https:\/\/www.schwieger-architekten.de\/wp-content\/uploads\/2017\/02\/wettbewerb-jva-rottweil-esch-plan-06-499x705.jpg 499w, https:\/\/www.schwieger-architekten.de\/wp-content\/uploads\/2017\/02\/wettbewerb-jva-rottweil-esch-plan-06-106x150.jpg 106w, https:\/\/www.schwieger-architekten.de\/wp-content\/uploads\/2017\/02\/wettbewerb-jva-rottweil-esch-plan-06-85x120.jpg 85w, https:\/\/www.schwieger-architekten.de\/wp-content\/uploads\/2017\/02\/wettbewerb-jva-rottweil-esch-plan-06.jpg 1500w\" data-sizes=\"(max-width: 728px) 100vw, 728px\" class='avia_image '  aria-label='Justizvollzugsanstalt Rottweil Esch Land Baden-W\u00fcrttemberg'><img decoding=\"async\" fetchpriority=\"high\" class='wp-image-1208 avia-img-lazy-loading-not-1208 avia_image ' src=\"https:\/\/www.schwieger-architekten.de\/wp-content\/uploads\/2017\/02\/wettbewerb-jva-rottweil-esch-plan-06.jpg\" alt='Justizvollzugsanstalt Rottweil Esch Land Baden-W\u00fcrttemberg' title='Justizvollzugsanstalt Rottweil Esch Land Baden-W\u00fcrttemberg'  height=\"2121\" width=\"1500\"  itemprop=\"thumbnailUrl\" srcset=\"https:\/\/www.schwieger-architekten.de\/wp-content\/uploads\/2017\/02\/wettbewerb-jva-rottweil-esch-plan-06.jpg 1500w, https:\/\/www.schwieger-architekten.de\/wp-content\/uploads\/2017\/02\/wettbewerb-jva-rottweil-esch-plan-06-283x400.jpg 283w, https:\/\/www.schwieger-architekten.de\/wp-content\/uploads\/2017\/02\/wettbewerb-jva-rottweil-esch-plan-06-728x1030.jpg 728w, https:\/\/www.schwieger-architekten.de\/wp-content\/uploads\/2017\/02\/wettbewerb-jva-rottweil-esch-plan-06-768x1086.jpg 768w, https:\/\/www.schwieger-architekten.de\/wp-content\/uploads\/2017\/02\/wettbewerb-jva-rottweil-esch-plan-06-1086x1536.jpg 1086w, https:\/\/www.schwieger-architekten.de\/wp-content\/uploads\/2017\/02\/wettbewerb-jva-rottweil-esch-plan-06-1448x2048.jpg 1448w, https:\/\/www.schwieger-architekten.de\/wp-content\/uploads\/2017\/02\/wettbewerb-jva-rottweil-esch-plan-06-1061x1500.jpg 1061w, https:\/\/www.schwieger-architekten.de\/wp-content\/uploads\/2017\/02\/wettbewerb-jva-rottweil-esch-plan-06-499x705.jpg 499w, https:\/\/www.schwieger-architekten.de\/wp-content\/uploads\/2017\/02\/wettbewerb-jva-rottweil-esch-plan-06-106x150.jpg 106w, https:\/\/www.schwieger-architekten.de\/wp-content\/uploads\/2017\/02\/wettbewerb-jva-rottweil-esch-plan-06-85x120.jpg 85w\" sizes=\"(max-width: 1500px) 100vw, 1500px\" \/><\/a><\/div><\/div><\/div><\/div><\/div><!--close column table wrapper. Autoclose: 1 -->\n","protected":false},"excerpt":{"rendered":"<p>Wettbewerb 2. Phase<\/p>\n","protected":false},"author":1,"featured_media":893,"comment_status":"closed","ping_status":"closed","template":"","meta":{"footnotes":""},"tags":[],"portfolio_entries":[21],"class_list":["post-194","portfolio","type-portfolio","status-publish","has-post-thumbnail","hentry","portfolio_entries-wettbewerbe"],"yoast_head":"<!-- This site is optimized with the Yoast SEO plugin v27.0 - https:\/\/yoast.com\/product\/yoast-seo-wordpress\/ -->\n<title>Justizvollzugsanstalt Rottweil | Schwieger Architekten G\u00f6ttingen<\/title>\n<meta name=\"description\" content=\"Teilnahme am Architekturwettbewerb f\u00fcr die Justizvollzugsanstalt Rottweil Esch im Land Baden-W\u00fcrttemberg von Schwieger Architekten G\u00f6ttingen.\" \/>\n<meta name=\"robots\" content=\"index, follow, max-snippet:-1, max-image-preview:large, max-video-preview:-1\" \/>\n<link rel=\"canonical\" href=\"https:\/\/www.schwieger-architekten.de\/de\/projekt\/justizvollzugsanstalt-rottweil-esch\/\" \/>\n<meta property=\"og:locale\" content=\"de_DE\" \/>\n<meta property=\"og:type\" content=\"article\" \/>\n<meta property=\"og:title\" content=\"Justizvollzugsanstalt Rottweil | Schwieger Architekten G\u00f6ttingen\" \/>\n<meta property=\"og:description\" content=\"Teilnahme am Architekturwettbewerb f\u00fcr die Justizvollzugsanstalt Rottweil Esch im Land Baden-W\u00fcrttemberg von Schwieger Architekten G\u00f6ttingen.\" \/>\n<meta property=\"og:url\" content=\"https:\/\/www.schwieger-architekten.de\/de\/projekt\/justizvollzugsanstalt-rottweil-esch\/\" \/>\n<meta property=\"og:site_name\" content=\"Schwieger Architekten\" \/>\n<meta property=\"article:modified_time\" content=\"2023-05-30T10:41:18+00:00\" \/>\n<meta property=\"og:image\" content=\"https:\/\/www.schwieger-architekten.de\/wp-content\/uploads\/2017\/02\/jva-rottweil-esch.jpg\" \/>\n\t<meta property=\"og:image:width\" content=\"900\" \/>\n\t<meta property=\"og:image:height\" content=\"600\" \/>\n\t<meta property=\"og:image:type\" content=\"image\/jpeg\" \/>\n<meta name=\"twitter:card\" content=\"summary_large_image\" \/>\n<meta name=\"twitter:label1\" content=\"Gesch\u00e4tzte Lesezeit\" \/>\n\t<meta name=\"twitter:data1\" content=\"5\u00a0Minuten\" \/>\n<script type=\"application\/ld+json\" class=\"yoast-schema-graph\">{\"@context\":\"https:\/\/schema.org\",\"@graph\":[{\"@type\":\"WebPage\",\"@id\":\"https:\/\/www.schwieger-architekten.de\/de\/projekt\/justizvollzugsanstalt-rottweil-esch\/\",\"url\":\"https:\/\/www.schwieger-architekten.de\/de\/projekt\/justizvollzugsanstalt-rottweil-esch\/\",\"name\":\"Justizvollzugsanstalt Rottweil | Schwieger Architekten G\u00f6ttingen\",\"isPartOf\":{\"@id\":\"https:\/\/www.schwieger-architekten.de\/de\/#website\"},\"primaryImageOfPage\":{\"@id\":\"https:\/\/www.schwieger-architekten.de\/de\/projekt\/justizvollzugsanstalt-rottweil-esch\/#primaryimage\"},\"image\":{\"@id\":\"https:\/\/www.schwieger-architekten.de\/de\/projekt\/justizvollzugsanstalt-rottweil-esch\/#primaryimage\"},\"thumbnailUrl\":\"https:\/\/www.schwieger-architekten.de\/wp-content\/uploads\/2017\/02\/jva-rottweil-esch.jpg\",\"datePublished\":\"2017-02-25T11:37:06+00:00\",\"dateModified\":\"2023-05-30T10:41:18+00:00\",\"description\":\"Teilnahme am Architekturwettbewerb f\u00fcr die Justizvollzugsanstalt Rottweil Esch im Land Baden-W\u00fcrttemberg von Schwieger Architekten G\u00f6ttingen.\",\"breadcrumb\":{\"@id\":\"https:\/\/www.schwieger-architekten.de\/de\/projekt\/justizvollzugsanstalt-rottweil-esch\/#breadcrumb\"},\"inLanguage\":\"de\",\"potentialAction\":[{\"@type\":\"ReadAction\",\"target\":[\"https:\/\/www.schwieger-architekten.de\/de\/projekt\/justizvollzugsanstalt-rottweil-esch\/\"]}]},{\"@type\":\"ImageObject\",\"inLanguage\":\"de\",\"@id\":\"https:\/\/www.schwieger-architekten.de\/de\/projekt\/justizvollzugsanstalt-rottweil-esch\/#primaryimage\",\"url\":\"https:\/\/www.schwieger-architekten.de\/wp-content\/uploads\/2017\/02\/jva-rottweil-esch.jpg\",\"contentUrl\":\"https:\/\/www.schwieger-architekten.de\/wp-content\/uploads\/2017\/02\/jva-rottweil-esch.jpg\",\"width\":900,\"height\":600,\"caption\":\"Justizvollzugsanstalt Rottweil Esch Land Baden-W\u00fcrttemberg\"},{\"@type\":\"BreadcrumbList\",\"@id\":\"https:\/\/www.schwieger-architekten.de\/de\/projekt\/justizvollzugsanstalt-rottweil-esch\/#breadcrumb\",\"itemListElement\":[{\"@type\":\"ListItem\",\"position\":1,\"name\":\"Startseite\",\"item\":\"https:\/\/www.schwieger-architekten.de\/de\/\"},{\"@type\":\"ListItem\",\"position\":2,\"name\":\"Justizvollzugsanstalt Rottweil Esch Land Baden-W\u00fcrttemberg\"}]},{\"@type\":\"WebSite\",\"@id\":\"https:\/\/www.schwieger-architekten.de\/de\/#website\",\"url\":\"https:\/\/www.schwieger-architekten.de\/de\/\",\"name\":\"Schwieger Architekten\",\"description\":\"Schwieger Architekten G\u00f6ttingen\",\"potentialAction\":[{\"@type\":\"SearchAction\",\"target\":{\"@type\":\"EntryPoint\",\"urlTemplate\":\"https:\/\/www.schwieger-architekten.de\/de\/?s={search_term_string}\"},\"query-input\":{\"@type\":\"PropertyValueSpecification\",\"valueRequired\":true,\"valueName\":\"search_term_string\"}}],\"inLanguage\":\"de\"}]}<\/script>\n<!-- \/ Yoast SEO plugin. -->","yoast_head_json":{"title":"Justizvollzugsanstalt Rottweil | Schwieger Architekten G\u00f6ttingen","description":"Teilnahme am Architekturwettbewerb f\u00fcr die Justizvollzugsanstalt Rottweil Esch im Land Baden-W\u00fcrttemberg von Schwieger Architekten G\u00f6ttingen.","robots":{"index":"index","follow":"follow","max-snippet":"max-snippet:-1","max-image-preview":"max-image-preview:large","max-video-preview":"max-video-preview:-1"},"canonical":"https:\/\/www.schwieger-architekten.de\/de\/projekt\/justizvollzugsanstalt-rottweil-esch\/","og_locale":"de_DE","og_type":"article","og_title":"Justizvollzugsanstalt Rottweil | Schwieger Architekten G\u00f6ttingen","og_description":"Teilnahme am Architekturwettbewerb f\u00fcr die Justizvollzugsanstalt Rottweil Esch im Land Baden-W\u00fcrttemberg von Schwieger Architekten G\u00f6ttingen.","og_url":"https:\/\/www.schwieger-architekten.de\/de\/projekt\/justizvollzugsanstalt-rottweil-esch\/","og_site_name":"Schwieger Architekten","article_modified_time":"2023-05-30T10:41:18+00:00","og_image":[{"width":900,"height":600,"url":"https:\/\/www.schwieger-architekten.de\/wp-content\/uploads\/2017\/02\/jva-rottweil-esch.jpg","type":"image\/jpeg"}],"twitter_card":"summary_large_image","twitter_misc":{"Gesch\u00e4tzte Lesezeit":"5\u00a0Minuten"},"schema":{"@context":"https:\/\/schema.org","@graph":[{"@type":"WebPage","@id":"https:\/\/www.schwieger-architekten.de\/de\/projekt\/justizvollzugsanstalt-rottweil-esch\/","url":"https:\/\/www.schwieger-architekten.de\/de\/projekt\/justizvollzugsanstalt-rottweil-esch\/","name":"Justizvollzugsanstalt Rottweil | Schwieger Architekten G\u00f6ttingen","isPartOf":{"@id":"https:\/\/www.schwieger-architekten.de\/de\/#website"},"primaryImageOfPage":{"@id":"https:\/\/www.schwieger-architekten.de\/de\/projekt\/justizvollzugsanstalt-rottweil-esch\/#primaryimage"},"image":{"@id":"https:\/\/www.schwieger-architekten.de\/de\/projekt\/justizvollzugsanstalt-rottweil-esch\/#primaryimage"},"thumbnailUrl":"https:\/\/www.schwieger-architekten.de\/wp-content\/uploads\/2017\/02\/jva-rottweil-esch.jpg","datePublished":"2017-02-25T11:37:06+00:00","dateModified":"2023-05-30T10:41:18+00:00","description":"Teilnahme am Architekturwettbewerb f\u00fcr die Justizvollzugsanstalt Rottweil Esch im Land Baden-W\u00fcrttemberg von Schwieger Architekten G\u00f6ttingen.","breadcrumb":{"@id":"https:\/\/www.schwieger-architekten.de\/de\/projekt\/justizvollzugsanstalt-rottweil-esch\/#breadcrumb"},"inLanguage":"de","potentialAction":[{"@type":"ReadAction","target":["https:\/\/www.schwieger-architekten.de\/de\/projekt\/justizvollzugsanstalt-rottweil-esch\/"]}]},{"@type":"ImageObject","inLanguage":"de","@id":"https:\/\/www.schwieger-architekten.de\/de\/projekt\/justizvollzugsanstalt-rottweil-esch\/#primaryimage","url":"https:\/\/www.schwieger-architekten.de\/wp-content\/uploads\/2017\/02\/jva-rottweil-esch.jpg","contentUrl":"https:\/\/www.schwieger-architekten.de\/wp-content\/uploads\/2017\/02\/jva-rottweil-esch.jpg","width":900,"height":600,"caption":"Justizvollzugsanstalt Rottweil Esch Land Baden-W\u00fcrttemberg"},{"@type":"BreadcrumbList","@id":"https:\/\/www.schwieger-architekten.de\/de\/projekt\/justizvollzugsanstalt-rottweil-esch\/#breadcrumb","itemListElement":[{"@type":"ListItem","position":1,"name":"Startseite","item":"https:\/\/www.schwieger-architekten.de\/de\/"},{"@type":"ListItem","position":2,"name":"Justizvollzugsanstalt Rottweil Esch Land Baden-W\u00fcrttemberg"}]},{"@type":"WebSite","@id":"https:\/\/www.schwieger-architekten.de\/de\/#website","url":"https:\/\/www.schwieger-architekten.de\/de\/","name":"Schwieger Architekten","description":"Schwieger Architekten G\u00f6ttingen","potentialAction":[{"@type":"SearchAction","target":{"@type":"EntryPoint","urlTemplate":"https:\/\/www.schwieger-architekten.de\/de\/?s={search_term_string}"},"query-input":{"@type":"PropertyValueSpecification","valueRequired":true,"valueName":"search_term_string"}}],"inLanguage":"de"}]}},"_links":{"self":[{"href":"https:\/\/www.schwieger-architekten.de\/de\/wp-json\/wp\/v2\/portfolio\/194","targetHints":{"allow":["GET"]}}],"collection":[{"href":"https:\/\/www.schwieger-architekten.de\/de\/wp-json\/wp\/v2\/portfolio"}],"about":[{"href":"https:\/\/www.schwieger-architekten.de\/de\/wp-json\/wp\/v2\/types\/portfolio"}],"author":[{"embeddable":true,"href":"https:\/\/www.schwieger-architekten.de\/de\/wp-json\/wp\/v2\/users\/1"}],"replies":[{"embeddable":true,"href":"https:\/\/www.schwieger-architekten.de\/de\/wp-json\/wp\/v2\/comments?post=194"}],"version-history":[{"count":19,"href":"https:\/\/www.schwieger-architekten.de\/de\/wp-json\/wp\/v2\/portfolio\/194\/revisions"}],"predecessor-version":[{"id":1231,"href":"https:\/\/www.schwieger-architekten.de\/de\/wp-json\/wp\/v2\/portfolio\/194\/revisions\/1231"}],"wp:featuredmedia":[{"embeddable":true,"href":"https:\/\/www.schwieger-architekten.de\/de\/wp-json\/wp\/v2\/media\/893"}],"wp:attachment":[{"href":"https:\/\/www.schwieger-architekten.de\/de\/wp-json\/wp\/v2\/media?parent=194"}],"wp:term":[{"taxonomy":"post_tag","embeddable":true,"href":"https:\/\/www.schwieger-architekten.de\/de\/wp-json\/wp\/v2\/tags?post=194"},{"taxonomy":"portfolio_entries","embeddable":true,"href":"https:\/\/www.schwieger-architekten.de\/de\/wp-json\/wp\/v2\/portfolio_entries?post=194"}],"curies":[{"name":"wp","href":"https:\/\/api.w.org\/{rel}","templated":true}]}}