{"id":3089,"date":"2012-09-05T08:52:01","date_gmt":"2012-09-05T06:52:01","guid":{"rendered":"https:\/\/www.schwieger-architekten.de\/?post_type=portfolio&#038;p=3089"},"modified":"2026-04-20T09:45:18","modified_gmt":"2026-04-20T07:45:18","slug":"ps-speicher-einbeck","status":"publish","type":"portfolio","link":"https:\/\/www.schwieger-architekten.de\/de\/projekt\/ps-speicher-einbeck\/","title":{"rendered":"PS.Speicher"},"content":{"rendered":"<div  id=\"ProjectHeaderContainer\"  class='flex_column av-84943l-b00a81b1737d2e3707fa9bb171c24eb1 av_one_full  avia-builder-el-0  el_before_av_hr  avia-builder-el-first  first flex_column_div  '     ><p>\n<style type=\"text\/css\" data-created_by=\"avia_inline_auto\" id=\"style-css-av-l7oewtkb-931eab6c9c2f545d005e24060b2f87e3\">\n#top .av-special-heading.av-l7oewtkb-931eab6c9c2f545d005e24060b2f87e3{\npadding-bottom:10px;\n}\nbody .av-special-heading.av-l7oewtkb-931eab6c9c2f545d005e24060b2f87e3 .av-special-heading-tag .heading-char{\nfont-size:25px;\n}\n.av-special-heading.av-l7oewtkb-931eab6c9c2f545d005e24060b2f87e3 .av-subheading{\nfont-size:15px;\n}\n<\/style>\n<div  id=\"ProjectHeader\"  class='av-special-heading av-l7oewtkb-931eab6c9c2f545d005e24060b2f87e3 av-special-heading-h1 blockquote modern-quote  avia-builder-el-1  el_before_av_textblock  avia-builder-el-first '><h1 class='av-special-heading-tag '  itemprop=\"headline\"  >PS.Speicher<\/h1><div class='av-subheading av-subheading_below'><p>Einbeck &#8211; Projektsteuerung Schwieger Architekten<\/p>\n<\/div><div class=\"special-heading-border\"><div class=\"special-heading-inner-border\"><\/div><\/div><\/div><br \/>\n<section  class='av_textblock_section av-l9zfl427-82708d2d20b3bf8cdef97113bde8e8e2 '   itemscope=\"itemscope\" itemtype=\"https:\/\/schema.org\/CreativeWork\" ><div class='avia_textblock'  itemprop=\"text\" ><p>Auf dem ehemaligen Areal des Kornhauses in Einbeck verwirklichte sich Karl-Heinz Rehbock einen Traum. F\u00fcr seine umfangreiche Sammlung deutscher Motorr\u00e4der bot das im Jahr 2009 ungenutzte Gel\u00e4nde das n\u00f6tige Potential f\u00fcr seine seine geplanten Ausstellungen. Zus\u00e4tzlicher Kauf angrenzender Grundst\u00fccke und Geb\u00e4ude erm\u00f6glichten die Entwicklung eines st\u00e4dtebaulichen Konzepts das die Stadt Einbeck vom architektonischen und kulturellen Gewinn f\u00fcr die Stadt und die Region \u00fcberzeugte. Das Gesamtkonzept sieht vor, in mehreren Phasen wird ein Ausstellungsareal mit weiteren Ausstellungshallen, Verwaltung im historischen ehemaligen Jugendg\u00e4stehaus und einem Hotel mit gro\u00dfem Parkplatz entstehen zu lassen.<\/p>\n<p>Dazu Holger Eilers, Gesch\u00e4ftsf\u00fchrer der Kulturstiftung:<br \/>\n\u201eHerr Schwieger ist in einer Phase in das Projekt eingestiegen, als dem kleinen Team des PS-Speicher das Projekt \u201e\u00fcber den Kopf zu wachsen\u201c drohte.<\/p>\n<p>Schwierige bauliche Verh\u00e4ltnisse im historischen Kornspeicher, vielf\u00e4ltige Anforderungen und Auflagen der Baubeh\u00f6rden, eigene hohe Anspr\u00fcche an Qualit\u00e4t und Gestaltung und vor allem ein immenser Zeitdruck, hatte die Beteiligten an die Grenze ihrer Belastbarkeit gebracht.<\/p>\n<p>Insofern war es ein au\u00dfergew\u00f6hnlicher Gl\u00fccksfall, dass Herr Schwieger gerade ein anderes Bauvorhaben f\u00fcr die Unternehmensgruppe von Herrn Rehkopf erfolgreich abgeschlossen hatte und mit seiner Mannschaft die Projektsteuerung in Einbeck \u00fcbernehmen konnte.<\/p>\n<p>Mit seiner Hilfe ist es gelungen, die komplexe Bauma\u00dfnahme fristgerecht und mit der gebotenen Sorgfalt abzuschlie\u00dfen, so dass der PS-Speicher p\u00fcnktlich im Juli 2014 seine Pforten \u00f6ffnen konnte.<\/p>\n<p>Beim Hotel, dessen Planung erst sp\u00e4ter begonnen wurde, war Herr Schwieger mit seinem Team von Anfang an dabei. Er setzte auf den vorhandenen Vorarbeiten auf und f\u00fchrte die Planung nach den Vorgaben von Bauherren und P\u00e4chtern zu Ende.<\/p>\n<p>In der folgenden Bauphase konnten wir gut nachvollziehen, wie sehr Herr Schwieger Recht hatte mit seiner Mahnung, erst sorgf\u00e4ltig und mit etwas Liebe zum Detail planen, dann ausschreiben und schlie\u00dflich genau das Bauen, was vorher geplant worden war; und um Himmelswillen keine Nachtr\u00e4ge. Wir haben das zwar nicht zu 100% einhalten k\u00f6nnen, aber beinahe.<\/p>\n<p>Die Belohnung sind Baukosten, die gemessen an der erreichten Qualit\u00e4t, g\u00fcnstig sind und vor allem ann\u00e4hrend im Plan. Kosten und Organisation, das ist das eine, das andere ist die \u201eHandschrift\u201c des Architekten. Wie gut sie ist, wird man vielleicht nach 10, 20 oder m\u00f6glicherweise erst nach 30 Jahren beurteilen k\u00f6nnen.<\/p>\n<p>Mit Herrn Schwieger haben wir einen Architekten gefunden, der die W\u00fcnsche des Bauherrn aufnimmt und beinahe unmerklich mit der eigenen Handschrift zu Papier bringt.<\/p>\n<p>Herr Schwieger baut modern, aber nicht mit \u201eSchnick-Schnack\u201c, der schon morgen m\u00f6glicherweise nicht mehr aktuell ist.<\/p>\n<p>Nachhaltigkeit und Best\u00e4ndigkeit bestimmen seine Bauten. In W\u00fcrde altern, das k\u00f6nnen Geb\u00e4ude, wenn man sie entsprechend baut.<\/p>\n<p>Dazu braucht man die entsprechenden Materialien, eine sorgf\u00e4ltige Planung im Detail und einen Architekten, der beides miteinander verbindet.<\/p>\n<p>So einen besonderen Architekten haben wir in Herrn Schwieger gefunden, daf\u00fcr geb\u00fchrt ihm unser Dank.\u201c<\/p>\n<\/div><\/section><\/p><\/div>\n\n<style type=\"text\/css\" data-created_by=\"avia_inline_auto\" id=\"style-css-av-lbg9sn2y-13763bf465c78291ab1b58a8662492d9\">\n#top .hr.hr-invisible.av-lbg9sn2y-13763bf465c78291ab1b58a8662492d9{\nheight:50px;\n}\n<\/style>\n<div  class='hr av-lbg9sn2y-13763bf465c78291ab1b58a8662492d9 hr-invisible  avia-builder-el-3  el_after_av_one_full  el_before_av_one_full '><span class='hr-inner '><span class=\"hr-inner-style\"><\/span><\/span><\/div>\n<div class='flex_column_table av-mv40h-9e81d24bbe303042668aaf42d19db361 sc-av_one_full av-equal-height-column-flextable'>\n<style type=\"text\/css\" data-created_by=\"avia_inline_auto\" id=\"style-css-av-mv40h-9e81d24bbe303042668aaf42d19db361\">\n#top .flex_column_table.av-equal-height-column-flextable.av-mv40h-9e81d24bbe303042668aaf42d19db361{\nmargin-top:0px;\nmargin-bottom:1%;\n}\n.flex_column.av-mv40h-9e81d24bbe303042668aaf42d19db361{\nwidth:100%;\nmargin-left:0;\n}\n#top .flex_column_table.av-equal-height-column-flextable.av-mv40h-9e81d24bbe303042668aaf42d19db361 .av-flex-placeholder{\nwidth:0%;\n}\n<\/style>\n<div  class='flex_column av-mv40h-9e81d24bbe303042668aaf42d19db361 av_one_full  avia-builder-el-4  el_after_av_hr  el_before_av_one_full  first flex_column_table_cell av-equal-height-column av-align-middle  '     ><p>\n<style type=\"text\/css\" data-created_by=\"avia_inline_auto\" id=\"style-css-av-l7oexbnn-ba827c58c8c1ee96954ecc55049f571b\">\n.avia-image-container.av-l7oexbnn-ba827c58c8c1ee96954ecc55049f571b img.avia_image{\nbox-shadow:none;\n}\n.avia-image-container.av-l7oexbnn-ba827c58c8c1ee96954ecc55049f571b .av-image-caption-overlay-center{\ncolor:#ffffff;\n}\n<\/style>\n<div  class='avia-image-container av-l7oexbnn-ba827c58c8c1ee96954ecc55049f571b av-styling-no-styling av-img-linked avia-align-center  avia-builder-el-5  el_before_av_textblock  avia-builder-el-first '   itemprop=\"image\" itemscope=\"itemscope\" itemtype=\"https:\/\/schema.org\/ImageObject\" ><div class=\"avia-image-container-inner\"><div class=\"avia-image-overlay-wrap\"><a href=\"https:\/\/www.schwieger-architekten.de\/wp-content\/uploads\/2012\/09\/ps-speicher-03-2.jpg\" data-srcset=\"https:\/\/www.schwieger-architekten.de\/wp-content\/uploads\/2012\/09\/ps-speicher-03-2.jpg 997w, https:\/\/www.schwieger-architekten.de\/wp-content\/uploads\/2012\/09\/ps-speicher-03-2-400x267.jpg 400w, https:\/\/www.schwieger-architekten.de\/wp-content\/uploads\/2012\/09\/ps-speicher-03-2-768x512.jpg 768w, https:\/\/www.schwieger-architekten.de\/wp-content\/uploads\/2012\/09\/ps-speicher-03-2-120x80.jpg 120w, https:\/\/www.schwieger-architekten.de\/wp-content\/uploads\/2012\/09\/ps-speicher-03-2-705x470.jpg 705w, https:\/\/www.schwieger-architekten.de\/wp-content\/uploads\/2012\/09\/ps-speicher-03-2-225x150.jpg 225w, https:\/\/www.schwieger-architekten.de\/wp-content\/uploads\/2012\/09\/ps-speicher-03-2-180x120.jpg 180w\" data-sizes=\"(max-width: 997px) 100vw, 997px\" class='avia_image '  aria-label='PS.Speicher Einbeck | Schwieger Architekten G\u00f6ttingen'><img decoding=\"async\" fetchpriority=\"high\" class='wp-image-3096 avia-img-lazy-loading-not-3096 avia_image ' src=\"https:\/\/www.schwieger-architekten.de\/wp-content\/uploads\/2012\/09\/ps-speicher-03-2.jpg\" alt='PS.Speicher Einbeck | Schwieger Architekten G\u00f6ttingen' title='PS.Speicher Einbeck | Schwieger Architekten G\u00f6ttingen'  height=\"665\" width=\"997\"  itemprop=\"thumbnailUrl\" srcset=\"https:\/\/www.schwieger-architekten.de\/wp-content\/uploads\/2012\/09\/ps-speicher-03-2.jpg 997w, https:\/\/www.schwieger-architekten.de\/wp-content\/uploads\/2012\/09\/ps-speicher-03-2-400x267.jpg 400w, https:\/\/www.schwieger-architekten.de\/wp-content\/uploads\/2012\/09\/ps-speicher-03-2-768x512.jpg 768w, https:\/\/www.schwieger-architekten.de\/wp-content\/uploads\/2012\/09\/ps-speicher-03-2-120x80.jpg 120w, https:\/\/www.schwieger-architekten.de\/wp-content\/uploads\/2012\/09\/ps-speicher-03-2-705x470.jpg 705w, https:\/\/www.schwieger-architekten.de\/wp-content\/uploads\/2012\/09\/ps-speicher-03-2-225x150.jpg 225w, https:\/\/www.schwieger-architekten.de\/wp-content\/uploads\/2012\/09\/ps-speicher-03-2-180x120.jpg 180w\" sizes=\"(max-width: 997px) 100vw, 997px\" \/><\/a><\/div><\/div><\/div><br \/>\n<section  class='av_textblock_section av-l7oey6p2-a61bffb290e7deb1b1d33a3f2df7a1df '   itemscope=\"itemscope\" itemtype=\"https:\/\/schema.org\/CreativeWork\" ><div class='avia_textblock'  itemprop=\"text\" ><p>Vor der Sanierung<\/p>\n<\/div><\/section><\/p><\/div><\/div><!--close column table wrapper. Autoclose: 1 -->\n<div class='flex_column_table av-4c1zr5-9969d3f4489ee965efbfb6e71baf51ab sc-av_one_full av-equal-height-column-flextable'>\n<style type=\"text\/css\" data-created_by=\"avia_inline_auto\" id=\"style-css-av-4c1zr5-9969d3f4489ee965efbfb6e71baf51ab\">\n#top .flex_column_table.av-equal-height-column-flextable.av-4c1zr5-9969d3f4489ee965efbfb6e71baf51ab{\nmargin-top:10px;\nmargin-bottom:10px;\n}\n.flex_column.av-4c1zr5-9969d3f4489ee965efbfb6e71baf51ab{\nwidth:100%;\nmargin-left:0;\n}\n#top .flex_column_table.av-equal-height-column-flextable.av-4c1zr5-9969d3f4489ee965efbfb6e71baf51ab .av-flex-placeholder{\nwidth:0%;\n}\n<\/style>\n<div  class='flex_column av-4c1zr5-9969d3f4489ee965efbfb6e71baf51ab av_one_full  avia-builder-el-7  el_after_av_one_full  el_before_av_one_full  first flex_column_table_cell av-equal-height-column av-align-middle  column-top-margin'     ><p>\n<style type=\"text\/css\" data-created_by=\"avia_inline_auto\" id=\"style-css-av-l7oexrsf-3ea471ec03659d7921cb68d40911c39d\">\n.avia-image-container.av-l7oexrsf-3ea471ec03659d7921cb68d40911c39d img.avia_image{\nbox-shadow:none;\n}\n.avia-image-container.av-l7oexrsf-3ea471ec03659d7921cb68d40911c39d .av-image-caption-overlay-center{\ncolor:#ffffff;\n}\n<\/style>\n<div  class='avia-image-container av-l7oexrsf-3ea471ec03659d7921cb68d40911c39d av-styling-no-styling av-img-linked avia-align-center  avia-builder-el-8  el_before_av_textblock  avia-builder-el-first '   itemprop=\"image\" itemscope=\"itemscope\" itemtype=\"https:\/\/schema.org\/ImageObject\" ><div class=\"avia-image-container-inner\"><div class=\"avia-image-overlay-wrap\"><a href=\"https:\/\/www.schwieger-architekten.de\/wp-content\/uploads\/2012\/09\/ps-speicher-01-1850x961.jpg\" data-srcset=\"https:\/\/www.schwieger-architekten.de\/wp-content\/uploads\/2012\/09\/ps-speicher-01-1850x961.jpg 1850w, https:\/\/www.schwieger-architekten.de\/wp-content\/uploads\/2012\/09\/ps-speicher-01-400x208.jpg 400w, https:\/\/www.schwieger-architekten.de\/wp-content\/uploads\/2012\/09\/ps-speicher-01-768x399.jpg 768w, https:\/\/www.schwieger-architekten.de\/wp-content\/uploads\/2012\/09\/ps-speicher-01-1536x798.jpg 1536w, https:\/\/www.schwieger-architekten.de\/wp-content\/uploads\/2012\/09\/ps-speicher-01-1500x779.jpg 1500w, https:\/\/www.schwieger-architekten.de\/wp-content\/uploads\/2012\/09\/ps-speicher-01-705x366.jpg 705w, https:\/\/www.schwieger-architekten.de\/wp-content\/uploads\/2012\/09\/ps-speicher-01-289x150.jpg 289w, https:\/\/www.schwieger-architekten.de\/wp-content\/uploads\/2012\/09\/ps-speicher-01-231x120.jpg 231w, https:\/\/www.schwieger-architekten.de\/wp-content\/uploads\/2012\/09\/ps-speicher-01.jpg 1991w\" data-sizes=\"(max-width: 1500px) 100vw, 1500px\" class='avia_image '  aria-label='PS Speicher Einbeck'><img decoding=\"async\" fetchpriority=\"high\" class='wp-image-3099 avia-img-lazy-loading-not-3099 avia_image ' src=\"https:\/\/www.schwieger-architekten.de\/wp-content\/uploads\/2012\/09\/ps-speicher-01.jpg\" alt='PS Speicher Einbeck' title='PS Speicher Einbeck'  height=\"1034\" width=\"1991\"  itemprop=\"thumbnailUrl\" srcset=\"https:\/\/www.schwieger-architekten.de\/wp-content\/uploads\/2012\/09\/ps-speicher-01.jpg 1991w, https:\/\/www.schwieger-architekten.de\/wp-content\/uploads\/2012\/09\/ps-speicher-01-400x208.jpg 400w, https:\/\/www.schwieger-architekten.de\/wp-content\/uploads\/2012\/09\/ps-speicher-01-1850x961.jpg 1850w, https:\/\/www.schwieger-architekten.de\/wp-content\/uploads\/2012\/09\/ps-speicher-01-768x399.jpg 768w, https:\/\/www.schwieger-architekten.de\/wp-content\/uploads\/2012\/09\/ps-speicher-01-1536x798.jpg 1536w, https:\/\/www.schwieger-architekten.de\/wp-content\/uploads\/2012\/09\/ps-speicher-01-1500x779.jpg 1500w, https:\/\/www.schwieger-architekten.de\/wp-content\/uploads\/2012\/09\/ps-speicher-01-705x366.jpg 705w, https:\/\/www.schwieger-architekten.de\/wp-content\/uploads\/2012\/09\/ps-speicher-01-289x150.jpg 289w, https:\/\/www.schwieger-architekten.de\/wp-content\/uploads\/2012\/09\/ps-speicher-01-231x120.jpg 231w\" sizes=\"(max-width: 1991px) 100vw, 1991px\" \/><\/a><\/div><\/div><\/div><br \/>\n<section  class='av_textblock_section av-l7oeygea-7bec01bd72c7971a043fa0df8652e642 '   itemscope=\"itemscope\" itemtype=\"https:\/\/schema.org\/CreativeWork\" ><div class='avia_textblock'  itemprop=\"text\" ><p>Historische Ansicht<\/p>\n<\/div><\/section><\/p><\/div><\/div><!--close column table wrapper. Autoclose: 1 -->\n<div class='flex_column_table av-av_one_full-a8543977f9cae22cf4ed4a48b49e1fb0 sc-av_one_full av-equal-height-column-flextable'>\n<style type=\"text\/css\" data-created_by=\"avia_inline_auto\" id=\"style-css-av-av_one_full-a8543977f9cae22cf4ed4a48b49e1fb0\">\n#top .flex_column_table.av-equal-height-column-flextable.av-av_one_full-a8543977f9cae22cf4ed4a48b49e1fb0{\nmargin-top:10px;\nmargin-bottom:10px;\n}\n.flex_column.av-av_one_full-a8543977f9cae22cf4ed4a48b49e1fb0{\nwidth:100%;\nmargin-left:0;\n}\n#top .flex_column_table.av-equal-height-column-flextable.av-av_one_full-a8543977f9cae22cf4ed4a48b49e1fb0 .av-flex-placeholder{\nwidth:0%;\n}\n<\/style>\n<div  class='flex_column av-av_one_full-a8543977f9cae22cf4ed4a48b49e1fb0 av_one_full  avia-builder-el-10  el_after_av_one_full  el_before_av_one_full  first flex_column_table_cell av-equal-height-column av-align-middle  column-top-margin'     ><p>\n<style type=\"text\/css\" data-created_by=\"avia_inline_auto\" id=\"style-css-av-mo6w20y5-81cdaaa68db6078e7e0a47398e835122\">\n.avia-image-container.av-mo6w20y5-81cdaaa68db6078e7e0a47398e835122 img.avia_image{\nbox-shadow:none;\n}\n.avia-image-container.av-mo6w20y5-81cdaaa68db6078e7e0a47398e835122 .av-image-caption-overlay-center{\ncolor:#ffffff;\n}\n<\/style>\n<div  class='avia-image-container av-mo6w20y5-81cdaaa68db6078e7e0a47398e835122 av-styling-no-styling av-img-linked avia-align-center  avia-builder-el-11  el_before_av_textblock  avia-builder-el-first '   itemprop=\"image\" itemscope=\"itemscope\" itemtype=\"https:\/\/schema.org\/ImageObject\" ><div class=\"avia-image-container-inner\"><div class=\"avia-image-overlay-wrap\"><a href=\"https:\/\/www.schwieger-architekten.de\/wp-content\/uploads\/2012\/09\/ps-speicher-alfeld-01-1800x1210.jpg\" data-srcset=\"https:\/\/www.schwieger-architekten.de\/wp-content\/uploads\/2012\/09\/ps-speicher-alfeld-01-1800x1210.jpg 1800w, https:\/\/www.schwieger-architekten.de\/wp-content\/uploads\/2012\/09\/ps-speicher-alfeld-01-400x269.jpg 400w, https:\/\/www.schwieger-architekten.de\/wp-content\/uploads\/2012\/09\/ps-speicher-alfeld-01-768x516.jpg 768w, https:\/\/www.schwieger-architekten.de\/wp-content\/uploads\/2012\/09\/ps-speicher-alfeld-01-120x80.jpg 120w, https:\/\/www.schwieger-architekten.de\/wp-content\/uploads\/2012\/09\/ps-speicher-alfeld-01-1536x1032.jpg 1536w, https:\/\/www.schwieger-architekten.de\/wp-content\/uploads\/2012\/09\/ps-speicher-alfeld-01-1500x1008.jpg 1500w, https:\/\/www.schwieger-architekten.de\/wp-content\/uploads\/2012\/09\/ps-speicher-alfeld-01-705x474.jpg 705w, https:\/\/www.schwieger-architekten.de\/wp-content\/uploads\/2012\/09\/ps-speicher-alfeld-01-223x150.jpg 223w, https:\/\/www.schwieger-architekten.de\/wp-content\/uploads\/2012\/09\/ps-speicher-alfeld-01-179x120.jpg 179w, https:\/\/www.schwieger-architekten.de\/wp-content\/uploads\/2012\/09\/ps-speicher-alfeld-01.jpg 2000w\" data-sizes=\"(max-width: 1500px) 100vw, 1500px\" class='avia_image '  aria-label='Ansicht nach der Sanierung | PS.Speicher Einbeck'><img decoding=\"async\" fetchpriority=\"high\" class='wp-image-4038 avia-img-lazy-loading-not-4038 avia_image ' src=\"https:\/\/www.schwieger-architekten.de\/wp-content\/uploads\/2012\/09\/ps-speicher-alfeld-01.jpg\" alt='Ansicht nach der Sanierung | PS.Speicher Einbeck' title='Ansicht nach der Sanierung | PS.Speicher Einbeck'  height=\"1344\" width=\"2000\"  itemprop=\"thumbnailUrl\" srcset=\"https:\/\/www.schwieger-architekten.de\/wp-content\/uploads\/2012\/09\/ps-speicher-alfeld-01.jpg 2000w, https:\/\/www.schwieger-architekten.de\/wp-content\/uploads\/2012\/09\/ps-speicher-alfeld-01-400x269.jpg 400w, https:\/\/www.schwieger-architekten.de\/wp-content\/uploads\/2012\/09\/ps-speicher-alfeld-01-1800x1210.jpg 1800w, https:\/\/www.schwieger-architekten.de\/wp-content\/uploads\/2012\/09\/ps-speicher-alfeld-01-768x516.jpg 768w, https:\/\/www.schwieger-architekten.de\/wp-content\/uploads\/2012\/09\/ps-speicher-alfeld-01-120x80.jpg 120w, https:\/\/www.schwieger-architekten.de\/wp-content\/uploads\/2012\/09\/ps-speicher-alfeld-01-1536x1032.jpg 1536w, https:\/\/www.schwieger-architekten.de\/wp-content\/uploads\/2012\/09\/ps-speicher-alfeld-01-1500x1008.jpg 1500w, https:\/\/www.schwieger-architekten.de\/wp-content\/uploads\/2012\/09\/ps-speicher-alfeld-01-705x474.jpg 705w, https:\/\/www.schwieger-architekten.de\/wp-content\/uploads\/2012\/09\/ps-speicher-alfeld-01-223x150.jpg 223w, https:\/\/www.schwieger-architekten.de\/wp-content\/uploads\/2012\/09\/ps-speicher-alfeld-01-179x120.jpg 179w\" sizes=\"(max-width: 2000px) 100vw, 2000px\" \/><\/a><\/div><\/div><\/div><br \/>\n<section  class='av_textblock_section av-mo6w26uj-95932d3bbc3625a5f1fe8620394b3a7c '   itemscope=\"itemscope\" itemtype=\"https:\/\/schema.org\/CreativeWork\" ><div class='avia_textblock'  itemprop=\"text\" ><p>Ansicht nach der Sanierung<\/p>\n<\/div><\/section><\/p><\/div><\/div><!--close column table wrapper. Autoclose: 1 --><div class='flex_column_table av-av_one_full-a8543977f9cae22cf4ed4a48b49e1fb0 sc-av_one_full av-equal-height-column-flextable'>\n<style type=\"text\/css\" data-created_by=\"avia_inline_auto\" id=\"style-css-av-av_one_full-a8543977f9cae22cf4ed4a48b49e1fb0\">\n#top .flex_column_table.av-equal-height-column-flextable.av-av_one_full-a8543977f9cae22cf4ed4a48b49e1fb0{\nmargin-top:10px;\nmargin-bottom:10px;\n}\n.flex_column.av-av_one_full-a8543977f9cae22cf4ed4a48b49e1fb0{\nwidth:100%;\nmargin-left:0;\n}\n#top .flex_column_table.av-equal-height-column-flextable.av-av_one_full-a8543977f9cae22cf4ed4a48b49e1fb0 .av-flex-placeholder{\nwidth:0%;\n}\n<\/style>\n<div  class='flex_column av-av_one_full-a8543977f9cae22cf4ed4a48b49e1fb0 av_one_full  avia-builder-el-13  el_after_av_one_full  el_before_av_one_full  first flex_column_table_cell av-equal-height-column av-align-middle  column-top-margin'     ><p>\n<style type=\"text\/css\" data-created_by=\"avia_inline_auto\" id=\"style-css-av-mo6w2zem-90b3f609970c983513a517108f1ec421\">\n.avia-image-container.av-mo6w2zem-90b3f609970c983513a517108f1ec421 img.avia_image{\nbox-shadow:none;\n}\n.avia-image-container.av-mo6w2zem-90b3f609970c983513a517108f1ec421 .av-image-caption-overlay-center{\ncolor:#ffffff;\n}\n<\/style>\n<div  class='avia-image-container av-mo6w2zem-90b3f609970c983513a517108f1ec421 av-styling-no-styling av-img-linked avia-align-center  avia-builder-el-14  el_before_av_textblock  avia-builder-el-first '   itemprop=\"image\" itemscope=\"itemscope\" itemtype=\"https:\/\/schema.org\/ImageObject\" ><div class=\"avia-image-container-inner\"><div class=\"avia-image-overlay-wrap\"><a href=\"https:\/\/www.schwieger-architekten.de\/wp-content\/uploads\/2012\/09\/ps-speicher-alfeld-02-1800x1200.jpg\" data-srcset=\"https:\/\/www.schwieger-architekten.de\/wp-content\/uploads\/2012\/09\/ps-speicher-alfeld-02-1800x1200.jpg 1800w, https:\/\/www.schwieger-architekten.de\/wp-content\/uploads\/2012\/09\/ps-speicher-alfeld-02-400x267.jpg 400w, https:\/\/www.schwieger-architekten.de\/wp-content\/uploads\/2012\/09\/ps-speicher-alfeld-02-768x512.jpg 768w, https:\/\/www.schwieger-architekten.de\/wp-content\/uploads\/2012\/09\/ps-speicher-alfeld-02-120x80.jpg 120w, https:\/\/www.schwieger-architekten.de\/wp-content\/uploads\/2012\/09\/ps-speicher-alfeld-02-1536x1024.jpg 1536w, https:\/\/www.schwieger-architekten.de\/wp-content\/uploads\/2012\/09\/ps-speicher-alfeld-02-1500x1000.jpg 1500w, https:\/\/www.schwieger-architekten.de\/wp-content\/uploads\/2012\/09\/ps-speicher-alfeld-02-705x470.jpg 705w, https:\/\/www.schwieger-architekten.de\/wp-content\/uploads\/2012\/09\/ps-speicher-alfeld-02-225x150.jpg 225w, https:\/\/www.schwieger-architekten.de\/wp-content\/uploads\/2012\/09\/ps-speicher-alfeld-02-180x120.jpg 180w, https:\/\/www.schwieger-architekten.de\/wp-content\/uploads\/2012\/09\/ps-speicher-alfeld-02.jpg 2000w\" data-sizes=\"(max-width: 1500px) 100vw, 1500px\" class='avia_image '  aria-label='\u00dcbersicht | PS.Speicher Einbeck'><img decoding=\"async\" fetchpriority=\"high\" class='wp-image-4036 avia-img-lazy-loading-not-4036 avia_image ' src=\"https:\/\/www.schwieger-architekten.de\/wp-content\/uploads\/2012\/09\/ps-speicher-alfeld-02.jpg\" alt='\u00dcbersicht | PS.Speicher Einbeck' title='\u00dcbersicht | PS.Speicher Einbeck'  height=\"1333\" width=\"2000\"  itemprop=\"thumbnailUrl\" srcset=\"https:\/\/www.schwieger-architekten.de\/wp-content\/uploads\/2012\/09\/ps-speicher-alfeld-02.jpg 2000w, https:\/\/www.schwieger-architekten.de\/wp-content\/uploads\/2012\/09\/ps-speicher-alfeld-02-400x267.jpg 400w, https:\/\/www.schwieger-architekten.de\/wp-content\/uploads\/2012\/09\/ps-speicher-alfeld-02-1800x1200.jpg 1800w, https:\/\/www.schwieger-architekten.de\/wp-content\/uploads\/2012\/09\/ps-speicher-alfeld-02-768x512.jpg 768w, https:\/\/www.schwieger-architekten.de\/wp-content\/uploads\/2012\/09\/ps-speicher-alfeld-02-120x80.jpg 120w, https:\/\/www.schwieger-architekten.de\/wp-content\/uploads\/2012\/09\/ps-speicher-alfeld-02-1536x1024.jpg 1536w, https:\/\/www.schwieger-architekten.de\/wp-content\/uploads\/2012\/09\/ps-speicher-alfeld-02-1500x1000.jpg 1500w, https:\/\/www.schwieger-architekten.de\/wp-content\/uploads\/2012\/09\/ps-speicher-alfeld-02-705x470.jpg 705w, https:\/\/www.schwieger-architekten.de\/wp-content\/uploads\/2012\/09\/ps-speicher-alfeld-02-225x150.jpg 225w, https:\/\/www.schwieger-architekten.de\/wp-content\/uploads\/2012\/09\/ps-speicher-alfeld-02-180x120.jpg 180w\" sizes=\"(max-width: 2000px) 100vw, 2000px\" \/><\/a><\/div><\/div><\/div><br \/>\n<section  class='av_textblock_section av-mo6w34qh-28ee0842f6e56532728ee0d2abf93b39 '   itemscope=\"itemscope\" itemtype=\"https:\/\/schema.org\/CreativeWork\" ><div class='avia_textblock'  itemprop=\"text\" ><p>\u00dcbersicht<\/p>\n<\/div><\/section><\/p><\/div><\/div><!--close column table wrapper. Autoclose: 1 --><div class='flex_column_table av-av_one_full-a8543977f9cae22cf4ed4a48b49e1fb0 sc-av_one_full av-equal-height-column-flextable'>\n<style type=\"text\/css\" data-created_by=\"avia_inline_auto\" id=\"style-css-av-av_one_full-a8543977f9cae22cf4ed4a48b49e1fb0\">\n#top .flex_column_table.av-equal-height-column-flextable.av-av_one_full-a8543977f9cae22cf4ed4a48b49e1fb0{\nmargin-top:10px;\nmargin-bottom:10px;\n}\n.flex_column.av-av_one_full-a8543977f9cae22cf4ed4a48b49e1fb0{\nwidth:100%;\nmargin-left:0;\n}\n#top .flex_column_table.av-equal-height-column-flextable.av-av_one_full-a8543977f9cae22cf4ed4a48b49e1fb0 .av-flex-placeholder{\nwidth:0%;\n}\n<\/style>\n<div  class='flex_column av-av_one_full-a8543977f9cae22cf4ed4a48b49e1fb0 av_one_full  avia-builder-el-16  el_after_av_one_full  avia-builder-el-last  first flex_column_table_cell av-equal-height-column av-align-middle  column-top-margin'     ><style type=\"text\/css\" data-created_by=\"avia_inline_auto\" id=\"style-css-av-mo6w3nb0-711603c3d275200351fc64d3843a5a1b\">\n.avia-image-container.av-mo6w3nb0-711603c3d275200351fc64d3843a5a1b img.avia_image{\nbox-shadow:none;\n}\n.avia-image-container.av-mo6w3nb0-711603c3d275200351fc64d3843a5a1b .av-image-caption-overlay-center{\ncolor:#ffffff;\n}\n<\/style>\n<div  class='avia-image-container av-mo6w3nb0-711603c3d275200351fc64d3843a5a1b av-styling-no-styling av-img-linked avia-align-center  avia-builder-el-17  avia-builder-el-no-sibling '   itemprop=\"image\" itemscope=\"itemscope\" itemtype=\"https:\/\/schema.org\/ImageObject\" ><div class=\"avia-image-container-inner\"><div class=\"avia-image-overlay-wrap\"><a href=\"https:\/\/www.schwieger-architekten.de\/wp-content\/uploads\/2012\/09\/ps-speicher-alfeld-03.jpg\" data-srcset=\"https:\/\/www.schwieger-architekten.de\/wp-content\/uploads\/2012\/09\/ps-speicher-alfeld-03.jpg 1500w, https:\/\/www.schwieger-architekten.de\/wp-content\/uploads\/2012\/09\/ps-speicher-alfeld-03-400x190.jpg 400w, https:\/\/www.schwieger-architekten.de\/wp-content\/uploads\/2012\/09\/ps-speicher-alfeld-03-768x365.jpg 768w, https:\/\/www.schwieger-architekten.de\/wp-content\/uploads\/2012\/09\/ps-speicher-alfeld-03-705x335.jpg 705w, https:\/\/www.schwieger-architekten.de\/wp-content\/uploads\/2012\/09\/ps-speicher-alfeld-03-316x150.jpg 316w, https:\/\/www.schwieger-architekten.de\/wp-content\/uploads\/2012\/09\/ps-speicher-alfeld-03-253x120.jpg 253w\" data-sizes=\"(max-width: 1500px) 100vw, 1500px\" class='avia_image '  aria-label='PS.Speicher Einbeck'><img decoding=\"async\" fetchpriority=\"high\" class='wp-image-4034 avia-img-lazy-loading-not-4034 avia_image ' src=\"https:\/\/www.schwieger-architekten.de\/wp-content\/uploads\/2012\/09\/ps-speicher-alfeld-03.jpg\" alt='PS.Speicher Einbeck' title='PS.Speicher Einbeck'  height=\"712\" width=\"1500\"  itemprop=\"thumbnailUrl\" srcset=\"https:\/\/www.schwieger-architekten.de\/wp-content\/uploads\/2012\/09\/ps-speicher-alfeld-03.jpg 1500w, https:\/\/www.schwieger-architekten.de\/wp-content\/uploads\/2012\/09\/ps-speicher-alfeld-03-400x190.jpg 400w, https:\/\/www.schwieger-architekten.de\/wp-content\/uploads\/2012\/09\/ps-speicher-alfeld-03-768x365.jpg 768w, https:\/\/www.schwieger-architekten.de\/wp-content\/uploads\/2012\/09\/ps-speicher-alfeld-03-705x335.jpg 705w, https:\/\/www.schwieger-architekten.de\/wp-content\/uploads\/2012\/09\/ps-speicher-alfeld-03-316x150.jpg 316w, https:\/\/www.schwieger-architekten.de\/wp-content\/uploads\/2012\/09\/ps-speicher-alfeld-03-253x120.jpg 253w\" sizes=\"(max-width: 1500px) 100vw, 1500px\" \/><\/a><\/div><\/div><\/div><\/div><\/div><!--close column table wrapper. Autoclose: 1 --><\/p>\n","protected":false},"excerpt":{"rendered":"<p>Einbeck<\/p>\n","protected":false},"author":1,"featured_media":3096,"comment_status":"closed","ping_status":"closed","template":"","meta":{"footnotes":""},"tags":[],"portfolio_entries":[22],"class_list":["post-3089","portfolio","type-portfolio","status-publish","has-post-thumbnail","hentry","portfolio_entries-projektsteuerung"],"yoast_head":"<!-- This site is optimized with the Yoast SEO plugin v27.0 - https:\/\/yoast.com\/product\/yoast-seo-wordpress\/ -->\n<title>PS.Speicher Einbeck | Schwieger Architekten G\u00f6ttingen<\/title>\n<meta name=\"description\" content=\"Projektsteuerung durch Schwieger Architekten aus G\u00f6ttingen f\u00fcr die Sanierung und den Umbau des PS.Speicher in Einbeck zu Ausstellungsfl\u00e4chen.\" \/>\n<meta name=\"robots\" content=\"index, follow, max-snippet:-1, max-image-preview:large, max-video-preview:-1\" \/>\n<link rel=\"canonical\" href=\"https:\/\/www.schwieger-architekten.de\/de\/projekt\/ps-speicher-einbeck\/\" \/>\n<meta property=\"og:locale\" content=\"de_DE\" \/>\n<meta property=\"og:type\" content=\"article\" \/>\n<meta property=\"og:title\" content=\"PS.Speicher Einbeck | Schwieger Architekten G\u00f6ttingen\" \/>\n<meta property=\"og:description\" content=\"Projektsteuerung durch Schwieger Architekten aus G\u00f6ttingen f\u00fcr die Sanierung und den Umbau des PS.Speicher in Einbeck zu Ausstellungsfl\u00e4chen.\" \/>\n<meta property=\"og:url\" content=\"https:\/\/www.schwieger-architekten.de\/de\/projekt\/ps-speicher-einbeck\/\" \/>\n<meta property=\"og:site_name\" content=\"Schwieger Architekten\" \/>\n<meta property=\"article:modified_time\" content=\"2026-04-20T07:45:18+00:00\" \/>\n<meta property=\"og:image\" content=\"https:\/\/www.schwieger-architekten.de\/wp-content\/uploads\/2012\/09\/ps-speicher-03-2.jpg\" \/>\n\t<meta property=\"og:image:width\" content=\"997\" \/>\n\t<meta property=\"og:image:height\" content=\"665\" \/>\n\t<meta property=\"og:image:type\" content=\"image\/jpeg\" \/>\n<meta name=\"twitter:card\" content=\"summary_large_image\" \/>\n<meta name=\"twitter:label1\" content=\"Gesch\u00e4tzte Lesezeit\" \/>\n\t<meta name=\"twitter:data1\" content=\"4\u00a0Minuten\" \/>\n<script type=\"application\/ld+json\" class=\"yoast-schema-graph\">{\"@context\":\"https:\/\/schema.org\",\"@graph\":[{\"@type\":\"WebPage\",\"@id\":\"https:\/\/www.schwieger-architekten.de\/de\/projekt\/ps-speicher-einbeck\/\",\"url\":\"https:\/\/www.schwieger-architekten.de\/de\/projekt\/ps-speicher-einbeck\/\",\"name\":\"PS.Speicher Einbeck | Schwieger Architekten G\u00f6ttingen\",\"isPartOf\":{\"@id\":\"https:\/\/www.schwieger-architekten.de\/de\/#website\"},\"primaryImageOfPage\":{\"@id\":\"https:\/\/www.schwieger-architekten.de\/de\/projekt\/ps-speicher-einbeck\/#primaryimage\"},\"image\":{\"@id\":\"https:\/\/www.schwieger-architekten.de\/de\/projekt\/ps-speicher-einbeck\/#primaryimage\"},\"thumbnailUrl\":\"https:\/\/www.schwieger-architekten.de\/wp-content\/uploads\/2012\/09\/ps-speicher-03-2.jpg\",\"datePublished\":\"2012-09-05T06:52:01+00:00\",\"dateModified\":\"2026-04-20T07:45:18+00:00\",\"description\":\"Projektsteuerung durch Schwieger Architekten aus G\u00f6ttingen f\u00fcr die Sanierung und den Umbau des PS.Speicher in Einbeck zu Ausstellungsfl\u00e4chen.\",\"breadcrumb\":{\"@id\":\"https:\/\/www.schwieger-architekten.de\/de\/projekt\/ps-speicher-einbeck\/#breadcrumb\"},\"inLanguage\":\"de\",\"potentialAction\":[{\"@type\":\"ReadAction\",\"target\":[\"https:\/\/www.schwieger-architekten.de\/de\/projekt\/ps-speicher-einbeck\/\"]}]},{\"@type\":\"ImageObject\",\"inLanguage\":\"de\",\"@id\":\"https:\/\/www.schwieger-architekten.de\/de\/projekt\/ps-speicher-einbeck\/#primaryimage\",\"url\":\"https:\/\/www.schwieger-architekten.de\/wp-content\/uploads\/2012\/09\/ps-speicher-03-2.jpg\",\"contentUrl\":\"https:\/\/www.schwieger-architekten.de\/wp-content\/uploads\/2012\/09\/ps-speicher-03-2.jpg\",\"width\":997,\"height\":665,\"caption\":\"PS.Speicher Einbeck | Schwieger Architekten G\u00f6ttingen\"},{\"@type\":\"BreadcrumbList\",\"@id\":\"https:\/\/www.schwieger-architekten.de\/de\/projekt\/ps-speicher-einbeck\/#breadcrumb\",\"itemListElement\":[{\"@type\":\"ListItem\",\"position\":1,\"name\":\"Startseite\",\"item\":\"https:\/\/www.schwieger-architekten.de\/de\/\"},{\"@type\":\"ListItem\",\"position\":2,\"name\":\"PS.Speicher\"}]},{\"@type\":\"WebSite\",\"@id\":\"https:\/\/www.schwieger-architekten.de\/de\/#website\",\"url\":\"https:\/\/www.schwieger-architekten.de\/de\/\",\"name\":\"Schwieger Architekten\",\"description\":\"Schwieger Architekten G\u00f6ttingen\",\"potentialAction\":[{\"@type\":\"SearchAction\",\"target\":{\"@type\":\"EntryPoint\",\"urlTemplate\":\"https:\/\/www.schwieger-architekten.de\/de\/?s={search_term_string}\"},\"query-input\":{\"@type\":\"PropertyValueSpecification\",\"valueRequired\":true,\"valueName\":\"search_term_string\"}}],\"inLanguage\":\"de\"}]}<\/script>\n<!-- \/ Yoast SEO plugin. -->","yoast_head_json":{"title":"PS.Speicher Einbeck | Schwieger Architekten G\u00f6ttingen","description":"Projektsteuerung durch Schwieger Architekten aus G\u00f6ttingen f\u00fcr die Sanierung und den Umbau des PS.Speicher in Einbeck zu Ausstellungsfl\u00e4chen.","robots":{"index":"index","follow":"follow","max-snippet":"max-snippet:-1","max-image-preview":"max-image-preview:large","max-video-preview":"max-video-preview:-1"},"canonical":"https:\/\/www.schwieger-architekten.de\/de\/projekt\/ps-speicher-einbeck\/","og_locale":"de_DE","og_type":"article","og_title":"PS.Speicher Einbeck | Schwieger Architekten G\u00f6ttingen","og_description":"Projektsteuerung durch Schwieger Architekten aus G\u00f6ttingen f\u00fcr die Sanierung und den Umbau des PS.Speicher in Einbeck zu Ausstellungsfl\u00e4chen.","og_url":"https:\/\/www.schwieger-architekten.de\/de\/projekt\/ps-speicher-einbeck\/","og_site_name":"Schwieger Architekten","article_modified_time":"2026-04-20T07:45:18+00:00","og_image":[{"width":997,"height":665,"url":"https:\/\/www.schwieger-architekten.de\/wp-content\/uploads\/2012\/09\/ps-speicher-03-2.jpg","type":"image\/jpeg"}],"twitter_card":"summary_large_image","twitter_misc":{"Gesch\u00e4tzte Lesezeit":"4\u00a0Minuten"},"schema":{"@context":"https:\/\/schema.org","@graph":[{"@type":"WebPage","@id":"https:\/\/www.schwieger-architekten.de\/de\/projekt\/ps-speicher-einbeck\/","url":"https:\/\/www.schwieger-architekten.de\/de\/projekt\/ps-speicher-einbeck\/","name":"PS.Speicher Einbeck | Schwieger Architekten G\u00f6ttingen","isPartOf":{"@id":"https:\/\/www.schwieger-architekten.de\/de\/#website"},"primaryImageOfPage":{"@id":"https:\/\/www.schwieger-architekten.de\/de\/projekt\/ps-speicher-einbeck\/#primaryimage"},"image":{"@id":"https:\/\/www.schwieger-architekten.de\/de\/projekt\/ps-speicher-einbeck\/#primaryimage"},"thumbnailUrl":"https:\/\/www.schwieger-architekten.de\/wp-content\/uploads\/2012\/09\/ps-speicher-03-2.jpg","datePublished":"2012-09-05T06:52:01+00:00","dateModified":"2026-04-20T07:45:18+00:00","description":"Projektsteuerung durch Schwieger Architekten aus G\u00f6ttingen f\u00fcr die Sanierung und den Umbau des PS.Speicher in Einbeck zu Ausstellungsfl\u00e4chen.","breadcrumb":{"@id":"https:\/\/www.schwieger-architekten.de\/de\/projekt\/ps-speicher-einbeck\/#breadcrumb"},"inLanguage":"de","potentialAction":[{"@type":"ReadAction","target":["https:\/\/www.schwieger-architekten.de\/de\/projekt\/ps-speicher-einbeck\/"]}]},{"@type":"ImageObject","inLanguage":"de","@id":"https:\/\/www.schwieger-architekten.de\/de\/projekt\/ps-speicher-einbeck\/#primaryimage","url":"https:\/\/www.schwieger-architekten.de\/wp-content\/uploads\/2012\/09\/ps-speicher-03-2.jpg","contentUrl":"https:\/\/www.schwieger-architekten.de\/wp-content\/uploads\/2012\/09\/ps-speicher-03-2.jpg","width":997,"height":665,"caption":"PS.Speicher Einbeck | Schwieger Architekten G\u00f6ttingen"},{"@type":"BreadcrumbList","@id":"https:\/\/www.schwieger-architekten.de\/de\/projekt\/ps-speicher-einbeck\/#breadcrumb","itemListElement":[{"@type":"ListItem","position":1,"name":"Startseite","item":"https:\/\/www.schwieger-architekten.de\/de\/"},{"@type":"ListItem","position":2,"name":"PS.Speicher"}]},{"@type":"WebSite","@id":"https:\/\/www.schwieger-architekten.de\/de\/#website","url":"https:\/\/www.schwieger-architekten.de\/de\/","name":"Schwieger Architekten","description":"Schwieger Architekten G\u00f6ttingen","potentialAction":[{"@type":"SearchAction","target":{"@type":"EntryPoint","urlTemplate":"https:\/\/www.schwieger-architekten.de\/de\/?s={search_term_string}"},"query-input":{"@type":"PropertyValueSpecification","valueRequired":true,"valueName":"search_term_string"}}],"inLanguage":"de"}]}},"_links":{"self":[{"href":"https:\/\/www.schwieger-architekten.de\/de\/wp-json\/wp\/v2\/portfolio\/3089","targetHints":{"allow":["GET"]}}],"collection":[{"href":"https:\/\/www.schwieger-architekten.de\/de\/wp-json\/wp\/v2\/portfolio"}],"about":[{"href":"https:\/\/www.schwieger-architekten.de\/de\/wp-json\/wp\/v2\/types\/portfolio"}],"author":[{"embeddable":true,"href":"https:\/\/www.schwieger-architekten.de\/de\/wp-json\/wp\/v2\/users\/1"}],"replies":[{"embeddable":true,"href":"https:\/\/www.schwieger-architekten.de\/de\/wp-json\/wp\/v2\/comments?post=3089"}],"version-history":[{"count":8,"href":"https:\/\/www.schwieger-architekten.de\/de\/wp-json\/wp\/v2\/portfolio\/3089\/revisions"}],"predecessor-version":[{"id":4040,"href":"https:\/\/www.schwieger-architekten.de\/de\/wp-json\/wp\/v2\/portfolio\/3089\/revisions\/4040"}],"wp:featuredmedia":[{"embeddable":true,"href":"https:\/\/www.schwieger-architekten.de\/de\/wp-json\/wp\/v2\/media\/3096"}],"wp:attachment":[{"href":"https:\/\/www.schwieger-architekten.de\/de\/wp-json\/wp\/v2\/media?parent=3089"}],"wp:term":[{"taxonomy":"post_tag","embeddable":true,"href":"https:\/\/www.schwieger-architekten.de\/de\/wp-json\/wp\/v2\/tags?post=3089"},{"taxonomy":"portfolio_entries","embeddable":true,"href":"https:\/\/www.schwieger-architekten.de\/de\/wp-json\/wp\/v2\/portfolio_entries?post=3089"}],"curies":[{"name":"wp","href":"https:\/\/api.w.org\/{rel}","templated":true}]}}