{"id":2247,"date":"2022-02-24T15:45:39","date_gmt":"2022-02-24T14:45:39","guid":{"rendered":"http:\/\/relaunch2022.schwieger-architekten.de\/projects\/"},"modified":"2023-06-06T15:17:24","modified_gmt":"2023-06-06T13:17:24","slug":"projects","status":"publish","type":"page","link":"https:\/\/www.schwieger-architekten.de\/en\/projects\/","title":{"rendered":"Projects"},"content":{"rendered":"<div  id=\"ProjectHeaderContainer\"  class='flex_column av-l3r6iv4x-42fcbead3eae0e1edb3a2a1e234343f1 av_one_full  avia-builder-el-0  el_before_av_one_full  avia-builder-el-first  first flex_column_div  '     ><style type=\"text\/css\" data-created_by=\"avia_inline_auto\" id=\"style-css-av-l3skxz2o-955e0a74cbba125aa9eb6cd5260c72b6\">\n#top .av-special-heading.av-l3skxz2o-955e0a74cbba125aa9eb6cd5260c72b6{\npadding-bottom:10px;\n}\nbody .av-special-heading.av-l3skxz2o-955e0a74cbba125aa9eb6cd5260c72b6 .av-special-heading-tag .heading-char{\nfont-size:25px;\n}\n.av-special-heading.av-l3skxz2o-955e0a74cbba125aa9eb6cd5260c72b6 .av-subheading{\nfont-size:15px;\n}\n<\/style>\n<div  id=\"ProjectHeader\"  class='av-special-heading av-l3skxz2o-955e0a74cbba125aa9eb6cd5260c72b6 av-special-heading-h1 blockquote modern-quote  avia-builder-el-1  avia-builder-el-no-sibling '><h1 class='av-special-heading-tag '  itemprop=\"headline\"  >Projects<\/h1><div class=\"special-heading-border\"><div class=\"special-heading-inner-border\"><\/div><\/div><\/div><\/div>\n\n<style type=\"text\/css\" data-created_by=\"avia_inline_auto\" id=\"style-css-av-3o9l-177fc647bc6f34d428fc02d54d27d760\">\n#top .flex_column.av-3o9l-177fc647bc6f34d428fc02d54d27d760{\nmargin-top:0px;\nmargin-bottom:0px;\n}\n.responsive #top #wrap_all .flex_column.av-3o9l-177fc647bc6f34d428fc02d54d27d760{\nmargin-top:0px;\nmargin-bottom:0px;\n}\n<\/style>\n<div  class='flex_column av-3o9l-177fc647bc6f34d428fc02d54d27d760 av_one_full  avia-builder-el-2  el_after_av_one_full  el_before_av_textblock  first no_margin flex_column_div  column-top-margin'     ><div  id=\"av-sc-portfolio-1\"  class=\"av-portfolio-grid-sorting-container\"><div class='sort_width_container  av-sort-yes' data-portfolio-id='1' ><div id='js_sort_items' ><div class='sort_by_cat '><a href=\"#\" data-filter=\"all_sort\" class=\"all_sort_button active_sort\"><span class=\"inner_sort_button\"><span>All<\/span><small class=\"av-cat-count\"> 63 <\/small><\/span><\/a><span class=\"text-sep construction-in-existing-structures-redevelopment-preservation_sort_sep\">\/<\/span><a href=\"#\" data-filter=\"construction-in-existing-structures-redevelopment-preservation_sort\" class=\"construction-in-existing-structures-redevelopment-preservation_sort_button\" ><span class=\"inner_sort_button\"><span>Construction in Existing Structures, Redevelopment, Preservation<\/span><small class=\"av-cat-count\"> 11 <\/small><\/span><\/a><span class=\"text-sep education-research-laboratory_sort_sep\">\/<\/span><a href=\"#\" data-filter=\"education-research-laboratory_sort\" class=\"education-research-laboratory_sort_button\" ><span class=\"inner_sort_button\"><span>Education, Research, Laboratory<\/span><small class=\"av-cat-count\"> 11 <\/small><\/span><\/a><span class=\"text-sep healthcare_sort_sep\">\/<\/span><a href=\"#\" data-filter=\"healthcare_sort\" class=\"healthcare_sort_button\" ><span class=\"inner_sort_button\"><span>Healthcare<\/span><small class=\"av-cat-count\"> 5 <\/small><\/span><\/a><span class=\"text-sep trade-industry_sort_sep\">\/<\/span><a href=\"#\" data-filter=\"trade-industry_sort\" class=\"trade-industry_sort_button\" ><span class=\"inner_sort_button\"><span>Trade and Industry<\/span><small class=\"av-cat-count\"> 9 <\/small><\/span><\/a><span class=\"text-sep interior-design_sort_sep\">\/<\/span><a href=\"#\" data-filter=\"interior-design_sort\" class=\"interior-design_sort_button\" ><span class=\"inner_sort_button\"><span>Interior Design<\/span><small class=\"av-cat-count\"> 2 <\/small><\/span><\/a><span class=\"text-sep project-management_sort_sep\">\/<\/span><a href=\"#\" data-filter=\"project-management_sort\" class=\"project-management_sort_button\" ><span class=\"inner_sort_button\"><span>Project Management<\/span><small class=\"av-cat-count\"> 2 <\/small><\/span><\/a><span class=\"text-sep urban-planning_sort_sep\">\/<\/span><a href=\"#\" data-filter=\"urban-planning_sort\" class=\"urban-planning_sort_button\" ><span class=\"inner_sort_button\"><span>Urban Planning<\/span><small class=\"av-cat-count\"> 4 <\/small><\/span><\/a><span class=\"text-sep competitions_sort_sep\">\/<\/span><a href=\"#\" data-filter=\"competitions_sort\" class=\"competitions_sort_button\" ><span class=\"inner_sort_button\"><span>Competitions<\/span><small class=\"av-cat-count\"> 16 <\/small><\/span><\/a><span class=\"text-sep residential-buildings-retirement-homes_sort_sep\">\/<\/span><a href=\"#\" data-filter=\"residential-buildings-retirement-homes_sort\" class=\"residential-buildings-retirement-homes_sort_button\" ><span class=\"inner_sort_button\"><span>Residential Buildings, Retirement Homes<\/span><small class=\"av-cat-count\"> 4 <\/small><\/span><\/a><span class=\"text-sep civic-and-public-buildings_sort_sep\">\/<\/span><a href=\"#\" data-filter=\"civic-and-public-buildings_sort\" class=\"civic-and-public-buildings_sort_button\" ><span class=\"inner_sort_button\"><span>Civic and Public Buildings<\/span><small class=\"av-cat-count\"> 7 <\/small><\/span><\/a><\/div><\/div><\/div><div  class=' grid-sort-container isotope   no_margin-container with-excerpt-container grid-total-odd grid-col-3 grid-links-' data-portfolio-id='1'><div data-ajax-id='2188' class=' grid-entry flex_column isotope-item all_sort no_margin post-entry post-entry-2188 grid-entry-overview grid-loop-1 grid-parity-odd  competitions_sort  av_one_third first default_av_fullwidth '><article class='main_color inner-entry'  itemscope=\"itemscope\" itemtype=\"https:\/\/schema.org\/CreativeWork\" ><a href=\"https:\/\/www.schwieger-architekten.de\/en\/projekt\/municipal-museum-goettingen\/\" title='Municipal Museum G\u00f6ttingen'  data-rel='grid-1' class='grid-image avia-hover-fx'> <img decoding=\"async\" loading=\"lazy\" width=\"400\" height=\"267\" src=\"https:\/\/www.schwieger-architekten.de\/wp-content\/uploads\/2020\/02\/staedtisches-museum-goettingen-400x267.jpg\" class=\"wp-image-870 avia-img-lazy-loading-870 attachment-medium size-medium wp-post-image\" alt=\"Municipal Museum G\u00f6ttingen\" srcset=\"https:\/\/www.schwieger-architekten.de\/wp-content\/uploads\/2020\/02\/staedtisches-museum-goettingen-400x267.jpg 400w, https:\/\/www.schwieger-architekten.de\/wp-content\/uploads\/2020\/02\/staedtisches-museum-goettingen-768x512.jpg 768w, https:\/\/www.schwieger-architekten.de\/wp-content\/uploads\/2020\/02\/staedtisches-museum-goettingen-120x80.jpg 120w, https:\/\/www.schwieger-architekten.de\/wp-content\/uploads\/2020\/02\/staedtisches-museum-goettingen-705x470.jpg 705w, https:\/\/www.schwieger-architekten.de\/wp-content\/uploads\/2020\/02\/staedtisches-museum-goettingen-225x150.jpg 225w, https:\/\/www.schwieger-architekten.de\/wp-content\/uploads\/2020\/02\/staedtisches-museum-goettingen-180x120.jpg 180w, https:\/\/www.schwieger-architekten.de\/wp-content\/uploads\/2020\/02\/staedtisches-museum-goettingen.jpg 900w\" sizes=\"auto, (max-width: 400px) 100vw, 400px\" \/><\/a><div class='grid-content'><div class='avia-arrow'><\/div><header class=\"entry-content-header\" aria-label=\"Portfolio: Municipal Museum G\u00f6ttingen\"><h3 class='grid-entry-title entry-title '  itemprop=\"headline\" ><a href='https:\/\/www.schwieger-architekten.de\/en\/projekt\/municipal-museum-goettingen\/' title='Municipal Museum G\u00f6ttingen'>Municipal Museum G\u00f6ttingen<\/a><\/h3><\/header><div class='grid-entry-excerpt entry-content'  itemprop=\"text\" >Museum - Am Ritterplan G\u00f6ttingen\nCompetition - multiple commission 2020<\/div><\/div><footer class=\"entry-footer\"><\/footer><\/article><\/div><div data-ajax-id='2194' class=' grid-entry flex_column isotope-item all_sort no_margin post-entry post-entry-2194 grid-entry-overview grid-loop-2 grid-parity-even  competitions_sort  av_one_third  default_av_fullwidth '><article class='main_color inner-entry'  itemscope=\"itemscope\" itemtype=\"https:\/\/schema.org\/CreativeWork\" ><a href=\"https:\/\/www.schwieger-architekten.de\/en\/projekt\/competition-brewery-duderstadt\/\" title='Extension Brewery Duderstadt'  data-rel='grid-1' class='grid-image avia-hover-fx'> <img decoding=\"async\" loading=\"lazy\" width=\"400\" height=\"267\" src=\"https:\/\/www.schwieger-architekten.de\/wp-content\/uploads\/2018\/02\/brauerei-duderstadt-chapter-400x267.jpg\" class=\"wp-image-888 avia-img-lazy-loading-888 attachment-medium size-medium wp-post-image\" alt=\"Extension Brewery Duderstadt\" srcset=\"https:\/\/www.schwieger-architekten.de\/wp-content\/uploads\/2018\/02\/brauerei-duderstadt-chapter-400x267.jpg 400w, https:\/\/www.schwieger-architekten.de\/wp-content\/uploads\/2018\/02\/brauerei-duderstadt-chapter-768x512.jpg 768w, https:\/\/www.schwieger-architekten.de\/wp-content\/uploads\/2018\/02\/brauerei-duderstadt-chapter-120x80.jpg 120w, https:\/\/www.schwieger-architekten.de\/wp-content\/uploads\/2018\/02\/brauerei-duderstadt-chapter-705x470.jpg 705w, https:\/\/www.schwieger-architekten.de\/wp-content\/uploads\/2018\/02\/brauerei-duderstadt-chapter-225x150.jpg 225w, https:\/\/www.schwieger-architekten.de\/wp-content\/uploads\/2018\/02\/brauerei-duderstadt-chapter-180x120.jpg 180w, https:\/\/www.schwieger-architekten.de\/wp-content\/uploads\/2018\/02\/brauerei-duderstadt-chapter.jpg 900w\" sizes=\"auto, (max-width: 400px) 100vw, 400px\" \/><\/a><div class='grid-content'><div class='avia-arrow'><\/div><header class=\"entry-content-header\" aria-label=\"Portfolio: Extension Brewery Duderstadt\"><h3 class='grid-entry-title entry-title '  itemprop=\"headline\" ><a href='https:\/\/www.schwieger-architekten.de\/en\/projekt\/competition-brewery-duderstadt\/' title='Extension Brewery Duderstadt'>Extension Brewery Duderstadt<\/a><\/h3><\/header><div class='grid-entry-excerpt entry-content'  itemprop=\"text\" >Heimatliebe Brewery Duderstadt\nmultiple assignment<\/div><\/div><footer class=\"entry-footer\"><\/footer><\/article><\/div><div data-ajax-id='2203' class=' grid-entry flex_column isotope-item all_sort no_margin post-entry post-entry-2203 grid-entry-overview grid-loop-3 grid-parity-odd  competitions_sort  av_one_third  default_av_fullwidth '><article class='main_color inner-entry'  itemscope=\"itemscope\" itemtype=\"https:\/\/schema.org\/CreativeWork\" ><a href=\"https:\/\/www.schwieger-architekten.de\/en\/projekt\/correctional-facility-rottweil-esch\/\" title='Correctional Facility Rottweil Esch Land Baden-W\u00fcrttemberg'  data-rel='grid-1' class='grid-image avia-hover-fx'> <img decoding=\"async\" loading=\"lazy\" width=\"400\" height=\"267\" src=\"https:\/\/www.schwieger-architekten.de\/wp-content\/uploads\/2017\/02\/jva-rottweil-esch-400x267.jpg\" class=\"wp-image-894 avia-img-lazy-loading-894 attachment-medium size-medium wp-post-image\" alt=\"Correctional Facility Rottweil Esch Land Baden-W\u00fcrttemberg\" srcset=\"https:\/\/www.schwieger-architekten.de\/wp-content\/uploads\/2017\/02\/jva-rottweil-esch-400x267.jpg 400w, https:\/\/www.schwieger-architekten.de\/wp-content\/uploads\/2017\/02\/jva-rottweil-esch-768x512.jpg 768w, https:\/\/www.schwieger-architekten.de\/wp-content\/uploads\/2017\/02\/jva-rottweil-esch-120x80.jpg 120w, https:\/\/www.schwieger-architekten.de\/wp-content\/uploads\/2017\/02\/jva-rottweil-esch-705x470.jpg 705w, https:\/\/www.schwieger-architekten.de\/wp-content\/uploads\/2017\/02\/jva-rottweil-esch-225x150.jpg 225w, https:\/\/www.schwieger-architekten.de\/wp-content\/uploads\/2017\/02\/jva-rottweil-esch-180x120.jpg 180w, https:\/\/www.schwieger-architekten.de\/wp-content\/uploads\/2017\/02\/jva-rottweil-esch.jpg 900w\" sizes=\"auto, (max-width: 400px) 100vw, 400px\" \/><\/a><div class='grid-content'><div class='avia-arrow'><\/div><header class=\"entry-content-header\" aria-label=\"Portfolio: Correctional Facility Rottweil Esch Land Baden-W\u00fcrttemberg\"><h3 class='grid-entry-title entry-title '  itemprop=\"headline\" ><a href='https:\/\/www.schwieger-architekten.de\/en\/projekt\/correctional-facility-rottweil-esch\/' title='Correctional Facility Rottweil Esch Land Baden-W\u00fcrttemberg'>Correctional Facility Rottweil Esch Land Baden-W\u00fcrttemberg<\/a><\/h3><\/header><div class='grid-entry-excerpt entry-content'  itemprop=\"text\" >architectural competition 2. phase<\/div><\/div><footer class=\"entry-footer\"><\/footer><\/article><\/div><div data-ajax-id='2234' class=' grid-entry flex_column isotope-item all_sort no_margin post-entry post-entry-2234 grid-entry-overview grid-loop-4 grid-parity-even  competitions_sort  av_one_third first default_av_fullwidth '><article class='main_color inner-entry'  itemscope=\"itemscope\" itemtype=\"https:\/\/schema.org\/CreativeWork\" ><a href=\"https:\/\/www.schwieger-architekten.de\/en\/projekt\/archiv-der-avantgarden-im-blockhaus-dresden\/\" title='Archive of the avantgarde in the blockhouse Dresden State enterprise Saxon real estate and construction management Dresden'  data-rel='grid-1' class='grid-image avia-hover-fx'> <img decoding=\"async\" loading=\"lazy\" width=\"400\" height=\"267\" src=\"https:\/\/www.schwieger-architekten.de\/wp-content\/uploads\/2017\/02\/archiv-avantgarten-dresden-chapter-400x267.jpg\" class=\"wp-image-896 avia-img-lazy-loading-896 attachment-medium size-medium wp-post-image\" alt=\"Archive of the avantgarde in the blockhouse Dresden State enterprise Saxon real estate and construction management Dresden\" srcset=\"https:\/\/www.schwieger-architekten.de\/wp-content\/uploads\/2017\/02\/archiv-avantgarten-dresden-chapter-400x267.jpg 400w, https:\/\/www.schwieger-architekten.de\/wp-content\/uploads\/2017\/02\/archiv-avantgarten-dresden-chapter-768x512.jpg 768w, https:\/\/www.schwieger-architekten.de\/wp-content\/uploads\/2017\/02\/archiv-avantgarten-dresden-chapter-120x80.jpg 120w, https:\/\/www.schwieger-architekten.de\/wp-content\/uploads\/2017\/02\/archiv-avantgarten-dresden-chapter-705x470.jpg 705w, https:\/\/www.schwieger-architekten.de\/wp-content\/uploads\/2017\/02\/archiv-avantgarten-dresden-chapter-225x150.jpg 225w, https:\/\/www.schwieger-architekten.de\/wp-content\/uploads\/2017\/02\/archiv-avantgarten-dresden-chapter-180x120.jpg 180w, https:\/\/www.schwieger-architekten.de\/wp-content\/uploads\/2017\/02\/archiv-avantgarten-dresden-chapter.jpg 900w\" sizes=\"auto, (max-width: 400px) 100vw, 400px\" \/><\/a><div class='grid-content'><div class='avia-arrow'><\/div><header class=\"entry-content-header\" aria-label=\"Portfolio: Archive of the avantgarde in the blockhouse Dresden State enterprise Saxon real estate and construction management Dresden\"><h3 class='grid-entry-title entry-title '  itemprop=\"headline\" ><a href='https:\/\/www.schwieger-architekten.de\/en\/projekt\/archiv-der-avantgarden-im-blockhaus-dresden\/' title='Archive of the avantgarde in the blockhouse Dresden State enterprise Saxon real estate and construction management Dresden'>Archive of the avantgarde in the blockhouse Dresden State enterprise Saxon real estate and construction management Dresden<\/a><\/h3><\/header><div class='grid-entry-excerpt entry-content'  itemprop=\"text\" >archtiectural competition with participation proceeding<\/div><\/div><footer class=\"entry-footer\"><\/footer><\/article><\/div><div data-ajax-id='2412' class=' grid-entry flex_column isotope-item all_sort no_margin post-entry post-entry-2412 grid-entry-overview grid-loop-5 grid-parity-odd  residential-buildings-retirement-homes_sort  av_one_third  default_av_fullwidth '><article class='main_color inner-entry'  itemscope=\"itemscope\" itemtype=\"https:\/\/schema.org\/CreativeWork\" ><a href=\"https:\/\/www.schwieger-architekten.de\/en\/projekt\/refurbishment-of-student-dorm-goettingen\/\" title='Refurbishment of student dorm'  data-rel='grid-1' class='grid-image avia-hover-fx'> <img decoding=\"async\" loading=\"lazy\" width=\"400\" height=\"267\" src=\"https:\/\/www.schwieger-architekten.de\/wp-content\/uploads\/2020\/12\/studentenwohnheim-goettingen-400x267.jpg\" class=\"wp-image-831 avia-img-lazy-loading-831 attachment-medium size-medium wp-post-image\" alt=\"Refurbishment of student dorm\" srcset=\"https:\/\/www.schwieger-architekten.de\/wp-content\/uploads\/2020\/12\/studentenwohnheim-goettingen-400x267.jpg 400w, https:\/\/www.schwieger-architekten.de\/wp-content\/uploads\/2020\/12\/studentenwohnheim-goettingen-768x512.jpg 768w, https:\/\/www.schwieger-architekten.de\/wp-content\/uploads\/2020\/12\/studentenwohnheim-goettingen-120x80.jpg 120w, https:\/\/www.schwieger-architekten.de\/wp-content\/uploads\/2020\/12\/studentenwohnheim-goettingen-705x470.jpg 705w, https:\/\/www.schwieger-architekten.de\/wp-content\/uploads\/2020\/12\/studentenwohnheim-goettingen-225x150.jpg 225w, https:\/\/www.schwieger-architekten.de\/wp-content\/uploads\/2020\/12\/studentenwohnheim-goettingen-180x120.jpg 180w, https:\/\/www.schwieger-architekten.de\/wp-content\/uploads\/2020\/12\/studentenwohnheim-goettingen.jpg 900w\" sizes=\"auto, (max-width: 400px) 100vw, 400px\" \/><\/a><div class='grid-content'><div class='avia-arrow'><\/div><header class=\"entry-content-header\" aria-label=\"Portfolio: Refurbishment of student dorm\"><h3 class='grid-entry-title entry-title '  itemprop=\"headline\" ><a href='https:\/\/www.schwieger-architekten.de\/en\/projekt\/refurbishment-of-student-dorm-goettingen\/' title='Refurbishment of student dorm'>Refurbishment of student dorm<\/a><\/h3><\/header><div class='grid-entry-excerpt entry-content'  itemprop=\"text\" >Rote Str. 1-5, Burgstra\u00dfe 52, Goettingen\nStudent Union G\u00f6ttingen<\/div><\/div><footer class=\"entry-footer\"><\/footer><\/article><\/div><div data-ajax-id='2474' class=' grid-entry flex_column isotope-item all_sort no_margin post-entry post-entry-2474 grid-entry-overview grid-loop-6 grid-parity-even  competitions_sort  av_one_third  default_av_fullwidth '><article class='main_color inner-entry'  itemscope=\"itemscope\" itemtype=\"https:\/\/schema.org\/CreativeWork\" ><a href=\"https:\/\/www.schwieger-architekten.de\/en\/projekt\/sports-hall-gross-schneen\/\" title='Sports Hall Gro\u00df Schneen G\u00f6ttingen District'  data-rel='grid-1' class='grid-image avia-hover-fx'> <img decoding=\"async\" loading=\"lazy\" width=\"400\" height=\"267\" src=\"https:\/\/www.schwieger-architekten.de\/wp-content\/uploads\/2016\/02\/wettbewerb-sporthalle-gross-schneen-400x267.jpg\" class=\"wp-image-900 avia-img-lazy-loading-900 attachment-medium size-medium wp-post-image\" alt=\"Sports Hall Gro\u00df Schneen G\u00f6ttingen District\" srcset=\"https:\/\/www.schwieger-architekten.de\/wp-content\/uploads\/2016\/02\/wettbewerb-sporthalle-gross-schneen-400x267.jpg 400w, https:\/\/www.schwieger-architekten.de\/wp-content\/uploads\/2016\/02\/wettbewerb-sporthalle-gross-schneen-768x512.jpg 768w, https:\/\/www.schwieger-architekten.de\/wp-content\/uploads\/2016\/02\/wettbewerb-sporthalle-gross-schneen-120x80.jpg 120w, https:\/\/www.schwieger-architekten.de\/wp-content\/uploads\/2016\/02\/wettbewerb-sporthalle-gross-schneen-705x470.jpg 705w, https:\/\/www.schwieger-architekten.de\/wp-content\/uploads\/2016\/02\/wettbewerb-sporthalle-gross-schneen-225x150.jpg 225w, https:\/\/www.schwieger-architekten.de\/wp-content\/uploads\/2016\/02\/wettbewerb-sporthalle-gross-schneen-180x120.jpg 180w, https:\/\/www.schwieger-architekten.de\/wp-content\/uploads\/2016\/02\/wettbewerb-sporthalle-gross-schneen.jpg 900w\" sizes=\"auto, (max-width: 400px) 100vw, 400px\" \/><\/a><div class='grid-content'><div class='avia-arrow'><\/div><header class=\"entry-content-header\" aria-label=\"Portfolio: Sports Hall Gro\u00df Schneen G\u00f6ttingen District\"><h3 class='grid-entry-title entry-title '  itemprop=\"headline\" ><a href='https:\/\/www.schwieger-architekten.de\/en\/projekt\/sports-hall-gross-schneen\/' title='Sports Hall Gro\u00df Schneen G\u00f6ttingen District'>Sports Hall Gro\u00df Schneen G\u00f6ttingen District<\/a><\/h3><\/header><div class='grid-entry-excerpt entry-content'  itemprop=\"text\" >architectural-competitions<\/div><\/div><footer class=\"entry-footer\"><\/footer><\/article><\/div><div data-ajax-id='2477' class=' grid-entry flex_column isotope-item all_sort no_margin post-entry post-entry-2477 grid-entry-overview grid-loop-7 grid-parity-odd  competitions_sort  av_one_third first default_av_fullwidth '><article class='main_color inner-entry'  itemscope=\"itemscope\" itemtype=\"https:\/\/schema.org\/CreativeWork\" ><a href=\"https:\/\/www.schwieger-architekten.de\/en\/projekt\/student-residence-lutterterrassen-goettingen\/\" title='Student Residence Lutterterrassen Goettingen Student Union'  data-rel='grid-1' class='grid-image avia-hover-fx'> <img decoding=\"async\" loading=\"lazy\" width=\"400\" height=\"267\" src=\"https:\/\/www.schwieger-architekten.de\/wp-content\/uploads\/2016\/02\/wettbewerb-studentenwohnheim-lutterterrassen-goettingen-400x267.jpg\" class=\"wp-image-902 avia-img-lazy-loading-902 attachment-medium size-medium wp-post-image\" alt=\"Student Residence Lutterterrassen Goettingen Student Union\" srcset=\"https:\/\/www.schwieger-architekten.de\/wp-content\/uploads\/2016\/02\/wettbewerb-studentenwohnheim-lutterterrassen-goettingen-400x267.jpg 400w, https:\/\/www.schwieger-architekten.de\/wp-content\/uploads\/2016\/02\/wettbewerb-studentenwohnheim-lutterterrassen-goettingen-768x512.jpg 768w, https:\/\/www.schwieger-architekten.de\/wp-content\/uploads\/2016\/02\/wettbewerb-studentenwohnheim-lutterterrassen-goettingen-120x80.jpg 120w, https:\/\/www.schwieger-architekten.de\/wp-content\/uploads\/2016\/02\/wettbewerb-studentenwohnheim-lutterterrassen-goettingen-705x470.jpg 705w, https:\/\/www.schwieger-architekten.de\/wp-content\/uploads\/2016\/02\/wettbewerb-studentenwohnheim-lutterterrassen-goettingen-225x150.jpg 225w, https:\/\/www.schwieger-architekten.de\/wp-content\/uploads\/2016\/02\/wettbewerb-studentenwohnheim-lutterterrassen-goettingen-180x120.jpg 180w, https:\/\/www.schwieger-architekten.de\/wp-content\/uploads\/2016\/02\/wettbewerb-studentenwohnheim-lutterterrassen-goettingen.jpg 900w\" sizes=\"auto, (max-width: 400px) 100vw, 400px\" \/><\/a><div class='grid-content'><div class='avia-arrow'><\/div><header class=\"entry-content-header\" aria-label=\"Portfolio: Student Residence Lutterterrassen Goettingen Student Union\"><h3 class='grid-entry-title entry-title '  itemprop=\"headline\" ><a href='https:\/\/www.schwieger-architekten.de\/en\/projekt\/student-residence-lutterterrassen-goettingen\/' title='Student Residence Lutterterrassen Goettingen Student Union'>Student Residence Lutterterrassen Goettingen Student Union<\/a><\/h3><\/header><div class='grid-entry-excerpt entry-content'  itemprop=\"text\" >architectural-competitions<\/div><\/div><footer class=\"entry-footer\"><\/footer><\/article><\/div><div data-ajax-id='2480' class=' grid-entry flex_column isotope-item all_sort no_margin post-entry post-entry-2480 grid-entry-overview grid-loop-8 grid-parity-even  competitions_sort  av_one_third  default_av_fullwidth '><article class='main_color inner-entry'  itemscope=\"itemscope\" itemtype=\"https:\/\/schema.org\/CreativeWork\" ><a href=\"https:\/\/www.schwieger-architekten.de\/en\/projekt\/administration-building-district-goettingen\/\" title='Administrative building for the district of G\u00f6ttingen'  data-rel='grid-1' class='grid-image avia-hover-fx'> <img decoding=\"async\" loading=\"lazy\" width=\"400\" height=\"267\" src=\"https:\/\/www.schwieger-architekten.de\/wp-content\/uploads\/1604\/02\/verwaltungsgebaeude-landkreis-goettingen-400x267.jpg\" class=\"wp-image-905 avia-img-lazy-loading-905 attachment-medium size-medium wp-post-image\" alt=\"Administrative building for the district of G\u00f6ttingen\" srcset=\"https:\/\/www.schwieger-architekten.de\/wp-content\/uploads\/1604\/02\/verwaltungsgebaeude-landkreis-goettingen-400x267.jpg 400w, https:\/\/www.schwieger-architekten.de\/wp-content\/uploads\/1604\/02\/verwaltungsgebaeude-landkreis-goettingen-768x512.jpg 768w, https:\/\/www.schwieger-architekten.de\/wp-content\/uploads\/1604\/02\/verwaltungsgebaeude-landkreis-goettingen-120x80.jpg 120w, https:\/\/www.schwieger-architekten.de\/wp-content\/uploads\/1604\/02\/verwaltungsgebaeude-landkreis-goettingen-705x470.jpg 705w, https:\/\/www.schwieger-architekten.de\/wp-content\/uploads\/1604\/02\/verwaltungsgebaeude-landkreis-goettingen-225x150.jpg 225w, https:\/\/www.schwieger-architekten.de\/wp-content\/uploads\/1604\/02\/verwaltungsgebaeude-landkreis-goettingen-180x120.jpg 180w, https:\/\/www.schwieger-architekten.de\/wp-content\/uploads\/1604\/02\/verwaltungsgebaeude-landkreis-goettingen.jpg 900w\" sizes=\"auto, (max-width: 400px) 100vw, 400px\" \/><\/a><div class='grid-content'><div class='avia-arrow'><\/div><header class=\"entry-content-header\" aria-label=\"Portfolio: Administrative building for the district of G\u00f6ttingen\"><h3 class='grid-entry-title entry-title '  itemprop=\"headline\" ><a href='https:\/\/www.schwieger-architekten.de\/en\/projekt\/administration-building-district-goettingen\/' title='Administrative building for the district of G\u00f6ttingen'>Administrative building for the district of G\u00f6ttingen<\/a><\/h3><\/header><div class='grid-entry-excerpt entry-content'  itemprop=\"text\" >architectural-competitions<\/div><\/div><footer class=\"entry-footer\"><\/footer><\/article><\/div><div data-ajax-id='2483' class=' grid-entry flex_column isotope-item all_sort no_margin post-entry post-entry-2483 grid-entry-overview grid-loop-9 grid-parity-odd  competitions_sort  av_one_third  default_av_fullwidth '><article class='main_color inner-entry'  itemscope=\"itemscope\" itemtype=\"https:\/\/schema.org\/CreativeWork\" ><a href=\"https:\/\/www.schwieger-architekten.de\/en\/projekt\/fire-brigade-technical-center-nordhausen\/\" title='fire-fighting center Nordhausen Municipal Housing Association mbH (SWG)'  data-rel='grid-1' class='grid-image avia-hover-fx'> <img decoding=\"async\" loading=\"lazy\" width=\"400\" height=\"267\" src=\"https:\/\/www.schwieger-architekten.de\/wp-content\/uploads\/2016\/02\/wettbewerb-feuerwehrtechnisches-zentrum-nordhausen-1-400x267.jpg\" class=\"wp-image-909 avia-img-lazy-loading-909 attachment-medium size-medium wp-post-image\" alt=\"Architectural competition for the construction of a new fire brigade technical centre in Nordhausen for the St\u00e4dtische Wohnungsbaugesellschaft mbH (SWG).\" srcset=\"https:\/\/www.schwieger-architekten.de\/wp-content\/uploads\/2016\/02\/wettbewerb-feuerwehrtechnisches-zentrum-nordhausen-1-400x267.jpg 400w, https:\/\/www.schwieger-architekten.de\/wp-content\/uploads\/2016\/02\/wettbewerb-feuerwehrtechnisches-zentrum-nordhausen-1-768x512.jpg 768w, https:\/\/www.schwieger-architekten.de\/wp-content\/uploads\/2016\/02\/wettbewerb-feuerwehrtechnisches-zentrum-nordhausen-1-120x80.jpg 120w, https:\/\/www.schwieger-architekten.de\/wp-content\/uploads\/2016\/02\/wettbewerb-feuerwehrtechnisches-zentrum-nordhausen-1-705x470.jpg 705w, https:\/\/www.schwieger-architekten.de\/wp-content\/uploads\/2016\/02\/wettbewerb-feuerwehrtechnisches-zentrum-nordhausen-1-225x150.jpg 225w, https:\/\/www.schwieger-architekten.de\/wp-content\/uploads\/2016\/02\/wettbewerb-feuerwehrtechnisches-zentrum-nordhausen-1-180x120.jpg 180w, https:\/\/www.schwieger-architekten.de\/wp-content\/uploads\/2016\/02\/wettbewerb-feuerwehrtechnisches-zentrum-nordhausen-1.jpg 900w\" sizes=\"auto, (max-width: 400px) 100vw, 400px\" \/><\/a><div class='grid-content'><div class='avia-arrow'><\/div><header class=\"entry-content-header\" aria-label=\"Portfolio: fire-fighting center Nordhausen Municipal Housing Association mbH (SWG)\"><h3 class='grid-entry-title entry-title '  itemprop=\"headline\" ><a href='https:\/\/www.schwieger-architekten.de\/en\/projekt\/fire-brigade-technical-center-nordhausen\/' title='fire-fighting center Nordhausen Municipal Housing Association mbH (SWG)'>fire-fighting center Nordhausen Municipal Housing Association mbH (SWG)<\/a><\/h3><\/header><div class='grid-entry-excerpt entry-content'  itemprop=\"text\" >architectural-competitions<\/div><\/div><footer class=\"entry-footer\"><\/footer><\/article><\/div><div data-ajax-id='2486' class=' grid-entry flex_column isotope-item all_sort no_margin post-entry post-entry-2486 grid-entry-overview grid-loop-10 grid-parity-even  construction-in-existing-structures-redevelopment-preservation_sort  av_one_third first default_av_fullwidth '><article class='main_color inner-entry'  itemscope=\"itemscope\" itemtype=\"https:\/\/schema.org\/CreativeWork\" ><a href=\"https:\/\/www.schwieger-architekten.de\/en\/projekt\/market-church-of-the-holy-spirit-geist\/\" title='Market Church of the Holy Spirit'  data-rel='grid-1' class='grid-image avia-hover-fx'> <img decoding=\"async\" loading=\"lazy\" width=\"400\" height=\"267\" src=\"https:\/\/www.schwieger-architekten.de\/wp-content\/uploads\/2016\/02\/marktkirche-clausthal-chapter-400x267.jpg\" class=\"wp-image-898 avia-img-lazy-loading-898 attachment-medium size-medium wp-post-image\" alt=\"Market Church of the Holy Spirit\" srcset=\"https:\/\/www.schwieger-architekten.de\/wp-content\/uploads\/2016\/02\/marktkirche-clausthal-chapter-400x267.jpg 400w, https:\/\/www.schwieger-architekten.de\/wp-content\/uploads\/2016\/02\/marktkirche-clausthal-chapter-768x512.jpg 768w, https:\/\/www.schwieger-architekten.de\/wp-content\/uploads\/2016\/02\/marktkirche-clausthal-chapter-120x80.jpg 120w, https:\/\/www.schwieger-architekten.de\/wp-content\/uploads\/2016\/02\/marktkirche-clausthal-chapter-705x470.jpg 705w, https:\/\/www.schwieger-architekten.de\/wp-content\/uploads\/2016\/02\/marktkirche-clausthal-chapter-225x150.jpg 225w, https:\/\/www.schwieger-architekten.de\/wp-content\/uploads\/2016\/02\/marktkirche-clausthal-chapter-180x120.jpg 180w, https:\/\/www.schwieger-architekten.de\/wp-content\/uploads\/2016\/02\/marktkirche-clausthal-chapter.jpg 900w\" sizes=\"auto, (max-width: 400px) 100vw, 400px\" \/><\/a><div class='grid-content'><div class='avia-arrow'><\/div><header class=\"entry-content-header\" aria-label=\"Portfolio: Market Church of the Holy Spirit\"><h3 class='grid-entry-title entry-title '  itemprop=\"headline\" ><a href='https:\/\/www.schwieger-architekten.de\/en\/projekt\/market-church-of-the-holy-spirit-geist\/' title='Market Church of the Holy Spirit'>Market Church of the Holy Spirit<\/a><\/h3><\/header><div class='grid-entry-excerpt entry-content'  itemprop=\"text\" >An der Marktkirche 1\nEvangelical Lutheran Market Church Parish Clausthal<\/div><\/div><footer class=\"entry-footer\"><\/footer><\/article><\/div><div data-ajax-id='2489' class=' grid-entry flex_column isotope-item all_sort no_margin post-entry post-entry-2489 grid-entry-overview grid-loop-11 grid-parity-odd  competitions_sort  av_one_third  default_av_fullwidth '><article class='main_color inner-entry'  itemscope=\"itemscope\" itemtype=\"https:\/\/schema.org\/CreativeWork\" ><a href=\"https:\/\/www.schwieger-architekten.de\/en\/projekt\/ridge-turret-abbey-amelungsborn\/\" title='Re-erection of a Ridge Turret on the Abbey Amelungsborn'  data-rel='grid-1' class='grid-image avia-hover-fx'> <img decoding=\"async\" loading=\"lazy\" width=\"400\" height=\"267\" src=\"https:\/\/www.schwieger-architekten.de\/wp-content\/uploads\/1000\/02\/vierungsreiter-amelungsborn-400x267.jpg\" class=\"wp-image-967 avia-img-lazy-loading-967 attachment-medium size-medium wp-post-image\" alt=\"Amelungsborn Monastery Church | Schwieger Architects G\u00f6ttingen\" srcset=\"https:\/\/www.schwieger-architekten.de\/wp-content\/uploads\/1000\/02\/vierungsreiter-amelungsborn-400x267.jpg 400w, https:\/\/www.schwieger-architekten.de\/wp-content\/uploads\/1000\/02\/vierungsreiter-amelungsborn-768x512.jpg 768w, https:\/\/www.schwieger-architekten.de\/wp-content\/uploads\/1000\/02\/vierungsreiter-amelungsborn-120x80.jpg 120w, https:\/\/www.schwieger-architekten.de\/wp-content\/uploads\/1000\/02\/vierungsreiter-amelungsborn-705x470.jpg 705w, https:\/\/www.schwieger-architekten.de\/wp-content\/uploads\/1000\/02\/vierungsreiter-amelungsborn-225x150.jpg 225w, https:\/\/www.schwieger-architekten.de\/wp-content\/uploads\/1000\/02\/vierungsreiter-amelungsborn-180x120.jpg 180w, https:\/\/www.schwieger-architekten.de\/wp-content\/uploads\/1000\/02\/vierungsreiter-amelungsborn.jpg 900w\" sizes=\"auto, (max-width: 400px) 100vw, 400px\" \/><\/a><div class='grid-content'><div class='avia-arrow'><\/div><header class=\"entry-content-header\" aria-label=\"Portfolio: Re-erection of a Ridge Turret on the Abbey Amelungsborn\"><h3 class='grid-entry-title entry-title '  itemprop=\"headline\" ><a href='https:\/\/www.schwieger-architekten.de\/en\/projekt\/ridge-turret-abbey-amelungsborn\/' title='Re-erection of a Ridge Turret on the Abbey Amelungsborn'>Re-erection of a Ridge Turret on the Abbey Amelungsborn<\/a><\/h3><\/header><div class='grid-entry-excerpt entry-content'  itemprop=\"text\" >Administration of Abbey Amelungsborn\nCompetition, acquisition<\/div><\/div><footer class=\"entry-footer\"><\/footer><\/article><\/div><div data-ajax-id='2469' class=' grid-entry flex_column isotope-item all_sort no_margin post-entry post-entry-2469 grid-entry-overview grid-loop-12 grid-parity-even  trade-industry_sort  av_one_third  default_av_fullwidth '><article class='main_color inner-entry'  itemscope=\"itemscope\" itemtype=\"https:\/\/schema.org\/CreativeWork\" ><a href=\"https:\/\/www.schwieger-architekten.de\/en\/projekt\/old-mill-harste\/\" title='Remodelling\/ Redevelopment Old Mill Harste'  data-rel='grid-1' class='grid-image avia-hover-fx'> <img decoding=\"async\" loading=\"lazy\" width=\"400\" height=\"267\" src=\"https:\/\/www.schwieger-architekten.de\/wp-content\/uploads\/2022\/02\/alte-muehle-harste-1-400x267.jpg\" class=\"wp-image-620 avia-img-lazy-loading-620 attachment-medium size-medium wp-post-image\" alt=\"Remodelling\/ Redevelopment Old Mill Harste\" srcset=\"https:\/\/www.schwieger-architekten.de\/wp-content\/uploads\/2022\/02\/alte-muehle-harste-1-400x267.jpg 400w, https:\/\/www.schwieger-architekten.de\/wp-content\/uploads\/2022\/02\/alte-muehle-harste-1-768x512.jpg 768w, https:\/\/www.schwieger-architekten.de\/wp-content\/uploads\/2022\/02\/alte-muehle-harste-1-120x80.jpg 120w, https:\/\/www.schwieger-architekten.de\/wp-content\/uploads\/2022\/02\/alte-muehle-harste-1-705x470.jpg 705w, https:\/\/www.schwieger-architekten.de\/wp-content\/uploads\/2022\/02\/alte-muehle-harste-1-225x150.jpg 225w, https:\/\/www.schwieger-architekten.de\/wp-content\/uploads\/2022\/02\/alte-muehle-harste-1-180x120.jpg 180w, https:\/\/www.schwieger-architekten.de\/wp-content\/uploads\/2022\/02\/alte-muehle-harste-1.jpg 900w\" sizes=\"auto, (max-width: 400px) 100vw, 400px\" \/><\/a><div class='grid-content'><div class='avia-arrow'><\/div><header class=\"entry-content-header\" aria-label=\"Portfolio: Remodelling\/ Redevelopment Old Mill Harste\"><h3 class='grid-entry-title entry-title '  itemprop=\"headline\" ><a href='https:\/\/www.schwieger-architekten.de\/en\/projekt\/old-mill-harste\/' title='Remodelling\/ Redevelopment Old Mill Harste'>Remodelling\/ Redevelopment Old Mill Harste<\/a><\/h3><\/header><div class='grid-entry-excerpt entry-content'  itemprop=\"text\" >Tedox KG<\/div><\/div><footer class=\"entry-footer\"><\/footer><\/article><\/div><div data-ajax-id='2492' class=' grid-entry flex_column isotope-item all_sort no_margin post-entry post-entry-2492 grid-entry-overview grid-loop-13 grid-parity-odd  competitions_sort  av_one_third first default_av_fullwidth '><article class='main_color inner-entry'  itemscope=\"itemscope\" itemtype=\"https:\/\/schema.org\/CreativeWork\" ><a href=\"https:\/\/www.schwieger-architekten.de\/en\/projekt\/competition-christophorushaus-goettingen\/\" title='House 6 Diakonie Christophorus Goettingen'  data-rel='grid-1' class='grid-image avia-hover-fx'> <img decoding=\"async\" loading=\"lazy\" width=\"400\" height=\"267\" src=\"https:\/\/www.schwieger-architekten.de\/wp-content\/uploads\/1000\/04\/christopherushaus-goettingen-400x267.jpg\" class=\"wp-image-969 avia-img-lazy-loading-969 attachment-medium size-medium wp-post-image\" alt=\"House 6 Diakonie Christophorus Goettingen\" srcset=\"https:\/\/www.schwieger-architekten.de\/wp-content\/uploads\/1000\/04\/christopherushaus-goettingen-400x267.jpg 400w, https:\/\/www.schwieger-architekten.de\/wp-content\/uploads\/1000\/04\/christopherushaus-goettingen-768x512.jpg 768w, https:\/\/www.schwieger-architekten.de\/wp-content\/uploads\/1000\/04\/christopherushaus-goettingen-120x80.jpg 120w, https:\/\/www.schwieger-architekten.de\/wp-content\/uploads\/1000\/04\/christopherushaus-goettingen-705x470.jpg 705w, https:\/\/www.schwieger-architekten.de\/wp-content\/uploads\/1000\/04\/christopherushaus-goettingen-225x150.jpg 225w, https:\/\/www.schwieger-architekten.de\/wp-content\/uploads\/1000\/04\/christopherushaus-goettingen-180x120.jpg 180w, https:\/\/www.schwieger-architekten.de\/wp-content\/uploads\/1000\/04\/christopherushaus-goettingen.jpg 900w\" sizes=\"auto, (max-width: 400px) 100vw, 400px\" \/><\/a><div class='grid-content'><div class='avia-arrow'><\/div><header class=\"entry-content-header\" aria-label=\"Portfolio: House 6 Diakonie Christophorus Goettingen\"><h3 class='grid-entry-title entry-title '  itemprop=\"headline\" ><a href='https:\/\/www.schwieger-architekten.de\/en\/projekt\/competition-christophorushaus-goettingen\/' title='House 6 Diakonie Christophorus Goettingen'>House 6 Diakonie Christophorus Goettingen<\/a><\/h3><\/header><div class='grid-entry-excerpt entry-content'  itemprop=\"text\" >3rd prize in architectural competition<\/div><\/div><footer class=\"entry-footer\"><\/footer><\/article><\/div><div data-ajax-id='3107' class=' grid-entry flex_column isotope-item all_sort no_margin post-entry post-entry-3107 grid-entry-overview grid-loop-14 grid-parity-even  project-management_sort  av_one_third  default_av_fullwidth '><article class='main_color inner-entry'  itemscope=\"itemscope\" itemtype=\"https:\/\/schema.org\/CreativeWork\" ><a href=\"https:\/\/www.schwieger-architekten.de\/en\/projekt\/ps-speicher-einbeck\/\" title='PS.Speicher'  data-rel='grid-1' class='grid-image avia-hover-fx'> <img decoding=\"async\" loading=\"lazy\" width=\"400\" height=\"267\" src=\"https:\/\/www.schwieger-architekten.de\/wp-content\/uploads\/2012\/09\/ps-speicher-03-2-400x267.jpg\" class=\"wp-image-3097 avia-img-lazy-loading-3097 attachment-medium size-medium wp-post-image\" alt=\"PS. storage Einbeck | Schwieger Architects G\u00f6ttingen\" srcset=\"https:\/\/www.schwieger-architekten.de\/wp-content\/uploads\/2012\/09\/ps-speicher-03-2-400x267.jpg 400w, https:\/\/www.schwieger-architekten.de\/wp-content\/uploads\/2012\/09\/ps-speicher-03-2-768x512.jpg 768w, https:\/\/www.schwieger-architekten.de\/wp-content\/uploads\/2012\/09\/ps-speicher-03-2-120x80.jpg 120w, https:\/\/www.schwieger-architekten.de\/wp-content\/uploads\/2012\/09\/ps-speicher-03-2-705x470.jpg 705w, https:\/\/www.schwieger-architekten.de\/wp-content\/uploads\/2012\/09\/ps-speicher-03-2-225x150.jpg 225w, https:\/\/www.schwieger-architekten.de\/wp-content\/uploads\/2012\/09\/ps-speicher-03-2-180x120.jpg 180w, https:\/\/www.schwieger-architekten.de\/wp-content\/uploads\/2012\/09\/ps-speicher-03-2.jpg 997w\" sizes=\"auto, (max-width: 400px) 100vw, 400px\" \/><\/a><div class='grid-content'><div class='avia-arrow'><\/div><header class=\"entry-content-header\" aria-label=\"Portfolio: PS.Speicher\"><h3 class='grid-entry-title entry-title '  itemprop=\"headline\" ><a href='https:\/\/www.schwieger-architekten.de\/en\/projekt\/ps-speicher-einbeck\/' title='PS.Speicher'>PS.Speicher<\/a><\/h3><\/header><div class='grid-entry-excerpt entry-content'  itemprop=\"text\" >Einbeck<\/div><\/div><footer class=\"entry-footer\"><\/footer><\/article><\/div><div data-ajax-id='2495' class=' grid-entry flex_column isotope-item all_sort no_margin post-entry post-entry-2495 grid-entry-overview grid-loop-15 grid-parity-odd  civic-and-public-buildings_sort  av_one_third  default_av_fullwidth '><article class='main_color inner-entry'  itemscope=\"itemscope\" itemtype=\"https:\/\/schema.org\/CreativeWork\" ><a href=\"https:\/\/www.schwieger-architekten.de\/en\/projekt\/freigeist-hotel-einbeck\/\" title='FREIgeist PS.SPEICHER Hotel Einbeck'  data-rel='grid-1' class='grid-image avia-hover-fx'> <img decoding=\"async\" loading=\"lazy\" width=\"400\" height=\"267\" src=\"https:\/\/www.schwieger-architekten.de\/wp-content\/uploads\/0569\/02\/freigeist-hotel-einbeck-400x267.jpg\" class=\"wp-image-913 avia-img-lazy-loading-913 attachment-medium size-medium wp-post-image\" alt=\"FREIgeist Hotel Einbeck | Schwieger Architects G\u00f6ttingen\" srcset=\"https:\/\/www.schwieger-architekten.de\/wp-content\/uploads\/0569\/02\/freigeist-hotel-einbeck-400x267.jpg 400w, https:\/\/www.schwieger-architekten.de\/wp-content\/uploads\/0569\/02\/freigeist-hotel-einbeck-768x512.jpg 768w, https:\/\/www.schwieger-architekten.de\/wp-content\/uploads\/0569\/02\/freigeist-hotel-einbeck-120x80.jpg 120w, https:\/\/www.schwieger-architekten.de\/wp-content\/uploads\/0569\/02\/freigeist-hotel-einbeck-705x470.jpg 705w, https:\/\/www.schwieger-architekten.de\/wp-content\/uploads\/0569\/02\/freigeist-hotel-einbeck-225x150.jpg 225w, https:\/\/www.schwieger-architekten.de\/wp-content\/uploads\/0569\/02\/freigeist-hotel-einbeck-180x120.jpg 180w, https:\/\/www.schwieger-architekten.de\/wp-content\/uploads\/0569\/02\/freigeist-hotel-einbeck.jpg 900w\" sizes=\"auto, (max-width: 400px) 100vw, 400px\" \/><\/a><div class='grid-content'><div class='avia-arrow'><\/div><header class=\"entry-content-header\" aria-label=\"Portfolio: FREIgeist PS.SPEICHER Hotel Einbeck\"><h3 class='grid-entry-title entry-title '  itemprop=\"headline\" ><a href='https:\/\/www.schwieger-architekten.de\/en\/projekt\/freigeist-hotel-einbeck\/' title='FREIgeist PS.SPEICHER Hotel Einbeck'>FREIgeist PS.SPEICHER Hotel Einbeck<\/a><\/h3><\/header><div class='grid-entry-excerpt entry-content'  itemprop=\"text\" >Tiedexer Tor 5, Einbeck\nKarl-Heinz Rehkopf<\/div><\/div><footer class=\"entry-footer\"><\/footer><\/article><\/div><div data-ajax-id='2498' class=' grid-entry flex_column isotope-item all_sort no_margin post-entry post-entry-2498 grid-entry-overview grid-loop-16 grid-parity-even  civic-and-public-buildings_sort  av_one_third first default_av_fullwidth '><article class='main_color inner-entry'  itemscope=\"itemscope\" itemtype=\"https:\/\/schema.org\/CreativeWork\" ><a href=\"https:\/\/www.schwieger-architekten.de\/en\/projekt\/ps-hall-einbeck\/\" title='PS.Hall multifunctional hall'  data-rel='grid-1' class='grid-image avia-hover-fx'> <img decoding=\"async\" loading=\"lazy\" width=\"400\" height=\"267\" src=\"https:\/\/www.schwieger-architekten.de\/wp-content\/uploads\/0570\/02\/ps-halle-einbeck-400x267.jpg\" class=\"wp-image-911 avia-img-lazy-loading-911 attachment-medium size-medium wp-post-image\" alt=\"PS Halle Einbeck | Schwieger Architects G\u00f6ttingen\" srcset=\"https:\/\/www.schwieger-architekten.de\/wp-content\/uploads\/0570\/02\/ps-halle-einbeck-400x267.jpg 400w, https:\/\/www.schwieger-architekten.de\/wp-content\/uploads\/0570\/02\/ps-halle-einbeck-768x512.jpg 768w, https:\/\/www.schwieger-architekten.de\/wp-content\/uploads\/0570\/02\/ps-halle-einbeck-120x80.jpg 120w, https:\/\/www.schwieger-architekten.de\/wp-content\/uploads\/0570\/02\/ps-halle-einbeck-705x470.jpg 705w, https:\/\/www.schwieger-architekten.de\/wp-content\/uploads\/0570\/02\/ps-halle-einbeck-225x150.jpg 225w, https:\/\/www.schwieger-architekten.de\/wp-content\/uploads\/0570\/02\/ps-halle-einbeck-180x120.jpg 180w, https:\/\/www.schwieger-architekten.de\/wp-content\/uploads\/0570\/02\/ps-halle-einbeck.jpg 900w\" sizes=\"auto, (max-width: 400px) 100vw, 400px\" \/><\/a><div class='grid-content'><div class='avia-arrow'><\/div><header class=\"entry-content-header\" aria-label=\"Portfolio: PS.Hall multifunctional hall\"><h3 class='grid-entry-title entry-title '  itemprop=\"headline\" ><a href='https:\/\/www.schwieger-architekten.de\/en\/projekt\/ps-hall-einbeck\/' title='PS.Hall multifunctional hall'>PS.Hall multifunctional hall<\/a><\/h3><\/header><div class='grid-entry-excerpt entry-content'  itemprop=\"text\" >Tiedexer Tor, Einbeck\nKornhaus Cultural Foundation <\/div><\/div><footer class=\"entry-footer\"><\/footer><\/article><\/div><div data-ajax-id='2688' class=' grid-entry flex_column isotope-item all_sort no_margin post-entry post-entry-2688 grid-entry-overview grid-loop-17 grid-parity-odd  civic-and-public-buildings_sort construction-in-existing-structures-redevelopment-preservation_sort  av_one_third  default_av_fullwidth '><article class='main_color inner-entry'  itemscope=\"itemscope\" itemtype=\"https:\/\/schema.org\/CreativeWork\" ><a href=\"https:\/\/www.schwieger-architekten.de\/en\/projekt\/general-state-discipline-church-law\/\" title='Reconstruction and redevelopment General political science, canon law at the University of G\u00f6ttingen'  data-rel='grid-1' class='grid-image avia-hover-fx'> <img decoding=\"async\" loading=\"lazy\" width=\"400\" height=\"267\" src=\"https:\/\/www.schwieger-architekten.de\/wp-content\/uploads\/2022\/02\/allgemeine-staatslehre-kirchenrecht-400x267.jpg\" class=\"wp-image-322 avia-img-lazy-loading-322 attachment-medium size-medium wp-post-image\" alt=\"Allgemeine Staatslehre | Schwieger Architekten G\u00f6ttingen\" srcset=\"https:\/\/www.schwieger-architekten.de\/wp-content\/uploads\/2022\/02\/allgemeine-staatslehre-kirchenrecht-400x267.jpg 400w, https:\/\/www.schwieger-architekten.de\/wp-content\/uploads\/2022\/02\/allgemeine-staatslehre-kirchenrecht-768x512.jpg 768w, https:\/\/www.schwieger-architekten.de\/wp-content\/uploads\/2022\/02\/allgemeine-staatslehre-kirchenrecht-705x470.jpg 705w, https:\/\/www.schwieger-architekten.de\/wp-content\/uploads\/2022\/02\/allgemeine-staatslehre-kirchenrecht.jpg 900w\" sizes=\"auto, (max-width: 400px) 100vw, 400px\" \/><\/a><div class='grid-content'><div class='avia-arrow'><\/div><header class=\"entry-content-header\" aria-label=\"Portfolio: Reconstruction and redevelopment General political science, canon law at the University of G\u00f6ttingen\"><h3 class='grid-entry-title entry-title '  itemprop=\"headline\" ><a href='https:\/\/www.schwieger-architekten.de\/en\/projekt\/general-state-discipline-church-law\/' title='Reconstruction and redevelopment General political science, canon law at the University of G\u00f6ttingen'>Reconstruction and redevelopment General political science, canon law at the University of G\u00f6ttingen<\/a><\/h3><\/header><div class='grid-entry-excerpt entry-content'  itemprop=\"text\" >EKD - Evangelical Church in Germany<\/div><\/div><footer class=\"entry-footer\"><\/footer><\/article><\/div><div data-ajax-id='2501' class=' grid-entry flex_column isotope-item all_sort no_margin post-entry post-entry-2501 grid-entry-overview grid-loop-18 grid-parity-even  competitions_sort  av_one_third  default_av_fullwidth '><article class='main_color inner-entry'  itemscope=\"itemscope\" itemtype=\"https:\/\/schema.org\/CreativeWork\" ><a href=\"https:\/\/www.schwieger-architekten.de\/en\/projekt\/new-learning-and-study-centre-goettingen\/\" title='New Learning and Study Centre Georg-August-Universit\u00e4t G\u00f6ttingen'  data-rel='grid-1' class='grid-image avia-hover-fx'> <img decoding=\"async\" loading=\"lazy\" width=\"400\" height=\"267\" src=\"https:\/\/www.schwieger-architekten.de\/wp-content\/uploads\/1000\/04\/studierendenzentrum-goettingen-400x267.jpg\" class=\"wp-image-922 avia-img-lazy-loading-922 attachment-medium size-medium wp-post-image\" alt=\"New Learning and Study Centre Georg-August-Universit\u00e4t G\u00f6ttingen\" srcset=\"https:\/\/www.schwieger-architekten.de\/wp-content\/uploads\/1000\/04\/studierendenzentrum-goettingen-400x267.jpg 400w, https:\/\/www.schwieger-architekten.de\/wp-content\/uploads\/1000\/04\/studierendenzentrum-goettingen-768x512.jpg 768w, https:\/\/www.schwieger-architekten.de\/wp-content\/uploads\/1000\/04\/studierendenzentrum-goettingen-120x80.jpg 120w, https:\/\/www.schwieger-architekten.de\/wp-content\/uploads\/1000\/04\/studierendenzentrum-goettingen-705x470.jpg 705w, https:\/\/www.schwieger-architekten.de\/wp-content\/uploads\/1000\/04\/studierendenzentrum-goettingen-225x150.jpg 225w, https:\/\/www.schwieger-architekten.de\/wp-content\/uploads\/1000\/04\/studierendenzentrum-goettingen-180x120.jpg 180w, https:\/\/www.schwieger-architekten.de\/wp-content\/uploads\/1000\/04\/studierendenzentrum-goettingen.jpg 900w\" sizes=\"auto, (max-width: 400px) 100vw, 400px\" \/><\/a><div class='grid-content'><div class='avia-arrow'><\/div><header class=\"entry-content-header\" aria-label=\"Portfolio: New Learning and Study Centre Georg-August-Universit\u00e4t G\u00f6ttingen\"><h3 class='grid-entry-title entry-title '  itemprop=\"headline\" ><a href='https:\/\/www.schwieger-architekten.de\/en\/projekt\/new-learning-and-study-centre-goettingen\/' title='New Learning and Study Centre Georg-August-Universit\u00e4t G\u00f6ttingen'>New Learning and Study Centre Georg-August-Universit\u00e4t G\u00f6ttingen<\/a><\/h3><\/header><div class='grid-entry-excerpt entry-content'  itemprop=\"text\" >Competition 2.rank<\/div><\/div><footer class=\"entry-footer\"><\/footer><\/article><\/div><div data-ajax-id='2503' class=' grid-entry flex_column isotope-item all_sort no_margin post-entry post-entry-2503 grid-entry-overview grid-loop-19 grid-parity-odd  competitions_sort  av_one_third first default_av_fullwidth '><article class='main_color inner-entry'  itemscope=\"itemscope\" itemtype=\"https:\/\/schema.org\/CreativeWork\" ><a href=\"https:\/\/www.schwieger-architekten.de\/en\/projekt\/volksheimstaette-goettingen\/\" title='Volksheimst\u00e4tte'  data-rel='grid-1' class='grid-image avia-hover-fx'> <img decoding=\"async\" loading=\"lazy\" width=\"400\" height=\"267\" src=\"https:\/\/www.schwieger-architekten.de\/wp-content\/uploads\/2022\/02\/volksheimstaette-index-400x267.jpg\" class=\"wp-image-219 avia-img-lazy-loading-219 attachment-medium size-medium wp-post-image\" alt=\"Wettbewerb Volksheimst\u00e4tte G\u00f6ttingen | Schwieger Architekten\" srcset=\"https:\/\/www.schwieger-architekten.de\/wp-content\/uploads\/2022\/02\/volksheimstaette-index-400x267.jpg 400w, https:\/\/www.schwieger-architekten.de\/wp-content\/uploads\/2022\/02\/volksheimstaette-index-768x512.jpg 768w, https:\/\/www.schwieger-architekten.de\/wp-content\/uploads\/2022\/02\/volksheimstaette-index-705x470.jpg 705w, https:\/\/www.schwieger-architekten.de\/wp-content\/uploads\/2022\/02\/volksheimstaette-index.jpg 900w\" sizes=\"auto, (max-width: 400px) 100vw, 400px\" \/><\/a><div class='grid-content'><div class='avia-arrow'><\/div><header class=\"entry-content-header\" aria-label=\"Portfolio: Volksheimst\u00e4tte\"><h3 class='grid-entry-title entry-title '  itemprop=\"headline\" ><a href='https:\/\/www.schwieger-architekten.de\/en\/projekt\/volksheimstaette-goettingen\/' title='Volksheimst\u00e4tte'>Volksheimst\u00e4tte<\/a><\/h3><\/header><div class='grid-entry-excerpt entry-content'  itemprop=\"text\" >Office building and living - Kasseler Landstra\u00dfe G\u00f6ttingen\nCompetition - Multi-commission 2019<\/div><\/div><footer class=\"entry-footer\"><\/footer><\/article><\/div><div data-ajax-id='2506' class=' grid-entry flex_column isotope-item all_sort no_margin post-entry post-entry-2506 grid-entry-overview grid-loop-20 grid-parity-even  healthcare_sort  av_one_third  default_av_fullwidth '><article class='main_color inner-entry'  itemscope=\"itemscope\" itemtype=\"https:\/\/schema.org\/CreativeWork\" ><a href=\"https:\/\/www.schwieger-architekten.de\/en\/projekt\/maximum-security-area-goettingen\/\" title='New Construction, Maximum Security Area of a Forensic Psychiatric Hospital in G\u00f6ttingen and Heat Supply for the Juvenile Institution in Leineberg'  data-rel='grid-1' class='grid-image avia-hover-fx'> <img decoding=\"async\" loading=\"lazy\" width=\"400\" height=\"267\" src=\"https:\/\/www.schwieger-architekten.de\/wp-content\/uploads\/0552\/02\/massregelvollzug-jva-goettingen-400x267.jpg\" class=\"wp-image-915 avia-img-lazy-loading-915 attachment-medium size-medium wp-post-image\" alt=\"New construction of a high-security area for the G\u00f6ttingen detention centre and heat supply for the Leineberg juvenile institution\" srcset=\"https:\/\/www.schwieger-architekten.de\/wp-content\/uploads\/0552\/02\/massregelvollzug-jva-goettingen-400x267.jpg 400w, https:\/\/www.schwieger-architekten.de\/wp-content\/uploads\/0552\/02\/massregelvollzug-jva-goettingen-768x512.jpg 768w, https:\/\/www.schwieger-architekten.de\/wp-content\/uploads\/0552\/02\/massregelvollzug-jva-goettingen-120x80.jpg 120w, https:\/\/www.schwieger-architekten.de\/wp-content\/uploads\/0552\/02\/massregelvollzug-jva-goettingen-705x470.jpg 705w, https:\/\/www.schwieger-architekten.de\/wp-content\/uploads\/0552\/02\/massregelvollzug-jva-goettingen-225x150.jpg 225w, https:\/\/www.schwieger-architekten.de\/wp-content\/uploads\/0552\/02\/massregelvollzug-jva-goettingen-180x120.jpg 180w, https:\/\/www.schwieger-architekten.de\/wp-content\/uploads\/0552\/02\/massregelvollzug-jva-goettingen.jpg 900w\" sizes=\"auto, (max-width: 400px) 100vw, 400px\" \/><\/a><div class='grid-content'><div class='avia-arrow'><\/div><header class=\"entry-content-header\" aria-label=\"Portfolio: New Construction, Maximum Security Area of a Forensic Psychiatric Hospital in G\u00f6ttingen and Heat Supply for the Juvenile Institution in Leineberg\"><h3 class='grid-entry-title entry-title '  itemprop=\"headline\" ><a href='https:\/\/www.schwieger-architekten.de\/en\/projekt\/maximum-security-area-goettingen\/' title='New Construction, Maximum Security Area of a Forensic Psychiatric Hospital in G\u00f6ttingen and Heat Supply for the Juvenile Institution in Leineberg'>New Construction, Maximum Security Area of a Forensic Psychiatric Hospital in G\u00f6ttingen and Heat Supply for the Juvenile Institution in Leineberg<\/a><\/h3><\/header><div class='grid-entry-excerpt entry-content'  itemprop=\"text\" >MRVZN Moringen\n1st prize in architectural competition<\/div><\/div><footer class=\"entry-footer\"><\/footer><\/article><\/div><div data-ajax-id='2512' class=' grid-entry flex_column isotope-item all_sort no_margin post-entry post-entry-2512 grid-entry-overview grid-loop-21 grid-parity-odd  construction-in-existing-structures-redevelopment-preservation_sort  av_one_third  default_av_fullwidth '><article class='main_color inner-entry'  itemscope=\"itemscope\" itemtype=\"https:\/\/schema.org\/CreativeWork\" ><a href=\"https:\/\/www.schwieger-architekten.de\/en\/projekt\/weender-strasse-64-goettingen\/\" title='Remodelling\/Redevelopment of Residential and Commercial Building'  data-rel='grid-1' class='grid-image avia-hover-fx'> <img decoding=\"async\" loading=\"lazy\" width=\"400\" height=\"267\" src=\"https:\/\/www.schwieger-architekten.de\/wp-content\/uploads\/2010\/02\/weender-strasse-64-goettingen-400x267.jpg\" class=\"wp-image-1484 avia-img-lazy-loading-1484 attachment-medium size-medium wp-post-image\" alt=\"Remodelling\/Redevelopment of Residential and Commercial Building Weender Stra\u00dfe 64 G\u00f6ttingen\" srcset=\"https:\/\/www.schwieger-architekten.de\/wp-content\/uploads\/2010\/02\/weender-strasse-64-goettingen-400x267.jpg 400w, https:\/\/www.schwieger-architekten.de\/wp-content\/uploads\/2010\/02\/weender-strasse-64-goettingen-768x512.jpg 768w, https:\/\/www.schwieger-architekten.de\/wp-content\/uploads\/2010\/02\/weender-strasse-64-goettingen-120x80.jpg 120w, https:\/\/www.schwieger-architekten.de\/wp-content\/uploads\/2010\/02\/weender-strasse-64-goettingen-705x470.jpg 705w, https:\/\/www.schwieger-architekten.de\/wp-content\/uploads\/2010\/02\/weender-strasse-64-goettingen-225x150.jpg 225w, https:\/\/www.schwieger-architekten.de\/wp-content\/uploads\/2010\/02\/weender-strasse-64-goettingen-180x120.jpg 180w, https:\/\/www.schwieger-architekten.de\/wp-content\/uploads\/2010\/02\/weender-strasse-64-goettingen.jpg 900w\" sizes=\"auto, (max-width: 400px) 100vw, 400px\" \/><\/a><div class='grid-content'><div class='avia-arrow'><\/div><header class=\"entry-content-header\" aria-label=\"Portfolio: Remodelling\/Redevelopment of Residential and Commercial Building\"><h3 class='grid-entry-title entry-title '  itemprop=\"headline\" ><a href='https:\/\/www.schwieger-architekten.de\/en\/projekt\/weender-strasse-64-goettingen\/' title='Remodelling\/Redevelopment of Residential and Commercial Building'>Remodelling\/Redevelopment of Residential and Commercial Building<\/a><\/h3><\/header><div class='grid-entry-excerpt entry-content'  itemprop=\"text\" >Weender Stra\u00dfe 64, G\u00f6ttingen\nBuilding owner K.-H. Reimert<\/div><\/div><footer class=\"entry-footer\"><\/footer><\/article><\/div><div data-ajax-id='2515' class=' grid-entry flex_column isotope-item all_sort no_margin post-entry post-entry-2515 grid-entry-overview grid-loop-22 grid-parity-even  trade-industry_sort  av_one_third first default_av_fullwidth '><article class='main_color inner-entry'  itemscope=\"itemscope\" itemtype=\"https:\/\/schema.org\/CreativeWork\" ><a href=\"https:\/\/www.schwieger-architekten.de\/en\/projekt\/administration-building-noerten-hardenberg\/\" title='Remodelling Factory Hall into Administration Building, N\u00f6rten-Hardenberg'  data-rel='grid-1' class='grid-image avia-hover-fx'> <img decoding=\"async\" loading=\"lazy\" width=\"400\" height=\"267\" src=\"https:\/\/www.schwieger-architekten.de\/wp-content\/uploads\/0553\/02\/industriehalle-noerten-hardenberg-400x267.jpg\" class=\"wp-image-917 avia-img-lazy-loading-917 attachment-medium size-medium wp-post-image\" alt=\"Remodelling Factory Hall into Administration Building, N\u00f6rten-Hardenberg\" srcset=\"https:\/\/www.schwieger-architekten.de\/wp-content\/uploads\/0553\/02\/industriehalle-noerten-hardenberg-400x267.jpg 400w, https:\/\/www.schwieger-architekten.de\/wp-content\/uploads\/0553\/02\/industriehalle-noerten-hardenberg-768x512.jpg 768w, https:\/\/www.schwieger-architekten.de\/wp-content\/uploads\/0553\/02\/industriehalle-noerten-hardenberg-120x80.jpg 120w, https:\/\/www.schwieger-architekten.de\/wp-content\/uploads\/0553\/02\/industriehalle-noerten-hardenberg-705x470.jpg 705w, https:\/\/www.schwieger-architekten.de\/wp-content\/uploads\/0553\/02\/industriehalle-noerten-hardenberg-225x150.jpg 225w, https:\/\/www.schwieger-architekten.de\/wp-content\/uploads\/0553\/02\/industriehalle-noerten-hardenberg-180x120.jpg 180w, https:\/\/www.schwieger-architekten.de\/wp-content\/uploads\/0553\/02\/industriehalle-noerten-hardenberg.jpg 900w\" sizes=\"auto, (max-width: 400px) 100vw, 400px\" \/><\/a><div class='grid-content'><div class='avia-arrow'><\/div><header class=\"entry-content-header\" aria-label=\"Portfolio: Remodelling Factory Hall into Administration Building, N\u00f6rten-Hardenberg\"><h3 class='grid-entry-title entry-title '  itemprop=\"headline\" ><a href='https:\/\/www.schwieger-architekten.de\/en\/projekt\/administration-building-noerten-hardenberg\/' title='Remodelling Factory Hall into Administration Building, N\u00f6rten-Hardenberg'>Remodelling Factory Hall into Administration Building, N\u00f6rten-Hardenberg<\/a><\/h3><\/header><div class='grid-entry-excerpt entry-content'  itemprop=\"text\" >Tedox KG<\/div><\/div><footer class=\"entry-footer\"><\/footer><\/article><\/div><div data-ajax-id='2521' class=' grid-entry flex_column isotope-item all_sort no_margin post-entry post-entry-2521 grid-entry-overview grid-loop-23 grid-parity-odd  trade-industry_sort  av_one_third  default_av_fullwidth '><article class='main_color inner-entry'  itemscope=\"itemscope\" itemtype=\"https:\/\/schema.org\/CreativeWork\" ><a href=\"https:\/\/www.schwieger-architekten.de\/en\/projekt\/logistics-building-with-pharmacy-muehlhausen\/\" title='New Construction, Logistics Building with Pharmacy, M\u00fchlhausen'  data-rel='grid-1' class='grid-image avia-hover-fx'> <img decoding=\"async\" loading=\"lazy\" width=\"400\" height=\"267\" src=\"https:\/\/www.schwieger-architekten.de\/wp-content\/uploads\/2022\/02\/Logistikgebaude-400x267.jpg\" class=\"wp-image-353 avia-img-lazy-loading-353 attachment-medium size-medium wp-post-image\" alt=\"Logistikgeb\u00e4ude M\u00fchlhausen | Schwieger Architekten G\u00f6ttingen\" srcset=\"https:\/\/www.schwieger-architekten.de\/wp-content\/uploads\/2022\/02\/Logistikgebaude-400x267.jpg 400w, https:\/\/www.schwieger-architekten.de\/wp-content\/uploads\/2022\/02\/Logistikgebaude-768x512.jpg 768w, https:\/\/www.schwieger-architekten.de\/wp-content\/uploads\/2022\/02\/Logistikgebaude-705x470.jpg 705w, https:\/\/www.schwieger-architekten.de\/wp-content\/uploads\/2022\/02\/Logistikgebaude.jpg 900w\" sizes=\"auto, (max-width: 400px) 100vw, 400px\" \/><\/a><div class='grid-content'><div class='avia-arrow'><\/div><header class=\"entry-content-header\" aria-label=\"Portfolio: New Construction, Logistics Building with Pharmacy, M\u00fchlhausen\"><h3 class='grid-entry-title entry-title '  itemprop=\"headline\" ><a href='https:\/\/www.schwieger-architekten.de\/en\/projekt\/logistics-building-with-pharmacy-muehlhausen\/' title='New Construction, Logistics Building with Pharmacy, M\u00fchlhausen'>New Construction, Logistics Building with Pharmacy, M\u00fchlhausen<\/a><\/h3><\/header><div class='grid-entry-excerpt entry-content'  itemprop=\"text\" >Arge Schwieger &amp; Ortmann\n\u00d6kumenisches Hainich-Klinikum gGmbH<\/div><\/div><footer class=\"entry-footer\"><\/footer><\/article><\/div><div data-ajax-id='2527' class=' grid-entry flex_column isotope-item all_sort no_margin post-entry post-entry-2527 grid-entry-overview grid-loop-24 grid-parity-even  trade-industry_sort  av_one_third  default_av_fullwidth '><article class='main_color inner-entry'  itemscope=\"itemscope\" itemtype=\"https:\/\/schema.org\/CreativeWork\" ><a href=\"https:\/\/www.schwieger-architekten.de\/en\/projekt\/new-construction-technical-kitchen-muehlhausen\/\" title='New Construction, Technical Kitchen, M\u00fchlhausen'  data-rel='grid-1' class='grid-image avia-hover-fx'> <img decoding=\"async\" loading=\"lazy\" width=\"400\" height=\"267\" src=\"https:\/\/www.schwieger-architekten.de\/wp-content\/uploads\/0556\/02\/technische-kueche-muehlhausen-400x267.jpg\" class=\"wp-image-919 avia-img-lazy-loading-919 attachment-medium size-medium wp-post-image\" alt=\"New Construction, Technical Kitchen, M\u00fchlhausen\" srcset=\"https:\/\/www.schwieger-architekten.de\/wp-content\/uploads\/0556\/02\/technische-kueche-muehlhausen-400x267.jpg 400w, https:\/\/www.schwieger-architekten.de\/wp-content\/uploads\/0556\/02\/technische-kueche-muehlhausen-768x512.jpg 768w, https:\/\/www.schwieger-architekten.de\/wp-content\/uploads\/0556\/02\/technische-kueche-muehlhausen-120x80.jpg 120w, https:\/\/www.schwieger-architekten.de\/wp-content\/uploads\/0556\/02\/technische-kueche-muehlhausen-705x470.jpg 705w, https:\/\/www.schwieger-architekten.de\/wp-content\/uploads\/0556\/02\/technische-kueche-muehlhausen-225x150.jpg 225w, https:\/\/www.schwieger-architekten.de\/wp-content\/uploads\/0556\/02\/technische-kueche-muehlhausen-180x120.jpg 180w, https:\/\/www.schwieger-architekten.de\/wp-content\/uploads\/0556\/02\/technische-kueche-muehlhausen.jpg 900w\" sizes=\"auto, (max-width: 400px) 100vw, 400px\" \/><\/a><div class='grid-content'><div class='avia-arrow'><\/div><header class=\"entry-content-header\" aria-label=\"Portfolio: New Construction, Technical Kitchen, M\u00fchlhausen\"><h3 class='grid-entry-title entry-title '  itemprop=\"headline\" ><a href='https:\/\/www.schwieger-architekten.de\/en\/projekt\/new-construction-technical-kitchen-muehlhausen\/' title='New Construction, Technical Kitchen, M\u00fchlhausen'>New Construction, Technical Kitchen, M\u00fchlhausen<\/a><\/h3><\/header><div class='grid-entry-excerpt entry-content'  itemprop=\"text\" >ARGE Schwieger &amp; Ortmann\n\u00d6kumenisches Hainich Klinikum gGmbH<\/div><\/div><footer class=\"entry-footer\"><\/footer><\/article><\/div><div data-ajax-id='2530' class=' grid-entry flex_column isotope-item all_sort no_margin post-entry post-entry-2530 grid-entry-overview grid-loop-25 grid-parity-odd  trade-industry_sort construction-in-existing-structures-redevelopment-preservation_sort  av_one_third first default_av_fullwidth '><article class='main_color inner-entry'  itemscope=\"itemscope\" itemtype=\"https:\/\/schema.org\/CreativeWork\" ><a href=\"https:\/\/www.schwieger-architekten.de\/en\/projekt\/boiler-house-muehlhausen\/\" title='New Construction, Boiler House, M\u00fchlhausen'  data-rel='grid-1' class='grid-image avia-hover-fx'> <img decoding=\"async\" loading=\"lazy\" width=\"400\" height=\"267\" src=\"https:\/\/www.schwieger-architekten.de\/wp-content\/uploads\/2022\/03\/kesselhaus-muehlhausen-modell-1-400x267.jpg\" class=\"wp-image-634 avia-img-lazy-loading-634 attachment-medium size-medium wp-post-image\" alt=\"New construction of a boiler house in M\u00fchlhausen for the \u00d6kumenisches Hainich Klinikum gGmbH by Schwieger Architects G\u00f6ttingen.\" srcset=\"https:\/\/www.schwieger-architekten.de\/wp-content\/uploads\/2022\/03\/kesselhaus-muehlhausen-modell-1-400x267.jpg 400w, https:\/\/www.schwieger-architekten.de\/wp-content\/uploads\/2022\/03\/kesselhaus-muehlhausen-modell-1-768x512.jpg 768w, https:\/\/www.schwieger-architekten.de\/wp-content\/uploads\/2022\/03\/kesselhaus-muehlhausen-modell-1-120x80.jpg 120w, https:\/\/www.schwieger-architekten.de\/wp-content\/uploads\/2022\/03\/kesselhaus-muehlhausen-modell-1-705x470.jpg 705w, https:\/\/www.schwieger-architekten.de\/wp-content\/uploads\/2022\/03\/kesselhaus-muehlhausen-modell-1-225x150.jpg 225w, https:\/\/www.schwieger-architekten.de\/wp-content\/uploads\/2022\/03\/kesselhaus-muehlhausen-modell-1-180x120.jpg 180w, https:\/\/www.schwieger-architekten.de\/wp-content\/uploads\/2022\/03\/kesselhaus-muehlhausen-modell-1.jpg 900w\" sizes=\"auto, (max-width: 400px) 100vw, 400px\" \/><\/a><div class='grid-content'><div class='avia-arrow'><\/div><header class=\"entry-content-header\" aria-label=\"Portfolio: New Construction, Boiler House, M\u00fchlhausen\"><h3 class='grid-entry-title entry-title '  itemprop=\"headline\" ><a href='https:\/\/www.schwieger-architekten.de\/en\/projekt\/boiler-house-muehlhausen\/' title='New Construction, Boiler House, M\u00fchlhausen'>New Construction, Boiler House, M\u00fchlhausen<\/a><\/h3><\/header><div class='grid-entry-excerpt entry-content'  itemprop=\"text\" >ARGE Schwieger &amp; Ortmann\n\u00d6kumenisches Hainich Klinikum gGmbH<\/div><\/div><footer class=\"entry-footer\"><\/footer><\/article><\/div><div data-ajax-id='2536' class=' grid-entry flex_column isotope-item all_sort no_margin post-entry post-entry-2536 grid-entry-overview grid-loop-26 grid-parity-even  civic-and-public-buildings_sort  av_one_third  default_av_fullwidth '><article class='main_color inner-entry'  itemscope=\"itemscope\" itemtype=\"https:\/\/schema.org\/CreativeWork\" ><a href=\"https:\/\/www.schwieger-architekten.de\/en\/projekt\/multipurpose-hall-grone\/\" title='Expansion Multipurpose Hall Grone'  data-rel='grid-1' class='grid-image avia-hover-fx'> <img decoding=\"async\" loading=\"lazy\" width=\"400\" height=\"267\" src=\"https:\/\/www.schwieger-architekten.de\/wp-content\/uploads\/2022\/02\/mehrzweckhalle-grone-400x267.jpg\" class=\"wp-image-248 avia-img-lazy-loading-248 attachment-medium size-medium wp-post-image\" alt=\"Erweiterung Mehrzweckhalle Grone | Schwieger Architekten\" srcset=\"https:\/\/www.schwieger-architekten.de\/wp-content\/uploads\/2022\/02\/mehrzweckhalle-grone-400x267.jpg 400w, https:\/\/www.schwieger-architekten.de\/wp-content\/uploads\/2022\/02\/mehrzweckhalle-grone-768x512.jpg 768w, https:\/\/www.schwieger-architekten.de\/wp-content\/uploads\/2022\/02\/mehrzweckhalle-grone-705x470.jpg 705w, https:\/\/www.schwieger-architekten.de\/wp-content\/uploads\/2022\/02\/mehrzweckhalle-grone.jpg 900w\" sizes=\"auto, (max-width: 400px) 100vw, 400px\" \/><\/a><div class='grid-content'><div class='avia-arrow'><\/div><header class=\"entry-content-header\" aria-label=\"Portfolio: Expansion Multipurpose Hall Grone\"><h3 class='grid-entry-title entry-title '  itemprop=\"headline\" ><a href='https:\/\/www.schwieger-architekten.de\/en\/projekt\/multipurpose-hall-grone\/' title='Expansion Multipurpose Hall Grone'>Expansion Multipurpose Hall Grone<\/a><\/h3><\/header><div class='grid-entry-excerpt entry-content'  itemprop=\"text\" >City of G\u00f6ttingen<\/div><\/div><footer class=\"entry-footer\"><\/footer><\/article><\/div><div data-ajax-id='2539' class=' grid-entry flex_column isotope-item all_sort no_margin post-entry post-entry-2539 grid-entry-overview grid-loop-27 grid-parity-odd  healthcare_sort  av_one_third  default_av_fullwidth '><article class='main_color inner-entry'  itemscope=\"itemscope\" itemtype=\"https:\/\/schema.org\/CreativeWork\" ><a href=\"https:\/\/www.schwieger-architekten.de\/en\/projekt\/clinic-for-child-psychiatry-eisenach\/\" title='Clinic for Child and Adolescent Psychiatry, Eisenach'  data-rel='grid-1' class='grid-image avia-hover-fx'> <img decoding=\"async\" loading=\"lazy\" width=\"400\" height=\"267\" src=\"https:\/\/www.schwieger-architekten.de\/wp-content\/uploads\/2022\/02\/tagesklinik-index-400x267.jpg\" class=\"wp-image-260 avia-img-lazy-loading-260 attachment-medium size-medium wp-post-image\" alt=\"\" srcset=\"https:\/\/www.schwieger-architekten.de\/wp-content\/uploads\/2022\/02\/tagesklinik-index-400x267.jpg 400w, https:\/\/www.schwieger-architekten.de\/wp-content\/uploads\/2022\/02\/tagesklinik-index-768x512.jpg 768w, https:\/\/www.schwieger-architekten.de\/wp-content\/uploads\/2022\/02\/tagesklinik-index-705x470.jpg 705w, https:\/\/www.schwieger-architekten.de\/wp-content\/uploads\/2022\/02\/tagesklinik-index.jpg 900w\" sizes=\"auto, (max-width: 400px) 100vw, 400px\" \/><\/a><div class='grid-content'><div class='avia-arrow'><\/div><header class=\"entry-content-header\" aria-label=\"Portfolio: Clinic for Child and Adolescent Psychiatry, Eisenach\"><h3 class='grid-entry-title entry-title '  itemprop=\"headline\" ><a href='https:\/\/www.schwieger-architekten.de\/en\/projekt\/clinic-for-child-psychiatry-eisenach\/' title='Clinic for Child and Adolescent Psychiatry, Eisenach'>Clinic for Child and Adolescent Psychiatry, Eisenach<\/a><\/h3><\/header><div class='grid-entry-excerpt entry-content'  itemprop=\"text\" >ARGE Schwieger &amp; Ortmann\n\u00d6kumenisches Hainich Klinikum gGmbH<\/div><\/div><footer class=\"entry-footer\"><\/footer><\/article><\/div><div data-ajax-id='2545' class=' grid-entry flex_column isotope-item all_sort no_margin post-entry post-entry-2545 grid-entry-overview grid-loop-28 grid-parity-even  construction-in-existing-structures-redevelopment-preservation_sort  av_one_third first default_av_fullwidth '><article class='main_color inner-entry'  itemscope=\"itemscope\" itemtype=\"https:\/\/schema.org\/CreativeWork\" ><a href=\"https:\/\/www.schwieger-architekten.de\/en\/projekt\/weender-strasse-55-goettingen\/\" title='Remodelling\/Redevelopment of Residential and Commercial Building'  data-rel='grid-1' class='grid-image avia-hover-fx'> <img decoding=\"async\" loading=\"lazy\" width=\"400\" height=\"267\" src=\"https:\/\/www.schwieger-architekten.de\/wp-content\/uploads\/0546\/02\/weender-strasse-55-goettingen-400x267.jpg\" class=\"wp-image-926 avia-img-lazy-loading-926 attachment-medium size-medium wp-post-image\" alt=\"Remodelling\/Redevelopment of Residential and Commercial Building Weender Stra\u00dfe 55 G\u00f6ttingen\" srcset=\"https:\/\/www.schwieger-architekten.de\/wp-content\/uploads\/0546\/02\/weender-strasse-55-goettingen-400x267.jpg 400w, https:\/\/www.schwieger-architekten.de\/wp-content\/uploads\/0546\/02\/weender-strasse-55-goettingen-768x512.jpg 768w, https:\/\/www.schwieger-architekten.de\/wp-content\/uploads\/0546\/02\/weender-strasse-55-goettingen-120x80.jpg 120w, https:\/\/www.schwieger-architekten.de\/wp-content\/uploads\/0546\/02\/weender-strasse-55-goettingen-705x470.jpg 705w, https:\/\/www.schwieger-architekten.de\/wp-content\/uploads\/0546\/02\/weender-strasse-55-goettingen-225x150.jpg 225w, https:\/\/www.schwieger-architekten.de\/wp-content\/uploads\/0546\/02\/weender-strasse-55-goettingen-180x120.jpg 180w, https:\/\/www.schwieger-architekten.de\/wp-content\/uploads\/0546\/02\/weender-strasse-55-goettingen.jpg 900w\" sizes=\"auto, (max-width: 400px) 100vw, 400px\" \/><\/a><div class='grid-content'><div class='avia-arrow'><\/div><header class=\"entry-content-header\" aria-label=\"Portfolio: Remodelling\/Redevelopment of Residential and Commercial Building\"><h3 class='grid-entry-title entry-title '  itemprop=\"headline\" ><a href='https:\/\/www.schwieger-architekten.de\/en\/projekt\/weender-strasse-55-goettingen\/' title='Remodelling\/Redevelopment of Residential and Commercial Building'>Remodelling\/Redevelopment of Residential and Commercial Building<\/a><\/h3><\/header><div class='grid-entry-excerpt entry-content'  itemprop=\"text\" >Weender Stra\u00dfe 55, G\u00f6ttingen \nFoundation Le Mouette<\/div><\/div><footer class=\"entry-footer\"><\/footer><\/article><\/div><div data-ajax-id='2548' class=' grid-entry flex_column isotope-item all_sort no_margin post-entry post-entry-2548 grid-entry-overview grid-loop-29 grid-parity-odd  education-research-laboratory_sort competitions_sort interior-design_sort  av_one_third  default_av_fullwidth '><article class='main_color inner-entry'  itemscope=\"itemscope\" itemtype=\"https:\/\/schema.org\/CreativeWork\" ><a href=\"https:\/\/www.schwieger-architekten.de\/en\/projekt\/german-primate-centre-goettingen\/\" title='German Primate Centre G\u00f6ttingen'  data-rel='grid-1' class='grid-image avia-hover-fx'> <img decoding=\"async\" loading=\"lazy\" width=\"400\" height=\"267\" src=\"https:\/\/www.schwieger-architekten.de\/wp-content\/uploads\/0545\/02\/deutsches-primatenzentrum-goettingen-400x267.jpg\" class=\"wp-image-924 avia-img-lazy-loading-924 attachment-medium size-medium wp-post-image\" alt=\"Competition 1st prize and realisation of the redesign of the foyer in the German Primate Centre G\u00f6ttingen by Schwieger Architects.\" srcset=\"https:\/\/www.schwieger-architekten.de\/wp-content\/uploads\/0545\/02\/deutsches-primatenzentrum-goettingen-400x267.jpg 400w, https:\/\/www.schwieger-architekten.de\/wp-content\/uploads\/0545\/02\/deutsches-primatenzentrum-goettingen-768x512.jpg 768w, https:\/\/www.schwieger-architekten.de\/wp-content\/uploads\/0545\/02\/deutsches-primatenzentrum-goettingen-120x80.jpg 120w, https:\/\/www.schwieger-architekten.de\/wp-content\/uploads\/0545\/02\/deutsches-primatenzentrum-goettingen-705x470.jpg 705w, https:\/\/www.schwieger-architekten.de\/wp-content\/uploads\/0545\/02\/deutsches-primatenzentrum-goettingen-225x150.jpg 225w, https:\/\/www.schwieger-architekten.de\/wp-content\/uploads\/0545\/02\/deutsches-primatenzentrum-goettingen-180x120.jpg 180w, https:\/\/www.schwieger-architekten.de\/wp-content\/uploads\/0545\/02\/deutsches-primatenzentrum-goettingen.jpg 900w\" sizes=\"auto, (max-width: 400px) 100vw, 400px\" \/><\/a><div class='grid-content'><div class='avia-arrow'><\/div><header class=\"entry-content-header\" aria-label=\"Portfolio: German Primate Centre G\u00f6ttingen\"><h3 class='grid-entry-title entry-title '  itemprop=\"headline\" ><a href='https:\/\/www.schwieger-architekten.de\/en\/projekt\/german-primate-centre-goettingen\/' title='German Primate Centre G\u00f6ttingen'>German Primate Centre G\u00f6ttingen<\/a><\/h3><\/header><div class='grid-entry-excerpt entry-content'  itemprop=\"text\" >Competition, 1st prize<\/div><\/div><footer class=\"entry-footer\"><\/footer><\/article><\/div><div data-ajax-id='2554' class=' grid-entry flex_column isotope-item all_sort no_margin post-entry post-entry-2554 grid-entry-overview grid-loop-30 grid-parity-even  education-research-laboratory_sort  av_one_third  default_av_fullwidth '><article class='main_color inner-entry'  itemscope=\"itemscope\" itemtype=\"https:\/\/schema.org\/CreativeWork\" ><a href=\"https:\/\/www.schwieger-architekten.de\/en\/projekt\/paul-gerhardt-school-dassel\/\" title='New Construction, Paul-Gerhardt School in Dassel'  data-rel='grid-1' class='grid-image avia-hover-fx'> <img decoding=\"async\" loading=\"lazy\" width=\"400\" height=\"267\" src=\"https:\/\/www.schwieger-architekten.de\/wp-content\/uploads\/0548\/02\/paul-gerhard-schule-dassel-400x267.jpg\" class=\"wp-image-928 avia-img-lazy-loading-928 attachment-medium size-medium wp-post-image\" alt=\"New building with 8 classrooms and auditorium for the Paul-Gerhardt-Schule in Dassel by Schwieger Architects G\u00f6ttingen.\" srcset=\"https:\/\/www.schwieger-architekten.de\/wp-content\/uploads\/0548\/02\/paul-gerhard-schule-dassel-400x267.jpg 400w, https:\/\/www.schwieger-architekten.de\/wp-content\/uploads\/0548\/02\/paul-gerhard-schule-dassel-768x512.jpg 768w, https:\/\/www.schwieger-architekten.de\/wp-content\/uploads\/0548\/02\/paul-gerhard-schule-dassel-120x80.jpg 120w, https:\/\/www.schwieger-architekten.de\/wp-content\/uploads\/0548\/02\/paul-gerhard-schule-dassel-705x470.jpg 705w, https:\/\/www.schwieger-architekten.de\/wp-content\/uploads\/0548\/02\/paul-gerhard-schule-dassel-225x150.jpg 225w, https:\/\/www.schwieger-architekten.de\/wp-content\/uploads\/0548\/02\/paul-gerhard-schule-dassel-180x120.jpg 180w, https:\/\/www.schwieger-architekten.de\/wp-content\/uploads\/0548\/02\/paul-gerhard-schule-dassel.jpg 900w\" sizes=\"auto, (max-width: 400px) 100vw, 400px\" \/><\/a><div class='grid-content'><div class='avia-arrow'><\/div><header class=\"entry-content-header\" aria-label=\"Portfolio: New Construction, Paul-Gerhardt School in Dassel\"><h3 class='grid-entry-title entry-title '  itemprop=\"headline\" ><a href='https:\/\/www.schwieger-architekten.de\/en\/projekt\/paul-gerhardt-school-dassel\/' title='New Construction, Paul-Gerhardt School in Dassel'>New Construction, Paul-Gerhardt School in Dassel<\/a><\/h3><\/header><div class='grid-entry-excerpt entry-content'  itemprop=\"text\" >8 classrooms and auditorium<\/div><\/div><footer class=\"entry-footer\"><\/footer><\/article><\/div><div data-ajax-id='2558' class=' grid-entry flex_column isotope-item all_sort no_margin post-entry post-entry-2558 grid-entry-overview grid-loop-31 grid-parity-odd  urban-planning_sort  av_one_third first default_av_fullwidth '><article class='main_color inner-entry'  itemscope=\"itemscope\" itemtype=\"https:\/\/schema.org\/CreativeWork\" ><a href=\"https:\/\/www.schwieger-architekten.de\/en\/projekt\/art-quarter-goettingen\/\" title='Art Quarter G\u00f6ttingen'  data-rel='grid-1' class='grid-image avia-hover-fx'> <img decoding=\"async\" loading=\"lazy\" width=\"400\" height=\"267\" src=\"https:\/\/www.schwieger-architekten.de\/wp-content\/uploads\/0802\/02\/kunstquartier-goettingen-400x267.jpg\" class=\"wp-image-932 avia-img-lazy-loading-932 attachment-medium size-medium wp-post-image\" alt=\"Urban planning for the Kunstquartier in G\u00f6ttingen in collaboration with Gerhard Steidl Verlag and Schwieger Architects.\" srcset=\"https:\/\/www.schwieger-architekten.de\/wp-content\/uploads\/0802\/02\/kunstquartier-goettingen-400x267.jpg 400w, https:\/\/www.schwieger-architekten.de\/wp-content\/uploads\/0802\/02\/kunstquartier-goettingen-768x512.jpg 768w, https:\/\/www.schwieger-architekten.de\/wp-content\/uploads\/0802\/02\/kunstquartier-goettingen-120x80.jpg 120w, https:\/\/www.schwieger-architekten.de\/wp-content\/uploads\/0802\/02\/kunstquartier-goettingen-705x470.jpg 705w, https:\/\/www.schwieger-architekten.de\/wp-content\/uploads\/0802\/02\/kunstquartier-goettingen-225x150.jpg 225w, https:\/\/www.schwieger-architekten.de\/wp-content\/uploads\/0802\/02\/kunstquartier-goettingen-180x120.jpg 180w, https:\/\/www.schwieger-architekten.de\/wp-content\/uploads\/0802\/02\/kunstquartier-goettingen.jpg 900w\" sizes=\"auto, (max-width: 400px) 100vw, 400px\" \/><\/a><div class='grid-content'><div class='avia-arrow'><\/div><header class=\"entry-content-header\" aria-label=\"Portfolio: Art Quarter G\u00f6ttingen\"><h3 class='grid-entry-title entry-title '  itemprop=\"headline\" ><a href='https:\/\/www.schwieger-architekten.de\/en\/projekt\/art-quarter-goettingen\/' title='Art Quarter G\u00f6ttingen'>Art Quarter G\u00f6ttingen<\/a><\/h3><\/header><div class='grid-entry-excerpt entry-content'  itemprop=\"text\" >Gerhard Steidl Printing and Publishing House\nurban development study\n<\/div><\/div><footer class=\"entry-footer\"><\/footer><\/article><\/div><div data-ajax-id='2564' class=' grid-entry flex_column isotope-item all_sort no_margin post-entry post-entry-2564 grid-entry-overview grid-loop-32 grid-parity-even  construction-in-existing-structures-redevelopment-preservation_sort  av_one_third  default_av_fullwidth '><article class='main_color inner-entry'  itemscope=\"itemscope\" itemtype=\"https:\/\/schema.org\/CreativeWork\" ><a href=\"https:\/\/www.schwieger-architekten.de\/en\/projekt\/weender-strasse-36-goettingen\/\" title='Remodelling\/Redevelopment of Residential and Commercial Building'  data-rel='grid-1' class='grid-image avia-hover-fx'> <img decoding=\"async\" loading=\"lazy\" width=\"400\" height=\"267\" src=\"https:\/\/www.schwieger-architekten.de\/wp-content\/uploads\/0487\/02\/Barfuesser-Strasse-11-goettingen-400x267.jpg\" class=\"wp-image-955 avia-img-lazy-loading-955 attachment-medium size-medium wp-post-image\" alt=\"Renovation Residential and Commercial Building Weender Stra\u00dfe 36 G\u00f6ttingen\" srcset=\"https:\/\/www.schwieger-architekten.de\/wp-content\/uploads\/0487\/02\/Barfuesser-Strasse-11-goettingen-400x267.jpg 400w, https:\/\/www.schwieger-architekten.de\/wp-content\/uploads\/0487\/02\/Barfuesser-Strasse-11-goettingen-768x512.jpg 768w, https:\/\/www.schwieger-architekten.de\/wp-content\/uploads\/0487\/02\/Barfuesser-Strasse-11-goettingen-120x80.jpg 120w, https:\/\/www.schwieger-architekten.de\/wp-content\/uploads\/0487\/02\/Barfuesser-Strasse-11-goettingen-705x470.jpg 705w, https:\/\/www.schwieger-architekten.de\/wp-content\/uploads\/0487\/02\/Barfuesser-Strasse-11-goettingen-225x150.jpg 225w, https:\/\/www.schwieger-architekten.de\/wp-content\/uploads\/0487\/02\/Barfuesser-Strasse-11-goettingen-180x120.jpg 180w, https:\/\/www.schwieger-architekten.de\/wp-content\/uploads\/0487\/02\/Barfuesser-Strasse-11-goettingen.jpg 900w\" sizes=\"auto, (max-width: 400px) 100vw, 400px\" \/><\/a><div class='grid-content'><div class='avia-arrow'><\/div><header class=\"entry-content-header\" aria-label=\"Portfolio: Remodelling\/Redevelopment of Residential and Commercial Building\"><h3 class='grid-entry-title entry-title '  itemprop=\"headline\" ><a href='https:\/\/www.schwieger-architekten.de\/en\/projekt\/weender-strasse-36-goettingen\/' title='Remodelling\/Redevelopment of Residential and Commercial Building'>Remodelling\/Redevelopment of Residential and Commercial Building<\/a><\/h3><\/header><div class='grid-entry-excerpt entry-content'  itemprop=\"text\" >Weender Stra\u00dfe 36\/ Barf\u00fc\u00dferstra\u00dfe 8\/9, G\u00f6ttingen \nWinkler Real Estate GbR<\/div><\/div><footer class=\"entry-footer\"><\/footer><\/article><\/div><div data-ajax-id='2570' class=' grid-entry flex_column isotope-item all_sort no_margin post-entry post-entry-2570 grid-entry-overview grid-loop-33 grid-parity-odd  construction-in-existing-structures-redevelopment-preservation_sort  av_one_third  default_av_fullwidth '><article class='main_color inner-entry'  itemscope=\"itemscope\" itemtype=\"https:\/\/schema.org\/CreativeWork\" ><a href=\"https:\/\/www.schwieger-architekten.de\/en\/projekt\/weender-strasse-72-74-goettingen\/\" title='Remodelling\/Renewal'  data-rel='grid-1' class='grid-image avia-hover-fx'> <img decoding=\"async\" loading=\"lazy\" width=\"400\" height=\"267\" src=\"https:\/\/www.schwieger-architekten.de\/wp-content\/uploads\/2022\/02\/weender-strasse-72-400x267.jpg\" class=\"wp-image-297 avia-img-lazy-loading-297 attachment-medium size-medium wp-post-image\" alt=\"\" srcset=\"https:\/\/www.schwieger-architekten.de\/wp-content\/uploads\/2022\/02\/weender-strasse-72-400x267.jpg 400w, https:\/\/www.schwieger-architekten.de\/wp-content\/uploads\/2022\/02\/weender-strasse-72-768x512.jpg 768w, https:\/\/www.schwieger-architekten.de\/wp-content\/uploads\/2022\/02\/weender-strasse-72-705x470.jpg 705w, https:\/\/www.schwieger-architekten.de\/wp-content\/uploads\/2022\/02\/weender-strasse-72.jpg 900w\" sizes=\"auto, (max-width: 400px) 100vw, 400px\" \/><\/a><div class='grid-content'><div class='avia-arrow'><\/div><header class=\"entry-content-header\" aria-label=\"Portfolio: Remodelling\/Renewal\"><h3 class='grid-entry-title entry-title '  itemprop=\"headline\" ><a href='https:\/\/www.schwieger-architekten.de\/en\/projekt\/weender-strasse-72-74-goettingen\/' title='Remodelling\/Renewal'>Remodelling\/Renewal<\/a><\/h3><\/header><div class='grid-entry-excerpt entry-content'  itemprop=\"text\" >Weender Stra\u00dfe 72\/74, G\u00f6ttingen <\/div><\/div><footer class=\"entry-footer\"><\/footer><\/article><\/div><div data-ajax-id='2672' class=' grid-entry flex_column isotope-item all_sort no_margin post-entry post-entry-2672 grid-entry-overview grid-loop-34 grid-parity-even  competitions_sort  av_one_third first default_av_fullwidth '><article class='main_color inner-entry'  itemscope=\"itemscope\" itemtype=\"https:\/\/schema.org\/CreativeWork\" ><a href=\"https:\/\/www.schwieger-architekten.de\/en\/projekt\/school-of-philosophy-university-goettingen\/\" title='New Construction, Centre of Cultural Sciences, School of Philosophy, Georg August University G\u00f6ttingen'  data-rel='grid-1' class='grid-image avia-hover-fx'> <img decoding=\"async\" loading=\"lazy\" width=\"395\" height=\"146\" src=\"https:\/\/www.schwieger-architekten.de\/wp-content\/uploads\/1000\/04\/haupteingang.jpg\" class=\"wp-image-784 avia-img-lazy-loading-784 attachment-medium size-medium wp-post-image\" alt=\"New Construction, Centre of Cultural Sciences, School of Philosophy, Georg August University G\u00f6ttingen\" srcset=\"https:\/\/www.schwieger-architekten.de\/wp-content\/uploads\/1000\/04\/haupteingang.jpg 395w, https:\/\/www.schwieger-architekten.de\/wp-content\/uploads\/1000\/04\/haupteingang-325x120.jpg 325w\" sizes=\"auto, (max-width: 395px) 100vw, 395px\" \/><\/a><div class='grid-content'><div class='avia-arrow'><\/div><header class=\"entry-content-header\" aria-label=\"Portfolio: New Construction, Centre of Cultural Sciences, School of Philosophy, Georg August University G\u00f6ttingen\"><h3 class='grid-entry-title entry-title '  itemprop=\"headline\" ><a href='https:\/\/www.schwieger-architekten.de\/en\/projekt\/school-of-philosophy-university-goettingen\/' title='New Construction, Centre of Cultural Sciences, School of Philosophy, Georg August University G\u00f6ttingen'>New Construction, Centre of Cultural Sciences, School of Philosophy, Georg August University G\u00f6ttingen<\/a><\/h3><\/header><div class='grid-entry-excerpt entry-content'  itemprop=\"text\" >architectural-competitions<\/div><\/div><footer class=\"entry-footer\"><\/footer><\/article><\/div><div data-ajax-id='2573' class=' grid-entry flex_column isotope-item all_sort no_margin post-entry post-entry-2573 grid-entry-overview grid-loop-35 grid-parity-odd  project-management_sort  av_one_third  default_av_fullwidth '><article class='main_color inner-entry'  itemscope=\"itemscope\" itemtype=\"https:\/\/schema.org\/CreativeWork\" ><a href=\"https:\/\/www.schwieger-architekten.de\/en\/projekt\/evangelical-hospital-goettingen\/\" title='Evangelical Hospital'  data-rel='grid-1' class='grid-image avia-hover-fx'> <img decoding=\"async\" loading=\"lazy\" width=\"400\" height=\"267\" src=\"https:\/\/www.schwieger-architekten.de\/wp-content\/uploads\/2022\/02\/evangelische-kirche-400x267.jpg\" class=\"wp-image-239 avia-img-lazy-loading-239 attachment-medium size-medium wp-post-image\" alt=\"Projektsteuerung und Beratungen zu Haushaltsunterlagen f\u00fcr den Neubau des Evangelischen Krankenhaus G\u00f6ttingen durch Schwieger Architekten.\" srcset=\"https:\/\/www.schwieger-architekten.de\/wp-content\/uploads\/2022\/02\/evangelische-kirche-400x267.jpg 400w, https:\/\/www.schwieger-architekten.de\/wp-content\/uploads\/2022\/02\/evangelische-kirche-768x512.jpg 768w, https:\/\/www.schwieger-architekten.de\/wp-content\/uploads\/2022\/02\/evangelische-kirche-705x470.jpg 705w, https:\/\/www.schwieger-architekten.de\/wp-content\/uploads\/2022\/02\/evangelische-kirche.jpg 900w\" sizes=\"auto, (max-width: 400px) 100vw, 400px\" \/><\/a><div class='grid-content'><div class='avia-arrow'><\/div><header class=\"entry-content-header\" aria-label=\"Portfolio: Evangelical Hospital\"><h3 class='grid-entry-title entry-title '  itemprop=\"headline\" ><a href='https:\/\/www.schwieger-architekten.de\/en\/projekt\/evangelical-hospital-goettingen\/' title='Evangelical Hospital'>Evangelical Hospital<\/a><\/h3><\/header><div class='grid-entry-excerpt entry-content'  itemprop=\"text\" >G\u00f6ttingen-Weende gGmbH<\/div><\/div><footer class=\"entry-footer\"><\/footer><\/article><\/div><div data-ajax-id='2679' class=' grid-entry flex_column isotope-item all_sort no_margin post-entry post-entry-2679 grid-entry-overview grid-loop-36 grid-parity-even  urban-planning_sort  av_one_third  default_av_fullwidth '><article class='main_color inner-entry'  itemscope=\"itemscope\" itemtype=\"https:\/\/schema.org\/CreativeWork\" ><a href=\"https:\/\/www.schwieger-architekten.de\/en\/projekt\/windausweg-goettingen\/\" title='Windausweg, G\u00f6ttingen'  data-rel='grid-1' class='grid-image avia-hover-fx'> <img decoding=\"async\" loading=\"lazy\" width=\"400\" height=\"267\" src=\"https:\/\/www.schwieger-architekten.de\/wp-content\/uploads\/2022\/02\/windausweg-goettingen-400x267.jpg\" class=\"wp-image-374 avia-img-lazy-loading-374 attachment-medium size-medium wp-post-image\" alt=\"Windausweg, G\u00f6ttingen\" srcset=\"https:\/\/www.schwieger-architekten.de\/wp-content\/uploads\/2022\/02\/windausweg-goettingen-400x267.jpg 400w, https:\/\/www.schwieger-architekten.de\/wp-content\/uploads\/2022\/02\/windausweg-goettingen-768x512.jpg 768w, https:\/\/www.schwieger-architekten.de\/wp-content\/uploads\/2022\/02\/windausweg-goettingen-705x470.jpg 705w, https:\/\/www.schwieger-architekten.de\/wp-content\/uploads\/2022\/02\/windausweg-goettingen.jpg 900w\" sizes=\"auto, (max-width: 400px) 100vw, 400px\" \/><\/a><div class='grid-content'><div class='avia-arrow'><\/div><header class=\"entry-content-header\" aria-label=\"Portfolio: Windausweg, G\u00f6ttingen\"><h3 class='grid-entry-title entry-title '  itemprop=\"headline\" ><a href='https:\/\/www.schwieger-architekten.de\/en\/projekt\/windausweg-goettingen\/' title='Windausweg, G\u00f6ttingen'>Windausweg, G\u00f6ttingen<\/a><\/h3><\/header><div class='grid-entry-excerpt entry-content'  itemprop=\"text\" >Urban Planning Report<\/div><\/div><footer class=\"entry-footer\"><\/footer><\/article><\/div><div data-ajax-id='2685' class=' grid-entry flex_column isotope-item all_sort no_margin post-entry post-entry-2685 grid-entry-overview grid-loop-37 grid-parity-odd  urban-planning_sort  av_one_third first default_av_fullwidth '><article class='main_color inner-entry'  itemscope=\"itemscope\" itemtype=\"https:\/\/schema.org\/CreativeWork\" ><a href=\"https:\/\/www.schwieger-architekten.de\/en\/projekt\/trade-and-logistic-centre-goettingen-siekanger\/\" title='Trade and Logistic Centre G\u00f6ttingen-Siekanger'  data-rel='grid-1' class='grid-image avia-hover-fx'> <img decoding=\"async\" loading=\"lazy\" width=\"400\" height=\"267\" src=\"https:\/\/www.schwieger-architekten.de\/wp-content\/uploads\/2022\/02\/gewerbepark-siekerhagen-400x267.jpg\" class=\"wp-image-254 avia-img-lazy-loading-254 attachment-medium size-medium wp-post-image\" alt=\"\" srcset=\"https:\/\/www.schwieger-architekten.de\/wp-content\/uploads\/2022\/02\/gewerbepark-siekerhagen-400x267.jpg 400w, https:\/\/www.schwieger-architekten.de\/wp-content\/uploads\/2022\/02\/gewerbepark-siekerhagen-768x512.jpg 768w, https:\/\/www.schwieger-architekten.de\/wp-content\/uploads\/2022\/02\/gewerbepark-siekerhagen-705x470.jpg 705w, https:\/\/www.schwieger-architekten.de\/wp-content\/uploads\/2022\/02\/gewerbepark-siekerhagen.jpg 900w\" sizes=\"auto, (max-width: 400px) 100vw, 400px\" \/><\/a><div class='grid-content'><div class='avia-arrow'><\/div><header class=\"entry-content-header\" aria-label=\"Portfolio: Trade and Logistic Centre G\u00f6ttingen-Siekanger\"><h3 class='grid-entry-title entry-title '  itemprop=\"headline\" ><a href='https:\/\/www.schwieger-architekten.de\/en\/projekt\/trade-and-logistic-centre-goettingen-siekanger\/' title='Trade and Logistic Centre G\u00f6ttingen-Siekanger'>Trade and Logistic Centre G\u00f6ttingen-Siekanger<\/a><\/h3><\/header><div class='grid-entry-excerpt entry-content'  itemprop=\"text\" >Urban planning report in connection with Rinne &amp; Partner (Traffic) and Wette + G\u00f6deke (green planning)<\/div><\/div><footer class=\"entry-footer\"><\/footer><\/article><\/div><div data-ajax-id='2582' class=' grid-entry flex_column isotope-item all_sort no_margin post-entry post-entry-2582 grid-entry-overview grid-loop-38 grid-parity-even  construction-in-existing-structures-redevelopment-preservation_sort  av_one_third  default_av_fullwidth '><article class='main_color inner-entry'  itemscope=\"itemscope\" itemtype=\"https:\/\/schema.org\/CreativeWork\" ><a href=\"https:\/\/www.schwieger-architekten.de\/en\/projekt\/conversion-weender-strasse-22\/\" title='Remodelling\/Redevelopment of Residential and Commercial Building'  data-rel='grid-1' class='grid-image avia-hover-fx'> <img decoding=\"async\" loading=\"lazy\" width=\"400\" height=\"267\" src=\"https:\/\/www.schwieger-architekten.de\/wp-content\/uploads\/2007\/02\/weender-str-22-goettingen-400x267.jpg\" class=\"wp-image-935 avia-img-lazy-loading-935 attachment-medium size-medium wp-post-image\" alt=\"Umbau und Sanierung eines Wohn- und Gesch\u00e4ftsh\u00e4user in der Weender Stra\u00dfe 22-24 in G\u00f6ttingen von Schwieger ArchitektenConversion and refurbishment of a residential and commercial building at Weender Strasse 22-24 in G\u00f6ttingen by Schwieger Architects.\" srcset=\"https:\/\/www.schwieger-architekten.de\/wp-content\/uploads\/2007\/02\/weender-str-22-goettingen-400x267.jpg 400w, https:\/\/www.schwieger-architekten.de\/wp-content\/uploads\/2007\/02\/weender-str-22-goettingen-768x512.jpg 768w, https:\/\/www.schwieger-architekten.de\/wp-content\/uploads\/2007\/02\/weender-str-22-goettingen-120x80.jpg 120w, https:\/\/www.schwieger-architekten.de\/wp-content\/uploads\/2007\/02\/weender-str-22-goettingen-705x470.jpg 705w, https:\/\/www.schwieger-architekten.de\/wp-content\/uploads\/2007\/02\/weender-str-22-goettingen-225x150.jpg 225w, https:\/\/www.schwieger-architekten.de\/wp-content\/uploads\/2007\/02\/weender-str-22-goettingen-180x120.jpg 180w, https:\/\/www.schwieger-architekten.de\/wp-content\/uploads\/2007\/02\/weender-str-22-goettingen.jpg 900w\" sizes=\"auto, (max-width: 400px) 100vw, 400px\" \/><\/a><div class='grid-content'><div class='avia-arrow'><\/div><header class=\"entry-content-header\" aria-label=\"Portfolio: Remodelling\/Redevelopment of Residential and Commercial Building\"><h3 class='grid-entry-title entry-title '  itemprop=\"headline\" ><a href='https:\/\/www.schwieger-architekten.de\/en\/projekt\/conversion-weender-strasse-22\/' title='Remodelling\/Redevelopment of Residential and Commercial Building'>Remodelling\/Redevelopment of Residential and Commercial Building<\/a><\/h3><\/header><div class='grid-entry-excerpt entry-content'  itemprop=\"text\" >Weender Stra\u00dfe 22, 24 G\u00f6ttingen \nWeender Str. 24 GbR<\/div><\/div><footer class=\"entry-footer\"><\/footer><\/article><\/div><div data-ajax-id='2673' class=' grid-entry flex_column isotope-item all_sort no_margin post-entry post-entry-2673 grid-entry-overview grid-loop-39 grid-parity-odd  urban-planning_sort  av_one_third  default_av_fullwidth '><article class='main_color inner-entry'  itemscope=\"itemscope\" itemtype=\"https:\/\/schema.org\/CreativeWork\" ><a href=\"https:\/\/www.schwieger-architekten.de\/en\/projekt\/urban-planning-study-nikolai-quarter-goettingen\/\" title='Urban Planning Study Nikolai Quarter, G\u00f6ttingen'  data-rel='grid-1' class='grid-image avia-hover-fx'> <img decoding=\"async\" loading=\"lazy\" width=\"400\" height=\"267\" src=\"https:\/\/www.schwieger-architekten.de\/wp-content\/uploads\/1000\/02\/nikolaiviertel-goettingen-400x267.jpg\" class=\"wp-image-971 avia-img-lazy-loading-971 attachment-medium size-medium wp-post-image\" alt=\"Urban planning study of the Nikolaiviertel in G\u00f6ttingen by Schwieger Architects in cooperation with FachdienstStadt.\" srcset=\"https:\/\/www.schwieger-architekten.de\/wp-content\/uploads\/1000\/02\/nikolaiviertel-goettingen-400x267.jpg 400w, https:\/\/www.schwieger-architekten.de\/wp-content\/uploads\/1000\/02\/nikolaiviertel-goettingen-768x512.jpg 768w, https:\/\/www.schwieger-architekten.de\/wp-content\/uploads\/1000\/02\/nikolaiviertel-goettingen-120x80.jpg 120w, https:\/\/www.schwieger-architekten.de\/wp-content\/uploads\/1000\/02\/nikolaiviertel-goettingen-705x470.jpg 705w, https:\/\/www.schwieger-architekten.de\/wp-content\/uploads\/1000\/02\/nikolaiviertel-goettingen-225x150.jpg 225w, https:\/\/www.schwieger-architekten.de\/wp-content\/uploads\/1000\/02\/nikolaiviertel-goettingen-180x120.jpg 180w, https:\/\/www.schwieger-architekten.de\/wp-content\/uploads\/1000\/02\/nikolaiviertel-goettingen.jpg 900w\" sizes=\"auto, (max-width: 400px) 100vw, 400px\" \/><\/a><div class='grid-content'><div class='avia-arrow'><\/div><header class=\"entry-content-header\" aria-label=\"Portfolio: Urban Planning Study Nikolai Quarter, G\u00f6ttingen\"><h3 class='grid-entry-title entry-title '  itemprop=\"headline\" ><a href='https:\/\/www.schwieger-architekten.de\/en\/projekt\/urban-planning-study-nikolai-quarter-goettingen\/' title='Urban Planning Study Nikolai Quarter, G\u00f6ttingen'>Urban Planning Study Nikolai Quarter, G\u00f6ttingen<\/a><\/h3><\/header><div class='grid-entry-excerpt entry-content'  itemprop=\"text\" >in cooperation with the Urban and Transport Planning Department of the City of G\u00f6ttingen\n<\/div><\/div><footer class=\"entry-footer\"><\/footer><\/article><\/div><div data-ajax-id='2446' class=' grid-entry flex_column isotope-item all_sort no_margin post-entry post-entry-2446 grid-entry-overview grid-loop-40 grid-parity-even  residential-buildings-retirement-homes_sort  av_one_third first default_av_fullwidth '><article class='main_color inner-entry'  itemscope=\"itemscope\" itemtype=\"https:\/\/schema.org\/CreativeWork\" ><a href=\"https:\/\/www.schwieger-architekten.de\/en\/projekt\/private-residence-goettingen\/\" title='Private Residence Goettingen'  data-rel='grid-1' class='grid-image avia-hover-fx'> <img decoding=\"async\" loading=\"lazy\" width=\"400\" height=\"267\" src=\"https:\/\/www.schwieger-architekten.de\/wp-content\/uploads\/2022\/02\/wohnhaus-goettingen-400x267.jpg\" class=\"wp-image-385 avia-img-lazy-loading-385 attachment-medium size-medium wp-post-image\" alt=\"Conversion and refurbishment of a residential building in G\u00f6ttingen to extend living space by Schwieger Architects.\" srcset=\"https:\/\/www.schwieger-architekten.de\/wp-content\/uploads\/2022\/02\/wohnhaus-goettingen-400x267.jpg 400w, https:\/\/www.schwieger-architekten.de\/wp-content\/uploads\/2022\/02\/wohnhaus-goettingen-768x512.jpg 768w, https:\/\/www.schwieger-architekten.de\/wp-content\/uploads\/2022\/02\/wohnhaus-goettingen-705x470.jpg 705w, https:\/\/www.schwieger-architekten.de\/wp-content\/uploads\/2022\/02\/wohnhaus-goettingen.jpg 900w\" sizes=\"auto, (max-width: 400px) 100vw, 400px\" \/><\/a><div class='grid-content'><div class='avia-arrow'><\/div><header class=\"entry-content-header\" aria-label=\"Portfolio: Private Residence Goettingen\"><h3 class='grid-entry-title entry-title '  itemprop=\"headline\" ><a href='https:\/\/www.schwieger-architekten.de\/en\/projekt\/private-residence-goettingen\/' title='Private Residence Goettingen'>Private Residence Goettingen<\/a><\/h3><\/header><\/div><footer class=\"entry-footer\"><\/footer><\/article><\/div><div data-ajax-id='2585' class=' grid-entry flex_column isotope-item all_sort no_margin post-entry post-entry-2585 grid-entry-overview grid-loop-41 grid-parity-odd  healthcare_sort competitions_sort  av_one_third  default_av_fullwidth '><article class='main_color inner-entry'  itemscope=\"itemscope\" itemtype=\"https:\/\/schema.org\/CreativeWork\" ><a href=\"https:\/\/www.schwieger-architekten.de\/en\/projekt\/forensic-psychiatric-hospital-muehlhausen\/\" title='Forensic Psychiatric Hospital M\u00fchlhausen'  data-rel='grid-1' class='grid-image avia-hover-fx'> <img decoding=\"async\" loading=\"lazy\" width=\"400\" height=\"267\" src=\"https:\/\/www.schwieger-architekten.de\/wp-content\/uploads\/2003\/02\/massregelvollzug-muehlhausen-400x267.jpg\" class=\"wp-image-943 avia-img-lazy-loading-943 attachment-medium size-medium wp-post-image\" alt=\"1st prize in the competition and multiple commissioning for the new building of the Ma\u00dfregelvollzug in M\u00fchlhausen by Schwieger Architects G\u00f6ttingen.\" srcset=\"https:\/\/www.schwieger-architekten.de\/wp-content\/uploads\/2003\/02\/massregelvollzug-muehlhausen-400x267.jpg 400w, https:\/\/www.schwieger-architekten.de\/wp-content\/uploads\/2003\/02\/massregelvollzug-muehlhausen-768x512.jpg 768w, https:\/\/www.schwieger-architekten.de\/wp-content\/uploads\/2003\/02\/massregelvollzug-muehlhausen-120x80.jpg 120w, https:\/\/www.schwieger-architekten.de\/wp-content\/uploads\/2003\/02\/massregelvollzug-muehlhausen-705x470.jpg 705w, https:\/\/www.schwieger-architekten.de\/wp-content\/uploads\/2003\/02\/massregelvollzug-muehlhausen-225x150.jpg 225w, https:\/\/www.schwieger-architekten.de\/wp-content\/uploads\/2003\/02\/massregelvollzug-muehlhausen-180x120.jpg 180w, https:\/\/www.schwieger-architekten.de\/wp-content\/uploads\/2003\/02\/massregelvollzug-muehlhausen.jpg 900w\" sizes=\"auto, (max-width: 400px) 100vw, 400px\" \/><\/a><div class='grid-content'><div class='avia-arrow'><\/div><header class=\"entry-content-header\" aria-label=\"Portfolio: Forensic Psychiatric Hospital M\u00fchlhausen\"><h3 class='grid-entry-title entry-title '  itemprop=\"headline\" ><a href='https:\/\/www.schwieger-architekten.de\/en\/projekt\/forensic-psychiatric-hospital-muehlhausen\/' title='Forensic Psychiatric Hospital M\u00fchlhausen'>Forensic Psychiatric Hospital M\u00fchlhausen<\/a><\/h3><\/header><div class='grid-entry-excerpt entry-content'  itemprop=\"text\" >\u00d6kumenisches Hainich Klinikum gGmbH\n1st prize multiple commissioning<\/div><\/div><footer class=\"entry-footer\"><\/footer><\/article><\/div><div data-ajax-id='2591' class=' grid-entry flex_column isotope-item all_sort no_margin post-entry post-entry-2591 grid-entry-overview grid-loop-42 grid-parity-even  competitions_sort education-research-laboratory_sort  av_one_third  default_av_fullwidth '><article class='main_color inner-entry'  itemscope=\"itemscope\" itemtype=\"https:\/\/schema.org\/CreativeWork\" ><a href=\"https:\/\/www.schwieger-architekten.de\/en\/projekt\/max-planck-institut-of-dynamics-and-self-organisation\/\" title='Max Planck Institute for Dynamics and Self-Organisation'  data-rel='grid-1' class='grid-image avia-hover-fx'> <img decoding=\"async\" loading=\"lazy\" width=\"400\" height=\"267\" src=\"https:\/\/www.schwieger-architekten.de\/wp-content\/uploads\/0515\/02\/Max-Planck-Institut-fuer-Dynamik-und-Selbstorganisation-400x267.jpg\" class=\"wp-image-941 avia-img-lazy-loading-941 attachment-medium size-medium wp-post-image\" alt=\"New institute with experimental hall of the Max Planck Institute for Dynamics and Self-Organisation in G\u00f6ttingen by Schwieger Architects.\" srcset=\"https:\/\/www.schwieger-architekten.de\/wp-content\/uploads\/0515\/02\/Max-Planck-Institut-fuer-Dynamik-und-Selbstorganisation-400x267.jpg 400w, https:\/\/www.schwieger-architekten.de\/wp-content\/uploads\/0515\/02\/Max-Planck-Institut-fuer-Dynamik-und-Selbstorganisation-768x512.jpg 768w, https:\/\/www.schwieger-architekten.de\/wp-content\/uploads\/0515\/02\/Max-Planck-Institut-fuer-Dynamik-und-Selbstorganisation-120x80.jpg 120w, https:\/\/www.schwieger-architekten.de\/wp-content\/uploads\/0515\/02\/Max-Planck-Institut-fuer-Dynamik-und-Selbstorganisation-705x470.jpg 705w, https:\/\/www.schwieger-architekten.de\/wp-content\/uploads\/0515\/02\/Max-Planck-Institut-fuer-Dynamik-und-Selbstorganisation-225x150.jpg 225w, https:\/\/www.schwieger-architekten.de\/wp-content\/uploads\/0515\/02\/Max-Planck-Institut-fuer-Dynamik-und-Selbstorganisation-180x120.jpg 180w, https:\/\/www.schwieger-architekten.de\/wp-content\/uploads\/0515\/02\/Max-Planck-Institut-fuer-Dynamik-und-Selbstorganisation.jpg 900w\" sizes=\"auto, (max-width: 400px) 100vw, 400px\" \/><\/a><div class='grid-content'><div class='avia-arrow'><\/div><header class=\"entry-content-header\" aria-label=\"Portfolio: Max Planck Institute for Dynamics and Self-Organisation\"><h3 class='grid-entry-title entry-title '  itemprop=\"headline\" ><a href='https:\/\/www.schwieger-architekten.de\/en\/projekt\/max-planck-institut-of-dynamics-and-self-organisation\/' title='Max Planck Institute for Dynamics and Self-Organisation'>Max Planck Institute for Dynamics and Self-Organisation<\/a><\/h3><\/header><div class='grid-entry-excerpt entry-content'  itemprop=\"text\" >New construction, Institute with experimentation hall\nG\u00f6ttingen Am Fassberg\nBuilding Competition, 1st Prize<\/div><\/div><footer class=\"entry-footer\"><\/footer><\/article><\/div><div data-ajax-id='2594' class=' grid-entry flex_column isotope-item all_sort no_margin post-entry post-entry-2594 grid-entry-overview grid-loop-43 grid-parity-odd  interior-design_sort education-research-laboratory_sort  av_one_third first default_av_fullwidth '><article class='main_color inner-entry'  itemscope=\"itemscope\" itemtype=\"https:\/\/schema.org\/CreativeWork\" ><a href=\"https:\/\/www.schwieger-architekten.de\/en\/projekt\/max-planck-institut-for-biophysical-chemistry\/\" title='Max Planck Institute for Biophysical Chemistry, Dynamics and Self-Organization'  data-rel='grid-1' class='grid-image avia-hover-fx'> <img decoding=\"async\" loading=\"lazy\" width=\"400\" height=\"267\" src=\"https:\/\/www.schwieger-architekten.de\/wp-content\/uploads\/0518\/02\/max-planck-institut-fuer-biophysikalische-chemie-goettingen-400x267.jpg\" class=\"wp-image-945 avia-img-lazy-loading-945 attachment-medium size-medium wp-post-image\" alt=\"New reception building for the Max Planck Institute for Biophysical Chemistry and Dynamics by Schwieger Architects G\u00f6ttingen.\" srcset=\"https:\/\/www.schwieger-architekten.de\/wp-content\/uploads\/0518\/02\/max-planck-institut-fuer-biophysikalische-chemie-goettingen-400x267.jpg 400w, https:\/\/www.schwieger-architekten.de\/wp-content\/uploads\/0518\/02\/max-planck-institut-fuer-biophysikalische-chemie-goettingen-768x512.jpg 768w, https:\/\/www.schwieger-architekten.de\/wp-content\/uploads\/0518\/02\/max-planck-institut-fuer-biophysikalische-chemie-goettingen-120x80.jpg 120w, https:\/\/www.schwieger-architekten.de\/wp-content\/uploads\/0518\/02\/max-planck-institut-fuer-biophysikalische-chemie-goettingen-705x470.jpg 705w, https:\/\/www.schwieger-architekten.de\/wp-content\/uploads\/0518\/02\/max-planck-institut-fuer-biophysikalische-chemie-goettingen-225x150.jpg 225w, https:\/\/www.schwieger-architekten.de\/wp-content\/uploads\/0518\/02\/max-planck-institut-fuer-biophysikalische-chemie-goettingen-180x120.jpg 180w, https:\/\/www.schwieger-architekten.de\/wp-content\/uploads\/0518\/02\/max-planck-institut-fuer-biophysikalische-chemie-goettingen.jpg 900w\" sizes=\"auto, (max-width: 400px) 100vw, 400px\" \/><\/a><div class='grid-content'><div class='avia-arrow'><\/div><header class=\"entry-content-header\" aria-label=\"Portfolio: Max Planck Institute for Biophysical Chemistry, Dynamics and Self-Organization\"><h3 class='grid-entry-title entry-title '  itemprop=\"headline\" ><a href='https:\/\/www.schwieger-architekten.de\/en\/projekt\/max-planck-institut-for-biophysical-chemistry\/' title='Max Planck Institute for Biophysical Chemistry, Dynamics and Self-Organization'>Max Planck Institute for Biophysical Chemistry, Dynamics and Self-Organization<\/a><\/h3><\/header><div class='grid-entry-excerpt entry-content'  itemprop=\"text\" >Entrance Building, Seminar Room with Entry Lobby, Library, Renovation Auditorium\nOwner\/client: Max Planck Society, Munich<\/div><\/div><footer class=\"entry-footer\"><\/footer><\/article><\/div><div data-ajax-id='2597' class=' grid-entry flex_column isotope-item all_sort no_margin post-entry post-entry-2597 grid-entry-overview grid-loop-44 grid-parity-even  education-research-laboratory_sort  av_one_third  default_av_fullwidth '><article class='main_color inner-entry'  itemscope=\"itemscope\" itemtype=\"https:\/\/schema.org\/CreativeWork\" ><a href=\"https:\/\/www.schwieger-architekten.de\/en\/projekt\/max-planck-institut-tower-5\/\" title='Max Planck Institute for Biophysical Chemistry'  data-rel='grid-1' class='grid-image avia-hover-fx'> <img decoding=\"async\" loading=\"lazy\" width=\"400\" height=\"267\" src=\"https:\/\/www.schwieger-architekten.de\/wp-content\/uploads\/2003\/02\/max-planck-biophysikalische-chemie-turm-5-400x267.jpg\" class=\"wp-image-939 avia-img-lazy-loading-939 attachment-medium size-medium wp-post-image\" alt=\"Conversion and refurbishment of Tower 5 at the Max Planck Institute for Biophysical Chemistry in G\u00f6ttingen by Schwieger Architects.\" srcset=\"https:\/\/www.schwieger-architekten.de\/wp-content\/uploads\/2003\/02\/max-planck-biophysikalische-chemie-turm-5-400x267.jpg 400w, https:\/\/www.schwieger-architekten.de\/wp-content\/uploads\/2003\/02\/max-planck-biophysikalische-chemie-turm-5-768x512.jpg 768w, https:\/\/www.schwieger-architekten.de\/wp-content\/uploads\/2003\/02\/max-planck-biophysikalische-chemie-turm-5-120x80.jpg 120w, https:\/\/www.schwieger-architekten.de\/wp-content\/uploads\/2003\/02\/max-planck-biophysikalische-chemie-turm-5-705x470.jpg 705w, https:\/\/www.schwieger-architekten.de\/wp-content\/uploads\/2003\/02\/max-planck-biophysikalische-chemie-turm-5-225x150.jpg 225w, https:\/\/www.schwieger-architekten.de\/wp-content\/uploads\/2003\/02\/max-planck-biophysikalische-chemie-turm-5-180x120.jpg 180w, https:\/\/www.schwieger-architekten.de\/wp-content\/uploads\/2003\/02\/max-planck-biophysikalische-chemie-turm-5.jpg 900w\" sizes=\"auto, (max-width: 400px) 100vw, 400px\" \/><\/a><div class='grid-content'><div class='avia-arrow'><\/div><header class=\"entry-content-header\" aria-label=\"Portfolio: Max Planck Institute for Biophysical Chemistry\"><h3 class='grid-entry-title entry-title '  itemprop=\"headline\" ><a href='https:\/\/www.schwieger-architekten.de\/en\/projekt\/max-planck-institut-tower-5\/' title='Max Planck Institute for Biophysical Chemistry'>Max Planck Institute for Biophysical Chemistry<\/a><\/h3><\/header><div class='grid-entry-excerpt entry-content'  itemprop=\"text\" >Tower 5, Prof. Eichele, Remodelling and Redevelopment \nG\u00f6ttingen am Fassberg\nMax Planck Society, Munich<\/div><\/div><footer class=\"entry-footer\"><\/footer><\/article><\/div><div data-ajax-id='2603' class=' grid-entry flex_column isotope-item all_sort no_margin post-entry post-entry-2603 grid-entry-overview grid-loop-45 grid-parity-odd  education-research-laboratory_sort  av_one_third  default_av_fullwidth '><article class='main_color inner-entry'  itemscope=\"itemscope\" itemtype=\"https:\/\/schema.org\/CreativeWork\" ><a href=\"https:\/\/www.schwieger-architekten.de\/en\/projekt\/institute-for-informatics-and-stochastics-goettingen\/\" title='Institute for Informatics and Stochastics, G\u00f6ttingen'  data-rel='grid-1' class='grid-image avia-hover-fx'> <img decoding=\"async\" loading=\"lazy\" width=\"400\" height=\"267\" src=\"https:\/\/www.schwieger-architekten.de\/wp-content\/uploads\/2003\/02\/institut-fuer-informatik-und-stochastik-goettingen-400x267.jpg\" class=\"wp-image-937 avia-img-lazy-loading-937 attachment-medium size-medium wp-post-image\" alt=\"New building for the Institute of Computer Science and Stochastics at the Georg-August University G\u00f6ttingen by Schwieger Architects.\" srcset=\"https:\/\/www.schwieger-architekten.de\/wp-content\/uploads\/2003\/02\/institut-fuer-informatik-und-stochastik-goettingen-400x267.jpg 400w, https:\/\/www.schwieger-architekten.de\/wp-content\/uploads\/2003\/02\/institut-fuer-informatik-und-stochastik-goettingen-768x512.jpg 768w, https:\/\/www.schwieger-architekten.de\/wp-content\/uploads\/2003\/02\/institut-fuer-informatik-und-stochastik-goettingen-120x80.jpg 120w, https:\/\/www.schwieger-architekten.de\/wp-content\/uploads\/2003\/02\/institut-fuer-informatik-und-stochastik-goettingen-705x470.jpg 705w, https:\/\/www.schwieger-architekten.de\/wp-content\/uploads\/2003\/02\/institut-fuer-informatik-und-stochastik-goettingen-225x150.jpg 225w, https:\/\/www.schwieger-architekten.de\/wp-content\/uploads\/2003\/02\/institut-fuer-informatik-und-stochastik-goettingen-180x120.jpg 180w, https:\/\/www.schwieger-architekten.de\/wp-content\/uploads\/2003\/02\/institut-fuer-informatik-und-stochastik-goettingen.jpg 900w\" sizes=\"auto, (max-width: 400px) 100vw, 400px\" \/><\/a><div class='grid-content'><div class='avia-arrow'><\/div><header class=\"entry-content-header\" aria-label=\"Portfolio: Institute for Informatics and Stochastics, G\u00f6ttingen\"><h3 class='grid-entry-title entry-title '  itemprop=\"headline\" ><a href='https:\/\/www.schwieger-architekten.de\/en\/projekt\/institute-for-informatics-and-stochastics-goettingen\/' title='Institute for Informatics and Stochastics, G\u00f6ttingen'>Institute for Informatics and Stochastics, G\u00f6ttingen<\/a><\/h3><\/header><div class='grid-entry-excerpt entry-content'  itemprop=\"text\" >Georg August University, G\u00f6ttingen<\/div><\/div><footer class=\"entry-footer\"><\/footer><\/article><\/div><div data-ajax-id='2463' class=' grid-entry flex_column isotope-item all_sort no_margin post-entry post-entry-2463 grid-entry-overview grid-loop-46 grid-parity-even  residential-buildings-retirement-homes_sort  av_one_third first default_av_fullwidth '><article class='main_color inner-entry'  itemscope=\"itemscope\" itemtype=\"https:\/\/schema.org\/CreativeWork\" ><a href=\"https:\/\/www.schwieger-architekten.de\/en\/projekt\/remodelling-liebrechtstrasse-goettingen\/\" title='Remodelling and Redevelopment Liebrechtstra\u00dfe 1-3, 9-11, 4-8,Weender Landstra\u00dfe 89-97'  data-rel='grid-1' class='grid-image avia-hover-fx'> <img decoding=\"async\" loading=\"lazy\" width=\"400\" height=\"267\" src=\"https:\/\/www.schwieger-architekten.de\/wp-content\/uploads\/2022\/02\/liebrechtstrasse-1-3-01-400x267.jpg\" class=\"wp-image-484 avia-img-lazy-loading-484 attachment-medium size-medium wp-post-image\" alt=\"Conversion and refurbishment of an apartment building at Liebrechtstra\u00dfe 1-3 and Weender Landstra\u00dfe 89-97 in G\u00f6ttingen by Schwieger Architects.\" srcset=\"https:\/\/www.schwieger-architekten.de\/wp-content\/uploads\/2022\/02\/liebrechtstrasse-1-3-01-400x267.jpg 400w, https:\/\/www.schwieger-architekten.de\/wp-content\/uploads\/2022\/02\/liebrechtstrasse-1-3-01-768x512.jpg 768w, https:\/\/www.schwieger-architekten.de\/wp-content\/uploads\/2022\/02\/liebrechtstrasse-1-3-01-705x470.jpg 705w, https:\/\/www.schwieger-architekten.de\/wp-content\/uploads\/2022\/02\/liebrechtstrasse-1-3-01.jpg 900w\" sizes=\"auto, (max-width: 400px) 100vw, 400px\" \/><\/a><div class='grid-content'><div class='avia-arrow'><\/div><header class=\"entry-content-header\" aria-label=\"Portfolio: Remodelling and Redevelopment Liebrechtstra\u00dfe 1-3, 9-11, 4-8,Weender Landstra\u00dfe 89-97\"><h3 class='grid-entry-title entry-title '  itemprop=\"headline\" ><a href='https:\/\/www.schwieger-architekten.de\/en\/projekt\/remodelling-liebrechtstrasse-goettingen\/' title='Remodelling and Redevelopment Liebrechtstra\u00dfe 1-3, 9-11, 4-8,Weender Landstra\u00dfe 89-97'>Remodelling and Redevelopment Liebrechtstra\u00dfe 1-3, 9-11, 4-8,Weender Landstra\u00dfe 89-97<\/a><\/h3><\/header><div class='grid-entry-excerpt entry-content'  itemprop=\"text\" >Wohnungsgenossenschaft eG G\u00f6ttingen<\/div><\/div><footer class=\"entry-footer\"><\/footer><\/article><\/div><div data-ajax-id='2606' class=' grid-entry flex_column isotope-item all_sort no_margin post-entry post-entry-2606 grid-entry-overview grid-loop-47 grid-parity-odd  civic-and-public-buildings_sort  av_one_third  default_av_fullwidth '><article class='main_color inner-entry'  itemscope=\"itemscope\" itemtype=\"https:\/\/schema.org\/CreativeWork\" ><a href=\"https:\/\/www.schwieger-architekten.de\/en\/projekt\/neighbourhood-centre-grone\/\" title='Neighbourhood Centre Grone'  data-rel='grid-1' class='grid-image avia-hover-fx'> <img decoding=\"async\" loading=\"lazy\" width=\"400\" height=\"267\" src=\"https:\/\/www.schwieger-architekten.de\/wp-content\/uploads\/2022\/02\/nachbarschaftszentrum-grone-400x267.jpg\" class=\"wp-image-320 avia-img-lazy-loading-320 attachment-medium size-medium wp-post-image\" alt=\"\" srcset=\"https:\/\/www.schwieger-architekten.de\/wp-content\/uploads\/2022\/02\/nachbarschaftszentrum-grone-400x267.jpg 400w, https:\/\/www.schwieger-architekten.de\/wp-content\/uploads\/2022\/02\/nachbarschaftszentrum-grone-768x512.jpg 768w, https:\/\/www.schwieger-architekten.de\/wp-content\/uploads\/2022\/02\/nachbarschaftszentrum-grone-705x470.jpg 705w, https:\/\/www.schwieger-architekten.de\/wp-content\/uploads\/2022\/02\/nachbarschaftszentrum-grone.jpg 900w\" sizes=\"auto, (max-width: 400px) 100vw, 400px\" \/><\/a><div class='grid-content'><div class='avia-arrow'><\/div><header class=\"entry-content-header\" aria-label=\"Portfolio: Neighbourhood Centre Grone\"><h3 class='grid-entry-title entry-title '  itemprop=\"headline\" ><a href='https:\/\/www.schwieger-architekten.de\/en\/projekt\/neighbourhood-centre-grone\/' title='Neighbourhood Centre Grone'>Neighbourhood Centre Grone<\/a><\/h3><\/header><div class='grid-entry-excerpt entry-content'  itemprop=\"text\" >Workshop 1st prize and realization\nCity of G\u00f6ttingen<\/div><\/div><footer class=\"entry-footer\"><\/footer><\/article><\/div><div data-ajax-id='2609' class=' grid-entry flex_column isotope-item all_sort no_margin post-entry post-entry-2609 grid-entry-overview grid-loop-48 grid-parity-even  education-research-laboratory_sort  av_one_third  default_av_fullwidth '><article class='main_color inner-entry'  itemscope=\"itemscope\" itemtype=\"https:\/\/schema.org\/CreativeWork\" ><a href=\"https:\/\/www.schwieger-architekten.de\/en\/projekt\/science-park-goettingen-building-iii\/\" title='Science Park G\u00f6ttingen, Building III'  data-rel='grid-1' class='grid-image avia-hover-fx'> <img decoding=\"async\" loading=\"lazy\" width=\"400\" height=\"267\" src=\"https:\/\/www.schwieger-architekten.de\/wp-content\/uploads\/2002\/02\/science-park-gebaeude-iii-400x267.jpg\" class=\"wp-image-951 avia-img-lazy-loading-951 attachment-medium size-medium wp-post-image\" alt=\"Science Park G\u00f6ttingen, Building III\" srcset=\"https:\/\/www.schwieger-architekten.de\/wp-content\/uploads\/2002\/02\/science-park-gebaeude-iii-400x267.jpg 400w, https:\/\/www.schwieger-architekten.de\/wp-content\/uploads\/2002\/02\/science-park-gebaeude-iii-768x512.jpg 768w, https:\/\/www.schwieger-architekten.de\/wp-content\/uploads\/2002\/02\/science-park-gebaeude-iii-120x80.jpg 120w, https:\/\/www.schwieger-architekten.de\/wp-content\/uploads\/2002\/02\/science-park-gebaeude-iii-705x470.jpg 705w, https:\/\/www.schwieger-architekten.de\/wp-content\/uploads\/2002\/02\/science-park-gebaeude-iii-225x150.jpg 225w, https:\/\/www.schwieger-architekten.de\/wp-content\/uploads\/2002\/02\/science-park-gebaeude-iii-180x120.jpg 180w, https:\/\/www.schwieger-architekten.de\/wp-content\/uploads\/2002\/02\/science-park-gebaeude-iii.jpg 900w\" sizes=\"auto, (max-width: 400px) 100vw, 400px\" \/><\/a><div class='grid-content'><div class='avia-arrow'><\/div><header class=\"entry-content-header\" aria-label=\"Portfolio: Science Park G\u00f6ttingen, Building III\"><h3 class='grid-entry-title entry-title '  itemprop=\"headline\" ><a href='https:\/\/www.schwieger-architekten.de\/en\/projekt\/science-park-goettingen-building-iii\/' title='Science Park G\u00f6ttingen, Building III'>Science Park G\u00f6ttingen, Building III<\/a><\/h3><\/header><div class='grid-entry-excerpt entry-content'  itemprop=\"text\" >Grone North\nGWG G\u00f6ttingen<\/div><\/div><footer class=\"entry-footer\"><\/footer><\/article><\/div><div data-ajax-id='2618' class=' grid-entry flex_column isotope-item all_sort no_margin post-entry post-entry-2618 grid-entry-overview grid-loop-49 grid-parity-odd  education-research-laboratory_sort  av_one_third first default_av_fullwidth '><article class='main_color inner-entry'  itemscope=\"itemscope\" itemtype=\"https:\/\/schema.org\/CreativeWork\" ><a href=\"https:\/\/www.schwieger-architekten.de\/en\/projekt\/max-planck-institute-tower-2\/\" title='Max Planck Institute for Biophysical Chemistry'  data-rel='grid-1' class='grid-image avia-hover-fx'> <img decoding=\"async\" loading=\"lazy\" width=\"400\" height=\"267\" src=\"https:\/\/www.schwieger-architekten.de\/wp-content\/uploads\/0502\/02\/max-planck-institut-turm-2-goettingen-400x267.jpg\" class=\"wp-image-953 avia-img-lazy-loading-953 attachment-medium size-medium wp-post-image\" alt=\"Conversion and refurbishment of Tower 2 for the Max Planck Institute for Biophysical Chemistry in G\u00f6ttingen by Schwieger Architects.\" srcset=\"https:\/\/www.schwieger-architekten.de\/wp-content\/uploads\/0502\/02\/max-planck-institut-turm-2-goettingen-400x267.jpg 400w, https:\/\/www.schwieger-architekten.de\/wp-content\/uploads\/0502\/02\/max-planck-institut-turm-2-goettingen-768x512.jpg 768w, https:\/\/www.schwieger-architekten.de\/wp-content\/uploads\/0502\/02\/max-planck-institut-turm-2-goettingen-120x80.jpg 120w, https:\/\/www.schwieger-architekten.de\/wp-content\/uploads\/0502\/02\/max-planck-institut-turm-2-goettingen-705x470.jpg 705w, https:\/\/www.schwieger-architekten.de\/wp-content\/uploads\/0502\/02\/max-planck-institut-turm-2-goettingen-225x150.jpg 225w, https:\/\/www.schwieger-architekten.de\/wp-content\/uploads\/0502\/02\/max-planck-institut-turm-2-goettingen-180x120.jpg 180w, https:\/\/www.schwieger-architekten.de\/wp-content\/uploads\/0502\/02\/max-planck-institut-turm-2-goettingen.jpg 900w\" sizes=\"auto, (max-width: 400px) 100vw, 400px\" \/><\/a><div class='grid-content'><div class='avia-arrow'><\/div><header class=\"entry-content-header\" aria-label=\"Portfolio: Max Planck Institute for Biophysical Chemistry\"><h3 class='grid-entry-title entry-title '  itemprop=\"headline\" ><a href='https:\/\/www.schwieger-architekten.de\/en\/projekt\/max-planck-institute-tower-2\/' title='Max Planck Institute for Biophysical Chemistry'>Max Planck Institute for Biophysical Chemistry<\/a><\/h3><\/header><div class='grid-entry-excerpt entry-content'  itemprop=\"text\" >Tower 2, Prof. Hell, Remodelling and Redevelopment\nG\u00f6ttingen am Fassberg\nMax Planck Society, Munich<\/div><\/div><footer class=\"entry-footer\"><\/footer><\/article><\/div><div data-ajax-id='2624' class=' grid-entry flex_column isotope-item all_sort no_margin post-entry post-entry-2624 grid-entry-overview grid-loop-50 grid-parity-even  education-research-laboratory_sort  av_one_third  default_av_fullwidth '><article class='main_color inner-entry'  itemscope=\"itemscope\" itemtype=\"https:\/\/schema.org\/CreativeWork\" ><a href=\"https:\/\/www.schwieger-architekten.de\/en\/projekt\/science-park-goettingen-building-iv\/\" title='Science Park G\u00f6ttingen, Building IV'  data-rel='grid-1' class='grid-image avia-hover-fx'> <img decoding=\"async\" loading=\"lazy\" width=\"400\" height=\"267\" src=\"https:\/\/www.schwieger-architekten.de\/wp-content\/uploads\/0497\/02\/science-park-gebaeude-iv-400x267.jpg\" class=\"wp-image-949 avia-img-lazy-loading-949 attachment-medium size-medium wp-post-image\" alt=\"New construction of Building IV with research laboratories, offices and animal husbandry rooms in the Science Park in Grone-Nord by Schwieger Architects G\u00f6ttingen.\" srcset=\"https:\/\/www.schwieger-architekten.de\/wp-content\/uploads\/0497\/02\/science-park-gebaeude-iv-400x267.jpg 400w, https:\/\/www.schwieger-architekten.de\/wp-content\/uploads\/0497\/02\/science-park-gebaeude-iv-768x512.jpg 768w, https:\/\/www.schwieger-architekten.de\/wp-content\/uploads\/0497\/02\/science-park-gebaeude-iv-120x80.jpg 120w, https:\/\/www.schwieger-architekten.de\/wp-content\/uploads\/0497\/02\/science-park-gebaeude-iv-705x470.jpg 705w, https:\/\/www.schwieger-architekten.de\/wp-content\/uploads\/0497\/02\/science-park-gebaeude-iv-225x150.jpg 225w, https:\/\/www.schwieger-architekten.de\/wp-content\/uploads\/0497\/02\/science-park-gebaeude-iv-180x120.jpg 180w, https:\/\/www.schwieger-architekten.de\/wp-content\/uploads\/0497\/02\/science-park-gebaeude-iv.jpg 900w\" sizes=\"auto, (max-width: 400px) 100vw, 400px\" \/><\/a><div class='grid-content'><div class='avia-arrow'><\/div><header class=\"entry-content-header\" aria-label=\"Portfolio: Science Park G\u00f6ttingen, Building IV\"><h3 class='grid-entry-title entry-title '  itemprop=\"headline\" ><a href='https:\/\/www.schwieger-architekten.de\/en\/projekt\/science-park-goettingen-building-iv\/' title='Science Park G\u00f6ttingen, Building IV'>Science Park G\u00f6ttingen, Building IV<\/a><\/h3><\/header><div class='grid-entry-excerpt entry-content'  itemprop=\"text\" >Grone North\nGWG G\u00f6ttingen<\/div><\/div><footer class=\"entry-footer\"><\/footer><\/article><\/div><div data-ajax-id='2627' class=' grid-entry flex_column isotope-item all_sort no_margin post-entry post-entry-2627 grid-entry-overview grid-loop-51 grid-parity-odd  education-research-laboratory_sort  av_one_third  default_av_fullwidth '><article class='main_color inner-entry'  itemscope=\"itemscope\" itemtype=\"https:\/\/schema.org\/CreativeWork\" ><a href=\"https:\/\/www.schwieger-architekten.de\/en\/projekt\/science-park-goettingen-building-v\/\" title='Science park G\u00f6ttingen, Building V'  data-rel='grid-1' class='grid-image avia-hover-fx'> <img decoding=\"async\" loading=\"lazy\" width=\"400\" height=\"267\" src=\"https:\/\/www.schwieger-architekten.de\/wp-content\/uploads\/2002\/02\/sience-park-gebaeude-v-400x267.jpg\" class=\"wp-image-947 avia-img-lazy-loading-947 attachment-medium size-medium wp-post-image\" alt=\"New construction of Building V and a bridge between Buildings III and V in the Grone Nord Science Park by Schwieger Architects G\u00f6ttingen.\" srcset=\"https:\/\/www.schwieger-architekten.de\/wp-content\/uploads\/2002\/02\/sience-park-gebaeude-v-400x267.jpg 400w, https:\/\/www.schwieger-architekten.de\/wp-content\/uploads\/2002\/02\/sience-park-gebaeude-v-768x512.jpg 768w, https:\/\/www.schwieger-architekten.de\/wp-content\/uploads\/2002\/02\/sience-park-gebaeude-v-120x80.jpg 120w, https:\/\/www.schwieger-architekten.de\/wp-content\/uploads\/2002\/02\/sience-park-gebaeude-v-705x470.jpg 705w, https:\/\/www.schwieger-architekten.de\/wp-content\/uploads\/2002\/02\/sience-park-gebaeude-v-225x150.jpg 225w, https:\/\/www.schwieger-architekten.de\/wp-content\/uploads\/2002\/02\/sience-park-gebaeude-v-180x120.jpg 180w, https:\/\/www.schwieger-architekten.de\/wp-content\/uploads\/2002\/02\/sience-park-gebaeude-v.jpg 900w\" sizes=\"auto, (max-width: 400px) 100vw, 400px\" \/><\/a><div class='grid-content'><div class='avia-arrow'><\/div><header class=\"entry-content-header\" aria-label=\"Portfolio: Science park G\u00f6ttingen, Building V\"><h3 class='grid-entry-title entry-title '  itemprop=\"headline\" ><a href='https:\/\/www.schwieger-architekten.de\/en\/projekt\/science-park-goettingen-building-v\/' title='Science park G\u00f6ttingen, Building V'>Science park G\u00f6ttingen, Building V<\/a><\/h3><\/header><div class='grid-entry-excerpt entry-content'  itemprop=\"text\" >Marie-Curie-Stra\u00dfe 6, G\u00f6ttingen\nGWG G\u00f6ttingen<\/div><\/div><footer class=\"entry-footer\"><\/footer><\/article><\/div><div data-ajax-id='2633' class=' grid-entry flex_column isotope-item all_sort no_margin post-entry post-entry-2633 grid-entry-overview grid-loop-52 grid-parity-even  construction-in-existing-structures-redevelopment-preservation_sort  av_one_third first default_av_fullwidth '><article class='main_color inner-entry'  itemscope=\"itemscope\" itemtype=\"https:\/\/schema.org\/CreativeWork\" ><a href=\"https:\/\/www.schwieger-architekten.de\/en\/projekt\/barfuesserstrasse-11-goettingen\/\" title='Renovation Residential and Commercial Building'  data-rel='grid-1' class='grid-image avia-hover-fx'> <img decoding=\"async\" loading=\"lazy\" width=\"400\" height=\"267\" src=\"https:\/\/www.schwieger-architekten.de\/wp-content\/uploads\/2000\/02\/barfuesserstrasse-11-ansicht-400x267.jpg\" class=\"wp-image-2792 avia-img-lazy-loading-2792 attachment-medium size-medium wp-post-image\" alt=\"Renovation of a listed residential and commercial building at Barf\u00fc\u00dferstra\u00dfe 11 in G\u00f6ttingen by Schwieger Architects.\" srcset=\"https:\/\/www.schwieger-architekten.de\/wp-content\/uploads\/2000\/02\/barfuesserstrasse-11-ansicht-400x267.jpg 400w, https:\/\/www.schwieger-architekten.de\/wp-content\/uploads\/2000\/02\/barfuesserstrasse-11-ansicht-1030x687.jpg 1030w, https:\/\/www.schwieger-architekten.de\/wp-content\/uploads\/2000\/02\/barfuesserstrasse-11-ansicht-768x512.jpg 768w, https:\/\/www.schwieger-architekten.de\/wp-content\/uploads\/2000\/02\/barfuesserstrasse-11-ansicht-120x80.jpg 120w, https:\/\/www.schwieger-architekten.de\/wp-content\/uploads\/2000\/02\/barfuesserstrasse-11-ansicht-705x470.jpg 705w, https:\/\/www.schwieger-architekten.de\/wp-content\/uploads\/2000\/02\/barfuesserstrasse-11-ansicht-225x150.jpg 225w, https:\/\/www.schwieger-architekten.de\/wp-content\/uploads\/2000\/02\/barfuesserstrasse-11-ansicht-180x120.jpg 180w, https:\/\/www.schwieger-architekten.de\/wp-content\/uploads\/2000\/02\/barfuesserstrasse-11-ansicht.jpg 1200w\" sizes=\"auto, (max-width: 400px) 100vw, 400px\" \/><\/a><div class='grid-content'><div class='avia-arrow'><\/div><header class=\"entry-content-header\" aria-label=\"Portfolio: Renovation Residential and Commercial Building\"><h3 class='grid-entry-title entry-title '  itemprop=\"headline\" ><a href='https:\/\/www.schwieger-architekten.de\/en\/projekt\/barfuesserstrasse-11-goettingen\/' title='Renovation Residential and Commercial Building'>Renovation Residential and Commercial Building<\/a><\/h3><\/header><div class='grid-entry-excerpt entry-content'  itemprop=\"text\" >Barf\u00fc\u00dferstra\u00dfe 11, G\u00f6ttingen<\/div><\/div><footer class=\"entry-footer\"><\/footer><\/article><\/div><div data-ajax-id='2639' class=' grid-entry flex_column isotope-item all_sort no_margin post-entry post-entry-2639 grid-entry-overview grid-loop-53 grid-parity-odd  trade-industry_sort  av_one_third  default_av_fullwidth '><article class='main_color inner-entry'  itemscope=\"itemscope\" itemtype=\"https:\/\/schema.org\/CreativeWork\" ><a href=\"https:\/\/www.schwieger-architekten.de\/en\/projekt\/neubau-einer-fabrikanlage-fuer-optische-geraete-mit-verwaltung-und-sozialraeumen\/\" title='New Construction, Plant with Administration and Social Rooms'  data-rel='grid-1' class='grid-image avia-hover-fx'> <img decoding=\"async\" loading=\"lazy\" width=\"400\" height=\"267\" src=\"https:\/\/www.schwieger-architekten.de\/wp-content\/uploads\/2022\/02\/fabrikanlage-400x267.jpg\" class=\"wp-image-364 avia-img-lazy-loading-364 attachment-medium size-medium wp-post-image\" alt=\"New Construction, Plant with Administration and Social Rooms\" srcset=\"https:\/\/www.schwieger-architekten.de\/wp-content\/uploads\/2022\/02\/fabrikanlage-400x267.jpg 400w, https:\/\/www.schwieger-architekten.de\/wp-content\/uploads\/2022\/02\/fabrikanlage-768x512.jpg 768w, https:\/\/www.schwieger-architekten.de\/wp-content\/uploads\/2022\/02\/fabrikanlage-705x470.jpg 705w, https:\/\/www.schwieger-architekten.de\/wp-content\/uploads\/2022\/02\/fabrikanlage.jpg 900w\" sizes=\"auto, (max-width: 400px) 100vw, 400px\" \/><\/a><div class='grid-content'><div class='avia-arrow'><\/div><header class=\"entry-content-header\" aria-label=\"Portfolio: New Construction, Plant with Administration and Social Rooms\"><h3 class='grid-entry-title entry-title '  itemprop=\"headline\" ><a href='https:\/\/www.schwieger-architekten.de\/en\/projekt\/neubau-einer-fabrikanlage-fuer-optische-geraete-mit-verwaltung-und-sozialraeumen\/' title='New Construction, Plant with Administration and Social Rooms'>New Construction, Plant with Administration and Social Rooms<\/a><\/h3><\/header><div class='grid-entry-excerpt entry-content'  itemprop=\"text\" >Linos Photonics GmbH+Co.KG\n1st stage Regen (planning stage)<\/div><\/div><footer class=\"entry-footer\"><\/footer><\/article><\/div><div data-ajax-id='2460' class=' grid-entry flex_column isotope-item all_sort no_margin post-entry post-entry-2460 grid-entry-overview grid-loop-54 grid-parity-even  residential-buildings-retirement-homes_sort  av_one_third  default_av_fullwidth '><article class='main_color inner-entry'  itemscope=\"itemscope\" itemtype=\"https:\/\/schema.org\/CreativeWork\" ><a href=\"https:\/\/www.schwieger-architekten.de\/en\/projekt\/sparkasse-herzberg\/\" title='Housing and Commercial Development Sparkasse Herzberg &#8220;An der Sieber&#8221;'  data-rel='grid-1' class='grid-image avia-hover-fx'> <img decoding=\"async\" loading=\"lazy\" width=\"400\" height=\"267\" src=\"https:\/\/www.schwieger-architekten.de\/wp-content\/uploads\/2022\/02\/sparkasse-herzberg-400x267.jpg\" class=\"wp-image-382 avia-img-lazy-loading-382 attachment-medium size-medium wp-post-image\" alt=\"Housing and Commercial Development Sparkasse Herzberg &quot;An der Sieber&quot;\" srcset=\"https:\/\/www.schwieger-architekten.de\/wp-content\/uploads\/2022\/02\/sparkasse-herzberg-400x267.jpg 400w, https:\/\/www.schwieger-architekten.de\/wp-content\/uploads\/2022\/02\/sparkasse-herzberg-768x512.jpg 768w, https:\/\/www.schwieger-architekten.de\/wp-content\/uploads\/2022\/02\/sparkasse-herzberg-705x470.jpg 705w, https:\/\/www.schwieger-architekten.de\/wp-content\/uploads\/2022\/02\/sparkasse-herzberg.jpg 900w\" sizes=\"auto, (max-width: 400px) 100vw, 400px\" \/><\/a><div class='grid-content'><div class='avia-arrow'><\/div><header class=\"entry-content-header\" aria-label=\"Portfolio: Housing and Commercial Development Sparkasse Herzberg &#8220;An der Sieber&#8221;\"><h3 class='grid-entry-title entry-title '  itemprop=\"headline\" ><a href='https:\/\/www.schwieger-architekten.de\/en\/projekt\/sparkasse-herzberg\/' title='Housing and Commercial Development Sparkasse Herzberg &#8220;An der Sieber&#8221;'>Housing and Commercial Development Sparkasse Herzberg &#8220;An der Sieber&#8221;<\/a><\/h3><\/header><div class='grid-entry-excerpt entry-content'  itemprop=\"text\" >1st prize in competition according to GRW<\/div><\/div><footer class=\"entry-footer\"><\/footer><\/article><\/div><div data-ajax-id='2640' class=' grid-entry flex_column isotope-item all_sort no_margin post-entry post-entry-2640 grid-entry-overview grid-loop-55 grid-parity-odd  construction-in-existing-structures-redevelopment-preservation_sort  av_one_third first default_av_fullwidth '><article class='main_color inner-entry'  itemscope=\"itemscope\" itemtype=\"https:\/\/schema.org\/CreativeWork\" ><a href=\"https:\/\/www.schwieger-architekten.de\/en\/projekt\/bookshop-deuerlich-goettingen\/\" title='Remodelling and Renovation, Facade Redevelopment'  data-rel='grid-1' class='grid-image avia-hover-fx'> <img decoding=\"async\" loading=\"lazy\" width=\"400\" height=\"267\" src=\"https:\/\/www.schwieger-architekten.de\/wp-content\/uploads\/2022\/02\/buchhandlung-deuerlich-400x267.jpg\" class=\"wp-image-293 avia-img-lazy-loading-293 attachment-medium size-medium wp-post-image\" alt=\"\" srcset=\"https:\/\/www.schwieger-architekten.de\/wp-content\/uploads\/2022\/02\/buchhandlung-deuerlich-400x267.jpg 400w, https:\/\/www.schwieger-architekten.de\/wp-content\/uploads\/2022\/02\/buchhandlung-deuerlich-768x512.jpg 768w, https:\/\/www.schwieger-architekten.de\/wp-content\/uploads\/2022\/02\/buchhandlung-deuerlich-705x470.jpg 705w, https:\/\/www.schwieger-architekten.de\/wp-content\/uploads\/2022\/02\/buchhandlung-deuerlich.jpg 900w\" sizes=\"auto, (max-width: 400px) 100vw, 400px\" \/><\/a><div class='grid-content'><div class='avia-arrow'><\/div><header class=\"entry-content-header\" aria-label=\"Portfolio: Remodelling and Renovation, Facade Redevelopment\"><h3 class='grid-entry-title entry-title '  itemprop=\"headline\" ><a href='https:\/\/www.schwieger-architekten.de\/en\/projekt\/bookshop-deuerlich-goettingen\/' title='Remodelling and Renovation, Facade Redevelopment'>Remodelling and Renovation, Facade Redevelopment<\/a><\/h3><\/header><div class='grid-entry-excerpt entry-content'  itemprop=\"text\" >Deuerlich Bookshop, G\u00f6ttingen<\/div><\/div><footer class=\"entry-footer\"><\/footer><\/article><\/div><div data-ajax-id='2642' class=' grid-entry flex_column isotope-item all_sort no_margin post-entry post-entry-2642 grid-entry-overview grid-loop-56 grid-parity-even  trade-industry_sort  av_one_third  default_av_fullwidth '><article class='main_color inner-entry'  itemscope=\"itemscope\" itemtype=\"https:\/\/schema.org\/CreativeWork\" ><a href=\"https:\/\/www.schwieger-architekten.de\/en\/projekt\/betriebsgebaeude-stadtentwaesserung-hann-muenden-stadt-hann-muenden\/\" title='Corporate Building, Urban Water Management Hann.-M\u00fcnden'  data-rel='grid-1' class='grid-image avia-hover-fx'> <img decoding=\"async\" loading=\"lazy\" width=\"400\" height=\"267\" src=\"https:\/\/www.schwieger-architekten.de\/wp-content\/uploads\/1996\/02\/stadtentwaesserung-hann-muenden-400x267.jpg\" class=\"wp-image-957 avia-img-lazy-loading-957 attachment-medium size-medium wp-post-image\" alt=\"New construction of an operations building for the municipal drainage system in Hann.-M\u00fcnden by Schwieger Architects G\u00f6ttingen.\" srcset=\"https:\/\/www.schwieger-architekten.de\/wp-content\/uploads\/1996\/02\/stadtentwaesserung-hann-muenden-400x267.jpg 400w, https:\/\/www.schwieger-architekten.de\/wp-content\/uploads\/1996\/02\/stadtentwaesserung-hann-muenden-768x512.jpg 768w, https:\/\/www.schwieger-architekten.de\/wp-content\/uploads\/1996\/02\/stadtentwaesserung-hann-muenden-120x80.jpg 120w, https:\/\/www.schwieger-architekten.de\/wp-content\/uploads\/1996\/02\/stadtentwaesserung-hann-muenden-705x470.jpg 705w, https:\/\/www.schwieger-architekten.de\/wp-content\/uploads\/1996\/02\/stadtentwaesserung-hann-muenden-225x150.jpg 225w, https:\/\/www.schwieger-architekten.de\/wp-content\/uploads\/1996\/02\/stadtentwaesserung-hann-muenden-180x120.jpg 180w, https:\/\/www.schwieger-architekten.de\/wp-content\/uploads\/1996\/02\/stadtentwaesserung-hann-muenden.jpg 900w\" sizes=\"auto, (max-width: 400px) 100vw, 400px\" \/><\/a><div class='grid-content'><div class='avia-arrow'><\/div><header class=\"entry-content-header\" aria-label=\"Portfolio: Corporate Building, Urban Water Management Hann.-M\u00fcnden\"><h3 class='grid-entry-title entry-title '  itemprop=\"headline\" ><a href='https:\/\/www.schwieger-architekten.de\/en\/projekt\/betriebsgebaeude-stadtentwaesserung-hann-muenden-stadt-hann-muenden\/' title='Corporate Building, Urban Water Management Hann.-M\u00fcnden'>Corporate Building, Urban Water Management Hann.-M\u00fcnden<\/a><\/h3><\/header><div class='grid-entry-excerpt entry-content'  itemprop=\"text\" >City of Hann.- M\u00fcnden<\/div><\/div><footer class=\"entry-footer\"><\/footer><\/article><\/div><div data-ajax-id='2648' class=' grid-entry flex_column isotope-item all_sort no_margin post-entry post-entry-2648 grid-entry-overview grid-loop-57 grid-parity-odd  construction-in-existing-structures-redevelopment-preservation_sort  av_one_third  default_av_fullwidth '><article class='main_color inner-entry'  itemscope=\"itemscope\" itemtype=\"https:\/\/schema.org\/CreativeWork\" ><a href=\"https:\/\/www.schwieger-architekten.de\/en\/projekt\/boerner-quarter-goettingen\/\" title='B\u00f6rner Quarter G\u00f6ttingen'  data-rel='grid-1' class='grid-image avia-hover-fx'> <img decoding=\"async\" loading=\"lazy\" width=\"400\" height=\"267\" src=\"https:\/\/www.schwieger-architekten.de\/wp-content\/uploads\/0434\/02\/boerner-viertel-goettingen-400x267.jpg\" class=\"wp-image-959 avia-img-lazy-loading-959 attachment-medium size-medium wp-post-image\" alt=\"Renovation of existing, listed buildings and half-timbered houses in the B\u00f6rner Viertel in G\u00f6ttingen by Schwieger Architects.\" srcset=\"https:\/\/www.schwieger-architekten.de\/wp-content\/uploads\/0434\/02\/boerner-viertel-goettingen-400x267.jpg 400w, https:\/\/www.schwieger-architekten.de\/wp-content\/uploads\/0434\/02\/boerner-viertel-goettingen-768x512.jpg 768w, https:\/\/www.schwieger-architekten.de\/wp-content\/uploads\/0434\/02\/boerner-viertel-goettingen-120x80.jpg 120w, https:\/\/www.schwieger-architekten.de\/wp-content\/uploads\/0434\/02\/boerner-viertel-goettingen-705x470.jpg 705w, https:\/\/www.schwieger-architekten.de\/wp-content\/uploads\/0434\/02\/boerner-viertel-goettingen-225x150.jpg 225w, https:\/\/www.schwieger-architekten.de\/wp-content\/uploads\/0434\/02\/boerner-viertel-goettingen-180x120.jpg 180w, https:\/\/www.schwieger-architekten.de\/wp-content\/uploads\/0434\/02\/boerner-viertel-goettingen.jpg 900w\" sizes=\"auto, (max-width: 400px) 100vw, 400px\" \/><\/a><div class='grid-content'><div class='avia-arrow'><\/div><header class=\"entry-content-header\" aria-label=\"Portfolio: B\u00f6rner Quarter G\u00f6ttingen\"><h3 class='grid-entry-title entry-title '  itemprop=\"headline\" ><a href='https:\/\/www.schwieger-architekten.de\/en\/projekt\/boerner-quarter-goettingen\/' title='B\u00f6rner Quarter G\u00f6ttingen'>B\u00f6rner Quarter G\u00f6ttingen<\/a><\/h3><\/header><div class='grid-entry-excerpt entry-content'  itemprop=\"text\" >Renovation of an entire neighborhood\nPrize: new life in old buildings in the competition, DAM Frankfurt exhibition<\/div><\/div><footer class=\"entry-footer\"><\/footer><\/article><\/div><div data-ajax-id='2654' class=' grid-entry flex_column isotope-item all_sort no_margin post-entry post-entry-2654 grid-entry-overview grid-loop-58 grid-parity-even  education-research-laboratory_sort civic-and-public-buildings_sort  av_one_third first default_av_fullwidth '><article class='main_color inner-entry'  itemscope=\"itemscope\" itemtype=\"https:\/\/schema.org\/CreativeWork\" ><a href=\"https:\/\/www.schwieger-architekten.de\/en\/projekt\/fachhochschule-hildesheim-holzminden\/\" title='University of Applied Sciences Hildesheim\/ Holzminden'  data-rel='grid-1' class='grid-image avia-hover-fx'> <img decoding=\"async\" loading=\"lazy\" width=\"400\" height=\"267\" src=\"https:\/\/www.schwieger-architekten.de\/wp-content\/uploads\/1992\/02\/fachhochschule-hildesheim-400x267.jpg\" class=\"wp-image-963 avia-img-lazy-loading-963 attachment-medium size-medium wp-post-image\" alt=\"University of Applied Sciences Hildesheim\/ Holzminden\" srcset=\"https:\/\/www.schwieger-architekten.de\/wp-content\/uploads\/1992\/02\/fachhochschule-hildesheim-400x267.jpg 400w, https:\/\/www.schwieger-architekten.de\/wp-content\/uploads\/1992\/02\/fachhochschule-hildesheim-768x512.jpg 768w, https:\/\/www.schwieger-architekten.de\/wp-content\/uploads\/1992\/02\/fachhochschule-hildesheim-120x80.jpg 120w, https:\/\/www.schwieger-architekten.de\/wp-content\/uploads\/1992\/02\/fachhochschule-hildesheim-705x470.jpg 705w, https:\/\/www.schwieger-architekten.de\/wp-content\/uploads\/1992\/02\/fachhochschule-hildesheim-225x150.jpg 225w, https:\/\/www.schwieger-architekten.de\/wp-content\/uploads\/1992\/02\/fachhochschule-hildesheim-180x120.jpg 180w, https:\/\/www.schwieger-architekten.de\/wp-content\/uploads\/1992\/02\/fachhochschule-hildesheim.jpg 900w\" sizes=\"auto, (max-width: 400px) 100vw, 400px\" \/><\/a><div class='grid-content'><div class='avia-arrow'><\/div><header class=\"entry-content-header\" aria-label=\"Portfolio: University of Applied Sciences Hildesheim\/ Holzminden\"><h3 class='grid-entry-title entry-title '  itemprop=\"headline\" ><a href='https:\/\/www.schwieger-architekten.de\/en\/projekt\/fachhochschule-hildesheim-holzminden\/' title='University of Applied Sciences Hildesheim\/ Holzminden'>University of Applied Sciences Hildesheim\/ Holzminden<\/a><\/h3><\/header><div class='grid-entry-excerpt entry-content'  itemprop=\"text\" >Department of Forestry<\/br>\nGoettingen<\/div><\/div><footer class=\"entry-footer\"><\/footer><\/article><\/div><div data-ajax-id='2660' class=' grid-entry flex_column isotope-item all_sort no_margin post-entry post-entry-2660 grid-entry-overview grid-loop-59 grid-parity-odd  trade-industry_sort  av_one_third  default_av_fullwidth '><article class='main_color inner-entry'  itemscope=\"itemscope\" itemtype=\"https:\/\/schema.org\/CreativeWork\" ><a href=\"https:\/\/www.schwieger-architekten.de\/en\/projekt\/administration-building-kirchgandern\/\" title='Warehouse, Production and Administration Building, Kirchgandern'  data-rel='grid-1' class='grid-image avia-hover-fx'> <img decoding=\"async\" loading=\"lazy\" width=\"400\" height=\"267\" src=\"https:\/\/www.schwieger-architekten.de\/wp-content\/uploads\/1992\/02\/miritz-citrus-kirchgandern-400x267.jpg\" class=\"wp-image-961 avia-img-lazy-loading-961 attachment-medium size-medium wp-post-image\" alt=\"New construction of a production, storage and administration building in Kirchgandern for Miritz Citrus Ingredients GmbH by Schwieger Architects.\" srcset=\"https:\/\/www.schwieger-architekten.de\/wp-content\/uploads\/1992\/02\/miritz-citrus-kirchgandern-400x267.jpg 400w, https:\/\/www.schwieger-architekten.de\/wp-content\/uploads\/1992\/02\/miritz-citrus-kirchgandern-768x512.jpg 768w, https:\/\/www.schwieger-architekten.de\/wp-content\/uploads\/1992\/02\/miritz-citrus-kirchgandern-120x80.jpg 120w, https:\/\/www.schwieger-architekten.de\/wp-content\/uploads\/1992\/02\/miritz-citrus-kirchgandern-705x470.jpg 705w, https:\/\/www.schwieger-architekten.de\/wp-content\/uploads\/1992\/02\/miritz-citrus-kirchgandern-225x150.jpg 225w, https:\/\/www.schwieger-architekten.de\/wp-content\/uploads\/1992\/02\/miritz-citrus-kirchgandern-180x120.jpg 180w, https:\/\/www.schwieger-architekten.de\/wp-content\/uploads\/1992\/02\/miritz-citrus-kirchgandern.jpg 900w\" sizes=\"auto, (max-width: 400px) 100vw, 400px\" \/><\/a><div class='grid-content'><div class='avia-arrow'><\/div><header class=\"entry-content-header\" aria-label=\"Portfolio: Warehouse, Production and Administration Building, Kirchgandern\"><h3 class='grid-entry-title entry-title '  itemprop=\"headline\" ><a href='https:\/\/www.schwieger-architekten.de\/en\/projekt\/administration-building-kirchgandern\/' title='Warehouse, Production and Administration Building, Kirchgandern'>Warehouse, Production and Administration Building, Kirchgandern<\/a><\/h3><\/header><div class='grid-entry-excerpt entry-content'  itemprop=\"text\" >Miritz Citrus Ingredients GmbH\n<\/div><\/div><footer class=\"entry-footer\"><\/footer><\/article><\/div><div data-ajax-id='2663' class=' grid-entry flex_column isotope-item all_sort no_margin post-entry post-entry-2663 grid-entry-overview grid-loop-60 grid-parity-even  civic-and-public-buildings_sort  av_one_third  default_av_fullwidth '><article class='main_color inner-entry'  itemscope=\"itemscope\" itemtype=\"https:\/\/schema.org\/CreativeWork\" ><a href=\"https:\/\/www.schwieger-architekten.de\/en\/projekt\/christ-church-omsk\/\" title='Church and Cultural Centre &#8220;Christuskirche&#8221;, Omsk'  data-rel='grid-1' class='grid-image avia-hover-fx'> <img decoding=\"async\" loading=\"lazy\" width=\"400\" height=\"267\" src=\"https:\/\/www.schwieger-architekten.de\/wp-content\/uploads\/0408\/02\/christuskirche-omsk-400x267.jpg\" class=\"wp-image-965 avia-img-lazy-loading-965 attachment-medium size-medium wp-post-image\" alt=\"New construction of a church and cultural centre for the &quot;Christuskirche&quot; Omsk in Western Siberia by Schwieger Architects G\u00f6ttingen.\" srcset=\"https:\/\/www.schwieger-architekten.de\/wp-content\/uploads\/0408\/02\/christuskirche-omsk-400x267.jpg 400w, https:\/\/www.schwieger-architekten.de\/wp-content\/uploads\/0408\/02\/christuskirche-omsk-768x512.jpg 768w, https:\/\/www.schwieger-architekten.de\/wp-content\/uploads\/0408\/02\/christuskirche-omsk-120x80.jpg 120w, https:\/\/www.schwieger-architekten.de\/wp-content\/uploads\/0408\/02\/christuskirche-omsk-705x470.jpg 705w, https:\/\/www.schwieger-architekten.de\/wp-content\/uploads\/0408\/02\/christuskirche-omsk-225x150.jpg 225w, https:\/\/www.schwieger-architekten.de\/wp-content\/uploads\/0408\/02\/christuskirche-omsk-180x120.jpg 180w, https:\/\/www.schwieger-architekten.de\/wp-content\/uploads\/0408\/02\/christuskirche-omsk.jpg 900w\" sizes=\"auto, (max-width: 400px) 100vw, 400px\" \/><\/a><div class='grid-content'><div class='avia-arrow'><\/div><header class=\"entry-content-header\" aria-label=\"Portfolio: Church and Cultural Centre &#8220;Christuskirche&#8221;, Omsk\"><h3 class='grid-entry-title entry-title '  itemprop=\"headline\" ><a href='https:\/\/www.schwieger-architekten.de\/en\/projekt\/christ-church-omsk\/' title='Church and Cultural Centre &#8220;Christuskirche&#8221;, Omsk'>Church and Cultural Centre &#8220;Christuskirche&#8221;, Omsk<\/a><\/h3><\/header><div class='grid-entry-excerpt entry-content'  itemprop=\"text\" >(Western Siberia)<\/div><\/div><footer class=\"entry-footer\"><\/footer><\/article><\/div><div data-ajax-id='2669' class=' grid-entry flex_column isotope-item all_sort no_margin post-entry post-entry-2669 grid-entry-overview grid-loop-61 grid-parity-odd  healthcare_sort  av_one_third first default_av_fullwidth '><article class='main_color inner-entry'  itemscope=\"itemscope\" itemtype=\"https:\/\/schema.org\/CreativeWork\" ><a href=\"https:\/\/www.schwieger-architekten.de\/en\/projekt\/new-construction-sanatorium-bad-schmiedeberg\/\" title='New Construction, Sanatorium Bad Schmiedeberg'  data-rel='grid-1' class='grid-image avia-hover-fx'> <img decoding=\"async\" loading=\"lazy\" width=\"400\" height=\"267\" src=\"https:\/\/www.schwieger-architekten.de\/wp-content\/uploads\/2022\/02\/kurklinik-bad-schmiedeberg-400x267.jpg\" class=\"wp-image-338 avia-img-lazy-loading-338 attachment-medium size-medium wp-post-image\" alt=\"Neubau einer Kurklinik in Bad Schmiedeberg f\u00fcr die Eisenmoorbad Bad Schmiedeberg Kur-GmbH durch Schwieger Architekten in G\u00f6ttingen.\" srcset=\"https:\/\/www.schwieger-architekten.de\/wp-content\/uploads\/2022\/02\/kurklinik-bad-schmiedeberg-400x267.jpg 400w, https:\/\/www.schwieger-architekten.de\/wp-content\/uploads\/2022\/02\/kurklinik-bad-schmiedeberg-768x512.jpg 768w, https:\/\/www.schwieger-architekten.de\/wp-content\/uploads\/2022\/02\/kurklinik-bad-schmiedeberg-705x470.jpg 705w, https:\/\/www.schwieger-architekten.de\/wp-content\/uploads\/2022\/02\/kurklinik-bad-schmiedeberg.jpg 900w\" sizes=\"auto, (max-width: 400px) 100vw, 400px\" \/><\/a><div class='grid-content'><div class='avia-arrow'><\/div><header class=\"entry-content-header\" aria-label=\"Portfolio: New Construction, Sanatorium Bad Schmiedeberg\"><h3 class='grid-entry-title entry-title '  itemprop=\"headline\" ><a href='https:\/\/www.schwieger-architekten.de\/en\/projekt\/new-construction-sanatorium-bad-schmiedeberg\/' title='New Construction, Sanatorium Bad Schmiedeberg'>New Construction, Sanatorium Bad Schmiedeberg<\/a><\/h3><\/header><div class='grid-entry-excerpt entry-content'  itemprop=\"text\" >Eisenmoorbad Bad Schmiedeberg Kur-GmbH<\/div><\/div><footer class=\"entry-footer\"><\/footer><\/article><\/div><div data-ajax-id='2670' class=' grid-entry flex_column isotope-item all_sort no_margin post-entry post-entry-2670 grid-entry-overview grid-loop-62 grid-parity-even  healthcare_sort  av_one_third  default_av_fullwidth '><article class='main_color inner-entry'  itemscope=\"itemscope\" itemtype=\"https:\/\/schema.org\/CreativeWork\" ><a href=\"https:\/\/www.schwieger-architekten.de\/en\/projekt\/psychiatric-hospital-goettingen\/\" title='Psychiatric Hospital of the University G\u00f6ttingen'  data-rel='grid-1' class='grid-image avia-hover-fx'> <img decoding=\"async\" loading=\"lazy\" width=\"400\" height=\"267\" src=\"https:\/\/www.schwieger-architekten.de\/wp-content\/uploads\/2022\/02\/psychiatrische-klinik-goettingen-400x267.jpg\" class=\"wp-image-341 avia-img-lazy-loading-341 attachment-medium size-medium wp-post-image\" alt=\"Um- und Erweiterungsbau im 2. Bauabschnitt f\u00fcr die Psychiatrische Klinik der Universit\u00e4t G\u00f6ttingen von Schwieger Architekten.\" srcset=\"https:\/\/www.schwieger-architekten.de\/wp-content\/uploads\/2022\/02\/psychiatrische-klinik-goettingen-400x267.jpg 400w, https:\/\/www.schwieger-architekten.de\/wp-content\/uploads\/2022\/02\/psychiatrische-klinik-goettingen-768x512.jpg 768w, https:\/\/www.schwieger-architekten.de\/wp-content\/uploads\/2022\/02\/psychiatrische-klinik-goettingen-705x470.jpg 705w, https:\/\/www.schwieger-architekten.de\/wp-content\/uploads\/2022\/02\/psychiatrische-klinik-goettingen.jpg 900w\" sizes=\"auto, (max-width: 400px) 100vw, 400px\" \/><\/a><div class='grid-content'><div class='avia-arrow'><\/div><header class=\"entry-content-header\" aria-label=\"Portfolio: Psychiatric Hospital of the University G\u00f6ttingen\"><h3 class='grid-entry-title entry-title '  itemprop=\"headline\" ><a href='https:\/\/www.schwieger-architekten.de\/en\/projekt\/psychiatric-hospital-goettingen\/' title='Psychiatric Hospital of the University G\u00f6ttingen'>Psychiatric Hospital of the University G\u00f6ttingen<\/a><\/h3><\/header><div class='grid-entry-excerpt entry-content'  itemprop=\"text\" >Reconstruction and Extension, 2nd stage, government of Lower Saxony<\/div><\/div><footer class=\"entry-footer\"><\/footer><\/article><\/div><div data-ajax-id='2671' class=' grid-entry flex_column isotope-item all_sort no_margin post-entry post-entry-2671 grid-entry-overview grid-loop-63 grid-parity-odd  post-entry-last  trade-industry_sort  av_one_third  default_av_fullwidth '><article class='main_color inner-entry'  itemscope=\"itemscope\" itemtype=\"https:\/\/schema.org\/CreativeWork\" ><a href=\"https:\/\/www.schwieger-architekten.de\/en\/projekt\/dilinski-administration-bad-lauterberg\/\" title='New Construction, Production and Administration Dilinski Objekteinrichtungen GmbH'  data-rel='grid-1' class='grid-image avia-hover-fx'> <img decoding=\"async\" loading=\"lazy\" width=\"400\" height=\"267\" src=\"https:\/\/www.schwieger-architekten.de\/wp-content\/uploads\/2022\/02\/dillinski-index-400x267.jpg\" class=\"wp-image-367 avia-img-lazy-loading-367 attachment-medium size-medium wp-post-image\" alt=\"New Construction, Production and Administration Dilinski Objekteinrichtungen GmbH\" srcset=\"https:\/\/www.schwieger-architekten.de\/wp-content\/uploads\/2022\/02\/dillinski-index-400x267.jpg 400w, https:\/\/www.schwieger-architekten.de\/wp-content\/uploads\/2022\/02\/dillinski-index-768x512.jpg 768w, https:\/\/www.schwieger-architekten.de\/wp-content\/uploads\/2022\/02\/dillinski-index-705x470.jpg 705w, https:\/\/www.schwieger-architekten.de\/wp-content\/uploads\/2022\/02\/dillinski-index.jpg 900w\" sizes=\"auto, (max-width: 400px) 100vw, 400px\" \/><\/a><div class='grid-content'><div class='avia-arrow'><\/div><header class=\"entry-content-header\" aria-label=\"Portfolio: New Construction, Production and Administration Dilinski Objekteinrichtungen GmbH\"><h3 class='grid-entry-title entry-title '  itemprop=\"headline\" ><a href='https:\/\/www.schwieger-architekten.de\/en\/projekt\/dilinski-administration-bad-lauterberg\/' title='New Construction, Production and Administration Dilinski Objekteinrichtungen GmbH'>New Construction, Production and Administration Dilinski Objekteinrichtungen GmbH<\/a><\/h3><\/header><div class='grid-entry-excerpt entry-content'  itemprop=\"text\" >Bad Lauterberg<\/div><\/div><footer class=\"entry-footer\"><\/footer><\/article><\/div><\/div><\/div>   <!--   class=\"av-portfolio-grid-sorting-container\"  --><\/div>\n<section  class='av_textblock_section av-l3r6hv7c-2fd1f183a892485b654dba948f3c49db '   itemscope=\"itemscope\" itemtype=\"https:\/\/schema.org\/CreativeWork\" ><div class='avia_textblock'  itemprop=\"text\" ><div class=\"codespacing_progress_map_area cspm_linear_gradient_bg\" data-map-id=\"map548\" data-show-infobox=\"true\" data-infobox-display-event=\"onload\"  style=\"width:100%; height:600px;\"><input type=\"hidden\" name=\"cspm_map_page_id_map548\" id=\"cspm_map_page_id_map548\" value=\"2247\" \/><div class=\"cspm-row\" style=\"margin:0; padding:0;\"><div class=\"cspm-col-lg-12 cspm-col-xs-12 cspm-col-sm-12 cspm-col-md-12\" style=\"position:relative; overflow:hidden; margin:0; padding:0;\"><div class=\"cspm_custom_controls\" data-map-id=\"map548\"><div class=\"cspm_map_red_msg_widget cspm_border_shadow cspm_border_radius\" data-map-id=\"map548\"><\/div><div class=\"cspm_map_green_msg_widget cspm_border_shadow cspm_border_radius\" data-map-id=\"map548\"><\/div><div class=\"cspm_map_orange_msg_widget cspm_border_shadow cspm_border_radius\" data-map-id=\"map548\"><\/div><div class=\"cspm_map_blue_msg_widget cspm_border_shadow cspm_border_radius\" data-map-id=\"map548\"><\/div><div class=\"cspm_map_help_msg_widget cspm_border_shadow cspm_border_radius\" data-map-id=\"map548\"><\/div><div id=\"pulsating_holder\" class=\"map548_pulsating\"><div class=\"dot cspm_border_hex\"><\/div><\/div><div class=\"cspm_zoom_container\"><div class=\"cspm_zoom_in_map548 cspm_map_btn cspm_zoom_in_control cspm_bg_rgb_hover cspm_border_shadow cspm_border_top_radius\" title=\"Zoom in\"><img decoding=\"async\" class=\"cspm_svg cspm_svg_white\" src=\"https:\/\/www.schwieger-architekten.de\/wp-content\/plugins\/codespacing-progress-map\/img\/svg\/addition-sign.svg\" \/><\/div><div class=\"cspm_zoom_out_map548 cspm_map_btn cspm_zoom_out_control cspm_bg_rgb_hover cspm_border_shadow cspm_border_bottom_radius\" title=\"Zoom out\"><img decoding=\"async\" class=\"cspm_svg cspm_svg_white\" src=\"https:\/\/www.schwieger-architekten.de\/wp-content\/plugins\/codespacing-progress-map\/img\/svg\/minus-sign.svg\" \/><\/div><\/div><div class=\"cluster_posts_widget_map548 cspm_border_shadow cspm_border_radius\"><div class=\"cspm_infobox_spinner cspm_border_top_after_hex\"><\/div><\/div><div class=\"cspm_recenter_map_btn cspm_map_btn cspm_border_shadow cspm_border_radius\" data-map-id=\"map548\" title=\"Recenter the map\" style=\"top:115px\"><img decoding=\"async\" class=\"cspm_svg cspm_svg_colored\" src=\"https:\/\/www.schwieger-architekten.de\/wp-content\/plugins\/codespacing-progress-map\/img\/svg\/recenter.svg\" \/><\/div><div class=\"cspm_map_sidebars\" data-map-id=\"map548\"><div class=\"cspm_sidebar top\" data-map-id=\"map548\" data-content_id=\"\"><\/div><div class=\"cspm_sidebar right\" data-map-id=\"map548\" data-content_id=\"\"><\/div><div class=\"cspm_sidebar bottom\" data-map-id=\"map548\" data-content_id=\"\"><\/div><div class=\"cspm_sidebar left\" data-map-id=\"map548\" data-content_id=\"\"><\/div><\/div><\/div><div id=\"codespacing_progress_map_div_map548\" data-map-id=\"map548\" style=\"height:600px;\"><\/div><\/div><\/div><div class=\"cspm-row\" style=\"margin:0; padding:0\"><\/div><\/div>\n<\/div><\/section>\n","protected":false},"excerpt":{"rendered":"<p>Overview of projects by Schwieger Architekten in G\u00f6ttingen in the fields of residential construction, industrial construction, public buildings and structural engineering.<\/p>\n","protected":false},"author":1,"featured_media":0,"parent":0,"menu_order":0,"comment_status":"closed","ping_status":"closed","template":"","meta":{"footnotes":""},"class_list":["post-2247","page","type-page","status-publish","hentry"],"yoast_head":"<!-- This site is optimized with the Yoast SEO plugin v27.0 - https:\/\/yoast.com\/product\/yoast-seo-wordpress\/ -->\n<title>Projects | Schwieger Architekten G\u00f6ttingen<\/title>\n<meta name=\"description\" content=\"Overview of projects by Schwieger Architekten in G\u00f6ttingen in the fields of residential construction, industrial construction, public buildings and structural engineering.\" \/>\n<meta name=\"robots\" content=\"index, follow, max-snippet:-1, max-image-preview:large, max-video-preview:-1\" \/>\n<link rel=\"canonical\" href=\"https:\/\/www.schwieger-architekten.de\/en\/projects\/\" \/>\n<meta property=\"og:locale\" content=\"en_US\" \/>\n<meta property=\"og:type\" content=\"article\" \/>\n<meta property=\"og:title\" content=\"Projects | Schwieger Architekten G\u00f6ttingen\" \/>\n<meta property=\"og:description\" content=\"Overview of projects by Schwieger Architekten in G\u00f6ttingen in the fields of residential construction, industrial construction, public buildings and structural engineering.\" \/>\n<meta property=\"og:url\" content=\"https:\/\/www.schwieger-architekten.de\/en\/projects\/\" \/>\n<meta property=\"og:site_name\" content=\"Schwieger Architekten\" \/>\n<meta property=\"article:modified_time\" content=\"2023-06-06T13:17:24+00:00\" \/>\n<meta name=\"twitter:card\" content=\"summary_large_image\" \/>\n<meta name=\"twitter:label1\" content=\"Est. reading time\" \/>\n\t<meta name=\"twitter:data1\" content=\"4 minutes\" \/>\n<script type=\"application\/ld+json\" class=\"yoast-schema-graph\">{\"@context\":\"https:\/\/schema.org\",\"@graph\":[{\"@type\":\"WebPage\",\"@id\":\"https:\/\/www.schwieger-architekten.de\/en\/projects\/\",\"url\":\"https:\/\/www.schwieger-architekten.de\/en\/projects\/\",\"name\":\"Projects | Schwieger Architekten G\u00f6ttingen\",\"isPartOf\":{\"@id\":\"https:\/\/www.schwieger-architekten.de\/en\/#website\"},\"datePublished\":\"2022-02-24T14:45:39+00:00\",\"dateModified\":\"2023-06-06T13:17:24+00:00\",\"description\":\"Overview of projects by Schwieger Architekten in G\u00f6ttingen in the fields of residential construction, industrial construction, public buildings and structural engineering.\",\"breadcrumb\":{\"@id\":\"https:\/\/www.schwieger-architekten.de\/en\/projects\/#breadcrumb\"},\"inLanguage\":\"en-US\",\"potentialAction\":[{\"@type\":\"ReadAction\",\"target\":[\"https:\/\/www.schwieger-architekten.de\/en\/projects\/\"]}]},{\"@type\":\"BreadcrumbList\",\"@id\":\"https:\/\/www.schwieger-architekten.de\/en\/projects\/#breadcrumb\",\"itemListElement\":[{\"@type\":\"ListItem\",\"position\":1,\"name\":\"Startseite\",\"item\":\"https:\/\/www.schwieger-architekten.de\/en\/philosophie\/\"},{\"@type\":\"ListItem\",\"position\":2,\"name\":\"Projects\"}]},{\"@type\":\"WebSite\",\"@id\":\"https:\/\/www.schwieger-architekten.de\/en\/#website\",\"url\":\"https:\/\/www.schwieger-architekten.de\/en\/\",\"name\":\"Schwieger Architekten\",\"description\":\"Schwieger Architekten G\u00f6ttingen\",\"potentialAction\":[{\"@type\":\"SearchAction\",\"target\":{\"@type\":\"EntryPoint\",\"urlTemplate\":\"https:\/\/www.schwieger-architekten.de\/en\/?s={search_term_string}\"},\"query-input\":{\"@type\":\"PropertyValueSpecification\",\"valueRequired\":true,\"valueName\":\"search_term_string\"}}],\"inLanguage\":\"en-US\"}]}<\/script>\n<!-- \/ Yoast SEO plugin. -->","yoast_head_json":{"title":"Projects | Schwieger Architekten G\u00f6ttingen","description":"Overview of projects by Schwieger Architekten in G\u00f6ttingen in the fields of residential construction, industrial construction, public buildings and structural engineering.","robots":{"index":"index","follow":"follow","max-snippet":"max-snippet:-1","max-image-preview":"max-image-preview:large","max-video-preview":"max-video-preview:-1"},"canonical":"https:\/\/www.schwieger-architekten.de\/en\/projects\/","og_locale":"en_US","og_type":"article","og_title":"Projects | Schwieger Architekten G\u00f6ttingen","og_description":"Overview of projects by Schwieger Architekten in G\u00f6ttingen in the fields of residential construction, industrial construction, public buildings and structural engineering.","og_url":"https:\/\/www.schwieger-architekten.de\/en\/projects\/","og_site_name":"Schwieger Architekten","article_modified_time":"2023-06-06T13:17:24+00:00","twitter_card":"summary_large_image","twitter_misc":{"Est. reading time":"4 minutes"},"schema":{"@context":"https:\/\/schema.org","@graph":[{"@type":"WebPage","@id":"https:\/\/www.schwieger-architekten.de\/en\/projects\/","url":"https:\/\/www.schwieger-architekten.de\/en\/projects\/","name":"Projects | Schwieger Architekten G\u00f6ttingen","isPartOf":{"@id":"https:\/\/www.schwieger-architekten.de\/en\/#website"},"datePublished":"2022-02-24T14:45:39+00:00","dateModified":"2023-06-06T13:17:24+00:00","description":"Overview of projects by Schwieger Architekten in G\u00f6ttingen in the fields of residential construction, industrial construction, public buildings and structural engineering.","breadcrumb":{"@id":"https:\/\/www.schwieger-architekten.de\/en\/projects\/#breadcrumb"},"inLanguage":"en-US","potentialAction":[{"@type":"ReadAction","target":["https:\/\/www.schwieger-architekten.de\/en\/projects\/"]}]},{"@type":"BreadcrumbList","@id":"https:\/\/www.schwieger-architekten.de\/en\/projects\/#breadcrumb","itemListElement":[{"@type":"ListItem","position":1,"name":"Startseite","item":"https:\/\/www.schwieger-architekten.de\/en\/philosophie\/"},{"@type":"ListItem","position":2,"name":"Projects"}]},{"@type":"WebSite","@id":"https:\/\/www.schwieger-architekten.de\/en\/#website","url":"https:\/\/www.schwieger-architekten.de\/en\/","name":"Schwieger Architekten","description":"Schwieger Architekten G\u00f6ttingen","potentialAction":[{"@type":"SearchAction","target":{"@type":"EntryPoint","urlTemplate":"https:\/\/www.schwieger-architekten.de\/en\/?s={search_term_string}"},"query-input":{"@type":"PropertyValueSpecification","valueRequired":true,"valueName":"search_term_string"}}],"inLanguage":"en-US"}]}},"_links":{"self":[{"href":"https:\/\/www.schwieger-architekten.de\/en\/wp-json\/wp\/v2\/pages\/2247","targetHints":{"allow":["GET"]}}],"collection":[{"href":"https:\/\/www.schwieger-architekten.de\/en\/wp-json\/wp\/v2\/pages"}],"about":[{"href":"https:\/\/www.schwieger-architekten.de\/en\/wp-json\/wp\/v2\/types\/page"}],"author":[{"embeddable":true,"href":"https:\/\/www.schwieger-architekten.de\/en\/wp-json\/wp\/v2\/users\/1"}],"replies":[{"embeddable":true,"href":"https:\/\/www.schwieger-architekten.de\/en\/wp-json\/wp\/v2\/comments?post=2247"}],"version-history":[{"count":14,"href":"https:\/\/www.schwieger-architekten.de\/en\/wp-json\/wp\/v2\/pages\/2247\/revisions"}],"predecessor-version":[{"id":3561,"href":"https:\/\/www.schwieger-architekten.de\/en\/wp-json\/wp\/v2\/pages\/2247\/revisions\/3561"}],"wp:attachment":[{"href":"https:\/\/www.schwieger-architekten.de\/en\/wp-json\/wp\/v2\/media?parent=2247"}],"curies":[{"name":"wp","href":"https:\/\/api.w.org\/{rel}","templated":true}]}}