{"id":2633,"date":"2000-02-25T12:26:10","date_gmt":"2000-02-25T11:26:10","guid":{"rendered":"http:\/\/relaunch2022.schwieger-architekten.de\/projekt\/barfuesserstrasse-11-goettingen\/"},"modified":"2023-06-06T16:06:41","modified_gmt":"2023-06-06T14:06:41","slug":"barfuesserstrasse-11-goettingen","status":"publish","type":"portfolio","link":"https:\/\/www.schwieger-architekten.de\/en\/projekt\/barfuesserstrasse-11-goettingen\/","title":{"rendered":"Renovation Residential and Commercial Building"},"content":{"rendered":"<div  id=\"ProjectHeaderContainer\"  class='flex_column av-vil0p-59f11a4f7279f5c92be376771e004e9e av_one_full  avia-builder-el-0  el_before_av_one_full  avia-builder-el-first  first flex_column_div  '     ><p>\n<style type=\"text\/css\" data-created_by=\"avia_inline_auto\" id=\"style-css-av-l3lc8nye-69adae9d4d985e1845caaf7c0f6bd620\">\n#top .av-special-heading.av-l3lc8nye-69adae9d4d985e1845caaf7c0f6bd620{\npadding-bottom:10px;\n}\nbody .av-special-heading.av-l3lc8nye-69adae9d4d985e1845caaf7c0f6bd620 .av-special-heading-tag .heading-char{\nfont-size:25px;\n}\n.av-special-heading.av-l3lc8nye-69adae9d4d985e1845caaf7c0f6bd620 .av-subheading{\nfont-size:15px;\n}\n<\/style>\n<div  id=\"ProjectHeader\"  class='av-special-heading av-l3lc8nye-69adae9d4d985e1845caaf7c0f6bd620 av-special-heading-h1 blockquote modern-quote  avia-builder-el-1  el_before_av_textblock  avia-builder-el-first '><h1 class='av-special-heading-tag '  itemprop=\"headline\"  >Renovation Residential and Commercial Building<\/h1><div class='av-subheading av-subheading_below'><p>Barf\u00fc\u00dferstra\u00dfe 11, G\u00f6ttingen<\/p>\n<\/div><div class=\"special-heading-border\"><div class=\"special-heading-inner-border\"><\/div><\/div><\/div><br \/>\n<section  class='av_textblock_section av-l3lcblhe-a2392bd3bd3645866fe232b3db3b98bc '   itemscope=\"itemscope\" itemtype=\"https:\/\/schema.org\/CreativeWork\" ><div class='avia_textblock'  itemprop=\"text\" ><p>The richly structured facade at Barf\u00fc\u00dfer Stra\u00dfe was restored in coordination with the office for the Preservation of Monuments of the city of G\u00f6ttingen on basis of conservation criterias, although the building is not classified as a protected historical monument. The right part of the window display has been re-designed with a vertical emphasis and sandstone columns. The renovation of interiors is based on the principle of &#8220;old&#8221;, still useful elements which shall be preserved, new elements shall be added where appropriate&#8221;.  <\/p>\n<p>Old and new coexist harmoniously. The result are bright and modern spaces with the charm of an old building. Es entstanden helle und moderne R\u00e4ume mit dem Charme eines Altbaus.<\/p>\n<\/div><\/section><br \/>\n\n<style type=\"text\/css\" data-created_by=\"avia_inline_auto\" id=\"style-css-av-l3lcc88p-671442c3541e758ffc0ed63a36f6dd85\">\n#top .hr.hr-invisible.av-l3lcc88p-671442c3541e758ffc0ed63a36f6dd85{\nheight:50px;\n}\n<\/style>\n<div  class='hr av-l3lcc88p-671442c3541e758ffc0ed63a36f6dd85 hr-invisible  avia-builder-el-3  el_after_av_textblock  avia-builder-el-last '><span class='hr-inner '><span class=\"hr-inner-style\"><\/span><\/span><\/div><\/p><\/div>\n<div class='flex_column_table av-n55xt-0247af0eac3a32e2cea1be32c7e0d9ee sc-av_one_full av-equal-height-column-flextable'>\n<style type=\"text\/css\" data-created_by=\"avia_inline_auto\" id=\"style-css-av-n55xt-0247af0eac3a32e2cea1be32c7e0d9ee\">\n#top .flex_column_table.av-equal-height-column-flextable.av-n55xt-0247af0eac3a32e2cea1be32c7e0d9ee{\nmargin-top:10px;\nmargin-bottom:10px;\n}\n.flex_column.av-n55xt-0247af0eac3a32e2cea1be32c7e0d9ee{\nwidth:100%;\nmargin-left:0;\n}\n#top .flex_column_table.av-equal-height-column-flextable.av-n55xt-0247af0eac3a32e2cea1be32c7e0d9ee .av-flex-placeholder{\nwidth:0%;\n}\n<\/style>\n<div  class='flex_column av-n55xt-0247af0eac3a32e2cea1be32c7e0d9ee av_one_full  avia-builder-el-4  el_after_av_one_full  el_before_av_one_full  first flex_column_table_cell av-equal-height-column av-align-middle  column-top-margin'     ><p>\n<style type=\"text\/css\" data-created_by=\"avia_inline_auto\" id=\"style-css-av-l3lc9vym-ef6fe3a89e603894c91ace7a39bd99ee\">\n.avia-image-container.av-l3lc9vym-ef6fe3a89e603894c91ace7a39bd99ee img.avia_image{\nbox-shadow:none;\n}\n.avia-image-container.av-l3lc9vym-ef6fe3a89e603894c91ace7a39bd99ee .av-image-caption-overlay-center{\ncolor:#ffffff;\n}\n<\/style>\n<div  class='avia-image-container av-l3lc9vym-ef6fe3a89e603894c91ace7a39bd99ee av-styling-no-styling av-img-linked avia-align-center  avia-builder-el-5  el_before_av_textblock  avia-builder-el-first '   itemprop=\"image\" itemscope=\"itemscope\" itemtype=\"https:\/\/schema.org\/ImageObject\" ><div class=\"avia-image-container-inner\"><div class=\"avia-image-overlay-wrap\"><a href=\"https:\/\/www.schwieger-architekten.de\/wp-content\/uploads\/2000\/02\/barfuesserstrasse-11-vorher-779x1030.jpg\" data-srcset=\"https:\/\/www.schwieger-architekten.de\/wp-content\/uploads\/2000\/02\/barfuesserstrasse-11-vorher-779x1030.jpg 779w, https:\/\/www.schwieger-architekten.de\/wp-content\/uploads\/2000\/02\/barfuesserstrasse-11-vorher-303x400.jpg 303w, https:\/\/www.schwieger-architekten.de\/wp-content\/uploads\/2000\/02\/barfuesserstrasse-11-vorher-768x1015.jpg 768w, https:\/\/www.schwieger-architekten.de\/wp-content\/uploads\/2000\/02\/barfuesserstrasse-11-vorher-533x705.jpg 533w, https:\/\/www.schwieger-architekten.de\/wp-content\/uploads\/2000\/02\/barfuesserstrasse-11-vorher-113x150.jpg 113w, https:\/\/www.schwieger-architekten.de\/wp-content\/uploads\/2000\/02\/barfuesserstrasse-11-vorher-91x120.jpg 91w, https:\/\/www.schwieger-architekten.de\/wp-content\/uploads\/2000\/02\/barfuesserstrasse-11-vorher.jpg 1100w\" data-sizes=\"(max-width: 779px) 100vw, 779px\" class='avia_image '  aria-label='Renovation of a listed residential and commercial building at Barf\u00fc\u00dferstra\u00dfe 11 in G\u00f6ttingen by Schwieger Architects.'><img decoding=\"async\" fetchpriority=\"high\" class='wp-image-2788 avia-img-lazy-loading-not-2788 avia_image ' src=\"https:\/\/www.schwieger-architekten.de\/wp-content\/uploads\/2000\/02\/barfuesserstrasse-11-vorher-779x1030.jpg\" alt='Renovation of a listed residential and commercial building at Barf\u00fc\u00dferstra\u00dfe 11 in G\u00f6ttingen by Schwieger Architects.' title='Renovation of a listed residential and commercial building at Barf\u00fc\u00dferstra\u00dfe 11 in G\u00f6ttingen by Schwieger Architects.'  height=\"1030\" width=\"779\"  itemprop=\"thumbnailUrl\" srcset=\"https:\/\/www.schwieger-architekten.de\/wp-content\/uploads\/2000\/02\/barfuesserstrasse-11-vorher-779x1030.jpg 779w, https:\/\/www.schwieger-architekten.de\/wp-content\/uploads\/2000\/02\/barfuesserstrasse-11-vorher-303x400.jpg 303w, https:\/\/www.schwieger-architekten.de\/wp-content\/uploads\/2000\/02\/barfuesserstrasse-11-vorher-768x1015.jpg 768w, https:\/\/www.schwieger-architekten.de\/wp-content\/uploads\/2000\/02\/barfuesserstrasse-11-vorher-533x705.jpg 533w, https:\/\/www.schwieger-architekten.de\/wp-content\/uploads\/2000\/02\/barfuesserstrasse-11-vorher-113x150.jpg 113w, https:\/\/www.schwieger-architekten.de\/wp-content\/uploads\/2000\/02\/barfuesserstrasse-11-vorher-91x120.jpg 91w, https:\/\/www.schwieger-architekten.de\/wp-content\/uploads\/2000\/02\/barfuesserstrasse-11-vorher.jpg 1100w\" sizes=\"(max-width: 779px) 100vw, 779px\" \/><\/a><\/div><\/div><\/div><br \/>\n<section  class='av_textblock_section av-l3lc9zp4-46be73d3d3a418bfcd75b8fe24cb3519 '   itemscope=\"itemscope\" itemtype=\"https:\/\/schema.org\/CreativeWork\" ><div class='avia_textblock'  itemprop=\"text\" ><p>before redevelopment<\/p>\n<\/div><\/section><\/p><\/div><\/div><!--close column table wrapper. Autoclose: 1 -->\n<div class='flex_column_table av-vxs35-069b87a2359f4d3b57c1da2f38dcd8f9 sc-av_one_full av-equal-height-column-flextable'>\n<style type=\"text\/css\" data-created_by=\"avia_inline_auto\" id=\"style-css-av-vxs35-069b87a2359f4d3b57c1da2f38dcd8f9\">\n#top .flex_column_table.av-equal-height-column-flextable.av-vxs35-069b87a2359f4d3b57c1da2f38dcd8f9{\nmargin-top:10px;\nmargin-bottom:10px;\n}\n.flex_column.av-vxs35-069b87a2359f4d3b57c1da2f38dcd8f9{\nwidth:100%;\nmargin-left:0;\n}\n#top .flex_column_table.av-equal-height-column-flextable.av-vxs35-069b87a2359f4d3b57c1da2f38dcd8f9 .av-flex-placeholder{\nwidth:0%;\n}\n<\/style>\n<div  class='flex_column av-vxs35-069b87a2359f4d3b57c1da2f38dcd8f9 av_one_full  avia-builder-el-7  el_after_av_one_full  el_before_av_one_full  first flex_column_table_cell av-equal-height-column av-align-middle  column-top-margin'     ><p>\n<style type=\"text\/css\" data-created_by=\"avia_inline_auto\" id=\"style-css-av-l3uc0ek7-cd510b99b35545d9c135aa19fe764a36\">\n.avia-image-container.av-l3uc0ek7-cd510b99b35545d9c135aa19fe764a36 img.avia_image{\nbox-shadow:none;\n}\n.avia-image-container.av-l3uc0ek7-cd510b99b35545d9c135aa19fe764a36 .av-image-caption-overlay-center{\ncolor:#ffffff;\n}\n<\/style>\n<div  class='avia-image-container av-l3uc0ek7-cd510b99b35545d9c135aa19fe764a36 av-styling-no-styling av-img-linked avia-align-center  avia-builder-el-8  el_before_av_textblock  avia-builder-el-first '   itemprop=\"image\" itemscope=\"itemscope\" itemtype=\"https:\/\/schema.org\/ImageObject\" ><div class=\"avia-image-container-inner\"><div class=\"avia-image-overlay-wrap\"><a href=\"https:\/\/www.schwieger-architekten.de\/wp-content\/uploads\/2000\/02\/barfuesserstrasse-11-grundriss-1030x732.jpg\" data-srcset=\"https:\/\/www.schwieger-architekten.de\/wp-content\/uploads\/2000\/02\/barfuesserstrasse-11-grundriss-1030x732.jpg 1030w, https:\/\/www.schwieger-architekten.de\/wp-content\/uploads\/2000\/02\/barfuesserstrasse-11-grundriss-400x284.jpg 400w, https:\/\/www.schwieger-architekten.de\/wp-content\/uploads\/2000\/02\/barfuesserstrasse-11-grundriss-768x546.jpg 768w, https:\/\/www.schwieger-architekten.de\/wp-content\/uploads\/2000\/02\/barfuesserstrasse-11-grundriss-1536x1092.jpg 1536w, https:\/\/www.schwieger-architekten.de\/wp-content\/uploads\/2000\/02\/barfuesserstrasse-11-grundriss-1500x1066.jpg 1500w, https:\/\/www.schwieger-architekten.de\/wp-content\/uploads\/2000\/02\/barfuesserstrasse-11-grundriss-260x185.jpg 260w, https:\/\/www.schwieger-architekten.de\/wp-content\/uploads\/2000\/02\/barfuesserstrasse-11-grundriss-705x501.jpg 705w, https:\/\/www.schwieger-architekten.de\/wp-content\/uploads\/2000\/02\/barfuesserstrasse-11-grundriss-211x150.jpg 211w, https:\/\/www.schwieger-architekten.de\/wp-content\/uploads\/2000\/02\/barfuesserstrasse-11-grundriss-169x120.jpg 169w, https:\/\/www.schwieger-architekten.de\/wp-content\/uploads\/2000\/02\/barfuesserstrasse-11-grundriss.jpg 1850w\" data-sizes=\"(max-width: 1030px) 100vw, 1030px\" class='avia_image '  aria-label='Renovation of a listed residential and commercial building at Barf\u00fc\u00dferstra\u00dfe 11 in G\u00f6ttingen by Schwieger Architects.'><img decoding=\"async\" fetchpriority=\"high\" class='wp-image-2790 avia-img-lazy-loading-not-2790 avia_image ' src=\"https:\/\/www.schwieger-architekten.de\/wp-content\/uploads\/2000\/02\/barfuesserstrasse-11-grundriss-1030x732.jpg\" alt='Renovation of a listed residential and commercial building at Barf\u00fc\u00dferstra\u00dfe 11 in G\u00f6ttingen by Schwieger Architects.' title='Renovation of a listed residential and commercial building at Barf\u00fc\u00dferstra\u00dfe 11 in G\u00f6ttingen by Schwieger Architects.'  height=\"732\" width=\"1030\"  itemprop=\"thumbnailUrl\" srcset=\"https:\/\/www.schwieger-architekten.de\/wp-content\/uploads\/2000\/02\/barfuesserstrasse-11-grundriss-1030x732.jpg 1030w, https:\/\/www.schwieger-architekten.de\/wp-content\/uploads\/2000\/02\/barfuesserstrasse-11-grundriss-400x284.jpg 400w, https:\/\/www.schwieger-architekten.de\/wp-content\/uploads\/2000\/02\/barfuesserstrasse-11-grundriss-768x546.jpg 768w, https:\/\/www.schwieger-architekten.de\/wp-content\/uploads\/2000\/02\/barfuesserstrasse-11-grundriss-1536x1092.jpg 1536w, https:\/\/www.schwieger-architekten.de\/wp-content\/uploads\/2000\/02\/barfuesserstrasse-11-grundriss-1500x1066.jpg 1500w, https:\/\/www.schwieger-architekten.de\/wp-content\/uploads\/2000\/02\/barfuesserstrasse-11-grundriss-260x185.jpg 260w, https:\/\/www.schwieger-architekten.de\/wp-content\/uploads\/2000\/02\/barfuesserstrasse-11-grundriss-705x501.jpg 705w, https:\/\/www.schwieger-architekten.de\/wp-content\/uploads\/2000\/02\/barfuesserstrasse-11-grundriss-211x150.jpg 211w, https:\/\/www.schwieger-architekten.de\/wp-content\/uploads\/2000\/02\/barfuesserstrasse-11-grundriss-169x120.jpg 169w, https:\/\/www.schwieger-architekten.de\/wp-content\/uploads\/2000\/02\/barfuesserstrasse-11-grundriss.jpg 1850w\" sizes=\"(max-width: 1030px) 100vw, 1030px\" \/><\/a><\/div><\/div><\/div><br \/>\n<section  class='av_textblock_section av-l3uc0kce-1c939b4423bd70486f4b6fbf2c661ae5 '   itemscope=\"itemscope\" itemtype=\"https:\/\/schema.org\/CreativeWork\" ><div class='avia_textblock'  itemprop=\"text\" ><p>Floor plan first floor new use &#8220;Mango&#8221;<\/p>\n<\/div><\/section><\/p><\/div><\/div><!--close column table wrapper. Autoclose: 1 -->\n<div class='flex_column_table av-sgprt-ee5f4fed060b18fe47be5e383352dd5d sc-av_one_full av-equal-height-column-flextable'>\n<style type=\"text\/css\" data-created_by=\"avia_inline_auto\" id=\"style-css-av-sgprt-ee5f4fed060b18fe47be5e383352dd5d\">\n#top .flex_column_table.av-equal-height-column-flextable.av-sgprt-ee5f4fed060b18fe47be5e383352dd5d{\nmargin-top:10px;\nmargin-bottom:10px;\n}\n.flex_column.av-sgprt-ee5f4fed060b18fe47be5e383352dd5d{\nwidth:100%;\nmargin-left:0;\n}\n#top .flex_column_table.av-equal-height-column-flextable.av-sgprt-ee5f4fed060b18fe47be5e383352dd5d .av-flex-placeholder{\nwidth:0%;\n}\n<\/style>\n<div  class='flex_column av-sgprt-ee5f4fed060b18fe47be5e383352dd5d av_one_full  avia-builder-el-10  el_after_av_one_full  el_before_av_one_full  first flex_column_table_cell av-equal-height-column av-align-middle  column-top-margin'     ><p>\n<style type=\"text\/css\" data-created_by=\"avia_inline_auto\" id=\"style-css-av-l3uc18aa-2def86b2059e07fb77881c9fbc3e6f0b\">\n.avia-image-container.av-l3uc18aa-2def86b2059e07fb77881c9fbc3e6f0b img.avia_image{\nbox-shadow:none;\n}\n.avia-image-container.av-l3uc18aa-2def86b2059e07fb77881c9fbc3e6f0b .av-image-caption-overlay-center{\ncolor:#ffffff;\n}\n<\/style>\n<div  class='avia-image-container av-l3uc18aa-2def86b2059e07fb77881c9fbc3e6f0b av-styling-no-styling av-img-linked avia-align-center  avia-builder-el-11  el_before_av_textblock  avia-builder-el-first '   itemprop=\"image\" itemscope=\"itemscope\" itemtype=\"https:\/\/schema.org\/ImageObject\" ><div class=\"avia-image-container-inner\"><div class=\"avia-image-overlay-wrap\"><a href=\"https:\/\/www.schwieger-architekten.de\/wp-content\/uploads\/2000\/02\/barfuesserstrasse-11-ansicht-1030x687.jpg\" data-srcset=\"https:\/\/www.schwieger-architekten.de\/wp-content\/uploads\/2000\/02\/barfuesserstrasse-11-ansicht-1030x687.jpg 1030w, https:\/\/www.schwieger-architekten.de\/wp-content\/uploads\/2000\/02\/barfuesserstrasse-11-ansicht-400x267.jpg 400w, https:\/\/www.schwieger-architekten.de\/wp-content\/uploads\/2000\/02\/barfuesserstrasse-11-ansicht-768x512.jpg 768w, https:\/\/www.schwieger-architekten.de\/wp-content\/uploads\/2000\/02\/barfuesserstrasse-11-ansicht-120x80.jpg 120w, https:\/\/www.schwieger-architekten.de\/wp-content\/uploads\/2000\/02\/barfuesserstrasse-11-ansicht-705x470.jpg 705w, https:\/\/www.schwieger-architekten.de\/wp-content\/uploads\/2000\/02\/barfuesserstrasse-11-ansicht-225x150.jpg 225w, https:\/\/www.schwieger-architekten.de\/wp-content\/uploads\/2000\/02\/barfuesserstrasse-11-ansicht-180x120.jpg 180w, https:\/\/www.schwieger-architekten.de\/wp-content\/uploads\/2000\/02\/barfuesserstrasse-11-ansicht.jpg 1200w\" data-sizes=\"(max-width: 1030px) 100vw, 1030px\" class='avia_image '  aria-label='Renovation of a listed residential and commercial building at Barf\u00fc\u00dferstra\u00dfe 11 in G\u00f6ttingen by Schwieger Architects.'><img decoding=\"async\" fetchpriority=\"high\" class='wp-image-2792 avia-img-lazy-loading-not-2792 avia_image ' src=\"https:\/\/www.schwieger-architekten.de\/wp-content\/uploads\/2000\/02\/barfuesserstrasse-11-ansicht-1030x687.jpg\" alt='Renovation of a listed residential and commercial building at Barf\u00fc\u00dferstra\u00dfe 11 in G\u00f6ttingen by Schwieger Architects.' title='Renovation of a listed residential and commercial building at Barf\u00fc\u00dferstra\u00dfe 11 in G\u00f6ttingen by Schwieger Architects.'  height=\"687\" width=\"1030\"  itemprop=\"thumbnailUrl\" srcset=\"https:\/\/www.schwieger-architekten.de\/wp-content\/uploads\/2000\/02\/barfuesserstrasse-11-ansicht-1030x687.jpg 1030w, https:\/\/www.schwieger-architekten.de\/wp-content\/uploads\/2000\/02\/barfuesserstrasse-11-ansicht-400x267.jpg 400w, https:\/\/www.schwieger-architekten.de\/wp-content\/uploads\/2000\/02\/barfuesserstrasse-11-ansicht-768x512.jpg 768w, https:\/\/www.schwieger-architekten.de\/wp-content\/uploads\/2000\/02\/barfuesserstrasse-11-ansicht-120x80.jpg 120w, https:\/\/www.schwieger-architekten.de\/wp-content\/uploads\/2000\/02\/barfuesserstrasse-11-ansicht-705x470.jpg 705w, https:\/\/www.schwieger-architekten.de\/wp-content\/uploads\/2000\/02\/barfuesserstrasse-11-ansicht-225x150.jpg 225w, https:\/\/www.schwieger-architekten.de\/wp-content\/uploads\/2000\/02\/barfuesserstrasse-11-ansicht-180x120.jpg 180w, https:\/\/www.schwieger-architekten.de\/wp-content\/uploads\/2000\/02\/barfuesserstrasse-11-ansicht.jpg 1200w\" sizes=\"(max-width: 1030px) 100vw, 1030px\" \/><\/a><\/div><\/div><\/div><br \/>\n<section  class='av_textblock_section av-l3uc1ddo-cf5f9945c04888e345a882e5a52f65e5 '   itemscope=\"itemscope\" itemtype=\"https:\/\/schema.org\/CreativeWork\" ><div class='avia_textblock'  itemprop=\"text\" ><p>Facade redesign<\/p>\n<\/div><\/section><\/p><\/div><\/div><!--close column table wrapper. Autoclose: 1 -->\n<div class='flex_column_table av-crau1-7c1925fd8e0be2e3df91a9fe10beaa1a sc-av_one_full av-equal-height-column-flextable'>\n<style type=\"text\/css\" data-created_by=\"avia_inline_auto\" id=\"style-css-av-crau1-7c1925fd8e0be2e3df91a9fe10beaa1a\">\n#top .flex_column_table.av-equal-height-column-flextable.av-crau1-7c1925fd8e0be2e3df91a9fe10beaa1a{\nmargin-top:10px;\nmargin-bottom:10px;\n}\n.flex_column.av-crau1-7c1925fd8e0be2e3df91a9fe10beaa1a{\nwidth:100%;\nmargin-left:0;\n}\n#top .flex_column_table.av-equal-height-column-flextable.av-crau1-7c1925fd8e0be2e3df91a9fe10beaa1a .av-flex-placeholder{\nwidth:0%;\n}\n<\/style>\n<div  class='flex_column av-crau1-7c1925fd8e0be2e3df91a9fe10beaa1a av_one_full  avia-builder-el-13  el_after_av_one_full  avia-builder-el-last  first flex_column_table_cell av-equal-height-column av-align-middle  column-top-margin'     ><p>\n<style type=\"text\/css\" data-created_by=\"avia_inline_auto\" id=\"style-css-av-l3lca9k0-c52e6142be49044ba2d265e5b879d2f3\">\n.avia-image-container.av-l3lca9k0-c52e6142be49044ba2d265e5b879d2f3 img.avia_image{\nbox-shadow:none;\n}\n.avia-image-container.av-l3lca9k0-c52e6142be49044ba2d265e5b879d2f3 .av-image-caption-overlay-center{\ncolor:#ffffff;\n}\n<\/style>\n<div  class='avia-image-container av-l3lca9k0-c52e6142be49044ba2d265e5b879d2f3 av-styling-no-styling av-img-linked avia-align-center  avia-builder-el-14  el_before_av_textblock  avia-builder-el-first '   itemprop=\"image\" itemscope=\"itemscope\" itemtype=\"https:\/\/schema.org\/ImageObject\" ><div class=\"avia-image-container-inner\"><div class=\"avia-image-overlay-wrap\"><a href=\"https:\/\/www.schwieger-architekten.de\/wp-content\/uploads\/2000\/02\/barfuesser-strasse-11-goettingen-03-772x1030.jpg\" data-srcset=\"https:\/\/www.schwieger-architekten.de\/wp-content\/uploads\/2000\/02\/barfuesser-strasse-11-goettingen-03-772x1030.jpg 772w, https:\/\/www.schwieger-architekten.de\/wp-content\/uploads\/2000\/02\/barfuesser-strasse-11-goettingen-03-300x400.jpg 300w, https:\/\/www.schwieger-architekten.de\/wp-content\/uploads\/2000\/02\/barfuesser-strasse-11-goettingen-03-768x1025.jpg 768w, https:\/\/www.schwieger-architekten.de\/wp-content\/uploads\/2000\/02\/barfuesser-strasse-11-goettingen-03-1151x1536.jpg 1151w, https:\/\/www.schwieger-architekten.de\/wp-content\/uploads\/2000\/02\/barfuesser-strasse-11-goettingen-03-1535x2048.jpg 1535w, https:\/\/www.schwieger-architekten.de\/wp-content\/uploads\/2000\/02\/barfuesser-strasse-11-goettingen-03-1124x1500.jpg 1124w, https:\/\/www.schwieger-architekten.de\/wp-content\/uploads\/2000\/02\/barfuesser-strasse-11-goettingen-03-528x705.jpg 528w, https:\/\/www.schwieger-architekten.de\/wp-content\/uploads\/2000\/02\/barfuesser-strasse-11-goettingen-03-112x150.jpg 112w, https:\/\/www.schwieger-architekten.de\/wp-content\/uploads\/2000\/02\/barfuesser-strasse-11-goettingen-03-90x120.jpg 90w, https:\/\/www.schwieger-architekten.de\/wp-content\/uploads\/2000\/02\/barfuesser-strasse-11-goettingen-03.jpg 1600w\" data-sizes=\"(max-width: 772px) 100vw, 772px\" class='avia_image '  aria-label='barfuesser-strasse-11-goettingen-03'><img decoding=\"async\" fetchpriority=\"high\" class='wp-image-1681 avia-img-lazy-loading-not-1681 avia_image ' src=\"https:\/\/www.schwieger-architekten.de\/wp-content\/uploads\/2000\/02\/barfuesser-strasse-11-goettingen-03.jpg\" alt='Renovierung Wohn- und Gesch\u00e4ftshaus' title='barfuesser-strasse-11-goettingen-03'  height=\"2135\" width=\"1600\"  itemprop=\"thumbnailUrl\" srcset=\"https:\/\/www.schwieger-architekten.de\/wp-content\/uploads\/2000\/02\/barfuesser-strasse-11-goettingen-03.jpg 1600w, https:\/\/www.schwieger-architekten.de\/wp-content\/uploads\/2000\/02\/barfuesser-strasse-11-goettingen-03-300x400.jpg 300w, https:\/\/www.schwieger-architekten.de\/wp-content\/uploads\/2000\/02\/barfuesser-strasse-11-goettingen-03-772x1030.jpg 772w, https:\/\/www.schwieger-architekten.de\/wp-content\/uploads\/2000\/02\/barfuesser-strasse-11-goettingen-03-768x1025.jpg 768w, https:\/\/www.schwieger-architekten.de\/wp-content\/uploads\/2000\/02\/barfuesser-strasse-11-goettingen-03-1151x1536.jpg 1151w, https:\/\/www.schwieger-architekten.de\/wp-content\/uploads\/2000\/02\/barfuesser-strasse-11-goettingen-03-1535x2048.jpg 1535w, https:\/\/www.schwieger-architekten.de\/wp-content\/uploads\/2000\/02\/barfuesser-strasse-11-goettingen-03-1124x1500.jpg 1124w, https:\/\/www.schwieger-architekten.de\/wp-content\/uploads\/2000\/02\/barfuesser-strasse-11-goettingen-03-528x705.jpg 528w, https:\/\/www.schwieger-architekten.de\/wp-content\/uploads\/2000\/02\/barfuesser-strasse-11-goettingen-03-112x150.jpg 112w, https:\/\/www.schwieger-architekten.de\/wp-content\/uploads\/2000\/02\/barfuesser-strasse-11-goettingen-03-90x120.jpg 90w\" sizes=\"(max-width: 1600px) 100vw, 1600px\" \/><\/a><\/div><\/div><\/div><br \/>\n<section  class='av_textblock_section av-6s7s1-5a4a7d5beebcf39b958a248566b432c8 '   itemscope=\"itemscope\" itemtype=\"https:\/\/schema.org\/CreativeWork\" ><div class='avia_textblock'  itemprop=\"text\" ><p>after redevelopment<\/p>\n<\/div><\/section><\/p><\/div><\/div><!--close column table wrapper. Autoclose: 1 -->\n","protected":false},"excerpt":{"rendered":"<p>Barf\u00fc\u00dferstra\u00dfe 11, G\u00f6ttingen<\/p>\n","protected":false},"author":1,"featured_media":2792,"comment_status":"closed","ping_status":"closed","template":"","meta":{"footnotes":""},"tags":[],"portfolio_entries":[49],"class_list":["post-2633","portfolio","type-portfolio","status-publish","has-post-thumbnail","hentry","portfolio_entries-construction-in-existing-structures-redevelopment-preservation"],"yoast_head":"<!-- This site is optimized with the Yoast SEO plugin v27.0 - https:\/\/yoast.com\/product\/yoast-seo-wordpress\/ -->\n<title>Barf\u00fc\u00dferstra\u00dfe 11 G\u00f6ttingen | Schwieger Architekten<\/title>\n<meta name=\"description\" content=\"Renovation of a listed residential and commercial building at Barf\u00fc\u00dferstra\u00dfe 11 in G\u00f6ttingen by Schwieger Architekten.\" \/>\n<meta name=\"robots\" content=\"index, follow, max-snippet:-1, max-image-preview:large, max-video-preview:-1\" \/>\n<link rel=\"canonical\" href=\"https:\/\/www.schwieger-architekten.de\/en\/projekt\/barfuesserstrasse-11-goettingen\/\" \/>\n<meta property=\"og:locale\" content=\"en_US\" \/>\n<meta property=\"og:type\" content=\"article\" \/>\n<meta property=\"og:title\" content=\"Barf\u00fc\u00dferstra\u00dfe 11 G\u00f6ttingen | Schwieger Architekten\" \/>\n<meta property=\"og:description\" content=\"Renovation of a listed residential and commercial building at Barf\u00fc\u00dferstra\u00dfe 11 in G\u00f6ttingen by Schwieger Architekten.\" \/>\n<meta property=\"og:url\" content=\"https:\/\/www.schwieger-architekten.de\/en\/projekt\/barfuesserstrasse-11-goettingen\/\" \/>\n<meta property=\"og:site_name\" content=\"Schwieger Architekten\" \/>\n<meta property=\"article:modified_time\" content=\"2023-06-06T14:06:41+00:00\" \/>\n<meta property=\"og:image\" content=\"https:\/\/www.schwieger-architekten.de\/wp-content\/uploads\/2000\/02\/barfuesserstrasse-11-ansicht.jpg\" \/>\n\t<meta property=\"og:image:width\" content=\"1200\" \/>\n\t<meta property=\"og:image:height\" content=\"800\" \/>\n\t<meta property=\"og:image:type\" content=\"image\/jpeg\" \/>\n<meta name=\"twitter:card\" content=\"summary_large_image\" \/>\n<meta name=\"twitter:label1\" content=\"Est. reading time\" \/>\n\t<meta name=\"twitter:data1\" content=\"11 minutes\" \/>\n<script type=\"application\/ld+json\" class=\"yoast-schema-graph\">{\"@context\":\"https:\/\/schema.org\",\"@graph\":[{\"@type\":\"WebPage\",\"@id\":\"https:\/\/www.schwieger-architekten.de\/en\/projekt\/barfuesserstrasse-11-goettingen\/\",\"url\":\"https:\/\/www.schwieger-architekten.de\/en\/projekt\/barfuesserstrasse-11-goettingen\/\",\"name\":\"Barf\u00fc\u00dferstra\u00dfe 11 G\u00f6ttingen | Schwieger Architekten\",\"isPartOf\":{\"@id\":\"https:\/\/www.schwieger-architekten.de\/en\/#website\"},\"primaryImageOfPage\":{\"@id\":\"https:\/\/www.schwieger-architekten.de\/en\/projekt\/barfuesserstrasse-11-goettingen\/#primaryimage\"},\"image\":{\"@id\":\"https:\/\/www.schwieger-architekten.de\/en\/projekt\/barfuesserstrasse-11-goettingen\/#primaryimage\"},\"thumbnailUrl\":\"https:\/\/www.schwieger-architekten.de\/wp-content\/uploads\/2000\/02\/barfuesserstrasse-11-ansicht.jpg\",\"datePublished\":\"2000-02-25T11:26:10+00:00\",\"dateModified\":\"2023-06-06T14:06:41+00:00\",\"description\":\"Renovation of a listed residential and commercial building at Barf\u00fc\u00dferstra\u00dfe 11 in G\u00f6ttingen by Schwieger Architekten.\",\"breadcrumb\":{\"@id\":\"https:\/\/www.schwieger-architekten.de\/en\/projekt\/barfuesserstrasse-11-goettingen\/#breadcrumb\"},\"inLanguage\":\"en-US\",\"potentialAction\":[{\"@type\":\"ReadAction\",\"target\":[\"https:\/\/www.schwieger-architekten.de\/en\/projekt\/barfuesserstrasse-11-goettingen\/\"]}]},{\"@type\":\"ImageObject\",\"inLanguage\":\"en-US\",\"@id\":\"https:\/\/www.schwieger-architekten.de\/en\/projekt\/barfuesserstrasse-11-goettingen\/#primaryimage\",\"url\":\"https:\/\/www.schwieger-architekten.de\/wp-content\/uploads\/2000\/02\/barfuesserstrasse-11-ansicht.jpg\",\"contentUrl\":\"https:\/\/www.schwieger-architekten.de\/wp-content\/uploads\/2000\/02\/barfuesserstrasse-11-ansicht.jpg\",\"width\":1200,\"height\":800,\"caption\":\"Renovation of a listed residential and commercial building at Barf\u00fc\u00dferstra\u00dfe 11 in G\u00f6ttingen by Schwieger Architects.\"},{\"@type\":\"BreadcrumbList\",\"@id\":\"https:\/\/www.schwieger-architekten.de\/en\/projekt\/barfuesserstrasse-11-goettingen\/#breadcrumb\",\"itemListElement\":[{\"@type\":\"ListItem\",\"position\":1,\"name\":\"Startseite\",\"item\":\"https:\/\/www.schwieger-architekten.de\/en\/philosophie\/\"},{\"@type\":\"ListItem\",\"position\":2,\"name\":\"Renovation Residential and Commercial Building\"}]},{\"@type\":\"WebSite\",\"@id\":\"https:\/\/www.schwieger-architekten.de\/en\/#website\",\"url\":\"https:\/\/www.schwieger-architekten.de\/en\/\",\"name\":\"Schwieger Architekten\",\"description\":\"Schwieger Architekten G\u00f6ttingen\",\"potentialAction\":[{\"@type\":\"SearchAction\",\"target\":{\"@type\":\"EntryPoint\",\"urlTemplate\":\"https:\/\/www.schwieger-architekten.de\/en\/?s={search_term_string}\"},\"query-input\":{\"@type\":\"PropertyValueSpecification\",\"valueRequired\":true,\"valueName\":\"search_term_string\"}}],\"inLanguage\":\"en-US\"}]}<\/script>\n<!-- \/ Yoast SEO plugin. -->","yoast_head_json":{"title":"Barf\u00fc\u00dferstra\u00dfe 11 G\u00f6ttingen | Schwieger Architekten","description":"Renovation of a listed residential and commercial building at Barf\u00fc\u00dferstra\u00dfe 11 in G\u00f6ttingen by Schwieger Architekten.","robots":{"index":"index","follow":"follow","max-snippet":"max-snippet:-1","max-image-preview":"max-image-preview:large","max-video-preview":"max-video-preview:-1"},"canonical":"https:\/\/www.schwieger-architekten.de\/en\/projekt\/barfuesserstrasse-11-goettingen\/","og_locale":"en_US","og_type":"article","og_title":"Barf\u00fc\u00dferstra\u00dfe 11 G\u00f6ttingen | Schwieger Architekten","og_description":"Renovation of a listed residential and commercial building at Barf\u00fc\u00dferstra\u00dfe 11 in G\u00f6ttingen by Schwieger Architekten.","og_url":"https:\/\/www.schwieger-architekten.de\/en\/projekt\/barfuesserstrasse-11-goettingen\/","og_site_name":"Schwieger Architekten","article_modified_time":"2023-06-06T14:06:41+00:00","og_image":[{"width":1200,"height":800,"url":"https:\/\/www.schwieger-architekten.de\/wp-content\/uploads\/2000\/02\/barfuesserstrasse-11-ansicht.jpg","type":"image\/jpeg"}],"twitter_card":"summary_large_image","twitter_misc":{"Est. reading time":"11 minutes"},"schema":{"@context":"https:\/\/schema.org","@graph":[{"@type":"WebPage","@id":"https:\/\/www.schwieger-architekten.de\/en\/projekt\/barfuesserstrasse-11-goettingen\/","url":"https:\/\/www.schwieger-architekten.de\/en\/projekt\/barfuesserstrasse-11-goettingen\/","name":"Barf\u00fc\u00dferstra\u00dfe 11 G\u00f6ttingen | Schwieger Architekten","isPartOf":{"@id":"https:\/\/www.schwieger-architekten.de\/en\/#website"},"primaryImageOfPage":{"@id":"https:\/\/www.schwieger-architekten.de\/en\/projekt\/barfuesserstrasse-11-goettingen\/#primaryimage"},"image":{"@id":"https:\/\/www.schwieger-architekten.de\/en\/projekt\/barfuesserstrasse-11-goettingen\/#primaryimage"},"thumbnailUrl":"https:\/\/www.schwieger-architekten.de\/wp-content\/uploads\/2000\/02\/barfuesserstrasse-11-ansicht.jpg","datePublished":"2000-02-25T11:26:10+00:00","dateModified":"2023-06-06T14:06:41+00:00","description":"Renovation of a listed residential and commercial building at Barf\u00fc\u00dferstra\u00dfe 11 in G\u00f6ttingen by Schwieger Architekten.","breadcrumb":{"@id":"https:\/\/www.schwieger-architekten.de\/en\/projekt\/barfuesserstrasse-11-goettingen\/#breadcrumb"},"inLanguage":"en-US","potentialAction":[{"@type":"ReadAction","target":["https:\/\/www.schwieger-architekten.de\/en\/projekt\/barfuesserstrasse-11-goettingen\/"]}]},{"@type":"ImageObject","inLanguage":"en-US","@id":"https:\/\/www.schwieger-architekten.de\/en\/projekt\/barfuesserstrasse-11-goettingen\/#primaryimage","url":"https:\/\/www.schwieger-architekten.de\/wp-content\/uploads\/2000\/02\/barfuesserstrasse-11-ansicht.jpg","contentUrl":"https:\/\/www.schwieger-architekten.de\/wp-content\/uploads\/2000\/02\/barfuesserstrasse-11-ansicht.jpg","width":1200,"height":800,"caption":"Renovation of a listed residential and commercial building at Barf\u00fc\u00dferstra\u00dfe 11 in G\u00f6ttingen by Schwieger Architects."},{"@type":"BreadcrumbList","@id":"https:\/\/www.schwieger-architekten.de\/en\/projekt\/barfuesserstrasse-11-goettingen\/#breadcrumb","itemListElement":[{"@type":"ListItem","position":1,"name":"Startseite","item":"https:\/\/www.schwieger-architekten.de\/en\/philosophie\/"},{"@type":"ListItem","position":2,"name":"Renovation Residential and Commercial Building"}]},{"@type":"WebSite","@id":"https:\/\/www.schwieger-architekten.de\/en\/#website","url":"https:\/\/www.schwieger-architekten.de\/en\/","name":"Schwieger Architekten","description":"Schwieger Architekten G\u00f6ttingen","potentialAction":[{"@type":"SearchAction","target":{"@type":"EntryPoint","urlTemplate":"https:\/\/www.schwieger-architekten.de\/en\/?s={search_term_string}"},"query-input":{"@type":"PropertyValueSpecification","valueRequired":true,"valueName":"search_term_string"}}],"inLanguage":"en-US"}]}},"_links":{"self":[{"href":"https:\/\/www.schwieger-architekten.de\/en\/wp-json\/wp\/v2\/portfolio\/2633","targetHints":{"allow":["GET"]}}],"collection":[{"href":"https:\/\/www.schwieger-architekten.de\/en\/wp-json\/wp\/v2\/portfolio"}],"about":[{"href":"https:\/\/www.schwieger-architekten.de\/en\/wp-json\/wp\/v2\/types\/portfolio"}],"author":[{"embeddable":true,"href":"https:\/\/www.schwieger-architekten.de\/en\/wp-json\/wp\/v2\/users\/1"}],"replies":[{"embeddable":true,"href":"https:\/\/www.schwieger-architekten.de\/en\/wp-json\/wp\/v2\/comments?post=2633"}],"version-history":[{"count":19,"href":"https:\/\/www.schwieger-architekten.de\/en\/wp-json\/wp\/v2\/portfolio\/2633\/revisions"}],"predecessor-version":[{"id":3706,"href":"https:\/\/www.schwieger-architekten.de\/en\/wp-json\/wp\/v2\/portfolio\/2633\/revisions\/3706"}],"wp:featuredmedia":[{"embeddable":true,"href":"https:\/\/www.schwieger-architekten.de\/en\/wp-json\/wp\/v2\/media\/2792"}],"wp:attachment":[{"href":"https:\/\/www.schwieger-architekten.de\/en\/wp-json\/wp\/v2\/media?parent=2633"}],"wp:term":[{"taxonomy":"post_tag","embeddable":true,"href":"https:\/\/www.schwieger-architekten.de\/en\/wp-json\/wp\/v2\/tags?post=2633"},{"taxonomy":"portfolio_entries","embeddable":true,"href":"https:\/\/www.schwieger-architekten.de\/en\/wp-json\/wp\/v2\/portfolio_entries?post=2633"}],"curies":[{"name":"wp","href":"https:\/\/api.w.org\/{rel}","templated":true}]}}