{"id":2640,"date":"1996-02-25T12:26:21","date_gmt":"1996-02-25T11:26:21","guid":{"rendered":"http:\/\/relaunch2022.schwieger-architekten.de\/projekt\/bookshop-deuerlich-goettingen\/"},"modified":"2023-06-06T16:08:22","modified_gmt":"2023-06-06T14:08:22","slug":"bookshop-deuerlich-goettingen","status":"publish","type":"portfolio","link":"https:\/\/www.schwieger-architekten.de\/en\/projekt\/bookshop-deuerlich-goettingen\/","title":{"rendered":"Remodelling and Renovation, Facade Redevelopment"},"content":{"rendered":"<p><div  id=\"ProjectHeaderContainer\"  class='flex_column av-ktmzv-77c270b1621940df4607d0f60f129457 av_one_full  avia-builder-el-0  el_before_av_one_full  avia-builder-el-first  first flex_column_div  '     ><style type=\"text\/css\" data-created_by=\"avia_inline_auto\" id=\"style-css-av-l3uae9dh-0a083ea32830dae5ef6341559cfd48cc\">\n#top .av-special-heading.av-l3uae9dh-0a083ea32830dae5ef6341559cfd48cc{\npadding-bottom:10px;\n}\nbody .av-special-heading.av-l3uae9dh-0a083ea32830dae5ef6341559cfd48cc .av-special-heading-tag .heading-char{\nfont-size:25px;\n}\n.av-special-heading.av-l3uae9dh-0a083ea32830dae5ef6341559cfd48cc .av-subheading{\nfont-size:15px;\n}\n<\/style>\n<div  id=\"ProjectHeader\"  class='av-special-heading av-l3uae9dh-0a083ea32830dae5ef6341559cfd48cc av-special-heading-h1 blockquote modern-quote  avia-builder-el-1  avia-builder-el-no-sibling '><h1 class='av-special-heading-tag '  itemprop=\"headline\"  >Remodelling and Renovation, Facade Redevelopment<\/h1><div class='av-subheading av-subheading_below'><p>Deuerlich Bookshop, G\u00f6ttingen<\/p>\n<\/div><div class=\"special-heading-border\"><div class=\"special-heading-inner-border\"><\/div><\/div><\/div><\/div><div class='flex_column_table av-dteqz-54eb39667d16c82cbeccb3348550474c sc-av_one_full av-equal-height-column-flextable'>\n<style type=\"text\/css\" data-created_by=\"avia_inline_auto\" id=\"style-css-av-dteqz-54eb39667d16c82cbeccb3348550474c\">\n#top .flex_column_table.av-equal-height-column-flextable.av-dteqz-54eb39667d16c82cbeccb3348550474c{\nmargin-top:0px;\nmargin-bottom:1%;\n}\n.flex_column.av-dteqz-54eb39667d16c82cbeccb3348550474c{\nwidth:100%;\nmargin-left:0;\n}\n#top .flex_column_table.av-equal-height-column-flextable.av-dteqz-54eb39667d16c82cbeccb3348550474c .av-flex-placeholder{\nwidth:0%;\n}\n<\/style>\n<div  class='flex_column av-dteqz-54eb39667d16c82cbeccb3348550474c av_one_full  avia-builder-el-2  el_after_av_one_full  el_before_av_one_full  first flex_column_table_cell av-equal-height-column av-align-middle  column-top-margin'     ><p>\n<style type=\"text\/css\" data-created_by=\"avia_inline_auto\" id=\"style-css-av-l3uaf09g-8800eac0de26b393a599b53fec4d2810\">\n.avia-image-container.av-l3uaf09g-8800eac0de26b393a599b53fec4d2810 img.avia_image{\nbox-shadow:none;\n}\n.avia-image-container.av-l3uaf09g-8800eac0de26b393a599b53fec4d2810 .av-image-caption-overlay-center{\ncolor:#ffffff;\n}\n<\/style>\n<div  class='avia-image-container av-l3uaf09g-8800eac0de26b393a599b53fec4d2810 av-styling-no-styling av-img-linked avia-align-left  avia-builder-el-3  el_before_av_textblock  avia-builder-el-first '   itemprop=\"image\" itemscope=\"itemscope\" itemtype=\"https:\/\/schema.org\/ImageObject\" ><div class=\"avia-image-container-inner\"><div class=\"avia-image-overlay-wrap\"><a href=\"https:\/\/www.schwieger-architekten.de\/wp-content\/uploads\/1996\/02\/deuerlich-foto.jpg\" data-srcset=\"https:\/\/www.schwieger-architekten.de\/wp-content\/uploads\/1996\/02\/deuerlich-foto.jpg 900w, https:\/\/www.schwieger-architekten.de\/wp-content\/uploads\/1996\/02\/deuerlich-foto-400x385.jpg 400w, https:\/\/www.schwieger-architekten.de\/wp-content\/uploads\/1996\/02\/deuerlich-foto-768x740.jpg 768w, https:\/\/www.schwieger-architekten.de\/wp-content\/uploads\/1996\/02\/deuerlich-foto-36x36.jpg 36w, https:\/\/www.schwieger-architekten.de\/wp-content\/uploads\/1996\/02\/deuerlich-foto-705x679.jpg 705w, https:\/\/www.schwieger-architekten.de\/wp-content\/uploads\/1996\/02\/deuerlich-foto-156x150.jpg 156w, https:\/\/www.schwieger-architekten.de\/wp-content\/uploads\/1996\/02\/deuerlich-foto-125x120.jpg 125w\" data-sizes=\"(max-width: 900px) 100vw, 900px\" class='avia_image '  aria-label='Conversion, renovation and fa\u00e7ade refurbishment of the half-timbered building of the Deuerlich bookshop in G\u00f6ttingen by Schwieger Architects.'><img decoding=\"async\" fetchpriority=\"high\" class='wp-image-2747 avia-img-lazy-loading-not-2747 avia_image ' src=\"https:\/\/www.schwieger-architekten.de\/wp-content\/uploads\/1996\/02\/deuerlich-foto.jpg\" alt='Conversion, renovation and fa\u00e7ade refurbishment of the half-timbered building of the Deuerlich bookshop in G\u00f6ttingen by Schwieger Architects.' title='Conversion, renovation and fa\u00e7ade refurbishment of the half-timbered building of the Deuerlich bookshop in G\u00f6ttingen by Schwieger Architects.'  height=\"867\" width=\"900\"  itemprop=\"thumbnailUrl\" srcset=\"https:\/\/www.schwieger-architekten.de\/wp-content\/uploads\/1996\/02\/deuerlich-foto.jpg 900w, https:\/\/www.schwieger-architekten.de\/wp-content\/uploads\/1996\/02\/deuerlich-foto-400x385.jpg 400w, https:\/\/www.schwieger-architekten.de\/wp-content\/uploads\/1996\/02\/deuerlich-foto-768x740.jpg 768w, https:\/\/www.schwieger-architekten.de\/wp-content\/uploads\/1996\/02\/deuerlich-foto-36x36.jpg 36w, https:\/\/www.schwieger-architekten.de\/wp-content\/uploads\/1996\/02\/deuerlich-foto-705x679.jpg 705w, https:\/\/www.schwieger-architekten.de\/wp-content\/uploads\/1996\/02\/deuerlich-foto-156x150.jpg 156w, https:\/\/www.schwieger-architekten.de\/wp-content\/uploads\/1996\/02\/deuerlich-foto-125x120.jpg 125w\" sizes=\"(max-width: 900px) 100vw, 900px\" \/><\/a><\/div><\/div><\/div><br \/>\n<section  class='av_textblock_section av-l3uafeaa-05294bcb32a65239ae6e181efddffc9a '   itemscope=\"itemscope\" itemtype=\"https:\/\/schema.org\/CreativeWork\" ><div class='avia_textblock'  itemprop=\"text\" ><p>after redevelopment<\/p>\n<\/div><\/section><\/p><\/div><\/div><!--close column table wrapper. Autoclose: 1 --><div class='flex_column_table av-883u3-4b70e9ed520df8421c8f780da5883c77 sc-av_one_full av-equal-height-column-flextable'>\n<style type=\"text\/css\" data-created_by=\"avia_inline_auto\" id=\"style-css-av-883u3-4b70e9ed520df8421c8f780da5883c77\">\n#top .flex_column_table.av-equal-height-column-flextable.av-883u3-4b70e9ed520df8421c8f780da5883c77{\nmargin-top:10px;\nmargin-bottom:10px;\n}\n.flex_column.av-883u3-4b70e9ed520df8421c8f780da5883c77{\nwidth:100%;\nmargin-left:0;\n}\n#top .flex_column_table.av-equal-height-column-flextable.av-883u3-4b70e9ed520df8421c8f780da5883c77 .av-flex-placeholder{\nwidth:0%;\n}\n<\/style>\n<div  class='flex_column av-883u3-4b70e9ed520df8421c8f780da5883c77 av_one_full  avia-builder-el-5  el_after_av_one_full  avia-builder-el-last  first flex_column_table_cell av-equal-height-column av-align-middle  column-top-margin'     ><p>\n<style type=\"text\/css\" data-created_by=\"avia_inline_auto\" id=\"style-css-av-l3uafvu1-901a3f23868443b60046b7e92f7d5202\">\n.avia-image-container.av-l3uafvu1-901a3f23868443b60046b7e92f7d5202 img.avia_image{\nbox-shadow:none;\n}\n.avia-image-container.av-l3uafvu1-901a3f23868443b60046b7e92f7d5202 .av-image-caption-overlay-center{\ncolor:#ffffff;\n}\n<\/style>\n<div  class='avia-image-container av-l3uafvu1-901a3f23868443b60046b7e92f7d5202 av-styling-no-styling av-img-linked avia-align-center  avia-builder-el-6  el_before_av_textblock  avia-builder-el-first '   itemprop=\"image\" itemscope=\"itemscope\" itemtype=\"https:\/\/schema.org\/ImageObject\" ><div class=\"avia-image-container-inner\"><div class=\"avia-image-overlay-wrap\"><a href=\"https:\/\/www.schwieger-architekten.de\/wp-content\/uploads\/1996\/02\/deuerlich-ansicht-1030x928.jpg\" data-srcset=\"https:\/\/www.schwieger-architekten.de\/wp-content\/uploads\/1996\/02\/deuerlich-ansicht-1030x928.jpg 1030w, https:\/\/www.schwieger-architekten.de\/wp-content\/uploads\/1996\/02\/deuerlich-ansicht-400x361.jpg 400w, https:\/\/www.schwieger-architekten.de\/wp-content\/uploads\/1996\/02\/deuerlich-ansicht-768x692.jpg 768w, https:\/\/www.schwieger-architekten.de\/wp-content\/uploads\/1996\/02\/deuerlich-ansicht-705x636.jpg 705w, https:\/\/www.schwieger-architekten.de\/wp-content\/uploads\/1996\/02\/deuerlich-ansicht-166x150.jpg 166w, https:\/\/www.schwieger-architekten.de\/wp-content\/uploads\/1996\/02\/deuerlich-ansicht-133x120.jpg 133w, https:\/\/www.schwieger-architekten.de\/wp-content\/uploads\/1996\/02\/deuerlich-ansicht.jpg 1400w\" data-sizes=\"(max-width: 1030px) 100vw, 1030px\" class='avia_image '  aria-label='Conversion, renovation and fa\u00e7ade refurbishment of the half-timbered building of the Deuerlich bookshop in G\u00f6ttingen by Schwieger Architects.'><img decoding=\"async\" fetchpriority=\"high\" class='wp-image-2749 avia-img-lazy-loading-not-2749 avia_image ' src=\"https:\/\/www.schwieger-architekten.de\/wp-content\/uploads\/1996\/02\/deuerlich-ansicht-1030x928.jpg\" alt='Conversion, renovation and fa\u00e7ade refurbishment of the half-timbered building of the Deuerlich bookshop in G\u00f6ttingen by Schwieger Architects.' title='Conversion, renovation and fa\u00e7ade refurbishment of the half-timbered building of the Deuerlich bookshop in G\u00f6ttingen by Schwieger Architects.'  height=\"928\" width=\"1030\"  itemprop=\"thumbnailUrl\" srcset=\"https:\/\/www.schwieger-architekten.de\/wp-content\/uploads\/1996\/02\/deuerlich-ansicht-1030x928.jpg 1030w, https:\/\/www.schwieger-architekten.de\/wp-content\/uploads\/1996\/02\/deuerlich-ansicht-400x361.jpg 400w, https:\/\/www.schwieger-architekten.de\/wp-content\/uploads\/1996\/02\/deuerlich-ansicht-768x692.jpg 768w, https:\/\/www.schwieger-architekten.de\/wp-content\/uploads\/1996\/02\/deuerlich-ansicht-705x636.jpg 705w, https:\/\/www.schwieger-architekten.de\/wp-content\/uploads\/1996\/02\/deuerlich-ansicht-166x150.jpg 166w, https:\/\/www.schwieger-architekten.de\/wp-content\/uploads\/1996\/02\/deuerlich-ansicht-133x120.jpg 133w, https:\/\/www.schwieger-architekten.de\/wp-content\/uploads\/1996\/02\/deuerlich-ansicht.jpg 1400w\" sizes=\"(max-width: 1030px) 100vw, 1030px\" \/><\/a><\/div><\/div><\/div><br \/>\n<section  class='av_textblock_section av-l3uag433-0a2ca24c2b5f662fd05111aac73babb7 '   itemscope=\"itemscope\" itemtype=\"https:\/\/schema.org\/CreativeWork\" ><div class='avia_textblock'  itemprop=\"text\" ><p>after the facade renovation<\/p>\n<\/div><\/section><\/p><\/div><\/div><!--close column table wrapper. Autoclose: 1 --><\/p>\n","protected":false},"excerpt":{"rendered":"<p>Deuerlich Bookshop, G\u00f6ttingen<\/p>\n","protected":false},"author":1,"featured_media":293,"comment_status":"closed","ping_status":"closed","template":"","meta":{"footnotes":""},"tags":[],"portfolio_entries":[49],"class_list":["post-2640","portfolio","type-portfolio","status-publish","has-post-thumbnail","hentry","portfolio_entries-construction-in-existing-structures-redevelopment-preservation"],"yoast_head":"<!-- This site is optimized with the Yoast SEO plugin v27.0 - https:\/\/yoast.com\/product\/yoast-seo-wordpress\/ -->\n<title>Bookshop Deuerlich G\u00f6ttingen | Schwieger Architects G\u00f6ttingen<\/title>\n<meta name=\"description\" content=\"Conversion, renovation and fa\u00e7ade refurbishment of the half-timbered building of the Deuerlich bookshop in G\u00f6ttingen by Schwieger Architects.\" \/>\n<meta name=\"robots\" content=\"index, follow, max-snippet:-1, max-image-preview:large, max-video-preview:-1\" \/>\n<link rel=\"canonical\" href=\"https:\/\/www.schwieger-architekten.de\/en\/projekt\/bookshop-deuerlich-goettingen\/\" \/>\n<meta property=\"og:locale\" content=\"en_US\" \/>\n<meta property=\"og:type\" content=\"article\" \/>\n<meta property=\"og:title\" content=\"Bookshop Deuerlich G\u00f6ttingen | Schwieger Architects G\u00f6ttingen\" \/>\n<meta property=\"og:description\" content=\"Conversion, renovation and fa\u00e7ade refurbishment of the half-timbered building of the Deuerlich bookshop in G\u00f6ttingen by Schwieger Architects.\" \/>\n<meta property=\"og:url\" content=\"https:\/\/www.schwieger-architekten.de\/en\/projekt\/bookshop-deuerlich-goettingen\/\" \/>\n<meta property=\"og:site_name\" content=\"Schwieger Architekten\" \/>\n<meta property=\"article:modified_time\" content=\"2023-06-06T14:08:22+00:00\" \/>\n<meta property=\"og:image\" content=\"https:\/\/www.schwieger-architekten.de\/wp-content\/uploads\/2022\/02\/buchhandlung-deuerlich.jpg\" \/>\n\t<meta property=\"og:image:width\" content=\"900\" \/>\n\t<meta property=\"og:image:height\" content=\"600\" \/>\n\t<meta property=\"og:image:type\" content=\"image\/jpeg\" \/>\n<meta name=\"twitter:card\" content=\"summary_large_image\" \/>\n<meta name=\"twitter:label1\" content=\"Est. reading time\" \/>\n\t<meta name=\"twitter:data1\" content=\"6 minutes\" \/>\n<script type=\"application\/ld+json\" class=\"yoast-schema-graph\">{\"@context\":\"https:\/\/schema.org\",\"@graph\":[{\"@type\":\"WebPage\",\"@id\":\"https:\/\/www.schwieger-architekten.de\/en\/projekt\/bookshop-deuerlich-goettingen\/\",\"url\":\"https:\/\/www.schwieger-architekten.de\/en\/projekt\/bookshop-deuerlich-goettingen\/\",\"name\":\"Bookshop Deuerlich G\u00f6ttingen | Schwieger Architects G\u00f6ttingen\",\"isPartOf\":{\"@id\":\"https:\/\/www.schwieger-architekten.de\/en\/#website\"},\"primaryImageOfPage\":{\"@id\":\"https:\/\/www.schwieger-architekten.de\/en\/projekt\/bookshop-deuerlich-goettingen\/#primaryimage\"},\"image\":{\"@id\":\"https:\/\/www.schwieger-architekten.de\/en\/projekt\/bookshop-deuerlich-goettingen\/#primaryimage\"},\"thumbnailUrl\":\"https:\/\/www.schwieger-architekten.de\/wp-content\/uploads\/2022\/02\/buchhandlung-deuerlich.jpg\",\"datePublished\":\"1996-02-25T11:26:21+00:00\",\"dateModified\":\"2023-06-06T14:08:22+00:00\",\"description\":\"Conversion, renovation and fa\u00e7ade refurbishment of the half-timbered building of the Deuerlich bookshop in G\u00f6ttingen by Schwieger Architects.\",\"breadcrumb\":{\"@id\":\"https:\/\/www.schwieger-architekten.de\/en\/projekt\/bookshop-deuerlich-goettingen\/#breadcrumb\"},\"inLanguage\":\"en-US\",\"potentialAction\":[{\"@type\":\"ReadAction\",\"target\":[\"https:\/\/www.schwieger-architekten.de\/en\/projekt\/bookshop-deuerlich-goettingen\/\"]}]},{\"@type\":\"ImageObject\",\"inLanguage\":\"en-US\",\"@id\":\"https:\/\/www.schwieger-architekten.de\/en\/projekt\/bookshop-deuerlich-goettingen\/#primaryimage\",\"url\":\"https:\/\/www.schwieger-architekten.de\/wp-content\/uploads\/2022\/02\/buchhandlung-deuerlich.jpg\",\"contentUrl\":\"https:\/\/www.schwieger-architekten.de\/wp-content\/uploads\/2022\/02\/buchhandlung-deuerlich.jpg\",\"width\":900,\"height\":600},{\"@type\":\"BreadcrumbList\",\"@id\":\"https:\/\/www.schwieger-architekten.de\/en\/projekt\/bookshop-deuerlich-goettingen\/#breadcrumb\",\"itemListElement\":[{\"@type\":\"ListItem\",\"position\":1,\"name\":\"Startseite\",\"item\":\"https:\/\/www.schwieger-architekten.de\/en\/philosophie\/\"},{\"@type\":\"ListItem\",\"position\":2,\"name\":\"Remodelling and Renovation, Facade Redevelopment\"}]},{\"@type\":\"WebSite\",\"@id\":\"https:\/\/www.schwieger-architekten.de\/en\/#website\",\"url\":\"https:\/\/www.schwieger-architekten.de\/en\/\",\"name\":\"Schwieger Architekten\",\"description\":\"Schwieger Architekten G\u00f6ttingen\",\"potentialAction\":[{\"@type\":\"SearchAction\",\"target\":{\"@type\":\"EntryPoint\",\"urlTemplate\":\"https:\/\/www.schwieger-architekten.de\/en\/?s={search_term_string}\"},\"query-input\":{\"@type\":\"PropertyValueSpecification\",\"valueRequired\":true,\"valueName\":\"search_term_string\"}}],\"inLanguage\":\"en-US\"}]}<\/script>\n<!-- \/ Yoast SEO plugin. -->","yoast_head_json":{"title":"Bookshop Deuerlich G\u00f6ttingen | Schwieger Architects G\u00f6ttingen","description":"Conversion, renovation and fa\u00e7ade refurbishment of the half-timbered building of the Deuerlich bookshop in G\u00f6ttingen by Schwieger Architects.","robots":{"index":"index","follow":"follow","max-snippet":"max-snippet:-1","max-image-preview":"max-image-preview:large","max-video-preview":"max-video-preview:-1"},"canonical":"https:\/\/www.schwieger-architekten.de\/en\/projekt\/bookshop-deuerlich-goettingen\/","og_locale":"en_US","og_type":"article","og_title":"Bookshop Deuerlich G\u00f6ttingen | Schwieger Architects G\u00f6ttingen","og_description":"Conversion, renovation and fa\u00e7ade refurbishment of the half-timbered building of the Deuerlich bookshop in G\u00f6ttingen by Schwieger Architects.","og_url":"https:\/\/www.schwieger-architekten.de\/en\/projekt\/bookshop-deuerlich-goettingen\/","og_site_name":"Schwieger Architekten","article_modified_time":"2023-06-06T14:08:22+00:00","og_image":[{"width":900,"height":600,"url":"https:\/\/www.schwieger-architekten.de\/wp-content\/uploads\/2022\/02\/buchhandlung-deuerlich.jpg","type":"image\/jpeg"}],"twitter_card":"summary_large_image","twitter_misc":{"Est. reading time":"6 minutes"},"schema":{"@context":"https:\/\/schema.org","@graph":[{"@type":"WebPage","@id":"https:\/\/www.schwieger-architekten.de\/en\/projekt\/bookshop-deuerlich-goettingen\/","url":"https:\/\/www.schwieger-architekten.de\/en\/projekt\/bookshop-deuerlich-goettingen\/","name":"Bookshop Deuerlich G\u00f6ttingen | Schwieger Architects G\u00f6ttingen","isPartOf":{"@id":"https:\/\/www.schwieger-architekten.de\/en\/#website"},"primaryImageOfPage":{"@id":"https:\/\/www.schwieger-architekten.de\/en\/projekt\/bookshop-deuerlich-goettingen\/#primaryimage"},"image":{"@id":"https:\/\/www.schwieger-architekten.de\/en\/projekt\/bookshop-deuerlich-goettingen\/#primaryimage"},"thumbnailUrl":"https:\/\/www.schwieger-architekten.de\/wp-content\/uploads\/2022\/02\/buchhandlung-deuerlich.jpg","datePublished":"1996-02-25T11:26:21+00:00","dateModified":"2023-06-06T14:08:22+00:00","description":"Conversion, renovation and fa\u00e7ade refurbishment of the half-timbered building of the Deuerlich bookshop in G\u00f6ttingen by Schwieger Architects.","breadcrumb":{"@id":"https:\/\/www.schwieger-architekten.de\/en\/projekt\/bookshop-deuerlich-goettingen\/#breadcrumb"},"inLanguage":"en-US","potentialAction":[{"@type":"ReadAction","target":["https:\/\/www.schwieger-architekten.de\/en\/projekt\/bookshop-deuerlich-goettingen\/"]}]},{"@type":"ImageObject","inLanguage":"en-US","@id":"https:\/\/www.schwieger-architekten.de\/en\/projekt\/bookshop-deuerlich-goettingen\/#primaryimage","url":"https:\/\/www.schwieger-architekten.de\/wp-content\/uploads\/2022\/02\/buchhandlung-deuerlich.jpg","contentUrl":"https:\/\/www.schwieger-architekten.de\/wp-content\/uploads\/2022\/02\/buchhandlung-deuerlich.jpg","width":900,"height":600},{"@type":"BreadcrumbList","@id":"https:\/\/www.schwieger-architekten.de\/en\/projekt\/bookshop-deuerlich-goettingen\/#breadcrumb","itemListElement":[{"@type":"ListItem","position":1,"name":"Startseite","item":"https:\/\/www.schwieger-architekten.de\/en\/philosophie\/"},{"@type":"ListItem","position":2,"name":"Remodelling and Renovation, Facade Redevelopment"}]},{"@type":"WebSite","@id":"https:\/\/www.schwieger-architekten.de\/en\/#website","url":"https:\/\/www.schwieger-architekten.de\/en\/","name":"Schwieger Architekten","description":"Schwieger Architekten G\u00f6ttingen","potentialAction":[{"@type":"SearchAction","target":{"@type":"EntryPoint","urlTemplate":"https:\/\/www.schwieger-architekten.de\/en\/?s={search_term_string}"},"query-input":{"@type":"PropertyValueSpecification","valueRequired":true,"valueName":"search_term_string"}}],"inLanguage":"en-US"}]}},"_links":{"self":[{"href":"https:\/\/www.schwieger-architekten.de\/en\/wp-json\/wp\/v2\/portfolio\/2640","targetHints":{"allow":["GET"]}}],"collection":[{"href":"https:\/\/www.schwieger-architekten.de\/en\/wp-json\/wp\/v2\/portfolio"}],"about":[{"href":"https:\/\/www.schwieger-architekten.de\/en\/wp-json\/wp\/v2\/types\/portfolio"}],"author":[{"embeddable":true,"href":"https:\/\/www.schwieger-architekten.de\/en\/wp-json\/wp\/v2\/users\/1"}],"replies":[{"embeddable":true,"href":"https:\/\/www.schwieger-architekten.de\/en\/wp-json\/wp\/v2\/comments?post=2640"}],"version-history":[{"count":3,"href":"https:\/\/www.schwieger-architekten.de\/en\/wp-json\/wp\/v2\/portfolio\/2640\/revisions"}],"predecessor-version":[{"id":2994,"href":"https:\/\/www.schwieger-architekten.de\/en\/wp-json\/wp\/v2\/portfolio\/2640\/revisions\/2994"}],"wp:featuredmedia":[{"embeddable":true,"href":"https:\/\/www.schwieger-architekten.de\/en\/wp-json\/wp\/v2\/media\/293"}],"wp:attachment":[{"href":"https:\/\/www.schwieger-architekten.de\/en\/wp-json\/wp\/v2\/media?parent=2640"}],"wp:term":[{"taxonomy":"post_tag","embeddable":true,"href":"https:\/\/www.schwieger-architekten.de\/en\/wp-json\/wp\/v2\/tags?post=2640"},{"taxonomy":"portfolio_entries","embeddable":true,"href":"https:\/\/www.schwieger-architekten.de\/en\/wp-json\/wp\/v2\/portfolio_entries?post=2640"}],"curies":[{"name":"wp","href":"https:\/\/api.w.org\/{rel}","templated":true}]}}