{"id":2648,"date":"1994-02-25T12:26:32","date_gmt":"1994-02-25T11:26:32","guid":{"rendered":"http:\/\/relaunch2022.schwieger-architekten.de\/projekt\/boerner-quarter-goettingen\/"},"modified":"2026-04-27T08:39:28","modified_gmt":"2026-04-27T06:39:28","slug":"boerner-quarter-goettingen","status":"publish","type":"portfolio","link":"https:\/\/www.schwieger-architekten.de\/en\/projekt\/boerner-quarter-goettingen\/","title":{"rendered":"B\u00f6rner Quarter G\u00f6ttingen"},"content":{"rendered":"<div  id=\"ProjectHeaderContainer\"  class='flex_column av-rgkul-55e38038b96e43dc38be8f2f673a8b7a av_one_full  avia-builder-el-0  el_before_av_one_full  avia-builder-el-first  first flex_column_div  '     ><p>\n<style type=\"text\/css\" data-created_by=\"avia_inline_auto\" id=\"style-css-av-l3lep235-b7958fdb1b497377e9b844cf8f64556e\">\n#top .av-special-heading.av-l3lep235-b7958fdb1b497377e9b844cf8f64556e{\npadding-bottom:10px;\n}\nbody .av-special-heading.av-l3lep235-b7958fdb1b497377e9b844cf8f64556e .av-special-heading-tag .heading-char{\nfont-size:25px;\n}\n.av-special-heading.av-l3lep235-b7958fdb1b497377e9b844cf8f64556e .av-subheading{\nfont-size:15px;\n}\n<\/style>\n<div  id=\"ProjectHeader\"  class='av-special-heading av-l3lep235-b7958fdb1b497377e9b844cf8f64556e av-special-heading-h1 blockquote modern-quote  avia-builder-el-1  el_before_av_textblock  avia-builder-el-first '><h1 class='av-special-heading-tag '  itemprop=\"headline\"  >B\u00f6rner Quarter G\u00f6ttingen<\/h1><div class=\"special-heading-border\"><div class=\"special-heading-inner-border\"><\/div><\/div><\/div><br \/>\n<section  class='av_textblock_section av-l3lepwnr-5da38d53edf36dbfd53012175a98cce9 '   itemscope=\"itemscope\" itemtype=\"https:\/\/schema.org\/CreativeWork\" ><div class='avia_textblock'  itemprop=\"text\" ><p>Haus B\u00f6rner, the first half-timbered house of the Renaissance in G\u00f6ttingen dating from 1539, is today the entrance to the Gr\u00fcner Hof and the Steinernen Hof between Barf\u00fc\u00dfer Stra\u00dfe and Rote Stra\u00dfe in G\u00f6ttingen&#8217;s old town.<\/p>\n<p>The aim was to retain as much of the old building fabric as possible in order to preserve the character and charm of this unique ensemble, where the B\u00f6rner meat factory was established in the 19th century alongside other businesses. <\/p>\n<p>Prize award in the federal competition &#8220;New Life in Old Buildings&#8221;, exhibition staged by the German Architecture Museum Frankfurt\/ M., 2000<\/p>\n<\/div><\/section><br \/>\n\n<style type=\"text\/css\" data-created_by=\"avia_inline_auto\" id=\"style-css-av-lee4ho1e-64e97273aa732ecad9be36cfffa1925e\">\n#top .av-special-heading.av-lee4ho1e-64e97273aa732ecad9be36cfffa1925e{\npadding-bottom:10px;\n}\nbody .av-special-heading.av-lee4ho1e-64e97273aa732ecad9be36cfffa1925e .av-special-heading-tag .heading-char{\nfont-size:25px;\n}\n.av-special-heading.av-lee4ho1e-64e97273aa732ecad9be36cfffa1925e .av-subheading{\nfont-size:15px;\n}\n<\/style>\n<div  id=\"ProjectHeader\"  class='av-special-heading av-lee4ho1e-64e97273aa732ecad9be36cfffa1925e av-special-heading-h1 blockquote modern-quote  avia-builder-el-3  el_after_av_textblock  el_before_av_textblock '><h1 class='av-special-heading-tag '  itemprop=\"headline\"  >The time is ripe for a new life in the city centre <\/h1><div class=\"special-heading-border\"><div class=\"special-heading-inner-border\"><\/div><\/div><\/div><br \/>\n<section  class='av_textblock_section av-lee4k2hk-72421ebf63b8ac9000b4c6c4ba91fcd0 '   itemscope=\"itemscope\" itemtype=\"https:\/\/schema.org\/CreativeWork\" ><div class='avia_textblock'  itemprop=\"text\" ><p>The key to the city is the enthusiasm to live in it, to enjoy its advantages and, moreover, to find a diverse offer.<\/p>\n<p>We have always sought challenges. We were able to realise a concept in the Rotenstrasse and Barf\u00fc\u00dfer Strasse. It took us two years completely. The work has been extremely satisfying.<\/p>\n<p>Initially, we were looking for a concept and sketched out a vision. Then the practical issues took over. Once the identifiable problems were solved, deadlines had to be planned and met and bold decisions had to be made quickly. This process was not always easy, often nerve-wracking, painful, but also fulfilling.   <\/p>\n<p><span style=\"color: #ffffff;\">In the architect Hansjochen Schwieger, with whom I have had a very friendly working relationship for many years, I have found a partner to whom the demolition or destruction of an old building feels like self-harm, just as it does to me.<\/span><\/p>\n<p>Upheaval and change are firmly anchored in this quarter &#8211; in this neighbourhood.<\/p>\n<p>Just as in times past the city constantly adapted to the needs of its inhabitants, we are earnestly striving to shape a new environment that offers exchange of information and opinions and good food.<\/p>\n<p>Visitors to this quarter encounter new and old. A quarter that has its own special character. The challenge is to use this character as a basis and gradually &#8211; during the construction period and in the future &#8211; to revitalize it with something new.  <\/p>\n<p>As you can see, it is not absolutely necessary to create new, fashionable architecture for the overall design. The predominantly old alongside a new decorative ambience creates the special and fascinating contrast we expect. <\/p>\n<p>The tension of the old and the new runs like an electric current through the whole neighbourhood.<\/p>\n<p>Some recent, considerably more comprehensive examples of modern urban architecture are a good illustration of how harmoniously the old and the new blend together:<\/p>\n<ul>\n<li>Paris train station<\/li>\n<li>Musee d&#8217;Orsay<\/li>\n<li>Harbour storage in London<\/li>\n<li>Fleetinsel in Hamburg.<\/li>\n<\/ul>\n<p>I would like to refer again to the neutral structures and the materials of the neighbourhood and their facilities. Together with the colours, they form an effective alliance. They literally blend together so that the colour does not distract but becomes part of the structure, the patterns and especially the mood of the whole.  <\/p>\n<p>The builder Heinz Peter Adams in June 1998<\/p>\n<\/div><\/section><br \/>\n\n<style type=\"text\/css\" data-created_by=\"avia_inline_auto\" id=\"style-css-av-bquc5-faafde900abcac1817dd036dd470874c\">\n#top .hr.hr-invisible.av-bquc5-faafde900abcac1817dd036dd470874c{\nheight:50px;\n}\n<\/style>\n<div  class='hr av-bquc5-faafde900abcac1817dd036dd470874c hr-invisible  avia-builder-el-5  el_after_av_textblock  avia-builder-el-last '><span class='hr-inner '><span class=\"hr-inner-style\"><\/span><\/span><\/div><\/p><\/div>\n<div class='flex_column_table av-in2al-03a3744e53bad2483de0d5c40f03b724 sc-av_one_full av-equal-height-column-flextable'>\n<style type=\"text\/css\" data-created_by=\"avia_inline_auto\" id=\"style-css-av-in2al-03a3744e53bad2483de0d5c40f03b724\">\n#top .flex_column_table.av-equal-height-column-flextable.av-in2al-03a3744e53bad2483de0d5c40f03b724{\nmargin-top:0px;\nmargin-bottom:1%;\n}\n.flex_column.av-in2al-03a3744e53bad2483de0d5c40f03b724{\nwidth:100%;\nmargin-left:0;\n}\n#top .flex_column_table.av-equal-height-column-flextable.av-in2al-03a3744e53bad2483de0d5c40f03b724 .av-flex-placeholder{\nwidth:0%;\n}\n<\/style>\n<div  class='flex_column av-in2al-03a3744e53bad2483de0d5c40f03b724 av_one_full  avia-builder-el-6  el_after_av_one_full  el_before_av_one_full  first flex_column_table_cell av-equal-height-column av-align-middle  column-top-margin'     ><p>\n<style type=\"text\/css\" data-created_by=\"avia_inline_auto\" id=\"style-css-av-l3leqm94-15cf00c1648207fde31e5ace699e1825\">\n.avia-image-container.av-l3leqm94-15cf00c1648207fde31e5ace699e1825 img.avia_image{\nbox-shadow:none;\n}\n.avia-image-container.av-l3leqm94-15cf00c1648207fde31e5ace699e1825 .av-image-caption-overlay-center{\ncolor:#ffffff;\n}\n<\/style>\n<div  class='avia-image-container av-l3leqm94-15cf00c1648207fde31e5ace699e1825 av-styling-no-styling av-img-linked avia-align-center  avia-builder-el-7  el_before_av_textblock  avia-builder-el-first '   itemprop=\"image\" itemscope=\"itemscope\" itemtype=\"https:\/\/schema.org\/ImageObject\" ><div class=\"avia-image-container-inner\"><div class=\"avia-image-overlay-wrap\"><a href=\"https:\/\/www.schwieger-architekten.de\/wp-content\/uploads\/1994\/02\/boerner-viertel-goettingen-modell-1030x654.jpg\" data-srcset=\"https:\/\/www.schwieger-architekten.de\/wp-content\/uploads\/1994\/02\/boerner-viertel-goettingen-modell-1030x654.jpg 1030w, https:\/\/www.schwieger-architekten.de\/wp-content\/uploads\/1994\/02\/boerner-viertel-goettingen-modell-400x254.jpg 400w, https:\/\/www.schwieger-architekten.de\/wp-content\/uploads\/1994\/02\/boerner-viertel-goettingen-modell-768x488.jpg 768w, https:\/\/www.schwieger-architekten.de\/wp-content\/uploads\/1994\/02\/boerner-viertel-goettingen-modell-1536x975.jpg 1536w, https:\/\/www.schwieger-architekten.de\/wp-content\/uploads\/1994\/02\/boerner-viertel-goettingen-modell-1500x953.jpg 1500w, https:\/\/www.schwieger-architekten.de\/wp-content\/uploads\/1994\/02\/boerner-viertel-goettingen-modell-705x448.jpg 705w, https:\/\/www.schwieger-architekten.de\/wp-content\/uploads\/1994\/02\/boerner-viertel-goettingen-modell-236x150.jpg 236w, https:\/\/www.schwieger-architekten.de\/wp-content\/uploads\/1994\/02\/boerner-viertel-goettingen-modell-189x120.jpg 189w, https:\/\/www.schwieger-architekten.de\/wp-content\/uploads\/1994\/02\/boerner-viertel-goettingen-modell.jpg 1600w\" data-sizes=\"(max-width: 1030px) 100vw, 1030px\" class='avia_image '  aria-label='B\u00f6rner Viertel G\u00f6ttingen'><img decoding=\"async\" fetchpriority=\"high\" class='wp-image-1697 avia-img-lazy-loading-not-1697 avia_image ' src=\"https:\/\/www.schwieger-architekten.de\/wp-content\/uploads\/1994\/02\/boerner-viertel-goettingen-modell-1030x654.jpg\" alt='B\u00f6rner Viertel G\u00f6ttingen' title='B\u00f6rner Viertel G\u00f6ttingen'  height=\"654\" width=\"1030\"  itemprop=\"thumbnailUrl\" srcset=\"https:\/\/www.schwieger-architekten.de\/wp-content\/uploads\/1994\/02\/boerner-viertel-goettingen-modell-1030x654.jpg 1030w, https:\/\/www.schwieger-architekten.de\/wp-content\/uploads\/1994\/02\/boerner-viertel-goettingen-modell-400x254.jpg 400w, https:\/\/www.schwieger-architekten.de\/wp-content\/uploads\/1994\/02\/boerner-viertel-goettingen-modell-768x488.jpg 768w, https:\/\/www.schwieger-architekten.de\/wp-content\/uploads\/1994\/02\/boerner-viertel-goettingen-modell-1536x975.jpg 1536w, https:\/\/www.schwieger-architekten.de\/wp-content\/uploads\/1994\/02\/boerner-viertel-goettingen-modell-1500x953.jpg 1500w, https:\/\/www.schwieger-architekten.de\/wp-content\/uploads\/1994\/02\/boerner-viertel-goettingen-modell-705x448.jpg 705w, https:\/\/www.schwieger-architekten.de\/wp-content\/uploads\/1994\/02\/boerner-viertel-goettingen-modell-236x150.jpg 236w, https:\/\/www.schwieger-architekten.de\/wp-content\/uploads\/1994\/02\/boerner-viertel-goettingen-modell-189x120.jpg 189w, https:\/\/www.schwieger-architekten.de\/wp-content\/uploads\/1994\/02\/boerner-viertel-goettingen-modell.jpg 1600w\" sizes=\"(max-width: 1030px) 100vw, 1030px\" \/><\/a><\/div><\/div><\/div><br \/>\n<section  class='av_textblock_section av-l3leqq3a-b7c43abcb4da21bee85eb88154de73ec '   itemscope=\"itemscope\" itemtype=\"https:\/\/schema.org\/CreativeWork\" ><div class='avia_textblock'  itemprop=\"text\" ><p>model<\/p>\n<\/div><\/section><\/p><\/div><\/div><!--close column table wrapper. Autoclose: 1 -->\n<div class='flex_column_table av-h5zst-a1be894884b9a8478d561fb4121e42cf sc-av_one_full av-equal-height-column-flextable'>\n<style type=\"text\/css\" data-created_by=\"avia_inline_auto\" id=\"style-css-av-h5zst-a1be894884b9a8478d561fb4121e42cf\">\n#top .flex_column_table.av-equal-height-column-flextable.av-h5zst-a1be894884b9a8478d561fb4121e42cf{\nmargin-top:10px;\nmargin-bottom:10px;\n}\n.flex_column.av-h5zst-a1be894884b9a8478d561fb4121e42cf{\nwidth:100%;\nmargin-left:0;\n}\n#top .flex_column_table.av-equal-height-column-flextable.av-h5zst-a1be894884b9a8478d561fb4121e42cf .av-flex-placeholder{\nwidth:0%;\n}\n<\/style>\n<div  class='flex_column av-h5zst-a1be894884b9a8478d561fb4121e42cf av_one_full  avia-builder-el-9  el_after_av_one_full  el_before_av_one_full  first flex_column_table_cell av-equal-height-column av-align-middle  column-top-margin'     ><p>\n<style type=\"text\/css\" data-created_by=\"avia_inline_auto\" id=\"style-css-av-l3ler0cm-60cd5d21ac8fde3fdb784bbf3377d1d0\">\n.avia-image-container.av-l3ler0cm-60cd5d21ac8fde3fdb784bbf3377d1d0 img.avia_image{\nbox-shadow:none;\n}\n.avia-image-container.av-l3ler0cm-60cd5d21ac8fde3fdb784bbf3377d1d0 .av-image-caption-overlay-center{\ncolor:#ffffff;\n}\n<\/style>\n<div  class='avia-image-container av-l3ler0cm-60cd5d21ac8fde3fdb784bbf3377d1d0 av-styling-no-styling av-img-linked avia-align-center  avia-builder-el-10  el_before_av_textblock  avia-builder-el-first '   itemprop=\"image\" itemscope=\"itemscope\" itemtype=\"https:\/\/schema.org\/ImageObject\" ><div class=\"avia-image-container-inner\"><div class=\"avia-image-overlay-wrap\"><a href=\"https:\/\/www.schwieger-architekten.de\/wp-content\/uploads\/1994\/02\/boerner-viertel-goettingen-steinerner-hof-1030x654.jpg\" data-srcset=\"https:\/\/www.schwieger-architekten.de\/wp-content\/uploads\/1994\/02\/boerner-viertel-goettingen-steinerner-hof-1030x654.jpg 1030w, https:\/\/www.schwieger-architekten.de\/wp-content\/uploads\/1994\/02\/boerner-viertel-goettingen-steinerner-hof-400x254.jpg 400w, https:\/\/www.schwieger-architekten.de\/wp-content\/uploads\/1994\/02\/boerner-viertel-goettingen-steinerner-hof-768x488.jpg 768w, https:\/\/www.schwieger-architekten.de\/wp-content\/uploads\/1994\/02\/boerner-viertel-goettingen-steinerner-hof-1536x976.jpg 1536w, https:\/\/www.schwieger-architekten.de\/wp-content\/uploads\/1994\/02\/boerner-viertel-goettingen-steinerner-hof-1500x953.jpg 1500w, https:\/\/www.schwieger-architekten.de\/wp-content\/uploads\/1994\/02\/boerner-viertel-goettingen-steinerner-hof-705x448.jpg 705w, https:\/\/www.schwieger-architekten.de\/wp-content\/uploads\/1994\/02\/boerner-viertel-goettingen-steinerner-hof-236x150.jpg 236w, https:\/\/www.schwieger-architekten.de\/wp-content\/uploads\/1994\/02\/boerner-viertel-goettingen-steinerner-hof-189x120.jpg 189w, https:\/\/www.schwieger-architekten.de\/wp-content\/uploads\/1994\/02\/boerner-viertel-goettingen-steinerner-hof.jpg 1850w\" data-sizes=\"(max-width: 1030px) 100vw, 1030px\" class='avia_image '  aria-label='boerner-viertel-goettingen-steinerner-hof'><img decoding=\"async\" fetchpriority=\"high\" class='wp-image-1693 avia-img-lazy-loading-not-1693 avia_image ' src=\"https:\/\/www.schwieger-architekten.de\/wp-content\/uploads\/1994\/02\/boerner-viertel-goettingen-steinerner-hof-1030x654.jpg\" alt='B\u00f6rner Viertel G\u00f6ttingen' title='boerner-viertel-goettingen-steinerner-hof'  height=\"654\" width=\"1030\"  itemprop=\"thumbnailUrl\" srcset=\"https:\/\/www.schwieger-architekten.de\/wp-content\/uploads\/1994\/02\/boerner-viertel-goettingen-steinerner-hof-1030x654.jpg 1030w, https:\/\/www.schwieger-architekten.de\/wp-content\/uploads\/1994\/02\/boerner-viertel-goettingen-steinerner-hof-400x254.jpg 400w, https:\/\/www.schwieger-architekten.de\/wp-content\/uploads\/1994\/02\/boerner-viertel-goettingen-steinerner-hof-768x488.jpg 768w, https:\/\/www.schwieger-architekten.de\/wp-content\/uploads\/1994\/02\/boerner-viertel-goettingen-steinerner-hof-1536x976.jpg 1536w, https:\/\/www.schwieger-architekten.de\/wp-content\/uploads\/1994\/02\/boerner-viertel-goettingen-steinerner-hof-1500x953.jpg 1500w, https:\/\/www.schwieger-architekten.de\/wp-content\/uploads\/1994\/02\/boerner-viertel-goettingen-steinerner-hof-705x448.jpg 705w, https:\/\/www.schwieger-architekten.de\/wp-content\/uploads\/1994\/02\/boerner-viertel-goettingen-steinerner-hof-236x150.jpg 236w, https:\/\/www.schwieger-architekten.de\/wp-content\/uploads\/1994\/02\/boerner-viertel-goettingen-steinerner-hof-189x120.jpg 189w, https:\/\/www.schwieger-architekten.de\/wp-content\/uploads\/1994\/02\/boerner-viertel-goettingen-steinerner-hof.jpg 1850w\" sizes=\"(max-width: 1030px) 100vw, 1030px\" \/><\/a><\/div><\/div><\/div><br \/>\n<section  class='av_textblock_section av-l3ler3tl-1dbca304b37b340c2f2bc2dd2d5f3ce5 '   itemscope=\"itemscope\" itemtype=\"https:\/\/schema.org\/CreativeWork\" ><div class='avia_textblock'  itemprop=\"text\" ><p>view to passage<\/p>\n<\/div><\/section><\/p><\/div><\/div><!--close column table wrapper. Autoclose: 1 -->\n<div class='flex_column_table av-9zhh1-3051ec97027d6a253d92e55f74553908 sc-av_one_full av-equal-height-column-flextable'>\n<style type=\"text\/css\" data-created_by=\"avia_inline_auto\" id=\"style-css-av-9zhh1-3051ec97027d6a253d92e55f74553908\">\n#top .flex_column_table.av-equal-height-column-flextable.av-9zhh1-3051ec97027d6a253d92e55f74553908{\nmargin-top:10px;\nmargin-bottom:10px;\n}\n.flex_column.av-9zhh1-3051ec97027d6a253d92e55f74553908{\nwidth:100%;\nmargin-left:0;\n}\n#top .flex_column_table.av-equal-height-column-flextable.av-9zhh1-3051ec97027d6a253d92e55f74553908 .av-flex-placeholder{\nwidth:0%;\n}\n<\/style>\n<div  class='flex_column av-9zhh1-3051ec97027d6a253d92e55f74553908 av_one_full  avia-builder-el-12  el_after_av_one_full  el_before_av_one_full  first flex_column_table_cell av-equal-height-column av-align-middle  column-top-margin'     ><p>\n<style type=\"text\/css\" data-created_by=\"avia_inline_auto\" id=\"style-css-av-l3lerkql-a2b7a5fe0b0b7383514964954f595b4b\">\n.avia-image-container.av-l3lerkql-a2b7a5fe0b0b7383514964954f595b4b img.avia_image{\nbox-shadow:none;\n}\n.avia-image-container.av-l3lerkql-a2b7a5fe0b0b7383514964954f595b4b .av-image-caption-overlay-center{\ncolor:#ffffff;\n}\n<\/style>\n<div  class='avia-image-container av-l3lerkql-a2b7a5fe0b0b7383514964954f595b4b av-styling-no-styling av-img-linked avia-align-center  avia-builder-el-13  el_before_av_textblock  avia-builder-el-first '   itemprop=\"image\" itemscope=\"itemscope\" itemtype=\"https:\/\/schema.org\/ImageObject\" ><div class=\"avia-image-container-inner\"><div class=\"avia-image-overlay-wrap\"><a href=\"https:\/\/www.schwieger-architekten.de\/wp-content\/uploads\/1994\/02\/boerner-viertel-goettingen-pools-1030x658.jpg\" data-srcset=\"https:\/\/www.schwieger-architekten.de\/wp-content\/uploads\/1994\/02\/boerner-viertel-goettingen-pools-1030x658.jpg 1030w, https:\/\/www.schwieger-architekten.de\/wp-content\/uploads\/1994\/02\/boerner-viertel-goettingen-pools-400x256.jpg 400w, https:\/\/www.schwieger-architekten.de\/wp-content\/uploads\/1994\/02\/boerner-viertel-goettingen-pools-768x491.jpg 768w, https:\/\/www.schwieger-architekten.de\/wp-content\/uploads\/1994\/02\/boerner-viertel-goettingen-pools-1536x981.jpg 1536w, https:\/\/www.schwieger-architekten.de\/wp-content\/uploads\/1994\/02\/boerner-viertel-goettingen-pools-1500x958.jpg 1500w, https:\/\/www.schwieger-architekten.de\/wp-content\/uploads\/1994\/02\/boerner-viertel-goettingen-pools-705x450.jpg 705w, https:\/\/www.schwieger-architekten.de\/wp-content\/uploads\/1994\/02\/boerner-viertel-goettingen-pools-235x150.jpg 235w, https:\/\/www.schwieger-architekten.de\/wp-content\/uploads\/1994\/02\/boerner-viertel-goettingen-pools-188x120.jpg 188w, https:\/\/www.schwieger-architekten.de\/wp-content\/uploads\/1994\/02\/boerner-viertel-goettingen-pools.jpg 1600w\" data-sizes=\"(max-width: 1030px) 100vw, 1030px\" class='avia_image '  aria-label='boerner-viertel-goettingen-pools'><img decoding=\"async\" fetchpriority=\"high\" class='wp-image-1695 avia-img-lazy-loading-not-1695 avia_image ' src=\"https:\/\/www.schwieger-architekten.de\/wp-content\/uploads\/1994\/02\/boerner-viertel-goettingen-pools-1030x658.jpg\" alt='B\u00f6rner Viertel G\u00f6ttingen' title='boerner-viertel-goettingen-pools'  height=\"658\" width=\"1030\"  itemprop=\"thumbnailUrl\" srcset=\"https:\/\/www.schwieger-architekten.de\/wp-content\/uploads\/1994\/02\/boerner-viertel-goettingen-pools-1030x658.jpg 1030w, https:\/\/www.schwieger-architekten.de\/wp-content\/uploads\/1994\/02\/boerner-viertel-goettingen-pools-400x256.jpg 400w, https:\/\/www.schwieger-architekten.de\/wp-content\/uploads\/1994\/02\/boerner-viertel-goettingen-pools-768x491.jpg 768w, https:\/\/www.schwieger-architekten.de\/wp-content\/uploads\/1994\/02\/boerner-viertel-goettingen-pools-1536x981.jpg 1536w, https:\/\/www.schwieger-architekten.de\/wp-content\/uploads\/1994\/02\/boerner-viertel-goettingen-pools-1500x958.jpg 1500w, https:\/\/www.schwieger-architekten.de\/wp-content\/uploads\/1994\/02\/boerner-viertel-goettingen-pools-705x450.jpg 705w, https:\/\/www.schwieger-architekten.de\/wp-content\/uploads\/1994\/02\/boerner-viertel-goettingen-pools-235x150.jpg 235w, https:\/\/www.schwieger-architekten.de\/wp-content\/uploads\/1994\/02\/boerner-viertel-goettingen-pools-188x120.jpg 188w, https:\/\/www.schwieger-architekten.de\/wp-content\/uploads\/1994\/02\/boerner-viertel-goettingen-pools.jpg 1600w\" sizes=\"(max-width: 1030px) 100vw, 1030px\" \/><\/a><\/div><\/div><\/div><br \/>\n<section  class='av_textblock_section av-l3lerpco-e38459e0553df117b8249e517f1992a1 '   itemscope=\"itemscope\" itemtype=\"https:\/\/schema.org\/CreativeWork\" ><div class='avia_textblock'  itemprop=\"text\" ><p>Inner Courtyard<\/p>\n<\/div><\/section><\/p><\/div><\/div><!--close column table wrapper. Autoclose: 1 -->\n<p><div class='flex_column_table av-jfz6t-34a8023fedcc871b1d6461a3feb9e529 sc-av_one_full av-equal-height-column-flextable'>\n<style type=\"text\/css\" data-created_by=\"avia_inline_auto\" id=\"style-css-av-jfz6t-34a8023fedcc871b1d6461a3feb9e529\">\n#top .flex_column_table.av-equal-height-column-flextable.av-jfz6t-34a8023fedcc871b1d6461a3feb9e529{\nmargin-top:10px;\nmargin-bottom:10px;\n}\n.flex_column.av-jfz6t-34a8023fedcc871b1d6461a3feb9e529{\nwidth:100%;\nmargin-left:0;\n}\n#top .flex_column_table.av-equal-height-column-flextable.av-jfz6t-34a8023fedcc871b1d6461a3feb9e529 .av-flex-placeholder{\nwidth:0%;\n}\n<\/style>\n<div  class='flex_column av-jfz6t-34a8023fedcc871b1d6461a3feb9e529 av_one_full  avia-builder-el-15  el_after_av_one_full  el_before_av_one_full  first flex_column_table_cell av-equal-height-column av-align-middle  column-top-margin'     ><p>\n<style type=\"text\/css\" data-created_by=\"avia_inline_auto\" id=\"style-css-av-mo6vd4ku-fdf9f85653e90de97bcbcbd81848f994\">\n.avia-image-container.av-mo6vd4ku-fdf9f85653e90de97bcbcbd81848f994 img.avia_image{\nbox-shadow:none;\n}\n.avia-image-container.av-mo6vd4ku-fdf9f85653e90de97bcbcbd81848f994 .av-image-caption-overlay-center{\ncolor:#ffffff;\n}\n<\/style>\n<div  class='avia-image-container av-mo6vd4ku-fdf9f85653e90de97bcbcbd81848f994 av-styling-no-styling av-img-linked avia-align-center  avia-builder-el-16  el_before_av_textblock  avia-builder-el-first '   itemprop=\"image\" itemscope=\"itemscope\" itemtype=\"https:\/\/schema.org\/ImageObject\" ><div class=\"avia-image-container-inner\"><div class=\"avia-image-overlay-wrap\"><a href=\"https:\/\/www.schwieger-architekten.de\/wp-content\/uploads\/1994\/02\/boerner-viertel-goettingen-19-1350x1800.jpg\" data-srcset=\"https:\/\/www.schwieger-architekten.de\/wp-content\/uploads\/1994\/02\/boerner-viertel-goettingen-19-1350x1800.jpg 1350w, https:\/\/www.schwieger-architekten.de\/wp-content\/uploads\/1994\/02\/boerner-viertel-goettingen-19-300x400.jpg 300w, https:\/\/www.schwieger-architekten.de\/wp-content\/uploads\/1994\/02\/boerner-viertel-goettingen-19-768x1024.jpg 768w, https:\/\/www.schwieger-architekten.de\/wp-content\/uploads\/1994\/02\/boerner-viertel-goettingen-19-1152x1536.jpg 1152w, https:\/\/www.schwieger-architekten.de\/wp-content\/uploads\/1994\/02\/boerner-viertel-goettingen-19-1125x1500.jpg 1125w, https:\/\/www.schwieger-architekten.de\/wp-content\/uploads\/1994\/02\/boerner-viertel-goettingen-19-529x705.jpg 529w, https:\/\/www.schwieger-architekten.de\/wp-content\/uploads\/1994\/02\/boerner-viertel-goettingen-19-113x150.jpg 113w, https:\/\/www.schwieger-architekten.de\/wp-content\/uploads\/1994\/02\/boerner-viertel-goettingen-19-90x120.jpg 90w, https:\/\/www.schwieger-architekten.de\/wp-content\/uploads\/1994\/02\/boerner-viertel-goettingen-19.jpg 1500w\" data-sizes=\"(max-width: 1350px) 100vw, 1350px\" class='avia_image '  aria-label='Eingang | B\u00f6rner Viertel G\u00f6ttingen'><img decoding=\"async\" fetchpriority=\"high\" class='wp-image-4007 avia-img-lazy-loading-not-4007 avia_image ' src=\"https:\/\/www.schwieger-architekten.de\/wp-content\/uploads\/1994\/02\/boerner-viertel-goettingen-19.jpg\" alt='Eingang | B\u00f6rner Viertel G\u00f6ttingen' title='Eingang | B\u00f6rner Viertel G\u00f6ttingen'  height=\"2000\" width=\"1500\"  itemprop=\"thumbnailUrl\" srcset=\"https:\/\/www.schwieger-architekten.de\/wp-content\/uploads\/1994\/02\/boerner-viertel-goettingen-19.jpg 1500w, https:\/\/www.schwieger-architekten.de\/wp-content\/uploads\/1994\/02\/boerner-viertel-goettingen-19-300x400.jpg 300w, https:\/\/www.schwieger-architekten.de\/wp-content\/uploads\/1994\/02\/boerner-viertel-goettingen-19-1350x1800.jpg 1350w, https:\/\/www.schwieger-architekten.de\/wp-content\/uploads\/1994\/02\/boerner-viertel-goettingen-19-768x1024.jpg 768w, https:\/\/www.schwieger-architekten.de\/wp-content\/uploads\/1994\/02\/boerner-viertel-goettingen-19-1152x1536.jpg 1152w, https:\/\/www.schwieger-architekten.de\/wp-content\/uploads\/1994\/02\/boerner-viertel-goettingen-19-1125x1500.jpg 1125w, https:\/\/www.schwieger-architekten.de\/wp-content\/uploads\/1994\/02\/boerner-viertel-goettingen-19-529x705.jpg 529w, https:\/\/www.schwieger-architekten.de\/wp-content\/uploads\/1994\/02\/boerner-viertel-goettingen-19-113x150.jpg 113w, https:\/\/www.schwieger-architekten.de\/wp-content\/uploads\/1994\/02\/boerner-viertel-goettingen-19-90x120.jpg 90w\" sizes=\"(max-width: 1500px) 100vw, 1500px\" \/><\/a><\/div><\/div><\/div><br \/>\n<section  class='av_textblock_section av-mo6vdh2p-0a0642a642e795657430e68f7b904c60 '   itemscope=\"itemscope\" itemtype=\"https:\/\/schema.org\/CreativeWork\" ><div class='avia_textblock'  itemprop=\"text\" ><p>Entry<\/p>\n<\/div><\/section><\/p><\/div><\/div><!--close column table wrapper. Autoclose: 1 --><div class='flex_column_table av-em9bx-9053657dd300fe12171f6d738f67b1b0 sc-av_one_full av-equal-height-column-flextable'>\n<style type=\"text\/css\" data-created_by=\"avia_inline_auto\" id=\"style-css-av-em9bx-9053657dd300fe12171f6d738f67b1b0\">\n#top .flex_column_table.av-equal-height-column-flextable.av-em9bx-9053657dd300fe12171f6d738f67b1b0{\nmargin-top:10px;\nmargin-bottom:10px;\n}\n.flex_column.av-em9bx-9053657dd300fe12171f6d738f67b1b0{\nwidth:100%;\nmargin-left:0;\n}\n#top .flex_column_table.av-equal-height-column-flextable.av-em9bx-9053657dd300fe12171f6d738f67b1b0 .av-flex-placeholder{\nwidth:0%;\n}\n<\/style>\n<div  class='flex_column av-em9bx-9053657dd300fe12171f6d738f67b1b0 av_one_full  avia-builder-el-18  el_after_av_one_full  el_before_av_one_full  first flex_column_table_cell av-equal-height-column av-align-middle  column-top-margin'     ><p>\n<style type=\"text\/css\" data-created_by=\"avia_inline_auto\" id=\"style-css-av-mo6vev3r-4d738dfaea40e4d6468613b4783a9d79\">\n.avia-image-container.av-mo6vev3r-4d738dfaea40e4d6468613b4783a9d79 img.avia_image{\nbox-shadow:none;\n}\n.avia-image-container.av-mo6vev3r-4d738dfaea40e4d6468613b4783a9d79 .av-image-caption-overlay-center{\ncolor:#ffffff;\n}\n<\/style>\n<div  class='avia-image-container av-mo6vev3r-4d738dfaea40e4d6468613b4783a9d79 av-styling-no-styling av-img-linked avia-align-center  avia-builder-el-19  el_before_av_textblock  avia-builder-el-first '   itemprop=\"image\" itemscope=\"itemscope\" itemtype=\"https:\/\/schema.org\/ImageObject\" ><div class=\"avia-image-container-inner\"><div class=\"avia-image-overlay-wrap\"><a href=\"https:\/\/www.schwieger-architekten.de\/wp-content\/uploads\/1994\/02\/boerner-viertel-goettingen-15-1800x1219.jpg\" data-srcset=\"https:\/\/www.schwieger-architekten.de\/wp-content\/uploads\/1994\/02\/boerner-viertel-goettingen-15-1800x1219.jpg 1800w, https:\/\/www.schwieger-architekten.de\/wp-content\/uploads\/1994\/02\/boerner-viertel-goettingen-15-400x271.jpg 400w, https:\/\/www.schwieger-architekten.de\/wp-content\/uploads\/1994\/02\/boerner-viertel-goettingen-15-768x520.jpg 768w, https:\/\/www.schwieger-architekten.de\/wp-content\/uploads\/1994\/02\/boerner-viertel-goettingen-15-120x80.jpg 120w, https:\/\/www.schwieger-architekten.de\/wp-content\/uploads\/1994\/02\/boerner-viertel-goettingen-15-1536x1040.jpg 1536w, https:\/\/www.schwieger-architekten.de\/wp-content\/uploads\/1994\/02\/boerner-viertel-goettingen-15-1500x1016.jpg 1500w, https:\/\/www.schwieger-architekten.de\/wp-content\/uploads\/1994\/02\/boerner-viertel-goettingen-15-705x477.jpg 705w, https:\/\/www.schwieger-architekten.de\/wp-content\/uploads\/1994\/02\/boerner-viertel-goettingen-15-222x150.jpg 222w, https:\/\/www.schwieger-architekten.de\/wp-content\/uploads\/1994\/02\/boerner-viertel-goettingen-15-177x120.jpg 177w, https:\/\/www.schwieger-architekten.de\/wp-content\/uploads\/1994\/02\/boerner-viertel-goettingen-15.jpg 2000w\" data-sizes=\"(max-width: 1500px) 100vw, 1500px\" class='avia_image '  aria-label='Nachtansicht | B\u00f6rner Viertel G\u00f6ttingen'><img decoding=\"async\" fetchpriority=\"high\" class='wp-image-4005 avia-img-lazy-loading-not-4005 avia_image ' src=\"https:\/\/www.schwieger-architekten.de\/wp-content\/uploads\/1994\/02\/boerner-viertel-goettingen-15.jpg\" alt='Nachtansicht | B\u00f6rner Viertel G\u00f6ttingen' title='Nachtansicht | B\u00f6rner Viertel G\u00f6ttingen'  height=\"1354\" width=\"2000\"  itemprop=\"thumbnailUrl\" srcset=\"https:\/\/www.schwieger-architekten.de\/wp-content\/uploads\/1994\/02\/boerner-viertel-goettingen-15.jpg 2000w, https:\/\/www.schwieger-architekten.de\/wp-content\/uploads\/1994\/02\/boerner-viertel-goettingen-15-400x271.jpg 400w, https:\/\/www.schwieger-architekten.de\/wp-content\/uploads\/1994\/02\/boerner-viertel-goettingen-15-1800x1219.jpg 1800w, https:\/\/www.schwieger-architekten.de\/wp-content\/uploads\/1994\/02\/boerner-viertel-goettingen-15-768x520.jpg 768w, https:\/\/www.schwieger-architekten.de\/wp-content\/uploads\/1994\/02\/boerner-viertel-goettingen-15-120x80.jpg 120w, https:\/\/www.schwieger-architekten.de\/wp-content\/uploads\/1994\/02\/boerner-viertel-goettingen-15-1536x1040.jpg 1536w, https:\/\/www.schwieger-architekten.de\/wp-content\/uploads\/1994\/02\/boerner-viertel-goettingen-15-1500x1016.jpg 1500w, https:\/\/www.schwieger-architekten.de\/wp-content\/uploads\/1994\/02\/boerner-viertel-goettingen-15-705x477.jpg 705w, https:\/\/www.schwieger-architekten.de\/wp-content\/uploads\/1994\/02\/boerner-viertel-goettingen-15-222x150.jpg 222w, https:\/\/www.schwieger-architekten.de\/wp-content\/uploads\/1994\/02\/boerner-viertel-goettingen-15-177x120.jpg 177w\" sizes=\"(max-width: 2000px) 100vw, 2000px\" \/><\/a><\/div><\/div><\/div><br \/>\n<section  class='av_textblock_section av-mo6vf1uv-272cb6ce5b4fe22490ba75153b22206c '   itemscope=\"itemscope\" itemtype=\"https:\/\/schema.org\/CreativeWork\" ><div class='avia_textblock'  itemprop=\"text\" ><p>Night view<\/p>\n<\/div><\/section><\/p><\/div><\/div><!--close column table wrapper. Autoclose: 1 --><div class='flex_column_table av-8p8cl-b09569fdb4dd3eea6696ee0f3deb1672 sc-av_one_full av-equal-height-column-flextable'>\n<style type=\"text\/css\" data-created_by=\"avia_inline_auto\" id=\"style-css-av-8p8cl-b09569fdb4dd3eea6696ee0f3deb1672\">\n#top .flex_column_table.av-equal-height-column-flextable.av-8p8cl-b09569fdb4dd3eea6696ee0f3deb1672{\nmargin-top:10px;\nmargin-bottom:10px;\n}\n.flex_column.av-8p8cl-b09569fdb4dd3eea6696ee0f3deb1672{\nwidth:100%;\nmargin-left:0;\n}\n#top .flex_column_table.av-equal-height-column-flextable.av-8p8cl-b09569fdb4dd3eea6696ee0f3deb1672 .av-flex-placeholder{\nwidth:0%;\n}\n<\/style>\n<div  class='flex_column av-8p8cl-b09569fdb4dd3eea6696ee0f3deb1672 av_one_full  avia-builder-el-21  el_after_av_one_full  avia-builder-el-last  first flex_column_table_cell av-equal-height-column av-align-middle  column-top-margin'     ><p>\n<style type=\"text\/css\" data-created_by=\"avia_inline_auto\" id=\"style-css-av-mo6vfsky-73748f7196eb79f6972375d7239cadb2\">\n.avia-image-container.av-mo6vfsky-73748f7196eb79f6972375d7239cadb2 img.avia_image{\nbox-shadow:none;\n}\n.avia-image-container.av-mo6vfsky-73748f7196eb79f6972375d7239cadb2 .av-image-caption-overlay-center{\ncolor:#ffffff;\n}\n<\/style>\n<div  class='avia-image-container av-mo6vfsky-73748f7196eb79f6972375d7239cadb2 av-styling-no-styling av-img-linked avia-align-center  avia-builder-el-22  el_before_av_textblock  avia-builder-el-first '   itemprop=\"image\" itemscope=\"itemscope\" itemtype=\"https:\/\/schema.org\/ImageObject\" ><div class=\"avia-image-container-inner\"><div class=\"avia-image-overlay-wrap\"><a href=\"https:\/\/www.schwieger-architekten.de\/wp-content\/uploads\/1994\/02\/boerner-viertel-goettingen-06-1276x1800.jpg\" data-srcset=\"https:\/\/www.schwieger-architekten.de\/wp-content\/uploads\/1994\/02\/boerner-viertel-goettingen-06-1276x1800.jpg 1276w, https:\/\/www.schwieger-architekten.de\/wp-content\/uploads\/1994\/02\/boerner-viertel-goettingen-06-284x400.jpg 284w, https:\/\/www.schwieger-architekten.de\/wp-content\/uploads\/1994\/02\/boerner-viertel-goettingen-06-768x1083.jpg 768w, https:\/\/www.schwieger-architekten.de\/wp-content\/uploads\/1994\/02\/boerner-viertel-goettingen-06-1089x1536.jpg 1089w, https:\/\/www.schwieger-architekten.de\/wp-content\/uploads\/1994\/02\/boerner-viertel-goettingen-06-1064x1500.jpg 1064w, https:\/\/www.schwieger-architekten.de\/wp-content\/uploads\/1994\/02\/boerner-viertel-goettingen-06-500x705.jpg 500w, https:\/\/www.schwieger-architekten.de\/wp-content\/uploads\/1994\/02\/boerner-viertel-goettingen-06-106x150.jpg 106w, https:\/\/www.schwieger-architekten.de\/wp-content\/uploads\/1994\/02\/boerner-viertel-goettingen-06-85x120.jpg 85w, https:\/\/www.schwieger-architekten.de\/wp-content\/uploads\/1994\/02\/boerner-viertel-goettingen-06.jpg 1418w\" data-sizes=\"(max-width: 1276px) 100vw, 1276px\" class='avia_image '  aria-label='Fachwerkfassade | B\u00f6rner Viertel G\u00f6ttingen'><img decoding=\"async\" fetchpriority=\"high\" class='wp-image-4003 avia-img-lazy-loading-not-4003 avia_image ' src=\"https:\/\/www.schwieger-architekten.de\/wp-content\/uploads\/1994\/02\/boerner-viertel-goettingen-06.jpg\" alt='Fachwerkfassade | B\u00f6rner Viertel G\u00f6ttingen' title='Fachwerkfassade | B\u00f6rner Viertel G\u00f6ttingen'  height=\"2000\" width=\"1418\"  itemprop=\"thumbnailUrl\" srcset=\"https:\/\/www.schwieger-architekten.de\/wp-content\/uploads\/1994\/02\/boerner-viertel-goettingen-06.jpg 1418w, https:\/\/www.schwieger-architekten.de\/wp-content\/uploads\/1994\/02\/boerner-viertel-goettingen-06-284x400.jpg 284w, https:\/\/www.schwieger-architekten.de\/wp-content\/uploads\/1994\/02\/boerner-viertel-goettingen-06-1276x1800.jpg 1276w, https:\/\/www.schwieger-architekten.de\/wp-content\/uploads\/1994\/02\/boerner-viertel-goettingen-06-768x1083.jpg 768w, https:\/\/www.schwieger-architekten.de\/wp-content\/uploads\/1994\/02\/boerner-viertel-goettingen-06-1089x1536.jpg 1089w, https:\/\/www.schwieger-architekten.de\/wp-content\/uploads\/1994\/02\/boerner-viertel-goettingen-06-1064x1500.jpg 1064w, https:\/\/www.schwieger-architekten.de\/wp-content\/uploads\/1994\/02\/boerner-viertel-goettingen-06-500x705.jpg 500w, https:\/\/www.schwieger-architekten.de\/wp-content\/uploads\/1994\/02\/boerner-viertel-goettingen-06-106x150.jpg 106w, https:\/\/www.schwieger-architekten.de\/wp-content\/uploads\/1994\/02\/boerner-viertel-goettingen-06-85x120.jpg 85w\" sizes=\"(max-width: 1418px) 100vw, 1418px\" \/><\/a><\/div><\/div><\/div><br \/>\n<section  class='av_textblock_section av-mo6vfz11-88f0f46f883f898cf12aed4f5563ff65 '   itemscope=\"itemscope\" itemtype=\"https:\/\/schema.org\/CreativeWork\" ><div class='avia_textblock'  itemprop=\"text\" ><p>Half-timbered fa\u00e7ade<\/p>\n<\/div><\/section><\/p><\/div><\/div><!--close column table wrapper. Autoclose: 1 --><\/p>\n","protected":false},"excerpt":{"rendered":"<p>Renovation of an entire neighborhood<br \/>\nPrize: new life in old buildings in the competition, DAM Frankfurt exhibition<\/p>\n","protected":false},"author":1,"featured_media":959,"comment_status":"closed","ping_status":"closed","template":"","meta":{"footnotes":""},"tags":[],"portfolio_entries":[49],"class_list":["post-2648","portfolio","type-portfolio","status-publish","has-post-thumbnail","hentry","portfolio_entries-construction-in-existing-structures-redevelopment-preservation"],"yoast_head":"<!-- This site is optimized with the Yoast SEO plugin v27.0 - https:\/\/yoast.com\/product\/yoast-seo-wordpress\/ -->\n<title>B\u00f6rner Quarter G\u00f6ttingen | Schwieger Architects<\/title>\n<meta name=\"description\" content=\"Renovation of existing, listed buildings and half-timbered houses in the B\u00f6rner Viertel in G\u00f6ttingen by Schwieger Architekten.\" \/>\n<meta name=\"robots\" content=\"index, follow, max-snippet:-1, max-image-preview:large, max-video-preview:-1\" \/>\n<link rel=\"canonical\" href=\"https:\/\/www.schwieger-architekten.de\/en\/projekt\/boerner-quarter-goettingen\/\" \/>\n<meta property=\"og:locale\" content=\"en_US\" \/>\n<meta property=\"og:type\" content=\"article\" \/>\n<meta property=\"og:title\" content=\"B\u00f6rner Quarter G\u00f6ttingen | Schwieger Architects\" \/>\n<meta property=\"og:description\" content=\"Renovation of existing, listed buildings and half-timbered houses in the B\u00f6rner Viertel in G\u00f6ttingen by Schwieger Architekten.\" \/>\n<meta property=\"og:url\" content=\"https:\/\/www.schwieger-architekten.de\/en\/projekt\/boerner-quarter-goettingen\/\" \/>\n<meta property=\"og:site_name\" content=\"Schwieger Architekten\" \/>\n<meta property=\"article:modified_time\" content=\"2026-04-27T06:39:28+00:00\" \/>\n<meta property=\"og:image\" content=\"https:\/\/www.schwieger-architekten.de\/wp-content\/uploads\/0434\/02\/boerner-viertel-goettingen.jpg\" \/>\n\t<meta property=\"og:image:width\" content=\"900\" \/>\n\t<meta property=\"og:image:height\" content=\"600\" \/>\n\t<meta property=\"og:image:type\" content=\"image\/jpeg\" \/>\n<meta name=\"twitter:card\" content=\"summary_large_image\" \/>\n<meta name=\"twitter:label1\" content=\"Est. reading time\" \/>\n\t<meta name=\"twitter:data1\" content=\"25 minutes\" \/>\n<script type=\"application\/ld+json\" class=\"yoast-schema-graph\">{\"@context\":\"https:\/\/schema.org\",\"@graph\":[{\"@type\":\"WebPage\",\"@id\":\"https:\/\/www.schwieger-architekten.de\/en\/projekt\/boerner-quarter-goettingen\/\",\"url\":\"https:\/\/www.schwieger-architekten.de\/en\/projekt\/boerner-quarter-goettingen\/\",\"name\":\"B\u00f6rner Quarter G\u00f6ttingen | Schwieger Architects\",\"isPartOf\":{\"@id\":\"https:\/\/www.schwieger-architekten.de\/en\/#website\"},\"primaryImageOfPage\":{\"@id\":\"https:\/\/www.schwieger-architekten.de\/en\/projekt\/boerner-quarter-goettingen\/#primaryimage\"},\"image\":{\"@id\":\"https:\/\/www.schwieger-architekten.de\/en\/projekt\/boerner-quarter-goettingen\/#primaryimage\"},\"thumbnailUrl\":\"https:\/\/www.schwieger-architekten.de\/wp-content\/uploads\/0434\/02\/boerner-viertel-goettingen.jpg\",\"datePublished\":\"1994-02-25T11:26:32+00:00\",\"dateModified\":\"2026-04-27T06:39:28+00:00\",\"description\":\"Renovation of existing, listed buildings and half-timbered houses in the B\u00f6rner Viertel in G\u00f6ttingen by Schwieger Architekten.\",\"breadcrumb\":{\"@id\":\"https:\/\/www.schwieger-architekten.de\/en\/projekt\/boerner-quarter-goettingen\/#breadcrumb\"},\"inLanguage\":\"en-US\",\"potentialAction\":[{\"@type\":\"ReadAction\",\"target\":[\"https:\/\/www.schwieger-architekten.de\/en\/projekt\/boerner-quarter-goettingen\/\"]}]},{\"@type\":\"ImageObject\",\"inLanguage\":\"en-US\",\"@id\":\"https:\/\/www.schwieger-architekten.de\/en\/projekt\/boerner-quarter-goettingen\/#primaryimage\",\"url\":\"https:\/\/www.schwieger-architekten.de\/wp-content\/uploads\/0434\/02\/boerner-viertel-goettingen.jpg\",\"contentUrl\":\"https:\/\/www.schwieger-architekten.de\/wp-content\/uploads\/0434\/02\/boerner-viertel-goettingen.jpg\",\"width\":900,\"height\":600,\"caption\":\"Renovation of existing, listed buildings and half-timbered houses in the B\u00f6rner Viertel in G\u00f6ttingen by Schwieger Architects.\"},{\"@type\":\"BreadcrumbList\",\"@id\":\"https:\/\/www.schwieger-architekten.de\/en\/projekt\/boerner-quarter-goettingen\/#breadcrumb\",\"itemListElement\":[{\"@type\":\"ListItem\",\"position\":1,\"name\":\"Startseite\",\"item\":\"https:\/\/www.schwieger-architekten.de\/en\/philosophie\/\"},{\"@type\":\"ListItem\",\"position\":2,\"name\":\"B\u00f6rner Quarter G\u00f6ttingen\"}]},{\"@type\":\"WebSite\",\"@id\":\"https:\/\/www.schwieger-architekten.de\/en\/#website\",\"url\":\"https:\/\/www.schwieger-architekten.de\/en\/\",\"name\":\"Schwieger Architekten\",\"description\":\"Schwieger Architekten G\u00f6ttingen\",\"potentialAction\":[{\"@type\":\"SearchAction\",\"target\":{\"@type\":\"EntryPoint\",\"urlTemplate\":\"https:\/\/www.schwieger-architekten.de\/en\/?s={search_term_string}\"},\"query-input\":{\"@type\":\"PropertyValueSpecification\",\"valueRequired\":true,\"valueName\":\"search_term_string\"}}],\"inLanguage\":\"en-US\"}]}<\/script>\n<!-- \/ Yoast SEO plugin. -->","yoast_head_json":{"title":"B\u00f6rner Quarter G\u00f6ttingen | Schwieger Architects","description":"Renovation of existing, listed buildings and half-timbered houses in the B\u00f6rner Viertel in G\u00f6ttingen by Schwieger Architekten.","robots":{"index":"index","follow":"follow","max-snippet":"max-snippet:-1","max-image-preview":"max-image-preview:large","max-video-preview":"max-video-preview:-1"},"canonical":"https:\/\/www.schwieger-architekten.de\/en\/projekt\/boerner-quarter-goettingen\/","og_locale":"en_US","og_type":"article","og_title":"B\u00f6rner Quarter G\u00f6ttingen | Schwieger Architects","og_description":"Renovation of existing, listed buildings and half-timbered houses in the B\u00f6rner Viertel in G\u00f6ttingen by Schwieger Architekten.","og_url":"https:\/\/www.schwieger-architekten.de\/en\/projekt\/boerner-quarter-goettingen\/","og_site_name":"Schwieger Architekten","article_modified_time":"2026-04-27T06:39:28+00:00","og_image":[{"width":900,"height":600,"url":"https:\/\/www.schwieger-architekten.de\/wp-content\/uploads\/0434\/02\/boerner-viertel-goettingen.jpg","type":"image\/jpeg"}],"twitter_card":"summary_large_image","twitter_misc":{"Est. reading time":"25 minutes"},"schema":{"@context":"https:\/\/schema.org","@graph":[{"@type":"WebPage","@id":"https:\/\/www.schwieger-architekten.de\/en\/projekt\/boerner-quarter-goettingen\/","url":"https:\/\/www.schwieger-architekten.de\/en\/projekt\/boerner-quarter-goettingen\/","name":"B\u00f6rner Quarter G\u00f6ttingen | Schwieger Architects","isPartOf":{"@id":"https:\/\/www.schwieger-architekten.de\/en\/#website"},"primaryImageOfPage":{"@id":"https:\/\/www.schwieger-architekten.de\/en\/projekt\/boerner-quarter-goettingen\/#primaryimage"},"image":{"@id":"https:\/\/www.schwieger-architekten.de\/en\/projekt\/boerner-quarter-goettingen\/#primaryimage"},"thumbnailUrl":"https:\/\/www.schwieger-architekten.de\/wp-content\/uploads\/0434\/02\/boerner-viertel-goettingen.jpg","datePublished":"1994-02-25T11:26:32+00:00","dateModified":"2026-04-27T06:39:28+00:00","description":"Renovation of existing, listed buildings and half-timbered houses in the B\u00f6rner Viertel in G\u00f6ttingen by Schwieger Architekten.","breadcrumb":{"@id":"https:\/\/www.schwieger-architekten.de\/en\/projekt\/boerner-quarter-goettingen\/#breadcrumb"},"inLanguage":"en-US","potentialAction":[{"@type":"ReadAction","target":["https:\/\/www.schwieger-architekten.de\/en\/projekt\/boerner-quarter-goettingen\/"]}]},{"@type":"ImageObject","inLanguage":"en-US","@id":"https:\/\/www.schwieger-architekten.de\/en\/projekt\/boerner-quarter-goettingen\/#primaryimage","url":"https:\/\/www.schwieger-architekten.de\/wp-content\/uploads\/0434\/02\/boerner-viertel-goettingen.jpg","contentUrl":"https:\/\/www.schwieger-architekten.de\/wp-content\/uploads\/0434\/02\/boerner-viertel-goettingen.jpg","width":900,"height":600,"caption":"Renovation of existing, listed buildings and half-timbered houses in the B\u00f6rner Viertel in G\u00f6ttingen by Schwieger Architects."},{"@type":"BreadcrumbList","@id":"https:\/\/www.schwieger-architekten.de\/en\/projekt\/boerner-quarter-goettingen\/#breadcrumb","itemListElement":[{"@type":"ListItem","position":1,"name":"Startseite","item":"https:\/\/www.schwieger-architekten.de\/en\/philosophie\/"},{"@type":"ListItem","position":2,"name":"B\u00f6rner Quarter G\u00f6ttingen"}]},{"@type":"WebSite","@id":"https:\/\/www.schwieger-architekten.de\/en\/#website","url":"https:\/\/www.schwieger-architekten.de\/en\/","name":"Schwieger Architekten","description":"Schwieger Architekten G\u00f6ttingen","potentialAction":[{"@type":"SearchAction","target":{"@type":"EntryPoint","urlTemplate":"https:\/\/www.schwieger-architekten.de\/en\/?s={search_term_string}"},"query-input":{"@type":"PropertyValueSpecification","valueRequired":true,"valueName":"search_term_string"}}],"inLanguage":"en-US"}]}},"_links":{"self":[{"href":"https:\/\/www.schwieger-architekten.de\/en\/wp-json\/wp\/v2\/portfolio\/2648","targetHints":{"allow":["GET"]}}],"collection":[{"href":"https:\/\/www.schwieger-architekten.de\/en\/wp-json\/wp\/v2\/portfolio"}],"about":[{"href":"https:\/\/www.schwieger-architekten.de\/en\/wp-json\/wp\/v2\/types\/portfolio"}],"author":[{"embeddable":true,"href":"https:\/\/www.schwieger-architekten.de\/en\/wp-json\/wp\/v2\/users\/1"}],"replies":[{"embeddable":true,"href":"https:\/\/www.schwieger-architekten.de\/en\/wp-json\/wp\/v2\/comments?post=2648"}],"version-history":[{"count":31,"href":"https:\/\/www.schwieger-architekten.de\/en\/wp-json\/wp\/v2\/portfolio\/2648\/revisions"}],"predecessor-version":[{"id":4097,"href":"https:\/\/www.schwieger-architekten.de\/en\/wp-json\/wp\/v2\/portfolio\/2648\/revisions\/4097"}],"wp:featuredmedia":[{"embeddable":true,"href":"https:\/\/www.schwieger-architekten.de\/en\/wp-json\/wp\/v2\/media\/959"}],"wp:attachment":[{"href":"https:\/\/www.schwieger-architekten.de\/en\/wp-json\/wp\/v2\/media?parent=2648"}],"wp:term":[{"taxonomy":"post_tag","embeddable":true,"href":"https:\/\/www.schwieger-architekten.de\/en\/wp-json\/wp\/v2\/tags?post=2648"},{"taxonomy":"portfolio_entries","embeddable":true,"href":"https:\/\/www.schwieger-architekten.de\/en\/wp-json\/wp\/v2\/portfolio_entries?post=2648"}],"curies":[{"name":"wp","href":"https:\/\/api.w.org\/{rel}","templated":true}]}}